{"id":1146,"date":"2026-02-24T18:42:05","date_gmt":"2026-02-24T18:42:05","guid":{"rendered":"https:\/\/capt.travelblox.eu\/?page_id=1146"},"modified":"2026-04-27T13:27:23","modified_gmt":"2026-04-27T13:27:23","slug":"website-autumn-2026","status":"publish","type":"page","link":"https:\/\/capt.travelblox.eu\/nl\/","title":{"rendered":"Website Autumn 2026"},"content":{"rendered":"\n<div class=\" tb-header tb-block align-center background-dark pattern-none variant-none\" id=\"home\" data-fallback-background=\"https:\/\/vz-2d98b19f-729.b-cdn.net\/caa77730-31c1-4f08-8afd-83bf737ce960\/thumbnail_05bd6568.jpg\" style=\"background-image: url('https:\/\/vz-2d98b19f-729.b-cdn.net\/caa77730-31c1-4f08-8afd-83bf737ce960\/thumbnail_05bd6568.jpg'); background-position:center;\">\n    <div class=\"tb-header-foreground\">\n        <div class=\"inner-block\">\n\n            <div class=\"main-part\">\n                <div class=\"text-part\">\n                                                                                            <h1>\t<span class=\"tb-logo \"  style=\"-webkit-mask-image: url(https:\/\/capt.travelblox.eu\/wp-content\/uploads\/sites\/117\/2024\/10\/Round_White.svg); mask-image: url(https:\/\/capt.travelblox.eu\/wp-content\/uploads\/sites\/117\/2024\/10\/Round_White.svg)\">\n\t\t<img src='https:\/\/capt.travelblox.eu\/wp-content\/uploads\/sites\/117\/2024\/10\/Round_White.svg' width='1024' height='1024' alt='Cappadocia Trail logo' title='Cappadocia Trail' loading='lazy'>\n\t<\/span>\n<\/h1>\n                                                                                        <h2 class=\"tb-subtitle\">\t\t<div class=\"translation-block\"><p>Ontdek Cappadoci\u00eb in Turkije tijdens de Cappadocia Trail en sluit af met een unieke ballonvaart bij zonsopgang<\/p><\/div>\n\t<\/h2>\n                                                                                            <div class=\"tb-properties\">\n                                                                    <div class=\"tb-property\">\n                                                                                    <div class=\"tb-property__icon\">\n                                                \t\t\t\t<i class=\"icon fa-solid fa-calendar-days \" aria-hidden=\"true\"><\/i>\n\t\t\t                                            <\/div>\n                                                                                <div class=\"tb-property__label\">\n                                            5 wandeldagen                                        <\/div>\n                                    <\/div>\n                                    <div class=\"tb-properties__divider\"><\/div>\n                                                                                                    <div class=\"tb-property\">\n                                                                                    <div class=\"tb-property__icon\">\n                                                \t\t\t\t<i class=\"icon fa-solid fa-bed-front \" aria-hidden=\"true\"><\/i>\n\t\t\t                                            <\/div>\n                                                                                <div class=\"tb-property__label\">\n                                            Hotel overnachting                                        <\/div>\n                                    <\/div>\n                                    <div class=\"tb-properties__divider\"><\/div>\n                                                                                                    <div class=\"tb-property\">\n                                                                                    <div class=\"tb-property__icon\">\n                                                \t\t\t\t<i class=\"icon fa-solid fa-person-simple \" aria-hidden=\"true\"><\/i>\n\t\t\t                                            <\/div>\n                                                                                <div class=\"tb-property__label\">\n                                            Self-guided                                        <\/div>\n                                    <\/div>\n                                                            <\/div>\n                                                                                        <div class=\"tb-buttons-part\">\n                                                            \t\t<a href=\"#join\"  target=\"\" class=\"tb-button\">\n\t\t\tBoek nu | Najaar 2026\t\t<\/a>\n\t\t                                                                                        \t\t<a href=\"#concept\"  target=\"\" class=\"tb-buttonlink\">\n\t\t\tMeer informatie\t\t<\/a>\n\t\t                                                    <\/div>\n                                                        <\/div>\n            <\/div>\n            \n                    <\/div>\n    <\/div>\n\n                        <div class=\"tb-header-background tb-header-background--has-iframe\">\n                        <iframe src=\"https:\/\/iframe.mediadelivery.net\/embed\/306445\/caa77730-31c1-4f08-8afd-83bf737ce960?autoplay=true&#038;preload=true&#038;loop=true&#038;responsive=true&#038;muted=true\" allow=\"accelerometer;gyroscope;encrypted-media;picture-in-picture;autoplay;muted;\" allowfullscreen=\"true\" style=\"border: none;\" loading=\"lazy\"><\/iframe>                    <\/div>\n    \n    \n        <nav class=\"tb-header__subnav\">\n            <div class=\"inner-block\">\n                <div class=\"tb-header__pagename\">\n                                            \t<span class=\"tb-logo \"  style=\"-webkit-mask-image: url(https:\/\/capt.travelblox.eu\/wp-content\/uploads\/sites\/117\/2024\/10\/Round_White.svg); mask-image: url(https:\/\/capt.travelblox.eu\/wp-content\/uploads\/sites\/117\/2024\/10\/Round_White.svg)\">\n\t\t<img src='https:\/\/capt.travelblox.eu\/wp-content\/uploads\/sites\/117\/2024\/10\/Round_White.svg' width='1024' height='1024' alt='Cappadocia Trail logo' title='Cappadocia Trail' loading='lazy'>\n\t<\/span>\n                                    <\/div>\n\n                <ul>\n                                            <li>\n                            <a href=\"#concept\">Concept<\/a>\n                        <\/li>\n\n                                            <li>\n                            <a href=\"#route\">Weekschema<\/a>\n                        <\/li>\n\n                                            <li>\n                            <a href=\"#practical\">Praktisch<\/a>\n                        <\/li>\n\n                                            <li>\n                            <a href=\"#highlights\">Opties<\/a>\n                        <\/li>\n\n                                            <li>\n                            <a href=\"#transport\">Vluchten<\/a>\n                        <\/li>\n\n                                            <li>\n                            <a href=\"#faq\">Veelgestelde vragen<\/a>\n                        <\/li>\n\n                    \n                                                <li class=\"tb-header__subnav_cta\">\n                                <a href=\"#join\" class=\"tb-button\" >Data &#038; prijzen<\/a>\n                            <\/li>\n                                    <\/ul>\n            <\/div>\n        <\/nav>\n\n    \n<\/div>\n\n\n\n\n<div class=\" tb-intro tb-block align-none background-middle pattern-none variant-none tb-collapsible-margins\" id=\"intro\">\n    <div class=\"inner-block tb-fade-in tb-fade-in--subtle\">\n\n        \n\n        <div class=\"text-part content-part\">\n            <div class=\"title-meta-inclusive\">\n                <div class=\"title-and-meta\">\n                                            <div class=\"title-part\">\n                                                            <h3>The Cappadocia Trail<\/h3>\n                                                                                                                            <h5>\t\t<div class=\"translation-block\">Ontdek Cappadoci\u00eb met een self-guided hike langs rotsformaties, valleien en rotskerken. Overnacht in cave hotels en sluit je reis af met een luchtballonvaart.<\/div>\n\t<\/h5>\n                                                                                    <\/div>\n                                        <ul class=\"meta-data\">\n                                                    <li>\n                                <i class=\"fa fa-regular fa-tag\"><\/i>\n                                <span>Vanaf \u20ac795<\/span>\n                            <\/li>\n                                                                            <li>\n                                <i class=\"fa fa-regular fa-calendar\"><\/i>\n                                <span><p><a href=\"#join\">mei<\/a> &amp; <a href=\"#join\">sept-okt&nbsp;<\/a><\/p>\n<\/span>\n                            <\/li>\n                                            <\/ul>\n                <\/div>\n                                    <div class=\"inclusive \">\n                                                    <h6>Highlights<\/h6>\n                                                <ul class=\"\">\n                                                            <li class=\"visible\">\n                                                                            \t\t\t\t<i class=\"icon fa-solid fa-mountain-sun \" aria-hidden=\"true\"><\/i>\n\t\t\t                                                                                                                <span>Doorkruis de iconische valleys en fee\u00ebnschoorstenen van Cappadoci\u00eb<\/span>\n                                                                    <\/li>\n                                                            <li class=\"visible\">\n                                                                            \t\t\t\t<i class=\"icon fa-kit fa-tb-icon-hotel \" aria-hidden=\"true\"><\/i>\n\t\t\t                                                                                                                <span>Overnacht in unieke cave hotels en stone houses<\/span>\n                                                                    <\/li>\n                                                            <li class=\"visible\">\n                                                                            \t\t\t\t<i class=\"icon fa-solid fa-person-hiking \" aria-hidden=\"true\"><\/i>\n\t\t\t                                                                                                                <span>Hike zelfstandig op eigen tempo, m\u00e9t de nodige ondersteuning<\/span>\n                                                                    <\/li>\n                                                            <li class=\"visible\">\n                                                                            \t\t\t\t<i class=\"icon fa-solid fa-sun-haze \" aria-hidden=\"true\"><\/i>\n\t\t\t                                                                                                                <span>Ervaar de unieke ballonvaart in G\u00f6reme bij zonsopgang<\/span>\n                                                                    <\/li>\n                                                            <li class=\"visible\">\n                                                                            \t\t\t\t<i class=\"icon fa-solid fa-hand-holding-heart \" aria-hidden=\"true\"><\/i>\n\t\t\t                                                                                                                <span>Ontdek de lokale cultuur en geniet van de Turkse gastvrijheid<\/span>\n                                                                    <\/li>\n                                                    <\/ul>\n                                            <\/div>\n                            <\/div>\n\n                            <div class=\"tb-buttons desktop-only\">\n                                            <a href=\"#join\" class=\"tb-button\">\n                                                            Prijzen &amp; data                                                    <\/a>\n                                                                <a href=\"#route\" class=\"tb-buttonlink\">\n                                                            Ontdek de route                                                    <\/a>\n                                    <\/div>\n                    <\/div>\n                                    <div class=\"image-part\">\n                    <img src='https:\/\/capt.travelblox.eu\/wp-content\/uploads\/sites\/117\/2025\/02\/d283241e18ccae4d65c5752ec9703041-xlarge-2-768x512.jpg' width='768' height='512' alt='vols en montgolfi\u00e8re en Cappadoce' style='object-position:50% 50%' loading='lazy' image_size='medium_large'>                <\/div>\n                                        <div class=\"tb-buttons mobile-only\">\n                                    <a href=\"#join\" class=\"tb-button\">\n                                                    Prijzen &amp; data                                            <\/a>\n                                                    <a href=\"#route\" class=\"tb-buttonlink\">\n                                                    Ontdek de route                                            <\/a>\n                            <\/div>\n            <\/div>\n<\/div>\n\n\n<div class=\" tb-gallery tb-block align-center background-light pattern-none variant-grid\" id=\"gallery\">\n\t<div>\n\t\t<div class=\"desktop tb-has-popup-content\">\n\t\t\t\t\t\t\t<ul class=\"tb-gallery-grid\">\n\t\t\t\t\t\t\t\t\t\t\t\t\t\t\t\t\t\t<li class=\"slide\">\n\t\t\t\t\t\t\t\t<div class=\"tb-popup-trigger\">\n\t\t\t\t\t\t\t\t\t<img src='https:\/\/capt.travelblox.eu\/wp-content\/uploads\/sites\/117\/2025\/09\/CAPT25_TURKEY_WEB_RicoGluck_230_resultat_1.jpg' width='1920' height='1080' alt='cappadocia trail hike trek randonn\u00e9e wandelen turkey' style='object-position:50% 50%' loading='lazy'>\t\t\t\t\t\t\t\t<\/div>\n\t\t\t\t\t\t\t<\/li>\n\t\t\t\t\t\t\t\t\t\t\t\t\t<li class=\"slide\">\n\t\t\t\t\t\t\t\t<div class=\"tb-popup-trigger\">\n\t\t\t\t\t\t\t\t\t<img src='https:\/\/capt.travelblox.eu\/wp-content\/uploads\/sites\/117\/2025\/02\/DSC00167-Grande.jpeg' width='1280' height='853' alt='cappadocia trail hike trek randonn\u00e9e wandelen turkey' loading='lazy'>\t\t\t\t\t\t\t\t<\/div>\n\t\t\t\t\t\t\t<\/li>\n\t\t\t\t\t\t\t\t\t\t\t\t\t<li class=\"slide\">\n\t\t\t\t\t\t\t\t<div class=\"tb-popup-trigger\">\n\t\t\t\t\t\t\t\t\t<img src='https:\/\/capt.travelblox.eu\/wp-content\/uploads\/sites\/117\/2025\/09\/CAPT25_TURKEY_WEB_RicoGluck_74_resultat.jpg' width='1280' height='1920' alt='Chateau dans la roche \u00e0 ortahisar en cappadoce sur le Cappadocia trail' style='object-position:50% 50%' loading='lazy'>\t\t\t\t\t\t\t\t<\/div>\n\t\t\t\t\t\t\t<\/li>\n\t\t\t\t\t\t\t\t\t\t\t\t\t\t\t<\/ul>\n\t\t\t\t\t\t<div class=\"tb-popup tb-popup--open-clicked-image\">\n\t\t\t\t<div class=\"tb-gallery-popup\">\n\t\t\t\t\t<div class=\"tb-image-part\">\n\t\t\t\t\t\t\t\t\t\t<div class=\"inner-block-full-width has-tb-carousel tb-carousel-slider\" >\n\t\t\t<div class=\"tb-carousel-container\">\n\t\t\t\t<div class=\"entries tb-cards\" data-slider-first=\"2\">\n\t\t\t\t\t\t\t\t\t<div class=\"entry\">\n\t\t\t\t<div class=\"tb-image-part\">\n\t\t\t\t\t<figure>\n\t\t\t\t\t\t<img src='https:\/\/capt.travelblox.eu\/wp-content\/uploads\/sites\/117\/2025\/09\/CAPT25_TURKEY_WEB_RicoGluck_230_resultat_1.jpg' width='1920' height='1080' alt='cappadocia trail hike trek randonn\u00e9e wandelen turkey' style='object-position:50% 50%' loading='lazy' image_size='full'>\t\t\t\t\t\t\t\t\t\t\t<\/figure>\n\t\t\t\t<\/div>\n\t\t\t<\/div>\n\t\t\t\t\t<div class=\"entry\">\n\t\t\t\t<div class=\"tb-image-part\">\n\t\t\t\t\t<figure>\n\t\t\t\t\t\t<img src='https:\/\/capt.travelblox.eu\/wp-content\/uploads\/sites\/117\/2025\/02\/DSC00167-Grande.jpeg' width='1280' height='853' alt='cappadocia trail hike trek randonn\u00e9e wandelen turkey' loading='lazy' image_size='full'>\t\t\t\t\t\t\t\t\t\t\t<\/figure>\n\t\t\t\t<\/div>\n\t\t\t<\/div>\n\t\t\t\t\t<div class=\"entry\">\n\t\t\t\t<div class=\"tb-image-part\">\n\t\t\t\t\t<figure>\n\t\t\t\t\t\t<img src='https:\/\/capt.travelblox.eu\/wp-content\/uploads\/sites\/117\/2025\/09\/CAPT25_TURKEY_WEB_RicoGluck_74_resultat.jpg' width='1280' height='1920' alt='Chateau dans la roche \u00e0 ortahisar en cappadoce sur le Cappadocia trail' style='object-position:50% 50%' loading='lazy' image_size='full'>\t\t\t\t\t\t\t\t\t\t\t<\/figure>\n\t\t\t\t<\/div>\n\t\t\t<\/div>\n\t\t\t\t\t\t\t\t<\/div>\n\t\t\t\t\t\t<div class=\"tb-carousel-nav\">\n\t\t\t<div class=\"dots\">\n\t\t\t\t<div class=\"dot active\"><\/div>\n\t\t\t\t<div class=\"dot\"><\/div>\n\t\t\t\t<div class=\"dot\"><\/div>\n\t\t\t<\/div>\n\t\t\t<div class=\"arrows\">\n\t\t\t\t<div class=\"prev disabled\">\n\t\t\t\t\t<span><i class=\"fa fa-chevron-left\"><\/i><\/span>\n\t\t\t\t<\/div>\n\t\t\t\t<div class=\"next\">\n\t\t\t\t\t<span><i class=\"fa fa-chevron-right\"><\/i><\/span>\n\t\t\t\t<\/div>\n\t\t\t<\/div>\n\t\t<\/div>\n\t\t\t\t<\/div>\n\t\t<\/div>\n\t\t\t\t\t\t\t<\/div>\n\t\t\t\t<\/div>\n\t\t\t<\/div>\n\t\t<\/div>\n\t\t<div class=\"mobile\">\n\t\t\t<div class=\"tb-image-part\">\n\t\t\t\t\t\t\t\t<div class=\"inner-block-full-width has-tb-carousel tb-carousel-slider\" >\n\t\t\t<div class=\"tb-carousel-container\">\n\t\t\t\t<div class=\"entries tb-cards\" data-slider-first=\"0\">\n\t\t\t\t\t\t\t\t\t<div class=\"entry\">\n\t\t\t\t<div class=\"tb-image-part\">\n\t\t\t\t\t<figure>\n\t\t\t\t\t\t<img src='https:\/\/capt.travelblox.eu\/wp-content\/uploads\/sites\/117\/2025\/09\/CAPT25_TURKEY_WEB_RicoGluck_230_resultat_1-768x432.jpg' width='768' height='432' alt='cappadocia trail hike trek randonn\u00e9e wandelen turkey' style='object-position:50% 50%' loading='lazy' image_size='medium_large'>\t\t\t\t\t\t\t\t\t\t\t<\/figure>\n\t\t\t\t<\/div>\n\t\t\t<\/div>\n\t\t\t\t\t<div class=\"entry\">\n\t\t\t\t<div class=\"tb-image-part\">\n\t\t\t\t\t<figure>\n\t\t\t\t\t\t<img src='https:\/\/capt.travelblox.eu\/wp-content\/uploads\/sites\/117\/2025\/02\/DSC00167-Grande-768x512.jpeg' width='768' height='512' alt='cappadocia trail hike trek randonn\u00e9e wandelen turkey' loading='lazy' image_size='medium_large'>\t\t\t\t\t\t\t\t\t\t\t<\/figure>\n\t\t\t\t<\/div>\n\t\t\t<\/div>\n\t\t\t\t\t<div class=\"entry\">\n\t\t\t\t<div class=\"tb-image-part\">\n\t\t\t\t\t<figure>\n\t\t\t\t\t\t<img src='https:\/\/capt.travelblox.eu\/wp-content\/uploads\/sites\/117\/2025\/09\/CAPT25_TURKEY_WEB_RicoGluck_74_resultat-768x1152.jpg' width='768' height='1152' alt='Chateau dans la roche \u00e0 ortahisar en cappadoce sur le Cappadocia trail' style='object-position:50% 50%' loading='lazy' image_size='medium_large'>\t\t\t\t\t\t\t\t\t\t\t<\/figure>\n\t\t\t\t<\/div>\n\t\t\t<\/div>\n\t\t\t\t\t\t\t\t<\/div>\n\t\t\t\t\t\t<div class=\"tb-carousel-nav\">\n\t\t\t<div class=\"dots\">\n\t\t\t\t<div class=\"dot active\"><\/div>\n\t\t\t\t<div class=\"dot\"><\/div>\n\t\t\t\t<div class=\"dot\"><\/div>\n\t\t\t<\/div>\n\t\t\t<div class=\"arrows\">\n\t\t\t\t<div class=\"prev disabled\">\n\t\t\t\t\t<span><i class=\"fa fa-chevron-left\"><\/i><\/span>\n\t\t\t\t<\/div>\n\t\t\t\t<div class=\"next\">\n\t\t\t\t\t<span><i class=\"fa fa-chevron-right\"><\/i><\/span>\n\t\t\t\t<\/div>\n\t\t\t<\/div>\n\t\t<\/div>\n\t\t\t\t<\/div>\n\t\t<\/div>\n\t\t\t\t\t<\/div>\n\t\t<\/div>\n\t<\/div>\n<\/div>\n\n\n\n<div class=\" tb-textimage2 tb-block align-left background-light pattern-none variant-text_first tb-collapsible-margins\" id=\"concept\">\n\t<div class=\"inner-block tb-fade-in\">\n\n\t\t\n\t\t<div class=\"tb-columns\">\n\t\t\t<div class=\"tb-column\">\n\t\t\t\t<div class=\"tb-text-part\">\n\t\t\t\t\t<h2>Wandelen in Cappadoci\u00eb<\/h2>\n\t\t\t\t\t\t\t<div class=\"translation-block\"><p><strong>The<\/strong> <strong>Cappadocia Trail<\/strong> start in Ta\u015fk\u0131npa\u015fa, een charmant dorpje midden in de vallei. In vijf afwisselende etappes wandel je langs rotskerken en de indrukwekkende rotskastelen van Ortahisar en U\u00e7hisar. Je eindigt in G\u00f6reme, waar je optioneel het hoogtepunt meepikt: een <strong>ballonvaart in Cappadoci\u00eb<\/strong> bij zonsopgang, hoog boven de fee\u00ebnschoorstenen.<\/p>\n<p>Onderweg slaap je in <strong>sfeervolle cave hotels<\/strong> en start je elke dag met een lokaal ontbijt. Alles is geregeld: een duidelijke dag tot dag route, insider tips en support van een Nederlandstalige ranger. <strong>The Cappadocia Trail<\/strong> is een <strong>unieke mix<\/strong> <strong>van natuur, cultuur en authenticiteit<\/strong>, waarmee je Cappadoci\u00eb beleeft zoals het \u00e9cht is.<\/p><\/div>\n\t\t\t\t\t\t\t\t\t\t\t<div class=\"tb-buttons-part\">\n\t\t\t\t\t\t\t\t<a href=\"#join\"  target=\"\" class=\"tb-button\">\n\t\t\tBoek nu voor het najaar\t\t<\/a>\n\t\t\t\t\t\t\t\t\t\t<a href=\"#practical\"  target=\"\" class=\"tb-buttonlink\">\n\t\t\tMeer informatie\t\t<\/a>\n\t\t\t\t\t\t\t<\/div>\n\t\t\t\t<\/div>\n\t\t\t<\/div>\n\t\t\t<div class=\"tb-column\">\n\t\t\t\t\t\t\t\t\t\t\t\t\t\t\t<div class=\"tb-image-part\">\n\t\t\t\t\t\t\t\t\t\t\t<div class=\"inner-block-full-width has-tb-carousel tb-carousel-slider\" >\n\t\t\t<div class=\"tb-carousel-container\">\n\t\t\t\t<div class=\"entries tb-cards\" data-slider-first=\"0\">\n\t\t\t\t\t\t\t\t\t<div class=\"entry\">\n\t\t\t\t<div class=\"tb-image-part\">\n\t\t\t\t\t<figure>\n\t\t\t\t\t\t<img src='https:\/\/capt.travelblox.eu\/wp-content\/uploads\/sites\/117\/2025\/09\/CAPT25_TURKEY_WEB_RicoGluck_186_resultat_1-768x512.jpg' width='768' height='512' alt='cappadocia trail hike trek randonn\u00e9e wandelen turkey' style='object-position:50% 50%' loading='lazy' image_size='medium_large'>\t\t\t\t\t\t\t\t\t\t\t\t\t\t\t\t\t\t\t\t\t\t\t\t\t\t\t\t\t\t\t<\/figure>\n\t\t\t\t<\/div>\n\t\t\t<\/div>\n\t\t\t\t\t<div class=\"entry\">\n\t\t\t\t<div class=\"tb-image-part\">\n\t\t\t\t\t<figure>\n\t\t\t\t\t\t<img src='https:\/\/capt.travelblox.eu\/wp-content\/uploads\/sites\/117\/2025\/09\/CAPT25_TURKEY_WEB_RicoGluck_31_resultat_1-768x512.jpg' width='768' height='512' alt='cappadocia trail hike trek randonn\u00e9e wandelen turkey' style='object-position:50% 50%' loading='lazy' image_size='medium_large'>\t\t\t\t\t\t\t\t\t\t\t\t\t\t\t\t\t\t\t\t\t\t\t\t\t\t\t\t\t\t\t<\/figure>\n\t\t\t\t<\/div>\n\t\t\t<\/div>\n\t\t\t\t\t<div class=\"entry\">\n\t\t\t\t<div class=\"tb-image-part\">\n\t\t\t\t\t<figure>\n\t\t\t\t\t\t<img src='https:\/\/capt.travelblox.eu\/wp-content\/uploads\/sites\/117\/2025\/09\/CAPT25_TURKEY_WEB_RicoGluck_76_resultat_1-768x512.jpg' width='768' height='512' alt='cappadocia trail hike trek randonn\u00e9e wandelen turkey' style='object-position:50% 50%' loading='lazy' image_size='medium_large'>\t\t\t\t\t\t\t\t\t\t\t\t\t\t\t\t\t\t\t\t\t\t\t\t\t\t\t\t\t\t\t<\/figure>\n\t\t\t\t<\/div>\n\t\t\t<\/div>\n\t\t\t\t\t\t\t\t<\/div>\n\t\t\t\t\t\t<div class=\"tb-carousel-nav\">\n\t\t\t<div class=\"dots\">\n\t\t\t\t<div class=\"dot active\"><\/div>\n\t\t\t\t<div class=\"dot\"><\/div>\n\t\t\t\t<div class=\"dot\"><\/div>\n\t\t\t<\/div>\n\t\t\t<div class=\"arrows\">\n\t\t\t\t<div class=\"prev disabled\">\n\t\t\t\t\t<span><i class=\"fa fa-chevron-left\"><\/i><\/span>\n\t\t\t\t<\/div>\n\t\t\t\t<div class=\"next\">\n\t\t\t\t\t<span><i class=\"fa fa-chevron-right\"><\/i><\/span>\n\t\t\t\t<\/div>\n\t\t\t<\/div>\n\t\t<\/div>\n\t\t\t\t<\/div>\n\t\t<\/div>\n\t\t\t\t\t\t\t\t<\/div>\n\t\t\t\t\t\t\t\t\t\t\t\t<\/div>\n\t\t<\/div>\n\t<\/div>\n<\/div>\n\n\n<div class=\" tb-dayschedule tb-block align-center background-light pattern-default variant-none tb-collapsible-margins\" id=\"route\">\n\n\t<div class=\"inner-block tb-fade-in tb-fade-in--subtle\">\n\t\t<div class=\"text-part\">\n\t\t\t<h2>Weekschema The Cappadocia Trail<\/h2>\n\t\t\t\t\t<div class=\"translation-block\"><p>Er zijn ontelbaar veel wandelroutes in Cappadoci\u00eb. Maar de juiste route kiezen en alles slim plannen, kost tijd. Met ons volledig uitgestippelde, self-guided weekplan mis je geen enkel hoogtepunt van de <strong>Cappadocia Trail<\/strong>. In <strong>vijf volle wandeldagen<\/strong> hike je langs de mooiste plekken, met elke avond een relaxte overnachting in een sfeervol cave hotel.<\/p><\/div>\n\t\t\t\t\t\t\t\t\t\t\t\t\t<\/div>\n\t<\/div>\n\t\t\t<div class=\"tb-sections\">\n\t\t\t\t\t\t\t\t\t\t\t\t\t\t<div class=\"inner-block-full-width has-tb-carousel tb-section\" id=\"route-section-0\">\n\t\t\t<div class=\"tb-carousel-container\">\n\t\t\t\t<div class=\"entries tb-cards\" data-slider-first=\"1\">\n\t\t\t\t\t\t\t\t\t\t\t\t\t\t\t<div class=\"tb-card entry tb-popup-trigger tb-unfold-on-hover\">\n\t\t\t\t\t\t\t<div class=\"tb-image-part\">\n\t\t\t\t\t\t\t\t<div class=\"tag\">\n\t\t\t\t\t\t\t\t\t<div>Dag 1<\/div>\n\t\t\t\t\t\t\t\t<\/div>\n\n\t\t\t\t\t\t\t\t<img src='https:\/\/capt.travelblox.eu\/wp-content\/uploads\/sites\/117\/2024\/10\/Kayseri-Turkey-768x512.jpg' width='768' height='512' alt='Kappadokien T\u00fcrkei - Cappadocie Turkije wandelvakantie' loading='lazy' image_size='medium_large'>\t\t\t\t\t\t\t<\/div>\n\t\t\t\t\t\t\t<div class=\"tb-card-bottom-wrapper\">\n\t\t\t\t\t\t\t\t<div class=\"tb-card-bottom\">\n\n\t\t\t\t\t\t\t\t\t<span class=\"tb-card-bottom__title\">\n\t\t\t\t\t\t\t\t\t\t<span class=\"tb-card-bottom__place\">\n\t\t\t\t\t\t\t\t\t\t\tAankomst in Kayseri\t\t\t\t\t\t\t\t\t\t\t\t\t\t\t\t\t\t\t\t\t<\/span>\n\n\t\t\t\t\t\t\t\t\t<\/span>\n\t\t\t\t\t\t\t\t\t<div class=\"tb-card-bottom__content\">\n\t\t\t\t\t\t\t\t\t\t<div>\n\t\t\t\t\t\t\t\t\t\t\t\t\t\t\t\t\t\t\t\t\t\t\t<i class=\"icon fa-regular fa-bed\"><\/i> Kayseri\t\t\t\t\t\t\t\t\t\t\t\t\t\t\t\t\t\t\t\t\t<\/div>\n\t\t\t\t\t\t\t\t\t<\/div>\n\t\t\t\t\t\t\t\t\t<div class=\"tb-card-bottom__teaser tb-unfold-on-hover__content\" data-no-translation>\n\t\t\t\t\t\t\t\t\t\t\t\t\t\t\t\t\t\t\t\t\t\t\t\t\t\t\t\t\t\tVoordat je aan je geweldige avontuur in Cappadoci\u00eb begint, kom je eerst aan in Kayseri. Je overnacht&#8230; <span class=\"link\">Lees meer<\/span>\t\t\t\t\t\t\t\t\t<\/div>\n\t\t\t\t\t\t\t\t<\/div>\n\n\t\t\t\t\t\t\t<\/div>\n\t\t\t\t\t\t\t<dialog class=\"tb-popup tb-popup-with-padding tb-dayschedule-popup-wrapper\">\n\t\t\t\t\t\t\t\t<div class=\"tb-dayschedule-popup\">\n\t\t\t\t\t\t\t\t\t<h5>\n\t\t\t\t\t\t\t\t\t\t\t\t\t\t\t\t\t\t\t\t\t\t\t\t\t\t\t\t\t\t\t<div>\n\t\t\t\t\t\t\t\t\t\t\t\t\t\t\t\t\t\t\t\t\t\t\t\t\tAankomst in Kayseri\t\t\t\t\t\t\t\t\t\t\t\t\t\t\t\t\t\t\t\t\t\t\t\t\t\t\t\t\t\t\t\t\t\t\t<\/div>\n\t\t\t\t\t\t\t\t\t\t\t\t\t\t\t\t\t\t\t<\/h5>\n\t\t\t\t\t\t\t\t\t<div class=\"tb-columns\">\n\t\t\t\t\t\t\t\t\t\t<div class=\"tb-column tb-column--text\">\n\t\t\t\t\t\t\t\t\t\t\t<div class=\"text-part\">\n\t\t\t\t\t\t\t\t\t\t\t\t\t\t\t\t\t\t\t\t\t\t\t\t\t<div class=\"tb-dayschedule-popup__icons\">\n\t\t\t\t\t\t\t\t\t\t\t\t\t\t\t\t\t\t\t\t\t\t\t\t\t\t\t\t\t\t\t\t\t\t\t\t\t\t\t\t\t\t\t<div class=\"tb-dayschedule-popup__icon\">\n\t\t\t\t\t\t\t\t\t\t\t\t\t\t\t\t<i class=\"icon fa-regular fa-bed\"><\/i>\n\t\t\t\t\t\t\t\t\t\t\t\t\t\t\t\t<span>\n\t\t\t\t\t\t\t\t\t\t\t\t\t\t\t\t\tKayseri\t\t\t\t\t\t\t\t\t\t\t\t\t\t\t\t<\/span>\n\t\t\t\t\t\t\t\t\t\t\t\t\t\t\t<\/div>\n\t\t\t\t\t\t\t\t\t\t\t\t\t\t\t\t\t\t\t\t\t\t\t\t\t\t\t<\/div>\n\t\t\t\t\t\t\t\t\t\t\t\t\n\t\t\t\t\t\t\t\t\t\t\t\t\n\t\t\t\t\t\t\t\t\t\t\t\t<div>\n\t\t\t\t\t\t\t\t\t\t\t\t\t<strong>Dag 1<\/strong>\n\t\t\t\t\t\t\t\t\t\t\t\t\t\t\t<div class=\"translation-block\"><p>Voordat je aan je geweldige avontuur in Cappadoci\u00eb begint, kom je eerst aan in <strong>Kayseri<\/strong>. Je overnacht er \u00e9\u00e9n nacht, zodat je de volgende ochtend fris en helemaal klaar bent om aan de <strong data-start=\"162\" data-end=\"182\">Cappadocia Trail<\/strong> te beginnen.<\/p>\n<p>We voorzien een <strong>shuttle<\/strong> vanaf de luchthaven van Kayseri op <strong data-start=\"254\" data-end=\"274\">vrijdag om 21u10<\/strong> en op <strong data-start=\"281\" data-end=\"300\">zondag om 20u10<\/strong>, richting het optionele hotel in het centrum. Ook als je je vlucht zelf regelt, kan je gratis mee met deze shuttle, op voorwaarde dat je aankomstuur aansluit op \u00e9\u00e9n van deze shuttlemomenten.<\/p>\n<p>Kom je op een ander moment toe, dan geraak je heel vlot met een <strong>taxi<\/strong> naar het centrum van Kayseri. De volgende ochtend brengt onze shuttle je naar het startpunt van de trail.<\/p><\/div>\n\t\t\t\t\t\t\t\t\t\t\t\t\t<\/div>\n\n\n\t\t\t\t\t\t\t\t\t\t\t<\/div>\n\t\t\t\t\t\t\t\t\t\t<\/div>\n\t\t\t\t\t\t\t\t\t\t<div class=\"tb-column tb-column--image\">\n\n\t\t\t\t\t\t\t\t\t\t\t<div class=\"tb-image-part\">\n\t\t\t\t\t\t\t\t\t\t\t\t<img src='https:\/\/capt.travelblox.eu\/wp-content\/uploads\/sites\/117\/2024\/10\/Kayseri-Turkey-1024x683.jpg' width='1024' height='683' alt='Kappadokien T\u00fcrkei - Cappadocie Turkije wandelvakantie' loading='lazy' image_size='large'>\t\t\t\t\t\t\t\t\t\t\t<\/div>\n\t\t\t\t\t\t\t\t\t\t<\/div>\n\t\t\t\t\t\t\t\t\t<\/div>\n\t\t\t\t\t\t\t\t\t\t\t<div class=\"tb-popup-nav\">\n\t\t\t<a href=\"#\" class=\"tb-buttonlink-with-icon tb-buttonlink-with-arrow icon-first tb-popup-previous\">\n\t\t\t\t<i class=\"icon fa fa-chevron-left\"><\/i>\n\t\t\t\t<span>Vorige dag<\/span>\n\t\t\t<\/a>\n\t\t\t<a href=\"#\" class=\"tb-buttonlink-with-icon tb-buttonlink-with-arrow tb-popup-next\">\n\t\t\t\t<span>Volgende dag<\/span>\n\t\t\t\t<i class=\"icon fa fa-chevron-right\"><\/i>\n\t\t\t<\/a>\n\t\t<\/div>\n\t\n\t\t\t\t\t\t\t\t<\/div>\n\t\t\t\t\t\t\t<\/dialog>\n\t\t\t\t\t\t<\/div>\n\t\t\t\t\t\t\t\t\t\t\t<div class=\"tb-card entry tb-popup-trigger tb-unfold-on-hover\">\n\t\t\t\t\t\t\t<div class=\"tb-image-part\">\n\t\t\t\t\t\t\t\t<div class=\"tag\">\n\t\t\t\t\t\t\t\t\t<div>Dag 2<\/div>\n\t\t\t\t\t\t\t\t<\/div>\n\n\t\t\t\t\t\t\t\t<img src='https:\/\/capt.travelblox.eu\/wp-content\/uploads\/sites\/117\/2025\/02\/DSC00128-Grande-768x512.jpeg' width='768' height='512' alt='cappadocia trail hike trek randonn\u00e9e wandelen turkey' style='object-position:50% 50%' loading='lazy' image_size='medium_large'>\t\t\t\t\t\t\t<\/div>\n\t\t\t\t\t\t\t<div class=\"tb-card-bottom-wrapper\">\n\t\t\t\t\t\t\t\t<div class=\"tb-card-bottom\">\n\n\t\t\t\t\t\t\t\t\t<span class=\"tb-card-bottom__title\">\n\t\t\t\t\t\t\t\t\t\t<span class=\"tb-card-bottom__place\">\n\t\t\t\t\t\t\t\t\t\t\tTa\u015fk\u0131npa\u015fa\t\t\t\t\t\t\t\t\t\t\t\t\t\t\t\t\t\t\t\t\t\t\t&#8211; Mustafapa\u015fa\t\t\t\t\t\t\t\t\t\t\t\t\t\t\t\t\t\t\t\t\t<\/span>\n\n\t\t\t\t\t\t\t\t\t<\/span>\n\t\t\t\t\t\t\t\t\t<div class=\"tb-card-bottom__content\">\n\t\t\t\t\t\t\t\t\t\t<div>\n\t\t\t\t\t\t\t\t\t\t\t\t\t\t\t\t\t\t\t\t\t\t\t<i class=\"icon fa-regular fa-bed\"><\/i> Stone House\t\t\t\t\t\t\t\t\t\t\t\t\t\t\t\t\t\t\t\t\t<\/div>\n\t\t\t\t\t\t\t\t\t<\/div>\n\t\t\t\t\t\t\t\t\t<div class=\"tb-card-bottom__teaser tb-unfold-on-hover__content\" data-no-translation>\n\t\t\t\t\t\t\t\t\t\t\t\t\t\t\t\t\t\t\t\t\t\t\t\t\t\t\t\t\t\tNa een goede nachtrust en een stevig ontbijt vertrek je met de shuttle vanuit Kayseri naar het start&#8230; <span class=\"link\">Lees meer<\/span>\t\t\t\t\t\t\t\t\t<\/div>\n\t\t\t\t\t\t\t\t<\/div>\n\n\t\t\t\t\t\t\t<\/div>\n\t\t\t\t\t\t\t<dialog class=\"tb-popup tb-popup-with-padding tb-dayschedule-popup-wrapper\">\n\t\t\t\t\t\t\t\t<div class=\"tb-dayschedule-popup\">\n\t\t\t\t\t\t\t\t\t<h5>\n\t\t\t\t\t\t\t\t\t\t\t\t\t\t\t\t\t\t\t\t\t\t\t\t\t\t\t\t\t\t\t<div>\n\t\t\t\t\t\t\t\t\t\t\t\t\t\t\t\t\t\t\t\t\t\t\t\t\tTa\u015fk\u0131npa\u015fa\t\t\t\t\t\t\t\t\t\t\t\t\t\t\t\t\t\t\t\t\t\t\t\t\t\t\t\t\t\t\t\t\t\t\t\t\t\t\t\t\t\t\t\t\t\t\t\t\t\t\t<i class=\"icon fa-solid fa-arrow-right\"><\/i> Mustafapa\u015fa\t\t\t\t\t\t\t\t\t\t\t\t\t\t\t\t\t\t\t\t\t\t\t\t\t\t\t\t\t\t\t\t\t\t\t\t<\/div>\n\t\t\t\t\t\t\t\t\t\t\t\t\t\t\t\t\t\t\t<\/h5>\n\t\t\t\t\t\t\t\t\t<div class=\"tb-columns\">\n\t\t\t\t\t\t\t\t\t\t<div class=\"tb-column tb-column--text\">\n\t\t\t\t\t\t\t\t\t\t\t<div class=\"text-part\">\n\t\t\t\t\t\t\t\t\t\t\t\t\t\t\t\t\t\t\t\t\t\t\t\t\t<div class=\"tb-dayschedule-popup__icons\">\n\t\t\t\t\t\t\t\t\t\t\t\t\t\t\t\t\t\t\t\t\t\t\t\t\t\t\t\t\t\t\t\t\t\t\t\t\t\t\t\t\t\t\t<div class=\"tb-dayschedule-popup__icon\">\n\t\t\t\t\t\t\t\t\t\t\t\t\t\t\t\t<i class=\"icon fa-regular fa-bed\"><\/i>\n\t\t\t\t\t\t\t\t\t\t\t\t\t\t\t\t<span>\n\t\t\t\t\t\t\t\t\t\t\t\t\t\t\t\t\tStone House\t\t\t\t\t\t\t\t\t\t\t\t\t\t\t\t<\/span>\n\t\t\t\t\t\t\t\t\t\t\t\t\t\t\t<\/div>\n\t\t\t\t\t\t\t\t\t\t\t\t\t\t\t\t\t\t\t\t\t\t\t\t\t\t\t<\/div>\n\t\t\t\t\t\t\t\t\t\t\t\t\n\t\t\t\t\t\t\t\t\t\t\t\t\t\t\t\t\t\t\t\t\t\t\t\t\t<div class=\"tb-dayschedule-popup__keywords\">\n\t\t\t\t\t\t\t\t\t\t\t\t\t\t\t\t<div class=\"translation-block\"><ul>\n<li>Afstand: 17,2 km<\/li>\n<li>Stijgen: 420 m<\/li>\n<li>Dalen: 580 m<\/li>\n<li>Wandeltijd: 6 uur<\/li>\n<\/ul><\/div>\n\t\t\t\t\t\t\t\t\t\t\t\t\t\t<\/div>\n\t\t\t\t\t\t\t\t\t\t\t\t\n\t\t\t\t\t\t\t\t\t\t\t\t<div>\n\t\t\t\t\t\t\t\t\t\t\t\t\t<strong>Dag 2<\/strong>\n\t\t\t\t\t\t\t\t\t\t\t\t\t\t\t<div class=\"translation-block\"><p>Na een goede nachtrust en een stevig ontbijt vertrek je met de shuttle vanuit Kayseri naar het <strong>startpunt van de Cappadocia Trail in Ta\u015fk\u0131npa\u015fa<\/strong>. Na een rit van zo\u2019n anderhalf uur kom je aan in een historisch dorpje, ver weg van het toerisme, waar de tijd lijkt stil te staan. Hier krijg je ook je <strong>eerste briefing<\/strong> van de ranger ter plaatse.<\/p>\n<p>Zodra je het dorp achter je laat, begint de klim naar een van de hoogste punten van de trail. Boven wacht een <strong>wijds uitzicht over de vallei<\/strong>. Je wandelt verder langs een van de weinige meren in de regio en volgt kronkelende paden tot je <strong>Mustafapa\u015fa<\/strong> bereikt.<\/p>\n<p>Mustafapa\u015fa was ooit een <strong>Griekse nederzetting<\/strong>, en dat voel je nog steeds in de architectuur en sfeer. Denk aan <strong>elegante stone houses,<\/strong> met als bekendste het Old Greek House, vandaag een geliefd restaurant.<\/p>\n<p><strong>Extra&#8217;s Mustafapa\u015fa:<\/strong><\/p>\n<ul>\n<li>Bezoek de ondergrondse stad<\/li>\n<li>Ga naar het viewpoint<\/li>\n<li>Bezoek de St. Helena en Constantine Kerk in het centrum van het dorp<\/li>\n<li>Klooster van St. Nicolas<\/li>\n<\/ul><\/div>\n\t\t\t\t\t\t\t\t\t\t\t\t\t<\/div>\n\n\n\t\t\t\t\t\t\t\t\t\t\t<\/div>\n\t\t\t\t\t\t\t\t\t\t<\/div>\n\t\t\t\t\t\t\t\t\t\t<div class=\"tb-column tb-column--image\">\n\n\t\t\t\t\t\t\t\t\t\t\t<div class=\"tb-image-part\">\n\t\t\t\t\t\t\t\t\t\t\t\t<img src='https:\/\/capt.travelblox.eu\/wp-content\/uploads\/sites\/117\/2025\/02\/DSC00128-Grande-1024x682.jpeg' width='1024' height='682' alt='cappadocia trail hike trek randonn\u00e9e wandelen turkey' style='object-position:50% 50%' loading='lazy' image_size='large'>\t\t\t\t\t\t\t\t\t\t\t<\/div>\n\t\t\t\t\t\t\t\t\t\t<\/div>\n\t\t\t\t\t\t\t\t\t<\/div>\n\t\t\t\t\t\t\t\t\t\t\t<div class=\"tb-popup-nav\">\n\t\t\t<a href=\"#\" class=\"tb-buttonlink-with-icon tb-buttonlink-with-arrow icon-first tb-popup-previous\">\n\t\t\t\t<i class=\"icon fa fa-chevron-left\"><\/i>\n\t\t\t\t<span>Vorige dag<\/span>\n\t\t\t<\/a>\n\t\t\t<a href=\"#\" class=\"tb-buttonlink-with-icon tb-buttonlink-with-arrow tb-popup-next\">\n\t\t\t\t<span>Volgende dag<\/span>\n\t\t\t\t<i class=\"icon fa fa-chevron-right\"><\/i>\n\t\t\t<\/a>\n\t\t<\/div>\n\t\n\t\t\t\t\t\t\t\t<\/div>\n\t\t\t\t\t\t\t<\/dialog>\n\t\t\t\t\t\t<\/div>\n\t\t\t\t\t\t\t\t\t\t\t<div class=\"tb-card entry tb-popup-trigger tb-unfold-on-hover\">\n\t\t\t\t\t\t\t<div class=\"tb-image-part\">\n\t\t\t\t\t\t\t\t<div class=\"tag\">\n\t\t\t\t\t\t\t\t\t<div>Dag 3<\/div>\n\t\t\t\t\t\t\t\t<\/div>\n\n\t\t\t\t\t\t\t\t<img src='https:\/\/capt.travelblox.eu\/wp-content\/uploads\/sites\/117\/2024\/10\/CAP_24_RachelWennink_LR-4-Large-768x1152.jpeg' width='768' height='1152' alt='Kappadokien - Cappadocie Turkije wandelvakantie' loading='lazy' image_size='medium_large'>\t\t\t\t\t\t\t<\/div>\n\t\t\t\t\t\t\t<div class=\"tb-card-bottom-wrapper\">\n\t\t\t\t\t\t\t\t<div class=\"tb-card-bottom\">\n\n\t\t\t\t\t\t\t\t\t<span class=\"tb-card-bottom__title\">\n\t\t\t\t\t\t\t\t\t\t<span class=\"tb-card-bottom__place\">\n\t\t\t\t\t\t\t\t\t\t\tMustafapa\u015fa\t\t\t\t\t\t\t\t\t\t\t\t\t\t\t\t\t\t\t\t\t\t\t&#8211; Ortahisar\t\t\t\t\t\t\t\t\t\t\t\t\t\t\t\t\t\t\t\t\t<\/span>\n\n\t\t\t\t\t\t\t\t\t<\/span>\n\t\t\t\t\t\t\t\t\t<div class=\"tb-card-bottom__content\">\n\t\t\t\t\t\t\t\t\t\t<div>\n\t\t\t\t\t\t\t\t\t\t\t\t\t\t\t\t\t\t\t\t\t\t\t<i class=\"icon fa-regular fa-bed\"><\/i> Cave Hotel\t\t\t\t\t\t\t\t\t\t\t\t\t\t\t\t\t\t\t\t\t<\/div>\n\t\t\t\t\t\t\t\t\t<\/div>\n\t\t\t\t\t\t\t\t\t<div class=\"tb-card-bottom__teaser tb-unfold-on-hover__content\" data-no-translation>\n\t\t\t\t\t\t\t\t\t\t\t\t\t\t\t\t\t\t\t\t\t\t\t\t\t\t\t\t\t\tVandaag duik je meteen de eerste echte vallei van de Cappadocia Trail in: de Gomeda Valley. Al snel &#8230; <span class=\"link\">Lees meer<\/span>\t\t\t\t\t\t\t\t\t<\/div>\n\t\t\t\t\t\t\t\t<\/div>\n\n\t\t\t\t\t\t\t<\/div>\n\t\t\t\t\t\t\t<dialog class=\"tb-popup tb-popup-with-padding tb-dayschedule-popup-wrapper\">\n\t\t\t\t\t\t\t\t<div class=\"tb-dayschedule-popup\">\n\t\t\t\t\t\t\t\t\t<h5>\n\t\t\t\t\t\t\t\t\t\t\t\t\t\t\t\t\t\t\t\t\t\t\t\t\t\t\t\t\t\t\t<div>\n\t\t\t\t\t\t\t\t\t\t\t\t\t\t\t\t\t\t\t\t\t\t\t\t\tMustafapa\u015fa\t\t\t\t\t\t\t\t\t\t\t\t\t\t\t\t\t\t\t\t\t\t\t\t\t\t\t\t\t\t\t\t\t\t\t\t\t\t\t\t\t\t\t\t\t\t\t\t\t\t\t<i class=\"icon fa-solid fa-arrow-right\"><\/i> Ortahisar\t\t\t\t\t\t\t\t\t\t\t\t\t\t\t\t\t\t\t\t\t\t\t\t\t\t\t\t\t\t\t\t\t\t\t\t<\/div>\n\t\t\t\t\t\t\t\t\t\t\t\t\t\t\t\t\t\t\t<\/h5>\n\t\t\t\t\t\t\t\t\t<div class=\"tb-columns\">\n\t\t\t\t\t\t\t\t\t\t<div class=\"tb-column tb-column--text\">\n\t\t\t\t\t\t\t\t\t\t\t<div class=\"text-part\">\n\t\t\t\t\t\t\t\t\t\t\t\t\t\t\t\t\t\t\t\t\t\t\t\t\t<div class=\"tb-dayschedule-popup__icons\">\n\t\t\t\t\t\t\t\t\t\t\t\t\t\t\t\t\t\t\t\t\t\t\t\t\t\t\t\t\t\t\t\t\t\t\t\t\t\t\t\t\t\t\t<div class=\"tb-dayschedule-popup__icon\">\n\t\t\t\t\t\t\t\t\t\t\t\t\t\t\t\t<i class=\"icon fa-regular fa-bed\"><\/i>\n\t\t\t\t\t\t\t\t\t\t\t\t\t\t\t\t<span>\n\t\t\t\t\t\t\t\t\t\t\t\t\t\t\t\t\tCave Hotel\t\t\t\t\t\t\t\t\t\t\t\t\t\t\t\t<\/span>\n\t\t\t\t\t\t\t\t\t\t\t\t\t\t\t<\/div>\n\t\t\t\t\t\t\t\t\t\t\t\t\t\t\t\t\t\t\t\t\t\t\t\t\t\t\t<\/div>\n\t\t\t\t\t\t\t\t\t\t\t\t\n\t\t\t\t\t\t\t\t\t\t\t\t\t\t\t\t\t\t\t\t\t\t\t\t\t<div class=\"tb-dayschedule-popup__keywords\">\n\t\t\t\t\t\t\t\t\t\t\t\t\t\t\t\t<div class=\"translation-block\"><ul>\n<li>Afstand: 14,8 km<\/li>\n<li>Stijgen: 310 m<\/li>\n<li>Dalen: 280 m<\/li>\n<li>Wandeltijd: 5 uur<\/li>\n<\/ul><\/div>\n\t\t\t\t\t\t\t\t\t\t\t\t\t\t<\/div>\n\t\t\t\t\t\t\t\t\t\t\t\t\n\t\t\t\t\t\t\t\t\t\t\t\t<div>\n\t\t\t\t\t\t\t\t\t\t\t\t\t<strong>Dag 3<\/strong>\n\t\t\t\t\t\t\t\t\t\t\t\t\t\t\t<div class=\"translation-block\"><p>Vandaag duik je meteen de eerste echte vallei van de Cappadocia Trail in: de <strong>Gomeda Valley<\/strong>. Al snel kom je bij je eerste cave kerk, de <strong>Timios Stavroskerk<\/strong>, met fresco\u2019s die opvallend goed bewaard zijn. De vallei zit <strong>vol verborgen geschiedenis<\/strong>: oude kerken en woningen, duiventillen, bunkers en zelfs een ondergrondse stad. Onderweg waan je je even terug in een ander tijdperk.<\/p>\n<p>Je volgt een riviertje dat de vallei voedt en de <strong>wijngaarden<\/strong> onderweg groen houdt. Cappadocische wijn wordt hier nog altijd gemaakt en is te proeven in veel lokale restaurants. Tip: hij kan wat prijziger zijn, dus vraag gerust even de prijs op voorhand.<\/p>\n<p>Aan het einde van de Gomeda Valley passeer je een <strong>indrukwekkende rotswand vol grotten<\/strong>, een fotospot waar vaak ook 4&#215;4 tours stoppen. Halverwege kom je door <strong>\u0130brahimpa\u015fa<\/strong>, ooit een belangrijke handelsstop en vandaag een rustig \u201cslapend dorp\u201d.<\/p>\n<p>Na de lunch wandel je verder naar <strong>Ortahisar<\/strong>. Daar verschijnt je eerste <strong>rotskasteel<\/strong> van Cappadoci\u00eb, midden in het dorp. Je betreedt Ortahisar via een verborgen ingang en geniet van een panorama over de vallei en het dorp. Rond het kasteel vind je een <strong>gezellig plein met lokale restaurantjes<\/strong>.<\/p>\n<p><strong>Extra&#8217;s onderweg:<\/strong><\/p>\n<ul>\n<li>Heilige apostel kerk in Gomeda Valley (<a href=\"https:\/\/maps.app.goo.gl\/c7R3DjtinjG3qppCA\">hier<\/a>)<\/li>\n<li>Bezoek het <i>Sivrikaya,&nbsp;<\/i>het kasteel midden in Ortahisar (90 meter hoog)<\/li>\n<\/ul><\/div>\n\t\t\t\t\t\t\t\t\t\t\t\t\t<\/div>\n\n\n\t\t\t\t\t\t\t\t\t\t\t<\/div>\n\t\t\t\t\t\t\t\t\t\t<\/div>\n\t\t\t\t\t\t\t\t\t\t<div class=\"tb-column tb-column--image\">\n\n\t\t\t\t\t\t\t\t\t\t\t<div class=\"tb-image-part\">\n\t\t\t\t\t\t\t\t\t\t\t\t<img src='https:\/\/capt.travelblox.eu\/wp-content\/uploads\/sites\/117\/2024\/10\/CAP_24_RachelWennink_LR-4-Large-682x1024.jpeg' width='682' height='1024' alt='Kappadokien - Cappadocie Turkije wandelvakantie' loading='lazy' image_size='large'>\t\t\t\t\t\t\t\t\t\t\t<\/div>\n\t\t\t\t\t\t\t\t\t\t<\/div>\n\t\t\t\t\t\t\t\t\t<\/div>\n\t\t\t\t\t\t\t\t\t\t\t<div class=\"tb-popup-nav\">\n\t\t\t<a href=\"#\" class=\"tb-buttonlink-with-icon tb-buttonlink-with-arrow icon-first tb-popup-previous\">\n\t\t\t\t<i class=\"icon fa fa-chevron-left\"><\/i>\n\t\t\t\t<span>Vorige dag<\/span>\n\t\t\t<\/a>\n\t\t\t<a href=\"#\" class=\"tb-buttonlink-with-icon tb-buttonlink-with-arrow tb-popup-next\">\n\t\t\t\t<span>Volgende dag<\/span>\n\t\t\t\t<i class=\"icon fa fa-chevron-right\"><\/i>\n\t\t\t<\/a>\n\t\t<\/div>\n\t\n\t\t\t\t\t\t\t\t<\/div>\n\t\t\t\t\t\t\t<\/dialog>\n\t\t\t\t\t\t<\/div>\n\t\t\t\t\t\t\t\t\t\t\t<div class=\"tb-card entry tb-popup-trigger tb-unfold-on-hover\">\n\t\t\t\t\t\t\t<div class=\"tb-image-part\">\n\t\t\t\t\t\t\t\t<div class=\"tag\">\n\t\t\t\t\t\t\t\t\t<div>Dag 4<\/div>\n\t\t\t\t\t\t\t\t<\/div>\n\n\t\t\t\t\t\t\t\t<img src='https:\/\/capt.travelblox.eu\/wp-content\/uploads\/sites\/117\/2025\/02\/dji_fly_20221123_104146_487_1669282996841_photo_1-Grande-2-768x1024.jpeg' width='768' height='1024' alt='cappadocia trail hike trek randonn\u00e9e wandelen turkey' loading='lazy' image_size='medium_large'>\t\t\t\t\t\t\t<\/div>\n\t\t\t\t\t\t\t<div class=\"tb-card-bottom-wrapper\">\n\t\t\t\t\t\t\t\t<div class=\"tb-card-bottom\">\n\n\t\t\t\t\t\t\t\t\t<span class=\"tb-card-bottom__title\">\n\t\t\t\t\t\t\t\t\t\t<span class=\"tb-card-bottom__place\">\n\t\t\t\t\t\t\t\t\t\t\tOrtahisar\t\t\t\t\t\t\t\t\t\t\t\t\t\t\t\t\t\t\t\t\t\t\t&#8211; \u00c7avu\u015fin\t\t\t\t\t\t\t\t\t\t\t\t\t\t\t\t\t\t\t\t\t<\/span>\n\n\t\t\t\t\t\t\t\t\t<\/span>\n\t\t\t\t\t\t\t\t\t<div class=\"tb-card-bottom__content\">\n\t\t\t\t\t\t\t\t\t\t<div>\n\t\t\t\t\t\t\t\t\t\t\t\t\t\t\t\t\t\t\t\t\t\t\t<i class=\"icon fa-regular fa-bed\"><\/i> Stone House\t\t\t\t\t\t\t\t\t\t\t\t\t\t\t\t\t\t\t\t\t<\/div>\n\t\t\t\t\t\t\t\t\t<\/div>\n\t\t\t\t\t\t\t\t\t<div class=\"tb-card-bottom__teaser tb-unfold-on-hover__content\" data-no-translation>\n\t\t\t\t\t\t\t\t\t\t\t\t\t\t\t\t\t\t\t\t\t\t\t\t\t\t\t\t\t\tVandaag trek je door twee van de meest iconische valleien van de Cappadocia Trail: Red Valley en Pin&#8230; <span class=\"link\">Lees meer<\/span>\t\t\t\t\t\t\t\t\t<\/div>\n\t\t\t\t\t\t\t\t<\/div>\n\n\t\t\t\t\t\t\t<\/div>\n\t\t\t\t\t\t\t<dialog class=\"tb-popup tb-popup-with-padding tb-dayschedule-popup-wrapper\">\n\t\t\t\t\t\t\t\t<div class=\"tb-dayschedule-popup\">\n\t\t\t\t\t\t\t\t\t<h5>\n\t\t\t\t\t\t\t\t\t\t\t\t\t\t\t\t\t\t\t\t\t\t\t\t\t\t\t\t\t\t\t<div>\n\t\t\t\t\t\t\t\t\t\t\t\t\t\t\t\t\t\t\t\t\t\t\t\t\tOrtahisar\t\t\t\t\t\t\t\t\t\t\t\t\t\t\t\t\t\t\t\t\t\t\t\t\t\t\t\t\t\t\t\t\t\t\t\t\t\t\t\t\t\t\t\t\t\t\t\t\t\t\t<i class=\"icon fa-solid fa-arrow-right\"><\/i> \u00c7avu\u015fin\t\t\t\t\t\t\t\t\t\t\t\t\t\t\t\t\t\t\t\t\t\t\t\t\t\t\t\t\t\t\t\t\t\t\t\t<\/div>\n\t\t\t\t\t\t\t\t\t\t\t\t\t\t\t\t\t\t\t<\/h5>\n\t\t\t\t\t\t\t\t\t<div class=\"tb-columns\">\n\t\t\t\t\t\t\t\t\t\t<div class=\"tb-column tb-column--text\">\n\t\t\t\t\t\t\t\t\t\t\t<div class=\"text-part\">\n\t\t\t\t\t\t\t\t\t\t\t\t\t\t\t\t\t\t\t\t\t\t\t\t\t<div class=\"tb-dayschedule-popup__icons\">\n\t\t\t\t\t\t\t\t\t\t\t\t\t\t\t\t\t\t\t\t\t\t\t\t\t\t\t\t\t\t\t\t\t\t\t\t\t\t\t\t\t\t\t<div class=\"tb-dayschedule-popup__icon\">\n\t\t\t\t\t\t\t\t\t\t\t\t\t\t\t\t<i class=\"icon fa-regular fa-bed\"><\/i>\n\t\t\t\t\t\t\t\t\t\t\t\t\t\t\t\t<span>\n\t\t\t\t\t\t\t\t\t\t\t\t\t\t\t\t\tStone House\t\t\t\t\t\t\t\t\t\t\t\t\t\t\t\t<\/span>\n\t\t\t\t\t\t\t\t\t\t\t\t\t\t\t<\/div>\n\t\t\t\t\t\t\t\t\t\t\t\t\t\t\t\t\t\t\t\t\t\t\t\t\t\t\t<\/div>\n\t\t\t\t\t\t\t\t\t\t\t\t\n\t\t\t\t\t\t\t\t\t\t\t\t\t\t\t\t\t\t\t\t\t\t\t\t\t<div class=\"tb-dayschedule-popup__keywords\">\n\t\t\t\t\t\t\t\t\t\t\t\t\t\t\t\t<div class=\"translation-block\"><ul>\n<li>Afstand: 16,5 km<\/li>\n<li>Stijgen: 465 m<\/li>\n<li>Dalen: 560 m<\/li>\n<li>Wandeltijd: 6 uur<\/li>\n<\/ul><\/div>\n\t\t\t\t\t\t\t\t\t\t\t\t\t\t<\/div>\n\t\t\t\t\t\t\t\t\t\t\t\t\n\t\t\t\t\t\t\t\t\t\t\t\t<div>\n\t\t\t\t\t\t\t\t\t\t\t\t\t<strong>Dag 4<\/strong>\n\t\t\t\t\t\t\t\t\t\t\t\t\t\t\t<div class=\"translation-block\"><p>Vandaag trek je door twee van de meest iconische valleien van de Cappadocia Trail: <strong>Red Valley en Pink Valley<\/strong>, bekend om hun kleurrijke rotsformaties en indrukwekkende landschappen. Verwacht kronkelende paden, grillige rotsformaties en kleuren die met het licht mee veranderen.<\/p>\n<p>Het hoogtepunt van de dag is de summit, waar je wordt beloond met een <strong>weids panorama<\/strong> <strong>over het dorpje \u00c7avu\u015fin en de omliggende valleien<\/strong>. Ideaal om even te pauzeren en de schoonheid van Cappadoci\u00eb in je op te nemen.<\/p>\n<p><strong>\u00c7avu\u015fin<\/strong> is een van de oudste dorpen in Cappadoci\u00eb, verscholen tussen rotswanden en valleien. Door de eeuwen heen was dit pittoreske dorp een belangrijke plek voor christelijke gemeenschappen, en dat zie je nog steeds aan de <strong>rotskerken in en rond het dorp<\/strong>. Een absolute aanrader is de <strong>Johannes de Doperkerk<\/strong>, hoog uitgehouwen in de rotsen en een van de oudste en grootste kerken van Cappadoci\u00eb, met prachtige fresco\u2019s die verhalen uit de vroege christelijke periode tot leven brengen.<\/p><\/div>\n\t\t\t\t\t\t\t\t\t\t\t\t\t<\/div>\n\n\n\t\t\t\t\t\t\t\t\t\t\t<\/div>\n\t\t\t\t\t\t\t\t\t\t<\/div>\n\t\t\t\t\t\t\t\t\t\t<div class=\"tb-column tb-column--image\">\n\n\t\t\t\t\t\t\t\t\t\t\t<div class=\"tb-image-part\">\n\t\t\t\t\t\t\t\t\t\t\t\t<img src='https:\/\/capt.travelblox.eu\/wp-content\/uploads\/sites\/117\/2025\/02\/dji_fly_20221123_104146_487_1669282996841_photo_1-Grande-2-768x1024.jpeg' width='768' height='1024' alt='cappadocia trail hike trek randonn\u00e9e wandelen turkey' loading='lazy' image_size='large'>\t\t\t\t\t\t\t\t\t\t\t<\/div>\n\t\t\t\t\t\t\t\t\t\t<\/div>\n\t\t\t\t\t\t\t\t\t<\/div>\n\t\t\t\t\t\t\t\t\t\t\t<div class=\"tb-popup-nav\">\n\t\t\t<a href=\"#\" class=\"tb-buttonlink-with-icon tb-buttonlink-with-arrow icon-first tb-popup-previous\">\n\t\t\t\t<i class=\"icon fa fa-chevron-left\"><\/i>\n\t\t\t\t<span>Vorige dag<\/span>\n\t\t\t<\/a>\n\t\t\t<a href=\"#\" class=\"tb-buttonlink-with-icon tb-buttonlink-with-arrow tb-popup-next\">\n\t\t\t\t<span>Volgende dag<\/span>\n\t\t\t\t<i class=\"icon fa fa-chevron-right\"><\/i>\n\t\t\t<\/a>\n\t\t<\/div>\n\t\n\t\t\t\t\t\t\t\t<\/div>\n\t\t\t\t\t\t\t<\/dialog>\n\t\t\t\t\t\t<\/div>\n\t\t\t\t\t\t\t\t\t\t\t<div class=\"tb-card entry tb-popup-trigger tb-unfold-on-hover\">\n\t\t\t\t\t\t\t<div class=\"tb-image-part\">\n\t\t\t\t\t\t\t\t<div class=\"tag\">\n\t\t\t\t\t\t\t\t\t<div>Dag 5<\/div>\n\t\t\t\t\t\t\t\t<\/div>\n\n\t\t\t\t\t\t\t\t<img src='https:\/\/capt.travelblox.eu\/wp-content\/uploads\/sites\/117\/2024\/10\/Cappadocia24_EvyvanNispen-88-Large-768x512.jpeg' width='768' height='512' alt='Cappadocie Bezienswaardigheden turkije luchtballon' loading='lazy' image_size='medium_large'>\t\t\t\t\t\t\t<\/div>\n\t\t\t\t\t\t\t<div class=\"tb-card-bottom-wrapper\">\n\t\t\t\t\t\t\t\t<div class=\"tb-card-bottom\">\n\n\t\t\t\t\t\t\t\t\t<span class=\"tb-card-bottom__title\">\n\t\t\t\t\t\t\t\t\t\t<span class=\"tb-card-bottom__place\">\n\t\t\t\t\t\t\t\t\t\t\t\u00c7avu\u015fin\t\t\t\t\t\t\t\t\t\t\t\t\t\t\t\t\t\t\t\t\t\t\t&#8211; U\u00e7hisar\t\t\t\t\t\t\t\t\t\t\t\t\t\t\t\t\t\t\t\t\t<\/span>\n\n\t\t\t\t\t\t\t\t\t<\/span>\n\t\t\t\t\t\t\t\t\t<div class=\"tb-card-bottom__content\">\n\t\t\t\t\t\t\t\t\t\t<div>\n\t\t\t\t\t\t\t\t\t\t\t\t\t\t\t\t\t\t\t\t\t\t\t<i class=\"icon fa-regular fa-bed\"><\/i> Stone House\t\t\t\t\t\t\t\t\t\t\t\t\t\t\t\t\t\t\t\t\t<\/div>\n\t\t\t\t\t\t\t\t\t<\/div>\n\t\t\t\t\t\t\t\t\t<div class=\"tb-card-bottom__teaser tb-unfold-on-hover__content\" data-no-translation>\n\t\t\t\t\t\t\t\t\t\t\t\t\t\t\t\t\t\t\t\t\t\t\t\t\t\t\t\t\t\tVandaag wandel je van het historische \u00c7avu\u015fin naar het majestueuze U\u00e7hisar, via de iconische Pigeon &#8230; <span class=\"link\">Lees meer<\/span>\t\t\t\t\t\t\t\t\t<\/div>\n\t\t\t\t\t\t\t\t<\/div>\n\n\t\t\t\t\t\t\t<\/div>\n\t\t\t\t\t\t\t<dialog class=\"tb-popup tb-popup-with-padding tb-dayschedule-popup-wrapper\">\n\t\t\t\t\t\t\t\t<div class=\"tb-dayschedule-popup\">\n\t\t\t\t\t\t\t\t\t<h5>\n\t\t\t\t\t\t\t\t\t\t\t\t\t\t\t\t\t\t\t\t\t\t\t\t\t\t\t\t\t\t\t<div>\n\t\t\t\t\t\t\t\t\t\t\t\t\t\t\t\t\t\t\t\t\t\t\t\t\t\u00c7avu\u015fin\t\t\t\t\t\t\t\t\t\t\t\t\t\t\t\t\t\t\t\t\t\t\t\t\t\t\t\t\t\t\t\t\t\t\t\t\t\t\t\t\t\t\t\t\t\t\t\t\t\t\t<i class=\"icon fa-solid fa-arrow-right\"><\/i> U\u00e7hisar\t\t\t\t\t\t\t\t\t\t\t\t\t\t\t\t\t\t\t\t\t\t\t\t\t\t\t\t\t\t\t\t\t\t\t\t<\/div>\n\t\t\t\t\t\t\t\t\t\t\t\t\t\t\t\t\t\t\t<\/h5>\n\t\t\t\t\t\t\t\t\t<div class=\"tb-columns\">\n\t\t\t\t\t\t\t\t\t\t<div class=\"tb-column tb-column--text\">\n\t\t\t\t\t\t\t\t\t\t\t<div class=\"text-part\">\n\t\t\t\t\t\t\t\t\t\t\t\t\t\t\t\t\t\t\t\t\t\t\t\t\t<div class=\"tb-dayschedule-popup__icons\">\n\t\t\t\t\t\t\t\t\t\t\t\t\t\t\t\t\t\t\t\t\t\t\t\t\t\t\t\t\t\t\t\t\t\t\t\t\t\t\t\t\t\t\t<div class=\"tb-dayschedule-popup__icon\">\n\t\t\t\t\t\t\t\t\t\t\t\t\t\t\t\t<i class=\"icon fa-regular fa-bed\"><\/i>\n\t\t\t\t\t\t\t\t\t\t\t\t\t\t\t\t<span>\n\t\t\t\t\t\t\t\t\t\t\t\t\t\t\t\t\tStone House\t\t\t\t\t\t\t\t\t\t\t\t\t\t\t\t<\/span>\n\t\t\t\t\t\t\t\t\t\t\t\t\t\t\t<\/div>\n\t\t\t\t\t\t\t\t\t\t\t\t\t\t\t\t\t\t\t\t\t\t\t\t\t\t\t<\/div>\n\t\t\t\t\t\t\t\t\t\t\t\t\n\t\t\t\t\t\t\t\t\t\t\t\t\t\t\t\t\t\t\t\t\t\t\t\t\t<div class=\"tb-dayschedule-popup__keywords\">\n\t\t\t\t\t\t\t\t\t\t\t\t\t\t\t\t<div class=\"translation-block\"><ul>\n<li>Afstand: 11 km<\/li>\n<li>Stijgen: 370 m<\/li>\n<li>Dalen: 110 m<\/li>\n<li>Wandeltijd: 4 uur<\/li>\n<\/ul><\/div>\n\t\t\t\t\t\t\t\t\t\t\t\t\t\t<\/div>\n\t\t\t\t\t\t\t\t\t\t\t\t\n\t\t\t\t\t\t\t\t\t\t\t\t<div>\n\t\t\t\t\t\t\t\t\t\t\t\t\t<strong>Dag 5<\/strong>\n\t\t\t\t\t\t\t\t\t\t\t\t\t\t\t<div class=\"translation-block\"><p>Vandaag wandel je van het historische \u00c7avu\u015fin naar het majestueuze U\u00e7hisar, via de <strong>iconische Pigeon Valley<\/strong>. De vallei dankt haar naam aan de talloze duiventillen die locals vroeger in de rotswanden uithakten. Eeuwenlang verzamelden ze er duivenmest, die als natuurlijke meststof diende voor wijngaarden en boomgaarden in de regio. Terwijl je door de vallei trekt, geniet je van <strong>grillige rotsformaties<\/strong> en uitzichten die blijven veranderen.<\/p>\n<p>Aan het einde van de route bereik je <strong>U\u00e7hisar<\/strong>, met als kers op de taart het <strong>indrukwekkende U\u00e7hisar-kasteel<\/strong>, het hoogste punt van Cappadoci\u00eb. Dit kasteel, uit tufsteen gehouwen, trakteert je op een <strong>spectaculair panorama over de valleien en het sprookjesachtige landschap<\/strong>. Beklim de rots en kijk uit tot G\u00f6reme en ver daarachter: een onvergetelijke afsluiting van deze etappe.<\/p><\/div>\n\t\t\t\t\t\t\t\t\t\t\t\t\t<\/div>\n\n\n\t\t\t\t\t\t\t\t\t\t\t<\/div>\n\t\t\t\t\t\t\t\t\t\t<\/div>\n\t\t\t\t\t\t\t\t\t\t<div class=\"tb-column tb-column--image\">\n\n\t\t\t\t\t\t\t\t\t\t\t<div class=\"tb-image-part\">\n\t\t\t\t\t\t\t\t\t\t\t\t<img src='https:\/\/capt.travelblox.eu\/wp-content\/uploads\/sites\/117\/2024\/10\/Cappadocia24_EvyvanNispen-88-Large-1024x683.jpeg' width='1024' height='683' alt='Cappadocie Bezienswaardigheden turkije luchtballon' loading='lazy' image_size='large'>\t\t\t\t\t\t\t\t\t\t\t<\/div>\n\t\t\t\t\t\t\t\t\t\t<\/div>\n\t\t\t\t\t\t\t\t\t<\/div>\n\t\t\t\t\t\t\t\t\t\t\t<div class=\"tb-popup-nav\">\n\t\t\t<a href=\"#\" class=\"tb-buttonlink-with-icon tb-buttonlink-with-arrow icon-first tb-popup-previous\">\n\t\t\t\t<i class=\"icon fa fa-chevron-left\"><\/i>\n\t\t\t\t<span>Vorige dag<\/span>\n\t\t\t<\/a>\n\t\t\t<a href=\"#\" class=\"tb-buttonlink-with-icon tb-buttonlink-with-arrow tb-popup-next\">\n\t\t\t\t<span>Volgende dag<\/span>\n\t\t\t\t<i class=\"icon fa fa-chevron-right\"><\/i>\n\t\t\t<\/a>\n\t\t<\/div>\n\t\n\t\t\t\t\t\t\t\t<\/div>\n\t\t\t\t\t\t\t<\/dialog>\n\t\t\t\t\t\t<\/div>\n\t\t\t\t\t\t\t\t\t\t\t<div class=\"tb-card entry tb-popup-trigger tb-unfold-on-hover\">\n\t\t\t\t\t\t\t<div class=\"tb-image-part\">\n\t\t\t\t\t\t\t\t<div class=\"tag\">\n\t\t\t\t\t\t\t\t\t<div>Dag 6<\/div>\n\t\t\t\t\t\t\t\t<\/div>\n\n\t\t\t\t\t\t\t\t<img src='https:\/\/capt.travelblox.eu\/wp-content\/uploads\/sites\/117\/2024\/10\/ebc49681fb2545fe4ec17cb91dcd8382-768x448.jpg' width='768' height='448' alt='Kappadokien Urlaub T\u00fcrkei - Cappadocie Turkije wandelvakantie' loading='lazy' image_size='medium_large'>\t\t\t\t\t\t\t<\/div>\n\t\t\t\t\t\t\t<div class=\"tb-card-bottom-wrapper\">\n\t\t\t\t\t\t\t\t<div class=\"tb-card-bottom\">\n\n\t\t\t\t\t\t\t\t\t<span class=\"tb-card-bottom__title\">\n\t\t\t\t\t\t\t\t\t\t<span class=\"tb-card-bottom__place\">\n\t\t\t\t\t\t\t\t\t\t\tU\u00e7hisar\t\t\t\t\t\t\t\t\t\t\t\t\t\t\t\t\t\t\t\t\t\t\t&#8211; G\u00f6reme\t\t\t\t\t\t\t\t\t\t\t\t\t\t\t\t\t\t\t\t\t<\/span>\n\n\t\t\t\t\t\t\t\t\t<\/span>\n\t\t\t\t\t\t\t\t\t<div class=\"tb-card-bottom__content\">\n\t\t\t\t\t\t\t\t\t\t<div>\n\t\t\t\t\t\t\t\t\t\t\t\t\t\t\t\t\t\t\t\t\t\t\t<i class=\"icon fa-regular fa-bed\"><\/i> Cave Hotel\t\t\t\t\t\t\t\t\t\t\t\t\t\t\t\t\t\t\t\t\t<\/div>\n\t\t\t\t\t\t\t\t\t<\/div>\n\t\t\t\t\t\t\t\t\t<div class=\"tb-card-bottom__teaser tb-unfold-on-hover__content\" data-no-translation>\n\t\t\t\t\t\t\t\t\t\t\t\t\t\t\t\t\t\t\t\t\t\t\t\t\t\t\t\t\t\tVandaag wandel je van U\u00e7hisar naar G\u00f6reme, een van de meest iconische etappes van de Cappadocia Trai&#8230; <span class=\"link\">Lees meer<\/span>\t\t\t\t\t\t\t\t\t<\/div>\n\t\t\t\t\t\t\t\t<\/div>\n\n\t\t\t\t\t\t\t<\/div>\n\t\t\t\t\t\t\t<dialog class=\"tb-popup tb-popup-with-padding tb-dayschedule-popup-wrapper\">\n\t\t\t\t\t\t\t\t<div class=\"tb-dayschedule-popup\">\n\t\t\t\t\t\t\t\t\t<h5>\n\t\t\t\t\t\t\t\t\t\t\t\t\t\t\t\t\t\t\t\t\t\t\t\t\t\t\t\t\t\t\t<div>\n\t\t\t\t\t\t\t\t\t\t\t\t\t\t\t\t\t\t\t\t\t\t\t\t\tU\u00e7hisar\t\t\t\t\t\t\t\t\t\t\t\t\t\t\t\t\t\t\t\t\t\t\t\t\t\t\t\t\t\t\t\t\t\t\t\t\t\t\t\t\t\t\t\t\t\t\t\t\t\t\t<i class=\"icon fa-solid fa-arrow-right\"><\/i> G\u00f6reme\t\t\t\t\t\t\t\t\t\t\t\t\t\t\t\t\t\t\t\t\t\t\t\t\t\t\t\t\t\t\t\t\t\t\t\t<\/div>\n\t\t\t\t\t\t\t\t\t\t\t\t\t\t\t\t\t\t\t<\/h5>\n\t\t\t\t\t\t\t\t\t<div class=\"tb-columns\">\n\t\t\t\t\t\t\t\t\t\t<div class=\"tb-column tb-column--text\">\n\t\t\t\t\t\t\t\t\t\t\t<div class=\"text-part\">\n\t\t\t\t\t\t\t\t\t\t\t\t\t\t\t\t\t\t\t\t\t\t\t\t\t<div class=\"tb-dayschedule-popup__icons\">\n\t\t\t\t\t\t\t\t\t\t\t\t\t\t\t\t\t\t\t\t\t\t\t\t\t\t\t\t\t\t\t\t\t\t\t\t\t\t\t\t\t\t\t<div class=\"tb-dayschedule-popup__icon\">\n\t\t\t\t\t\t\t\t\t\t\t\t\t\t\t\t<i class=\"icon fa-regular fa-bed\"><\/i>\n\t\t\t\t\t\t\t\t\t\t\t\t\t\t\t\t<span>\n\t\t\t\t\t\t\t\t\t\t\t\t\t\t\t\t\tCave Hotel\t\t\t\t\t\t\t\t\t\t\t\t\t\t\t\t<\/span>\n\t\t\t\t\t\t\t\t\t\t\t\t\t\t\t<\/div>\n\t\t\t\t\t\t\t\t\t\t\t\t\t\t\t\t\t\t\t\t\t\t\t\t\t\t\t<\/div>\n\t\t\t\t\t\t\t\t\t\t\t\t\n\t\t\t\t\t\t\t\t\t\t\t\t\t\t\t\t\t\t\t\t\t\t\t\t\t<div class=\"tb-dayschedule-popup__keywords\">\n\t\t\t\t\t\t\t\t\t\t\t\t\t\t\t\t<div class=\"translation-block\"><ul>\n<li>Afstand: 11,2 km<\/li>\n<li>Stijgen: 110 m<\/li>\n<li>Dalen: 320 m<\/li>\n<li>Wandeltijd: 4 uur<\/li>\n<\/ul><\/div>\n\t\t\t\t\t\t\t\t\t\t\t\t\t\t<\/div>\n\t\t\t\t\t\t\t\t\t\t\t\t\n\t\t\t\t\t\t\t\t\t\t\t\t<div>\n\t\t\t\t\t\t\t\t\t\t\t\t\t<strong>Dag 6<\/strong>\n\t\t\t\t\t\t\t\t\t\t\t\t\t\t\t<div class=\"translation-block\"><p>Vandaag wandel je van U\u00e7hisar naar G\u00f6reme, een van de meest iconische etappes van de Cappadocia Trail. Je start met een <strong>afdaling vanaf het U\u00e7hisar-kasteel,<\/strong> het hoogste punt van de regio, waar je nog een laatste keer uitkijkt over de valleien en rotsformaties die zich tot aan de horizon uitstrekken.<\/p>\n<p>Daarna trek je de <strong>Zemi Valley<\/strong> in, een schilderachtige kloof met paden tussen vulkanisch tufsteen. Dit zachte gesteente, gevormd door oude uitbarstingen van nabijgelegen vulkanen zoals Mount Erciyes, gaf Cappadoci\u00eb zijn <strong>typische fee\u00ebnschoorstenen en troglodytische woningen<\/strong>: huizen die rechtstreeks uit de rots zijn gehouwen.<\/p>\n<p>Je eindigt in het <strong>levendige G\u00f6reme<\/strong>, het bruisende hart van Cappadoci\u00eb. Sluit de dag af met een bezoek aan het <strong>G\u00f6reme Openluchtmuseum<\/strong>, een UNESCO-werelderfgoed vol rotskerken en kloosters, gedecoreerd met kleurrijke fresco\u2019s uit de vroegchristelijke periode. Een memorabele finale waarin landschap en geschiedenis perfect samenkomen.<\/p><\/div>\n\t\t\t\t\t\t\t\t\t\t\t\t\t<\/div>\n\n\n\t\t\t\t\t\t\t\t\t\t\t<\/div>\n\t\t\t\t\t\t\t\t\t\t<\/div>\n\t\t\t\t\t\t\t\t\t\t<div class=\"tb-column tb-column--image\">\n\n\t\t\t\t\t\t\t\t\t\t\t<div class=\"tb-image-part\">\n\t\t\t\t\t\t\t\t\t\t\t\t<img src='https:\/\/capt.travelblox.eu\/wp-content\/uploads\/sites\/117\/2024\/10\/ebc49681fb2545fe4ec17cb91dcd8382-1024x597.jpg' width='1024' height='597' alt='Kappadokien Urlaub T\u00fcrkei - Cappadocie Turkije wandelvakantie' loading='lazy' image_size='large'>\t\t\t\t\t\t\t\t\t\t\t<\/div>\n\t\t\t\t\t\t\t\t\t\t<\/div>\n\t\t\t\t\t\t\t\t\t<\/div>\n\t\t\t\t\t\t\t\t\t\t\t<div class=\"tb-popup-nav\">\n\t\t\t<a href=\"#\" class=\"tb-buttonlink-with-icon tb-buttonlink-with-arrow icon-first tb-popup-previous\">\n\t\t\t\t<i class=\"icon fa fa-chevron-left\"><\/i>\n\t\t\t\t<span>Vorige dag<\/span>\n\t\t\t<\/a>\n\t\t\t<a href=\"#\" class=\"tb-buttonlink-with-icon tb-buttonlink-with-arrow tb-popup-next\">\n\t\t\t\t<span>Volgende dag<\/span>\n\t\t\t\t<i class=\"icon fa fa-chevron-right\"><\/i>\n\t\t\t<\/a>\n\t\t<\/div>\n\t\n\t\t\t\t\t\t\t\t<\/div>\n\t\t\t\t\t\t\t<\/dialog>\n\t\t\t\t\t\t<\/div>\n\t\t\t\t\t\t\t\t\t\t\t<div class=\"tb-card entry tb-popup-trigger tb-unfold-on-hover\">\n\t\t\t\t\t\t\t<div class=\"tb-image-part\">\n\t\t\t\t\t\t\t\t<div class=\"tag\">\n\t\t\t\t\t\t\t\t\t<div>Dag 7<\/div>\n\t\t\t\t\t\t\t\t<\/div>\n\n\t\t\t\t\t\t\t\t<img src='https:\/\/capt.travelblox.eu\/wp-content\/uploads\/sites\/117\/2024\/10\/6715cd114b4e151d33ca8a8d88de5477-xlarge-Large-768x1152.jpeg' width='768' height='1152' alt='Luchtballon Cappadoci\u00eb Hei\u00dfluftballon Kappadokien - Cappadocie Turkije wandelvakantie' style='object-position:50% 50%' loading='lazy' image_size='medium_large'>\t\t\t\t\t\t\t<\/div>\n\t\t\t\t\t\t\t<div class=\"tb-card-bottom-wrapper\">\n\t\t\t\t\t\t\t\t<div class=\"tb-card-bottom\">\n\n\t\t\t\t\t\t\t\t\t<span class=\"tb-card-bottom__title\">\n\t\t\t\t\t\t\t\t\t\t<span class=\"tb-card-bottom__place\">\n\t\t\t\t\t\t\t\t\t\t\tG\u00f6reme \t\t\t\t\t\t\t\t\t\t\t\t\t\t\t\t\t\t\t\t\t\t\t&#8211; Vrije dag\t\t\t\t\t\t\t\t\t\t\t\t\t\t\t\t\t\t\t\t\t<\/span>\n\n\t\t\t\t\t\t\t\t\t<\/span>\n\t\t\t\t\t\t\t\t\t<div class=\"tb-card-bottom__content\">\n\t\t\t\t\t\t\t\t\t\t<div>\n\t\t\t\t\t\t\t\t\t\t\t\t\t\t\t\t\t\t\t\t\t\t\t<i class=\"icon fa-regular fa-bed\"><\/i> Cave Hotel\t\t\t\t\t\t\t\t\t\t\t\t\t\t\t\t\t\t\t\t\t<\/div>\n\t\t\t\t\t\t\t\t\t<\/div>\n\t\t\t\t\t\t\t\t\t<div class=\"tb-card-bottom__teaser tb-unfold-on-hover__content\" data-no-translation>\n\t\t\t\t\t\t\t\t\t\t\t\t\t\t\t\t\t\t\t\t\t\t\t\t\t\t\t\t\t\tVandaag blijf je in G\u00f6reme, de ideale uitvalsbasis voor een relaxte \u00e9n avontuurlijke dag. Wie vroeg &#8230; <span class=\"link\">Lees meer<\/span>\t\t\t\t\t\t\t\t\t<\/div>\n\t\t\t\t\t\t\t\t<\/div>\n\n\t\t\t\t\t\t\t<\/div>\n\t\t\t\t\t\t\t<dialog class=\"tb-popup tb-popup-with-padding tb-dayschedule-popup-wrapper\">\n\t\t\t\t\t\t\t\t<div class=\"tb-dayschedule-popup\">\n\t\t\t\t\t\t\t\t\t<h5>\n\t\t\t\t\t\t\t\t\t\t\t\t\t\t\t\t\t\t\t\t\t\t\t\t\t\t\t\t\t\t\t<div>\n\t\t\t\t\t\t\t\t\t\t\t\t\t\t\t\t\t\t\t\t\t\t\t\t\tG\u00f6reme \t\t\t\t\t\t\t\t\t\t\t\t\t\t\t\t\t\t\t\t\t\t\t\t\t\t\t\t\t\t\t\t\t\t\t\t\t\t\t\t\t\t\t\t\t\t\t\t\t\t\t<i class=\"icon fa-solid fa-arrow-right\"><\/i> Vrije dag\t\t\t\t\t\t\t\t\t\t\t\t\t\t\t\t\t\t\t\t\t\t\t\t\t\t\t\t\t\t\t\t\t\t\t\t<\/div>\n\t\t\t\t\t\t\t\t\t\t\t\t\t\t\t\t\t\t\t<\/h5>\n\t\t\t\t\t\t\t\t\t<div class=\"tb-columns\">\n\t\t\t\t\t\t\t\t\t\t<div class=\"tb-column tb-column--text\">\n\t\t\t\t\t\t\t\t\t\t\t<div class=\"text-part\">\n\t\t\t\t\t\t\t\t\t\t\t\t\t\t\t\t\t\t\t\t\t\t\t\t\t<div class=\"tb-dayschedule-popup__icons\">\n\t\t\t\t\t\t\t\t\t\t\t\t\t\t\t\t\t\t\t\t\t\t\t\t\t\t\t\t\t\t\t\t\t\t\t\t\t\t\t\t\t\t\t<div class=\"tb-dayschedule-popup__icon\">\n\t\t\t\t\t\t\t\t\t\t\t\t\t\t\t\t<i class=\"icon fa-regular fa-bed\"><\/i>\n\t\t\t\t\t\t\t\t\t\t\t\t\t\t\t\t<span>\n\t\t\t\t\t\t\t\t\t\t\t\t\t\t\t\t\tCave Hotel\t\t\t\t\t\t\t\t\t\t\t\t\t\t\t\t<\/span>\n\t\t\t\t\t\t\t\t\t\t\t\t\t\t\t<\/div>\n\t\t\t\t\t\t\t\t\t\t\t\t\t\t\t\t\t\t\t\t\t\t\t\t\t\t\t<\/div>\n\t\t\t\t\t\t\t\t\t\t\t\t\n\t\t\t\t\t\t\t\t\t\t\t\t\n\t\t\t\t\t\t\t\t\t\t\t\t<div>\n\t\t\t\t\t\t\t\t\t\t\t\t\t<strong>Dag 7<\/strong>\n\t\t\t\t\t\t\t\t\t\t\t\t\t\t\t<div class=\"translation-block\"><p>Vandaag blijf je in <strong>G\u00f6reme<\/strong>, de ideale uitvalsbasis voor een relaxte \u00e9n avontuurlijke dag. Wie vroeg uit de veren is, kan kiezen voor een <strong data-start=\"169\" data-end=\"195\">ballonvaart in Cappadoci\u00eb bij zonsopgang<\/strong>: zwevend boven de valleien zie je hoe het eerste licht de fee\u00ebnschoorstenen en rotsformaties doet opgloeien, terwijl tientallen ballonnen de lucht vullen. Een iconische ervaring die je niet snel vergeet.<\/p>\n<p>Liever met beide voeten op de grond? Dan kan je de ballonnen ook bewonderen vanaf \u00e9\u00e9n van de <strong>vele viewpoints<\/strong> rond G\u00f6reme.<\/p>\n<p>Zin in nog een laatste hike? Maak dan een uitstap naar de <strong>Ihlara Valley<\/strong>: een verrassend groene kloof met wandelpaden langs de rivier en verborgen rotskerken uit vroegchristelijke tijden. Een rustige, authentieke afsluiter om Cappadoci\u00eb nog \u00e9\u00e9n keer helemaal in je op te nemen.<\/p><\/div>\n\t\t\t\t\t\t\t\t\t\t\t\t\t<\/div>\n\n\n\t\t\t\t\t\t\t\t\t\t\t<\/div>\n\t\t\t\t\t\t\t\t\t\t<\/div>\n\t\t\t\t\t\t\t\t\t\t<div class=\"tb-column tb-column--image\">\n\n\t\t\t\t\t\t\t\t\t\t\t<div class=\"tb-image-part\">\n\t\t\t\t\t\t\t\t\t\t\t\t<img src='https:\/\/capt.travelblox.eu\/wp-content\/uploads\/sites\/117\/2024\/10\/6715cd114b4e151d33ca8a8d88de5477-xlarge-Large-682x1024.jpeg' width='682' height='1024' alt='Luchtballon Cappadoci\u00eb Hei\u00dfluftballon Kappadokien - Cappadocie Turkije wandelvakantie' style='object-position:50% 50%' loading='lazy' image_size='large'>\t\t\t\t\t\t\t\t\t\t\t<\/div>\n\t\t\t\t\t\t\t\t\t\t<\/div>\n\t\t\t\t\t\t\t\t\t<\/div>\n\t\t\t\t\t\t\t\t\t\t\t<div class=\"tb-popup-nav\">\n\t\t\t<a href=\"#\" class=\"tb-buttonlink-with-icon tb-buttonlink-with-arrow icon-first tb-popup-previous\">\n\t\t\t\t<i class=\"icon fa fa-chevron-left\"><\/i>\n\t\t\t\t<span>Vorige dag<\/span>\n\t\t\t<\/a>\n\t\t\t<a href=\"#\" class=\"tb-buttonlink-with-icon tb-buttonlink-with-arrow tb-popup-next\">\n\t\t\t\t<span>Volgende dag<\/span>\n\t\t\t\t<i class=\"icon fa fa-chevron-right\"><\/i>\n\t\t\t<\/a>\n\t\t<\/div>\n\t\n\t\t\t\t\t\t\t\t<\/div>\n\t\t\t\t\t\t\t<\/dialog>\n\t\t\t\t\t\t<\/div>\n\t\t\t\t\t\t\t\t\t\t\t<div class=\"tb-card entry tb-popup-trigger tb-unfold-on-hover\">\n\t\t\t\t\t\t\t<div class=\"tb-image-part\">\n\t\t\t\t\t\t\t\t<div class=\"tag\">\n\t\t\t\t\t\t\t\t\t<div>Dag 8<\/div>\n\t\t\t\t\t\t\t\t<\/div>\n\n\t\t\t\t\t\t\t\t<img src='https:\/\/capt.travelblox.eu\/wp-content\/uploads\/sites\/117\/2024\/10\/Cappadocia24_EvyvanNispen-2-Large-768x512.jpeg' width='768' height='512' alt='Cappadocie Turkije wandelvakantie - Terugvlucht uit Cappadoci\u00eb Kappadokien' loading='lazy' image_size='medium_large'>\t\t\t\t\t\t\t<\/div>\n\t\t\t\t\t\t\t<div class=\"tb-card-bottom-wrapper\">\n\t\t\t\t\t\t\t\t<div class=\"tb-card-bottom\">\n\n\t\t\t\t\t\t\t\t\t<span class=\"tb-card-bottom__title\">\n\t\t\t\t\t\t\t\t\t\t<span class=\"tb-card-bottom__place\">\n\t\t\t\t\t\t\t\t\t\t\tG\u00f6reme\t\t\t\t\t\t\t\t\t\t\t\t\t\t\t\t\t\t\t\t\t\t\t&#8211; Huis\t\t\t\t\t\t\t\t\t\t\t\t\t\t\t\t\t\t\t\t\t<\/span>\n\n\t\t\t\t\t\t\t\t\t<\/span>\n\t\t\t\t\t\t\t\t\t<div class=\"tb-card-bottom__content\">\n\t\t\t\t\t\t\t\t\t\t<div>\n\t\t\t\t\t\t\t\t\t\t\t\t\t\t\t\t\t\t\t\t\t<\/div>\n\t\t\t\t\t\t\t\t\t<\/div>\n\t\t\t\t\t\t\t\t\t<div class=\"tb-card-bottom__teaser tb-unfold-on-hover__content\" data-no-translation>\n\t\t\t\t\t\t\t\t\t\t\t\t\t\t\t\t\t\t\t\t\t\t\t\t\t\t\t\t\t\tOp de laatste dag word je, als je gebruikmaakt van onze vluchten of de extra shuttle service, \u2019s och&#8230; <span class=\"link\">Lees meer<\/span>\t\t\t\t\t\t\t\t\t<\/div>\n\t\t\t\t\t\t\t\t<\/div>\n\n\t\t\t\t\t\t\t<\/div>\n\t\t\t\t\t\t\t<dialog class=\"tb-popup tb-popup-with-padding tb-dayschedule-popup-wrapper\">\n\t\t\t\t\t\t\t\t<div class=\"tb-dayschedule-popup\">\n\t\t\t\t\t\t\t\t\t<h5>\n\t\t\t\t\t\t\t\t\t\t\t\t\t\t\t\t\t\t\t\t\t\t\t\t\t\t\t\t\t\t\t<div>\n\t\t\t\t\t\t\t\t\t\t\t\t\t\t\t\t\t\t\t\t\t\t\t\t\tG\u00f6reme\t\t\t\t\t\t\t\t\t\t\t\t\t\t\t\t\t\t\t\t\t\t\t\t\t\t\t\t\t\t\t\t\t\t\t\t\t\t\t\t\t\t\t\t\t\t\t\t\t\t\t<i class=\"icon fa-solid fa-arrow-right\"><\/i> Huis\t\t\t\t\t\t\t\t\t\t\t\t\t\t\t\t\t\t\t\t\t\t\t\t\t\t\t\t\t\t\t\t\t\t\t\t<\/div>\n\t\t\t\t\t\t\t\t\t\t\t\t\t\t\t\t\t\t\t<\/h5>\n\t\t\t\t\t\t\t\t\t<div class=\"tb-columns\">\n\t\t\t\t\t\t\t\t\t\t<div class=\"tb-column tb-column--text\">\n\t\t\t\t\t\t\t\t\t\t\t<div class=\"text-part\">\n\t\t\t\t\t\t\t\t\t\t\t\t\n\t\t\t\t\t\t\t\t\t\t\t\t\n\t\t\t\t\t\t\t\t\t\t\t\t<div>\n\t\t\t\t\t\t\t\t\t\t\t\t\t<strong>Dag 8<\/strong>\n\t\t\t\t\t\t\t\t\t\t\t\t\t\t\t<div class=\"translation-block\"><p>Op de laatste dag word je, als je gebruikmaakt van onze vluchten of de extra shuttle service, <strong>\u2019s ochtends opgehaald aan je hotel in G\u00f6reme<\/strong> en comfortabel naar de luchthaven gebracht voor je terugvlucht. Met een rugzak vol verhalen en je camera vol herinneringen keer je huiswaarts.<\/p><\/div>\n\t\t\t\t\t\t\t\t\t\t\t\t\t<\/div>\n\n\n\t\t\t\t\t\t\t\t\t\t\t<\/div>\n\t\t\t\t\t\t\t\t\t\t<\/div>\n\t\t\t\t\t\t\t\t\t\t<div class=\"tb-column tb-column--image\">\n\n\t\t\t\t\t\t\t\t\t\t\t<div class=\"tb-image-part\">\n\t\t\t\t\t\t\t\t\t\t\t\t<img src='https:\/\/capt.travelblox.eu\/wp-content\/uploads\/sites\/117\/2024\/10\/Cappadocia24_EvyvanNispen-2-Large-1024x683.jpeg' width='1024' height='683' alt='Cappadocie Turkije wandelvakantie - Terugvlucht uit Cappadoci\u00eb Kappadokien' loading='lazy' image_size='large'>\t\t\t\t\t\t\t\t\t\t\t<\/div>\n\t\t\t\t\t\t\t\t\t\t<\/div>\n\t\t\t\t\t\t\t\t\t<\/div>\n\t\t\t\t\t\t\t\t\t\t\t<div class=\"tb-popup-nav\">\n\t\t\t<a href=\"#\" class=\"tb-buttonlink-with-icon tb-buttonlink-with-arrow icon-first tb-popup-previous\">\n\t\t\t\t<i class=\"icon fa fa-chevron-left\"><\/i>\n\t\t\t\t<span>Vorige dag<\/span>\n\t\t\t<\/a>\n\t\t\t<a href=\"#\" class=\"tb-buttonlink-with-icon tb-buttonlink-with-arrow tb-popup-next\">\n\t\t\t\t<span>Volgende dag<\/span>\n\t\t\t\t<i class=\"icon fa fa-chevron-right\"><\/i>\n\t\t\t<\/a>\n\t\t<\/div>\n\t\n\t\t\t\t\t\t\t\t<\/div>\n\t\t\t\t\t\t\t<\/dialog>\n\t\t\t\t\t\t<\/div>\n\t\t\t\t\t\t\t\t\t\t\t\t\t\t<\/div>\n\t\t\t\t\t\t<div class=\"tb-carousel-nav\">\n\t\t\t<div class=\"dots\">\n\t\t\t\t<div class=\"dot active\"><\/div>\n\t\t\t\t<div class=\"dot\"><\/div>\n\t\t\t\t<div class=\"dot\"><\/div>\n\t\t\t<\/div>\n\t\t\t<div class=\"arrows\">\n\t\t\t\t<div class=\"prev disabled\">\n\t\t\t\t\t<span><i class=\"fa fa-chevron-left\"><\/i><\/span>\n\t\t\t\t<\/div>\n\t\t\t\t<div class=\"next\">\n\t\t\t\t\t<span><i class=\"fa fa-chevron-right\"><\/i><\/span>\n\t\t\t\t<\/div>\n\t\t\t<\/div>\n\t\t<\/div>\n\t\t\t\t<\/div>\n\t\t<\/div>\n\t\t\t\t\t\t\t\t\t\t<\/div>\n\t\n<\/div>\n\n\n<div class=\" tb-hikingdays tb-block align-center background-light pattern-none variant-none tb-collapsible-margins\" id=\"map-nl\">\n\t<div class=\"inner-block tb-fade-in tb-fade-in--subtle\">\n\t\t<div class=\"text-part\">\n\t\t\t<h1>The Cappadocia Trail wandelroute<\/h1>\n\t\t<\/div>\n\n\t\t<div class=\"tb-hikingdays__topcontainer\">\n\t\t\t\n\t\t\t\t\t\t\t<div class=\"tb-hikingdays__map\">\n\t\t\t\t\t<img src='https:\/\/capt.travelblox.eu\/wp-content\/uploads\/sites\/117\/2024\/11\/CAPT-map.svg' width='768' height='1' alt='Cappadocia Trail map - Cappadocie Turkije wandelvakantie' loading='lazy' image_size='medium_large'>\t\t\t\t<\/div>\n\t\t\t\n\t\t\t<div class=\"tb-hikingdays__list\">\n\t\t\t\t\t\t\t\t\t\t<div class=\"tb-hikingdays__list-item \">\n\t\t\t\t\t\t\t<div class=\"tb-hikingdays__day\">\n\t\t\t\t\t\t\t\tDag 2\t\t\t\t\t\t\t<\/div>\n\t\t\t\t\t\t\t<div class=\"tb-hikingdays__info\">\n\t\t\t\t\t\t\t\t\t\t\t\t\t\t\t\t\t<span>Taskinpasa<\/span>\n\t\t\t\t\t\t\t\t\t\t\t\t\t\t\t\t\t\t\t\t\t\t\t\t\t<i class=\"fa-regular fa-arrow-right\"><\/i>\n\t\t\t\t\t\t\t\t\t<span>Mustafapasa<\/span>\n\t\t\t\t\t\t\t\t\t\t\t\t\t\t\t<\/div>\n\t\t\t\t\t\t\t<div class=\"tb-hikingdays__ciphers\">\n\t\t\t\t\t\t\t\t\t\t\t\t\t\t\t\t\t<span><i class=\"fa-regular fa-arrows-left-right\"><\/i>17,2 km<\/span>\n\t\t\t\t\t\t\t\t\t\t\t\t\t\t\t\t\t\t\t\t\t\t\t\t\t\t\t\t\t\t\t\t\t<span><i class=\"fa-regular fa-arrow-up-right\"><\/i>420m<\/span>\n\t\t\t\t\t\t\t\t\t\t\t\t\t\t\t\t\t\t\t\t\t\t\t\t\t<span><i class=\"fa-regular fa-arrow-down-right fa-fw\"><\/i>580m<\/span>\n\t\t\t\t\t\t\t\t\t\t\t\t\t\t\t\t\t\t\t\t\t\t\t\t\t<span><i class=\"fa-regular fa-clock\"><\/i>6u<\/span>\n\t\t\t\t\t\t\t\t\t\t\t\t\t\t\t<\/div>\n\t\t\t\t\t\t<\/div>\n\n\t\t\t\t\t\t\t\t\t\t<div class=\"tb-hikingdays__list-item \">\n\t\t\t\t\t\t\t<div class=\"tb-hikingdays__day\">\n\t\t\t\t\t\t\t\tDag 3\t\t\t\t\t\t\t<\/div>\n\t\t\t\t\t\t\t<div class=\"tb-hikingdays__info\">\n\t\t\t\t\t\t\t\t\t\t\t\t\t\t\t\t\t<span>Mustafapasa<\/span>\n\t\t\t\t\t\t\t\t\t\t\t\t\t\t\t\t\t\t\t\t\t\t\t\t\t<i class=\"fa-regular fa-arrow-right\"><\/i>\n\t\t\t\t\t\t\t\t\t<span>Ortahisar<\/span>\n\t\t\t\t\t\t\t\t\t\t\t\t\t\t\t<\/div>\n\t\t\t\t\t\t\t<div class=\"tb-hikingdays__ciphers\">\n\t\t\t\t\t\t\t\t\t\t\t\t\t\t\t\t\t<span><i class=\"fa-regular fa-arrows-left-right\"><\/i>14,8 km<\/span>\n\t\t\t\t\t\t\t\t\t\t\t\t\t\t\t\t\t\t\t\t\t\t\t\t\t\t\t\t\t\t\t\t\t<span><i class=\"fa-regular fa-arrow-up-right\"><\/i>310m<\/span>\n\t\t\t\t\t\t\t\t\t\t\t\t\t\t\t\t\t\t\t\t\t\t\t\t\t<span><i class=\"fa-regular fa-arrow-down-right fa-fw\"><\/i>280m<\/span>\n\t\t\t\t\t\t\t\t\t\t\t\t\t\t\t\t\t\t\t\t\t\t\t\t\t<span><i class=\"fa-regular fa-clock\"><\/i>5u<\/span>\n\t\t\t\t\t\t\t\t\t\t\t\t\t\t\t<\/div>\n\t\t\t\t\t\t<\/div>\n\n\t\t\t\t\t\t\t\t\t\t<div class=\"tb-hikingdays__list-item \">\n\t\t\t\t\t\t\t<div class=\"tb-hikingdays__day\">\n\t\t\t\t\t\t\t\tDag 4\t\t\t\t\t\t\t<\/div>\n\t\t\t\t\t\t\t<div class=\"tb-hikingdays__info\">\n\t\t\t\t\t\t\t\t\t\t\t\t\t\t\t\t\t<span>Ortahisar<\/span>\n\t\t\t\t\t\t\t\t\t\t\t\t\t\t\t\t\t\t\t\t\t\t\t\t\t<i class=\"fa-regular fa-arrow-right\"><\/i>\n\t\t\t\t\t\t\t\t\t<span>\u00c7avu\u015fin<\/span>\n\t\t\t\t\t\t\t\t\t\t\t\t\t\t\t<\/div>\n\t\t\t\t\t\t\t<div class=\"tb-hikingdays__ciphers\">\n\t\t\t\t\t\t\t\t\t\t\t\t\t\t\t\t\t<span><i class=\"fa-regular fa-arrows-left-right\"><\/i>16,5 km<\/span>\n\t\t\t\t\t\t\t\t\t\t\t\t\t\t\t\t\t\t\t\t\t\t\t\t\t\t\t\t\t\t\t\t\t<span><i class=\"fa-regular fa-arrow-up-right\"><\/i>465m<\/span>\n\t\t\t\t\t\t\t\t\t\t\t\t\t\t\t\t\t\t\t\t\t\t\t\t\t<span><i class=\"fa-regular fa-arrow-down-right fa-fw\"><\/i>560m<\/span>\n\t\t\t\t\t\t\t\t\t\t\t\t\t\t\t\t\t\t\t\t\t\t\t\t\t<span><i class=\"fa-regular fa-clock\"><\/i>6u <\/span>\n\t\t\t\t\t\t\t\t\t\t\t\t\t\t\t<\/div>\n\t\t\t\t\t\t<\/div>\n\n\t\t\t\t\t\t\t\t\t\t<div class=\"tb-hikingdays__list-item \">\n\t\t\t\t\t\t\t<div class=\"tb-hikingdays__day\">\n\t\t\t\t\t\t\t\tDag 5\t\t\t\t\t\t\t<\/div>\n\t\t\t\t\t\t\t<div class=\"tb-hikingdays__info\">\n\t\t\t\t\t\t\t\t\t\t\t\t\t\t\t\t\t<span>\u00c7avu\u015fin<\/span>\n\t\t\t\t\t\t\t\t\t\t\t\t\t\t\t\t\t\t\t\t\t\t\t\t\t<i class=\"fa-regular fa-arrow-right\"><\/i>\n\t\t\t\t\t\t\t\t\t<span>U\u00e7hisar<\/span>\n\t\t\t\t\t\t\t\t\t\t\t\t\t\t\t<\/div>\n\t\t\t\t\t\t\t<div class=\"tb-hikingdays__ciphers\">\n\t\t\t\t\t\t\t\t\t\t\t\t\t\t\t\t\t<span><i class=\"fa-regular fa-arrows-left-right\"><\/i>11 km<\/span>\n\t\t\t\t\t\t\t\t\t\t\t\t\t\t\t\t\t\t\t\t\t\t\t\t\t\t\t\t\t\t\t\t\t<span><i class=\"fa-regular fa-arrow-up-right\"><\/i>370m<\/span>\n\t\t\t\t\t\t\t\t\t\t\t\t\t\t\t\t\t\t\t\t\t\t\t\t\t<span><i class=\"fa-regular fa-arrow-down-right fa-fw\"><\/i>110m<\/span>\n\t\t\t\t\t\t\t\t\t\t\t\t\t\t\t\t\t\t\t\t\t\t\t\t\t<span><i class=\"fa-regular fa-clock\"><\/i>4u<\/span>\n\t\t\t\t\t\t\t\t\t\t\t\t\t\t\t<\/div>\n\t\t\t\t\t\t<\/div>\n\n\t\t\t\t\t\t\t\t\t\t<div class=\"tb-hikingdays__list-item \">\n\t\t\t\t\t\t\t<div class=\"tb-hikingdays__day\">\n\t\t\t\t\t\t\t\tDag 6\t\t\t\t\t\t\t<\/div>\n\t\t\t\t\t\t\t<div class=\"tb-hikingdays__info\">\n\t\t\t\t\t\t\t\t\t\t\t\t\t\t\t\t\t<span>U\u00e7hisar<\/span>\n\t\t\t\t\t\t\t\t\t\t\t\t\t\t\t\t\t\t\t\t\t\t\t\t\t<i class=\"fa-regular fa-arrow-right\"><\/i>\n\t\t\t\t\t\t\t\t\t<span>G\u00f6reme<\/span>\n\t\t\t\t\t\t\t\t\t\t\t\t\t\t\t<\/div>\n\t\t\t\t\t\t\t<div class=\"tb-hikingdays__ciphers\">\n\t\t\t\t\t\t\t\t\t\t\t\t\t\t\t\t\t<span><i class=\"fa-regular fa-arrows-left-right\"><\/i>11,2 km<\/span>\n\t\t\t\t\t\t\t\t\t\t\t\t\t\t\t\t\t\t\t\t\t\t\t\t\t\t\t\t\t\t\t\t\t<span><i class=\"fa-regular fa-arrow-up-right\"><\/i>110m<\/span>\n\t\t\t\t\t\t\t\t\t\t\t\t\t\t\t\t\t\t\t\t\t\t\t\t\t<span><i class=\"fa-regular fa-arrow-down-right fa-fw\"><\/i>320m<\/span>\n\t\t\t\t\t\t\t\t\t\t\t\t\t\t\t\t\t\t\t\t\t\t\t\t\t<span><i class=\"fa-regular fa-clock\"><\/i>4u<\/span>\n\t\t\t\t\t\t\t\t\t\t\t\t\t\t\t<\/div>\n\t\t\t\t\t\t<\/div>\n\n\t\t\t\t\n\t\t\t<\/div>\n\n\t\t<\/div>\n\n\t\t\t<\/div>\n<\/div>\n\n\n\n\n\n<div class=\" tb-practical tb-block align-none background-light pattern-none variant-none tb-collapsible-margins\" id=\"practical\">\n\t<div class=\"inner-block tb-fade-in\">\n\t\t<div class=\"text-part\">\n\t\t\t<h2>Praktische info over de Cappadocia Trail<\/h2>\n\t\t\t\t\t<div class=\"translation-block\"><\/div>\n\t\t\t<\/div>\n\t<\/div>\n\t<div class=\"inner-block tb-fade-in\">\n\t\t\t\t\t<div class=\"practical-cols\">\n\t\t\t\t<div class=\"practical-nav-container\">\n\t\t\t\t\t<ul class=\"practical-nav tb-style-block\">\n\t\t\t\t\t\t\t\t\t\t\t\t\t<li><a href=\"#practical-block-0\">Beschikbaarheden<\/a><\/li>\n\t\t\t\t\t\t\t\t\t\t\t\t\t<li><a href=\"#practical-block-1\">Basisprijs<\/a><\/li>\n\t\t\t\t\t\t\t\t\t\t\t\t\t<li><a href=\"#practical-block-2\">Vluchten &amp; shuttle<\/a><\/li>\n\t\t\t\t\t\t\t\t\t\t\t\t\t<li><a href=\"#practical-block-3\">Self-guided<\/a><\/li>\n\t\t\t\t\t\t\t\t\t\t\t\t\t<li><a href=\"#practical-block-4\">Eten &#038; drinken<\/a><\/li>\n\t\t\t\t\t\t\t\t\t\t\t\t\t<li><a href=\"#practical-block-5\">Overnachtingen<\/a><\/li>\n\t\t\t\t\t\t\t\t\t\t\t\t\t<li><a href=\"#practical-block-6\">Travelbase app<\/a><\/li>\n\t\t\t\t\t\t\t\t\t\t\t\t\t<li><a href=\"#practical-block-7\">Veelgestelde vragen<\/a><\/li>\n\t\t\t\t\t\t\t\t\t\t\t<\/ul>\n\t\t\t\t<\/div>\n\t\t\t\t<div class=\"tb-accordion tb-accordion--animation tb-accordion-mobile-only text-part\">\n\t\t\t\t\t\t\t\t\t\t\t<div class=\"details\" id=\"practical-block-0\">\n\t\t\t\t\t\t\t<div class=\"summary\">\n\t\t\t\t\t\t\t\t\t\t\t\t<i class=\"icon fa-solid fa-calendar-days tb-style-block\" aria-hidden=\"true\"><\/i>\n\t\t\t Beschikbaarheden\t\t\t\t\t\t\t<\/div>\n\t\t\t\t\t\t\t<div class=\"content\">\n\t\t\t\t\t\t\t\t\t\t<div class=\"translation-block\"><p>The Cappadocia Trail vindt plaats tijdens het <strong>voor- en najaar<\/strong>. Via de <strong><a href=\"#join\">kalender<\/a><\/strong> onderaan de website kan je alle beschikbaarheden raadplegen.<\/p>\n<p><strong>Voorjaar 2026<\/strong><br \/>De voorjaarseditie vindt plaats van <strong>1 mei tot 31 mei<\/strong>. <a href=\"#join\">Schrijf je nu in<\/a> voor de laatste solo-plekjes!<\/p>\n<p><strong>Najaar 2026<\/strong><br \/>De najaarseditie vindt plaats van <strong>11<\/strong> <b>september tot en met 11 oktober.<\/b> <a href=\"https:\/\/travelbase.pro.typeform.com\/CAPT26FNLPrereg\">Preregistreer<\/a> om als eerste te kunnen boeken op 11 maart om 16:00 uur, 24u voor de offici\u00eble opening, en te profiteren van de laagste prijzen en gratis Superflex voorwaarden.<\/p><\/div>\n\t\t\t\t\t\t\t\t<\/div>\n\t\t\t\t\t\t<\/div>\n\t\t\t\t\t\t\t\t\t\t\t<div class=\"details\" id=\"practical-block-1\">\n\t\t\t\t\t\t\t<div class=\"summary\">\n\t\t\t\t\t\t\t\t\t\t\t\t<i class=\"icon fa-solid fa-money-bill-wave tb-style-block\" aria-hidden=\"true\"><\/i>\n\t\t\t Basisprijs\t\t\t\t\t\t\t<\/div>\n\t\t\t\t\t\t\t<div class=\"content\">\n\t\t\t\t\t\t\t\t\t\t<div class=\"translation-block\"><p>De <strong>Early bird basisprijs<\/strong> voor deze trip bedraagt <strong>\u20ac795<\/strong> per persoon. Deze prijs omvat:<\/p>\n<ul>\n<li>Uitgestippelde trail en volledige reisorganisatie<\/li>\n<li>6 overnachtingen in hotels langs de trail inclusief ontbijt<\/li>\n<li>Nederlandstalige ranger ter plaatse<\/li>\n<li>Travelbase Trailapp met alle info over The Cappadocia Trail<\/li>\n<li>Shuttle naar beginpunt van de trail<\/li>\n<li>Lokale toeristenbelasting<\/li>\n<\/ul>\n<p>Je kan verschillende <a href=\"#options\">extra opties<\/a> aan je reis toevoegen.<\/p><\/div>\n\t\t\t\t\t\t\t\t<\/div>\n\t\t\t\t\t\t<\/div>\n\t\t\t\t\t\t\t\t\t\t\t<div class=\"details\" id=\"practical-block-2\">\n\t\t\t\t\t\t\t<div class=\"summary\">\n\t\t\t\t\t\t\t\t\t\t\t\t<i class=\"icon fa-solid fa-plane-departure tb-style-block\" aria-hidden=\"true\"><\/i>\n\t\t\t Vluchten &amp; shuttle\t\t\t\t\t\t\t<\/div>\n\t\t\t\t\t\t\t<div class=\"content\">\n\t\t\t\t\t\t\t\t\t\t<div class=\"translation-block\"><p>Alle informatie over het vervoer <a href=\"#transport\">vind je hier.<\/a><\/p><\/div>\n\t\t\t\t\t\t\t\t<\/div>\n\t\t\t\t\t\t<\/div>\n\t\t\t\t\t\t\t\t\t\t\t<div class=\"details\" id=\"practical-block-3\">\n\t\t\t\t\t\t\t<div class=\"summary\">\n\t\t\t\t\t\t\t\t\t\t\t\t<i class=\"icon fa-solid fa-person-hiking tb-style-block\" aria-hidden=\"true\"><\/i>\n\t\t\t Self-guided\t\t\t\t\t\t\t<\/div>\n\t\t\t\t\t\t\t<div class=\"content\">\n\t\t\t\t\t\t\t\t\t\t<div class=\"translation-block\"><p>Self-guided betekent <strong>maximale vrijheid<\/strong>. Op dag 1 krijg je ter plaatse een heldere briefing, praktische uitleg en het nodige materiaal van onze <strong>rangers<\/strong>. In de <strong>Travelbase app<\/strong> vind je de volledige route, GPX en tips voor onderweg. Daarna ga je zelfstandig op pad, met de geruststelling dat onze <strong>rangers telefonisch bereikbaar<\/strong> zijn bij vragen. Route en overnachtingen liggen vast, zodat jij je kunt focussen op de hike en de magie van de Cappadocia Trail.<\/p><\/div>\n\t\t\t\t\t\t\t\t<\/div>\n\t\t\t\t\t\t<\/div>\n\t\t\t\t\t\t\t\t\t\t\t<div class=\"details\" id=\"practical-block-4\">\n\t\t\t\t\t\t\t<div class=\"summary\">\n\t\t\t\t\t\t\t\t\t\t\t\t<i class=\"icon fa-regular fa-plate-utensils tb-style-block\" aria-hidden=\"true\"><\/i>\n\t\t\t Eten &#038; drinken\t\t\t\t\t\t\t<\/div>\n\t\t\t\t\t\t\t<div class=\"content\">\n\t\t\t\t\t\t\t\t\t\t<div class=\"translation-block\"><p>Tijdens de trail zal je genieten van de&nbsp;<strong>lokale Turkse specialiteiten.<\/strong><\/p>\n<p>Elke ochtend staat er een <strong>uitgebreid ontbijt<\/strong> <strong>(inclusief)<\/strong> voor je klaar. Voor onderweg kan je <strong>optioneel een lunchpakket<\/strong> bestellen. Die wordt met veel zorg klaargemaakt door de families waar je te gast bent.<\/p>\n<p>Onderweg kom je af en toe barretjes tegen voor een drankje of snack. \u2019s Avonds kies je zelf waar je gaat eten in een <strong>lokaal restaurantje<\/strong> vlak bij je accommodatie.<\/p><\/div>\n\t\t\t\t\t\t\t\t<\/div>\n\t\t\t\t\t\t<\/div>\n\t\t\t\t\t\t\t\t\t\t\t<div class=\"details\" id=\"practical-block-5\">\n\t\t\t\t\t\t\t<div class=\"summary\">\n\t\t\t\t\t\t\t\t\t\t\t\t<i class=\"icon fa-kit fa-tb-icon-hotel tb-style-block\" aria-hidden=\"true\"><\/i>\n\t\t\t Overnachtingen\t\t\t\t\t\t\t<\/div>\n\t\t\t\t\t\t\t<div class=\"content\">\n\t\t\t\t\t\t\t\t\t\t<div class=\"translation-block\"><p>Je slaapt een week lang in een warm bed in \u00e9\u00e9n van de zorgvuldig uitgezochte <a href=\"#acco\"><strong>authentieke Stone Houses of Cave Hotels<\/strong><\/a> langs de trail.<\/p><\/div>\n\t\t\t\t\t\t\t\t<\/div>\n\t\t\t\t\t\t<\/div>\n\t\t\t\t\t\t\t\t\t\t\t<div class=\"details\" id=\"practical-block-6\">\n\t\t\t\t\t\t\t<div class=\"summary\">\n\t\t\t\t\t\t\t\t\t\t\t\t<i class=\"icon fa-solid fa-circle-info tb-style-block\" aria-hidden=\"true\"><\/i>\n\t\t\t Travelbase app\t\t\t\t\t\t\t<\/div>\n\t\t\t\t\t\t\t<div class=\"content\">\n\t\t\t\t\t\t\t\t\t\t<div class=\"translation-block\"><p>Na je boeking krijg je toegang tot de Travelbase app. Hier vind je <strong>alle praktische info<\/strong> voor, tijdens en na je reis: van tips &amp; tricks en vluchtinformatie tot alles wat je onderweg nodig hebt. Installeer ze zeker op voorhand, zo heb je alle info altijd bij de hand.<\/p><\/div>\n\t\t\t\t\t\t\t\t<\/div>\n\t\t\t\t\t\t<\/div>\n\t\t\t\t\t\t\t\t\t\t\t<div class=\"details\" id=\"practical-block-7\">\n\t\t\t\t\t\t\t<div class=\"summary\">\n\t\t\t\t\t\t\t\t\t\t\t\t<i class=\"icon fa-solid fa-question tb-style-block\" aria-hidden=\"true\"><\/i>\n\t\t\t Veelgestelde vragen\t\t\t\t\t\t\t<\/div>\n\t\t\t\t\t\t\t<div class=\"content\">\n\t\t\t\t\t\t\t\t\t\t<div class=\"translation-block\"><p>Wil je meer weten over deze trail? Neem een kijkje bij onze <a href=\"#faq\">veelgestelde vragen<\/a>.<\/p><\/div>\n\t\t\t\t\t\t\t\t<\/div>\n\t\t\t\t\t\t<\/div>\n\t\t\t\t\t\t\t\t\t<\/div>\n\t\t\t<\/div>\n\t\t\t<\/div>\n<\/div>\n\n\n\n<div class=\" tb-gallery tb-block align-center background-light pattern-none variant-grid\" id=\"gallery-1\">\n\t<div>\n\t\t<div class=\"desktop tb-has-popup-content\">\n\t\t\t\t\t\t\t<ul class=\"tb-gallery-grid\">\n\t\t\t\t\t\t\t\t\t\t\t\t\t\t\t\t\t\t<li class=\"slide\">\n\t\t\t\t\t\t\t\t<div class=\"tb-popup-trigger\">\n\t\t\t\t\t\t\t\t\t<img src='https:\/\/capt.travelblox.eu\/wp-content\/uploads\/sites\/117\/2025\/08\/CAPT25_TURKEY_WEB_RicoGluck_176.jpg' width='2048' height='1365' alt='cappadocia trail hike trek randonn\u00e9e wandelen turkey' style='object-position:50% 50%' loading='lazy'>\t\t\t\t\t\t\t\t<\/div>\n\t\t\t\t\t\t\t<\/li>\n\t\t\t\t\t\t\t\t\t\t\t\t\t<li class=\"slide\">\n\t\t\t\t\t\t\t\t<div class=\"tb-popup-trigger\">\n\t\t\t\t\t\t\t\t\t<img src='https:\/\/capt.travelblox.eu\/wp-content\/uploads\/sites\/117\/2025\/09\/CAPT25_TURKEY_WEB_RicoGluck_60_resultat_1.jpg' width='1920' height='1280' alt='cappadocia trail hike trek randonn\u00e9e wandelen turkey' loading='lazy'>\t\t\t\t\t\t\t\t<\/div>\n\t\t\t\t\t\t\t<\/li>\n\t\t\t\t\t\t\t\t\t\t\t\t\t<li class=\"slide\">\n\t\t\t\t\t\t\t\t<div class=\"tb-popup-trigger\">\n\t\t\t\t\t\t\t\t\t<img src='https:\/\/capt.travelblox.eu\/wp-content\/uploads\/sites\/117\/2025\/02\/77a23b8fa7cd5510e1f33b397250c5e3-xlarge.jpg' width='1024' height='683' alt='Kappadokien T\u00fcrkei' loading='lazy'>\t\t\t\t\t\t\t\t<\/div>\n\t\t\t\t\t\t\t<\/li>\n\t\t\t\t\t\t\t\t\t\t\t\t\t\t\t<\/ul>\n\t\t\t\t\t\t<div class=\"tb-popup tb-popup--open-clicked-image\">\n\t\t\t\t<div class=\"tb-gallery-popup\">\n\t\t\t\t\t<div class=\"tb-image-part\">\n\t\t\t\t\t\t\t\t\t\t<div class=\"inner-block-full-width has-tb-carousel tb-carousel-slider\" >\n\t\t\t<div class=\"tb-carousel-container\">\n\t\t\t\t<div class=\"entries tb-cards\" data-slider-first=\"2\">\n\t\t\t\t\t\t\t\t\t<div class=\"entry\">\n\t\t\t\t<div class=\"tb-image-part\">\n\t\t\t\t\t<figure>\n\t\t\t\t\t\t<img src='https:\/\/capt.travelblox.eu\/wp-content\/uploads\/sites\/117\/2025\/08\/CAPT25_TURKEY_WEB_RicoGluck_176.jpg' width='2048' height='1365' alt='cappadocia trail hike trek randonn\u00e9e wandelen turkey' style='object-position:50% 50%' loading='lazy' image_size='full'>\t\t\t\t\t\t\t\t\t\t\t<\/figure>\n\t\t\t\t<\/div>\n\t\t\t<\/div>\n\t\t\t\t\t<div class=\"entry\">\n\t\t\t\t<div class=\"tb-image-part\">\n\t\t\t\t\t<figure>\n\t\t\t\t\t\t<img src='https:\/\/capt.travelblox.eu\/wp-content\/uploads\/sites\/117\/2025\/09\/CAPT25_TURKEY_WEB_RicoGluck_60_resultat_1.jpg' width='1920' height='1280' alt='cappadocia trail hike trek randonn\u00e9e wandelen turkey' loading='lazy' image_size='full'>\t\t\t\t\t\t\t\t\t\t\t<\/figure>\n\t\t\t\t<\/div>\n\t\t\t<\/div>\n\t\t\t\t\t<div class=\"entry\">\n\t\t\t\t<div class=\"tb-image-part\">\n\t\t\t\t\t<figure>\n\t\t\t\t\t\t<img src='https:\/\/capt.travelblox.eu\/wp-content\/uploads\/sites\/117\/2025\/02\/77a23b8fa7cd5510e1f33b397250c5e3-xlarge.jpg' width='1024' height='683' alt='Kappadokien T\u00fcrkei' loading='lazy' image_size='full'>\t\t\t\t\t\t\t\t\t\t\t<\/figure>\n\t\t\t\t<\/div>\n\t\t\t<\/div>\n\t\t\t\t\t\t\t\t<\/div>\n\t\t\t\t\t\t<div class=\"tb-carousel-nav\">\n\t\t\t<div class=\"dots\">\n\t\t\t\t<div class=\"dot active\"><\/div>\n\t\t\t\t<div class=\"dot\"><\/div>\n\t\t\t\t<div class=\"dot\"><\/div>\n\t\t\t<\/div>\n\t\t\t<div class=\"arrows\">\n\t\t\t\t<div class=\"prev disabled\">\n\t\t\t\t\t<span><i class=\"fa fa-chevron-left\"><\/i><\/span>\n\t\t\t\t<\/div>\n\t\t\t\t<div class=\"next\">\n\t\t\t\t\t<span><i class=\"fa fa-chevron-right\"><\/i><\/span>\n\t\t\t\t<\/div>\n\t\t\t<\/div>\n\t\t<\/div>\n\t\t\t\t<\/div>\n\t\t<\/div>\n\t\t\t\t\t\t\t<\/div>\n\t\t\t\t<\/div>\n\t\t\t<\/div>\n\t\t<\/div>\n\t\t<div class=\"mobile\">\n\t\t\t<div class=\"tb-image-part\">\n\t\t\t\t\t\t\t\t<div class=\"inner-block-full-width has-tb-carousel tb-carousel-slider\" >\n\t\t\t<div class=\"tb-carousel-container\">\n\t\t\t\t<div class=\"entries tb-cards\" data-slider-first=\"0\">\n\t\t\t\t\t\t\t\t\t<div class=\"entry\">\n\t\t\t\t<div class=\"tb-image-part\">\n\t\t\t\t\t<figure>\n\t\t\t\t\t\t<img src='https:\/\/capt.travelblox.eu\/wp-content\/uploads\/sites\/117\/2025\/08\/CAPT25_TURKEY_WEB_RicoGluck_176-768x512.jpg' width='768' height='512' alt='cappadocia trail hike trek randonn\u00e9e wandelen turkey' style='object-position:50% 50%' loading='lazy' image_size='medium_large'>\t\t\t\t\t\t\t\t\t\t\t<\/figure>\n\t\t\t\t<\/div>\n\t\t\t<\/div>\n\t\t\t\t\t<div class=\"entry\">\n\t\t\t\t<div class=\"tb-image-part\">\n\t\t\t\t\t<figure>\n\t\t\t\t\t\t<img src='https:\/\/capt.travelblox.eu\/wp-content\/uploads\/sites\/117\/2025\/09\/CAPT25_TURKEY_WEB_RicoGluck_60_resultat_1-768x512.jpg' width='768' height='512' alt='cappadocia trail hike trek randonn\u00e9e wandelen turkey' loading='lazy' image_size='medium_large'>\t\t\t\t\t\t\t\t\t\t\t<\/figure>\n\t\t\t\t<\/div>\n\t\t\t<\/div>\n\t\t\t\t\t<div class=\"entry\">\n\t\t\t\t<div class=\"tb-image-part\">\n\t\t\t\t\t<figure>\n\t\t\t\t\t\t<img src='https:\/\/capt.travelblox.eu\/wp-content\/uploads\/sites\/117\/2025\/02\/77a23b8fa7cd5510e1f33b397250c5e3-xlarge-768x512.jpg' width='768' height='512' alt='Kappadokien T\u00fcrkei' loading='lazy' image_size='medium_large'>\t\t\t\t\t\t\t\t\t\t\t<\/figure>\n\t\t\t\t<\/div>\n\t\t\t<\/div>\n\t\t\t\t\t\t\t\t<\/div>\n\t\t\t\t\t\t<div class=\"tb-carousel-nav\">\n\t\t\t<div class=\"dots\">\n\t\t\t\t<div class=\"dot active\"><\/div>\n\t\t\t\t<div class=\"dot\"><\/div>\n\t\t\t\t<div class=\"dot\"><\/div>\n\t\t\t<\/div>\n\t\t\t<div class=\"arrows\">\n\t\t\t\t<div class=\"prev disabled\">\n\t\t\t\t\t<span><i class=\"fa fa-chevron-left\"><\/i><\/span>\n\t\t\t\t<\/div>\n\t\t\t\t<div class=\"next\">\n\t\t\t\t\t<span><i class=\"fa fa-chevron-right\"><\/i><\/span>\n\t\t\t\t<\/div>\n\t\t\t<\/div>\n\t\t<\/div>\n\t\t\t\t<\/div>\n\t\t<\/div>\n\t\t\t\t\t<\/div>\n\t\t<\/div>\n\t<\/div>\n<\/div>\n\n\n\n<div class=\" tb-textimage2 tb-block align-left background-light pattern-none variant-text_first tb-collapsible-margins\" id=\"acco\">\n\t<div class=\"inner-block tb-fade-in\">\n\n\t\t\n\t\t<div class=\"tb-columns\">\n\t\t\t<div class=\"tb-column\">\n\t\t\t\t<div class=\"tb-text-part\">\n\t\t\t\t\t<h2>Hotels in Cappadoci\u00eb<\/h2>\n\t\t\t\t\t\t\t<div class=\"translation-block\"><p>Cappadoci\u00eb is wereldberoemd voor zijn prachtige <strong>Cave Hotels &amp; Stone Houses.<\/strong> Tijdens de Cappadocia Trail verblijf je in zorgvuldig geselecteerde accommodaties waar <strong>comfort en authenticiteit<\/strong> perfect samenkomen. Je slaapt in een heerlijk bed, geniet van de unieke sfeer \u00e9n hebt alle moderne voorzieningen die je nodig hebt.<\/p>\n<p>Elke ochtend staat er een <strong>uitgebreid ontbijt<\/strong> voor je klaar, zodat je met frisse energie aan je volgende etappe kunt beginnen.<\/p><\/div>\n\t\t\t\t\t\t\t\t\t\t\t<div class=\"tb-buttons-part\">\n\t\t\t\t\t\t\t\t<a href=\"#join\"  target=\"\" class=\"tb-button\">\n\t\t\tBoek nu voor najaar 2026\t\t<\/a>\n\t\t\t\t\t\t\t\t\t\t<a href=\"#practical\"  target=\"\" class=\"tb-buttonlink\">\n\t\t\tMeer info\t\t<\/a>\n\t\t\t\t\t\t\t<\/div>\n\t\t\t\t<\/div>\n\t\t\t<\/div>\n\t\t\t<div class=\"tb-column\">\n\t\t\t\t\t\t\t\t\t\t\t\t\t\t\t<div class=\"tb-image-part\">\n\t\t\t\t\t\t\t\t\t\t\t<div class=\"inner-block-full-width has-tb-carousel tb-carousel-slider\" >\n\t\t\t<div class=\"tb-carousel-container\">\n\t\t\t\t<div class=\"entries tb-cards\" data-slider-first=\"0\">\n\t\t\t\t\t\t\t\t\t<div class=\"entry\">\n\t\t\t\t<div class=\"tb-image-part\">\n\t\t\t\t\t<figure>\n\t\t\t\t\t\t<img src='https:\/\/capt.travelblox.eu\/wp-content\/uploads\/sites\/117\/2024\/10\/Cappadocia24_EvyvanNispen-35-1-Large-768x512.jpeg' width='768' height='512' alt='Hotels T\u00fcrkei Kappadokien- Cappadocie Turkije wandelvakantie' loading='lazy' image_size='medium_large'>\t\t\t\t\t\t\t\t\t\t\t\t\t\t\t\t\t\t\t\t\t\t\t\t\t\t\t\t\t\t\t<\/figure>\n\t\t\t\t<\/div>\n\t\t\t<\/div>\n\t\t\t\t\t<div class=\"entry\">\n\t\t\t\t<div class=\"tb-image-part\">\n\t\t\t\t\t<figure>\n\t\t\t\t\t\t<img src='https:\/\/capt.travelblox.eu\/wp-content\/uploads\/sites\/117\/2024\/10\/Cappadocia24_EvyvanNispen-43-Large-768x1151.jpeg' width='768' height='1151' alt='Hotels T\u00fcrkei - Cappadocie Turkije wandelvakantie' loading='lazy' image_size='medium_large'>\t\t\t\t\t\t\t\t\t\t\t\t\t\t\t\t\t\t\t\t\t\t\t\t\t\t\t\t\t\t\t<\/figure>\n\t\t\t\t<\/div>\n\t\t\t<\/div>\n\t\t\t\t\t<div class=\"entry\">\n\t\t\t\t<div class=\"tb-image-part\">\n\t\t\t\t\t<figure>\n\t\t\t\t\t\t<img src='https:\/\/capt.travelblox.eu\/wp-content\/uploads\/sites\/117\/2024\/10\/Cappadocia24_EvyvanNispen-25-Large-768x512.jpeg' width='768' height='512' alt='Hotels T\u00fcrkei - Cappadocie Turkije wandelvakantie' loading='lazy' image_size='medium_large'>\t\t\t\t\t\t\t\t\t\t\t\t\t\t\t\t\t\t\t\t\t\t\t\t\t\t\t\t\t\t\t<\/figure>\n\t\t\t\t<\/div>\n\t\t\t<\/div>\n\t\t\t\t\t<div class=\"entry\">\n\t\t\t\t<div class=\"tb-image-part\">\n\t\t\t\t\t<figure>\n\t\t\t\t\t\t<img src='https:\/\/capt.travelblox.eu\/wp-content\/uploads\/sites\/117\/2024\/10\/Cappadocia24_EvyvanNispen-38-Large-768x1151.jpeg' width='768' height='1151' alt='Hotels T\u00fcrkei - Cappadocie Turkije wandelvakantie' loading='lazy' image_size='medium_large'>\t\t\t\t\t\t\t\t\t\t\t\t\t\t\t\t\t\t\t\t\t\t\t\t\t\t\t\t\t\t\t<\/figure>\n\t\t\t\t<\/div>\n\t\t\t<\/div>\n\t\t\t\t\t<div class=\"entry\">\n\t\t\t\t<div class=\"tb-image-part\">\n\t\t\t\t\t<figure>\n\t\t\t\t\t\t<img src='https:\/\/capt.travelblox.eu\/wp-content\/uploads\/sites\/117\/2024\/10\/Cappadocia24_EvyvanNispen-292-Large-768x1151.jpeg' width='768' height='1151' alt='Hotels T\u00fcrkei - Cappadocie Turkije wandelvakantie' loading='lazy' image_size='medium_large'>\t\t\t\t\t\t\t\t\t\t\t\t\t\t\t\t\t\t\t\t\t\t\t\t\t\t\t\t\t\t\t<\/figure>\n\t\t\t\t<\/div>\n\t\t\t<\/div>\n\t\t\t\t\t<div class=\"entry\">\n\t\t\t\t<div class=\"tb-image-part\">\n\t\t\t\t\t<figure>\n\t\t\t\t\t\t<img src='https:\/\/capt.travelblox.eu\/wp-content\/uploads\/sites\/117\/2025\/09\/CAPT25_TURKEY_WEB_RicoGluck_41_resultat-768x1152.jpg' width='768' height='1152' alt='cappadocia trail hike trek randonn\u00e9e wandelen turkey' style='object-position:50% 50%' loading='lazy' image_size='medium_large'>\t\t\t\t\t\t\t\t\t\t\t\t\t\t\t\t\t\t\t\t\t\t\t\t\t\t\t\t\t\t\t<\/figure>\n\t\t\t\t<\/div>\n\t\t\t<\/div>\n\t\t\t\t\t<div class=\"entry\">\n\t\t\t\t<div class=\"tb-image-part\">\n\t\t\t\t\t<figure>\n\t\t\t\t\t\t<img src='https:\/\/capt.travelblox.eu\/wp-content\/uploads\/sites\/117\/2025\/09\/CAPT25_TURKEY_WEB_RicoGluck_103_resultat-768x1152.jpg' width='768' height='1152' alt='cappadocia trail hike trek randonn\u00e9e wandelen turkey' style='object-position:50% 50%' loading='lazy' image_size='medium_large'>\t\t\t\t\t\t\t\t\t\t\t\t\t\t\t\t\t\t\t\t\t\t\t\t\t\t\t\t\t\t\t<\/figure>\n\t\t\t\t<\/div>\n\t\t\t<\/div>\n\t\t\t\t\t\t\t\t<\/div>\n\t\t\t\t\t\t<div class=\"tb-carousel-nav\">\n\t\t\t<div class=\"dots\">\n\t\t\t\t<div class=\"dot active\"><\/div>\n\t\t\t\t<div class=\"dot\"><\/div>\n\t\t\t\t<div class=\"dot\"><\/div>\n\t\t\t<\/div>\n\t\t\t<div class=\"arrows\">\n\t\t\t\t<div class=\"prev disabled\">\n\t\t\t\t\t<span><i class=\"fa fa-chevron-left\"><\/i><\/span>\n\t\t\t\t<\/div>\n\t\t\t\t<div class=\"next\">\n\t\t\t\t\t<span><i class=\"fa fa-chevron-right\"><\/i><\/span>\n\t\t\t\t<\/div>\n\t\t\t<\/div>\n\t\t<\/div>\n\t\t\t\t<\/div>\n\t\t<\/div>\n\t\t\t\t\t\t\t\t<\/div>\n\t\t\t\t\t\t\t\t\t\t\t\t<\/div>\n\t\t<\/div>\n\t<\/div>\n<\/div>\n\n\n<div class=\" tb-highlights tb-block align-center background-dark pattern-none variant-none tb-collapsible-margins\" id=\"highlights\">\n\t<div class=\"inner-block tb-fade-in tb-fade-in--subtle\">\n\t\t<div class=\"text-part\">\n\t\t\t<h2>Extra opties<\/h2>\n\t\t\t\t\t<div class=\"translation-block\"><p>Tijdens het boeken kan je ervoor kiezen om volgende opties toe te voegen aan je trail in Cappadoci\u00eb.<\/p><\/div>\n\t\t\t\t\t<div class=\"section-toggler \">\n\t\t<div class=\"section-toggler__inner\">\n\t\t\t<div class=\"section-toggler__toggles-wrapper\">\n\t\t\t\t<div class=\"section-toggler__toggles\">\n\t\t\t\t\t\t\t\t\t\t\t<input type=\"radio\" name=\"highlights-section\" value=\"highlights-section-0\" id=\"highlights-section-0-label\" checked class=\"\" \/>\n\t\t\t\t\t\t<label for=\"highlights-section-0-label\" data-target-id=\"highlights-section-0\" class=\"\">\n\t\t\t\t\t\t\tActiviteiten\t\t\t\t\t\t\t\t\t\t\t\t\t<\/label>\n\t\t\t\t\t\t\t\t\t\t\t<input type=\"radio\" name=\"highlights-section\" value=\"highlights-section-1\" id=\"highlights-section-1-label\"  class=\"\" \/>\n\t\t\t\t\t\t<label for=\"highlights-section-1-label\" data-target-id=\"highlights-section-1\" class=\"\">\n\t\t\t\t\t\t\tTransport\t\t\t\t\t\t\t\t\t\t\t\t\t<\/label>\n\t\t\t\t\t\t\t\t\t\t\t<input type=\"radio\" name=\"highlights-section\" value=\"highlights-section-2\" id=\"highlights-section-2-label\"  class=\"\" \/>\n\t\t\t\t\t\t<label for=\"highlights-section-2-label\" data-target-id=\"highlights-section-2\" class=\"\">\n\t\t\t\t\t\t\tHotel &#038; eten\t\t\t\t\t\t\t\t\t\t\t\t\t<\/label>\n\t\t\t\t\t\t\t\t\t\t\t<input type=\"radio\" name=\"highlights-section\" value=\"highlights-section-3\" id=\"highlights-section-3-label\"  class=\"\" \/>\n\t\t\t\t\t\t<label for=\"highlights-section-3-label\" data-target-id=\"highlights-section-3\" class=\"\">\n\t\t\t\t\t\t\tMateriaal\t\t\t\t\t\t\t\t\t\t\t\t\t<\/label>\n\t\t\t\t\t\t\t\t\t\t\t<input type=\"radio\" name=\"highlights-section\" value=\"highlights-section-4\" id=\"highlights-section-4-label\"  class=\"\" \/>\n\t\t\t\t\t\t<label for=\"highlights-section-4-label\" data-target-id=\"highlights-section-4\" class=\"\">\n\t\t\t\t\t\t\tVerzekeringen\t\t\t\t\t\t\t\t\t\t\t\t\t<\/label>\n\t\t\t\t\t\t\t\t\t<\/div>\n\t\t\t<\/div>\n\t\t<\/div>\n\t<\/div>\n\t\t\t<\/div>\n\t<\/div>\n\t\t\t<div class=\"tb-sections tb-fade-in tb-fade-in--subtle\">\n\t\t\t\t\t\t\t\t\t\t\t\t\t\t<div class=\"inner-block-full-width has-tb-carousel tb-section\" id=\"highlights-section-0\">\n\t\t\t<div class=\"tb-carousel-container\">\n\t\t\t\t<div class=\"entries tb-cards\" data-slider-first=\"1\">\n\t\t\t\t\t\t\t\t\t\t\t\t\t\t\t<div class=\"tb-card entry tb-popup-trigger desktop-only-popup\">\n\t\t\t\t\t\t\t<div class=\"tb-image-part desktop\">\n\t\t\t\t\t\t\t\t<img src='https:\/\/capt.travelblox.eu\/wp-content\/uploads\/sites\/117\/2025\/02\/Cappadocia24_EvyvanNispen-146-Large.jpeg' width='1280' height='854' alt='Cappadocie luchtballon Turkiije Hei\u00dfluftballon Kappadokien Kappadokien T\u00fcrkei' loading='lazy'>\t\t\t\t\t\t\t\t\t\t\t\t\t\t\t\t\t\t\t\t\t\t\t\t\t<div class=\"price tiny-body-font desktop translation-block\"><p>\u20ac239 per persoon<\/p><\/div>\t\t\t\t\t\t\t<\/div>\n\t\t\t\t\t\t\t<div class=\"tb-image-part mobile\">\n\t\t\t\t\t\t\t\t<img src='https:\/\/capt.travelblox.eu\/wp-content\/uploads\/sites\/117\/2025\/02\/Cappadocia24_EvyvanNispen-146-Large-768x512.jpeg' width='768' height='512' alt='Cappadocie luchtballon Turkiije Hei\u00dfluftballon Kappadokien Kappadokien T\u00fcrkei' loading='lazy' image_size='medium_large'>\t\t\t\t\t\t\t\t\t\t\t\t\t\t\t<\/div>\n\t\t\t\t\t\t\t<div class=\"tb-card-content\">\n\t\t\t\t\t\t\t\t<h5>\n\t\t\t\t\t\t\t\t\t\t\t\t\t\t\t\t\t\t<span>Luchtballonvaart<\/span>\n\t\t\t\t\t\t\t\t<\/h5>\n\t\t\t\t\t\t\t\t\t\t\t\t\t\t\t\t\t<div class=\"price tiny-body-font mobile\"><p>\u20ac239 per persoon<\/p><\/div>\t\t\t\t\t\t\t\t<div class=\"content readmore-content content--clamped\">\t\t<div class=\"translation-block\"><p>De kers op de taart: de legendarische <strong>luchtballonvaart in Cappadoci\u00eb<\/strong>. Je stijgt op bij zonsopgang, samen met tientallen luchtballonnen, en zweeft boven fee\u00ebnschoorstenen en valleien terwijl het landschap langzaam oplicht. Een uitzicht om nooit te vergeten.<\/p><\/div>\n\t<\/div>\n\t\t\t\t\t\t\t\t\t\t\t\t\t\t\t\t<div class=\"readmore link js-readmore\">\n\t\t\t\t\t\t\t\t\t<span><i class=\"fa-solid fa-circle-plus\"><\/i><u>Lees meer<\/u><\/span>\n\t\t\t\t\t\t\t\t\t<span><i class=\"fa-solid fa-circle-minus\"><\/i><u>Lees minder<\/u><\/span>\n\t\t\t\t\t\t\t\t<\/div>\n\t\t\t\t\t\t\t\t\t\t\t\t\t\t\t\t<dialog class=\"tb-popup\">\n\t\t\t\t\t\t\t\t\t<div class=\"tb-highlights-popup\">\n\t\t\t\t\t\t\t\t\t\t<div class=\"tb-image-part\">\n\t\t\t\t\t\t\t\t\t\t\t<img src='https:\/\/capt.travelblox.eu\/wp-content\/uploads\/sites\/117\/2025\/02\/Cappadocia24_EvyvanNispen-146-Large-768x512.jpeg' width='768' height='512' alt='Cappadocie luchtballon Turkiije Hei\u00dfluftballon Kappadokien Kappadokien T\u00fcrkei' loading='lazy' image_size='medium_large'>\t\t\t\t\t\t\t\t\t\t<\/div>\n\t\t\t\t\t\t\t\t\t\t<div class=\"tb-popup-content\">\n\t\t\t\t\t\t\t\t\t\t\t<h5>Luchtballonvaart<\/h5>\n\t\t\t\t\t\t\t\t\t\t\t<div class=\"content\">\t\t<div class=\"translation-block\"><p>De kers op de taart: de legendarische <strong>luchtballonvaart in Cappadoci\u00eb<\/strong>. Je stijgt op bij zonsopgang, samen met tientallen luchtballonnen, en zweeft boven fee\u00ebnschoorstenen en valleien terwijl het landschap langzaam oplicht. Een uitzicht om nooit te vergeten.<\/p><\/div>\n\t<\/div>\n\t\t\t\t\t\t\t\t\t\t<\/div>\n\t\t\t\t\t\t\t\t\t<\/div>\n\t\t\t\t\t\t\t\t<\/dialog>\n\t\t\t\t\t\t\t<\/div>\n\t\t\t\t\t\t<\/div>\n\t\t\t\t\t\t\t\t\t\t\t<div class=\"tb-card entry tb-popup-trigger desktop-only-popup\">\n\t\t\t\t\t\t\t<div class=\"tb-image-part desktop\">\n\t\t\t\t\t\t\t\t<img src='https:\/\/capt.travelblox.eu\/wp-content\/uploads\/sites\/117\/2025\/09\/a8b3e44c-4afa-4522-92d5-5c9377a1ddc7-1.jpg' width='1024' height='1024' alt='cappadocia ihlara valley image picture' loading='lazy'>\t\t\t\t\t\t\t\t\t\t\t\t\t\t\t\t\t\t\t\t\t\t\t\t\t<div class=\"price tiny-body-font desktop translation-block\"><p>\u20ac45 per persoon<\/p><\/div>\t\t\t\t\t\t\t<\/div>\n\t\t\t\t\t\t\t<div class=\"tb-image-part mobile\">\n\t\t\t\t\t\t\t\t<img src='https:\/\/capt.travelblox.eu\/wp-content\/uploads\/sites\/117\/2025\/09\/a8b3e44c-4afa-4522-92d5-5c9377a1ddc7-1-768x768.jpg' width='768' height='768' alt='cappadocia ihlara valley image picture' loading='lazy' image_size='medium_large'>\t\t\t\t\t\t\t\t\t\t\t\t\t\t\t<\/div>\n\t\t\t\t\t\t\t<div class=\"tb-card-content\">\n\t\t\t\t\t\t\t\t<h5>\n\t\t\t\t\t\t\t\t\t\t\t\t\t\t\t\t\t\t<span>Ihlara Valley<\/span>\n\t\t\t\t\t\t\t\t<\/h5>\n\t\t\t\t\t\t\t\t\t\t\t\t\t\t\t\t\t<div class=\"price tiny-body-font mobile\"><p>\u20ac45 per persoon<\/p><\/div>\t\t\t\t\t\t\t\t<div class=\"content readmore-content content--clamped\">\t\t<div class=\"translation-block\"><p>Een ware oase op slechts een <strong>uur rijden met de shuttle vanuit G\u00f6reme<\/strong>. Deze vallei biedt een uniek, weelderig landschap dat totaal anders is dan de rest van Cappadoci\u00eb. Naast de vallei bezoek je ook de indrukwekkende rotscitadel van Selime, een van de mooiste bezienswaardigheden in de regio.<\/p>\n<p><em>*Exclusief toegang ter plaatse (\u20ac 15)<\/em><\/p><\/div>\n\t<\/div>\n\t\t\t\t\t\t\t\t\t\t\t\t\t\t\t\t<div class=\"readmore link js-readmore\">\n\t\t\t\t\t\t\t\t\t<span><i class=\"fa-solid fa-circle-plus\"><\/i><u>Lees meer<\/u><\/span>\n\t\t\t\t\t\t\t\t\t<span><i class=\"fa-solid fa-circle-minus\"><\/i><u>Lees minder<\/u><\/span>\n\t\t\t\t\t\t\t\t<\/div>\n\t\t\t\t\t\t\t\t\t\t\t\t\t\t\t\t<dialog class=\"tb-popup\">\n\t\t\t\t\t\t\t\t\t<div class=\"tb-highlights-popup\">\n\t\t\t\t\t\t\t\t\t\t<div class=\"tb-image-part\">\n\t\t\t\t\t\t\t\t\t\t\t<img src='https:\/\/capt.travelblox.eu\/wp-content\/uploads\/sites\/117\/2025\/09\/a8b3e44c-4afa-4522-92d5-5c9377a1ddc7-1-768x768.jpg' width='768' height='768' alt='cappadocia ihlara valley image picture' loading='lazy' image_size='medium_large'>\t\t\t\t\t\t\t\t\t\t<\/div>\n\t\t\t\t\t\t\t\t\t\t<div class=\"tb-popup-content\">\n\t\t\t\t\t\t\t\t\t\t\t<h5>Ihlara Valley<\/h5>\n\t\t\t\t\t\t\t\t\t\t\t<div class=\"content\">\t\t<div class=\"translation-block\"><p>Een ware oase op slechts een <strong>uur rijden met de shuttle vanuit G\u00f6reme<\/strong>. Deze vallei biedt een uniek, weelderig landschap dat totaal anders is dan de rest van Cappadoci\u00eb. Naast de vallei bezoek je ook de indrukwekkende rotscitadel van Selime, een van de mooiste bezienswaardigheden in de regio.<\/p>\n<p><em>*Exclusief toegang ter plaatse (\u20ac 15)<\/em><\/p><\/div>\n\t<\/div>\n\t\t\t\t\t\t\t\t\t\t<\/div>\n\t\t\t\t\t\t\t\t\t<\/div>\n\t\t\t\t\t\t\t\t<\/dialog>\n\t\t\t\t\t\t\t<\/div>\n\t\t\t\t\t\t<\/div>\n\t\t\t\t\t\t\t\t\t\t\t\t\t\t<\/div>\n\t\t\t\t\t\t<div class=\"tb-carousel-nav\">\n\t\t\t<div class=\"dots\">\n\t\t\t\t<div class=\"dot active\"><\/div>\n\t\t\t\t<div class=\"dot\"><\/div>\n\t\t\t\t<div class=\"dot\"><\/div>\n\t\t\t<\/div>\n\t\t\t<div class=\"arrows\">\n\t\t\t\t<div class=\"prev disabled\">\n\t\t\t\t\t<span><i class=\"fa fa-chevron-left\"><\/i><\/span>\n\t\t\t\t<\/div>\n\t\t\t\t<div class=\"next\">\n\t\t\t\t\t<span><i class=\"fa fa-chevron-right\"><\/i><\/span>\n\t\t\t\t<\/div>\n\t\t\t<\/div>\n\t\t<\/div>\n\t\t\t\t<\/div>\n\t\t<\/div>\n\t\t\t\t\t\t\t\t\t\t\t\t\t\t\t\t\t\t\t<div class=\"inner-block-full-width has-tb-carousel tb-section\" id=\"highlights-section-1\"style=\"display:none;\">\n\t\t\t<div class=\"tb-carousel-container\">\n\t\t\t\t<div class=\"entries tb-cards\" data-slider-first=\"1\">\n\t\t\t\t\t\t\t\t\t\t\t\t\t\t\t<div class=\"tb-card entry tb-popup-trigger desktop-only-popup\">\n\t\t\t\t\t\t\t<div class=\"tb-image-part desktop\">\n\t\t\t\t\t\t\t\t<img src='https:\/\/capt.travelblox.eu\/wp-content\/uploads\/sites\/117\/2024\/10\/Cappadocia24_EvyvanNispen-2-Large.jpeg' width='1280' height='854' alt='Cappadocie Turkije wandelvakantie - Terugvlucht uit Cappadoci\u00eb Kappadokien' loading='lazy'>\t\t\t\t\t\t\t\t\t\t\t\t\t\t\t\t\t\t\t\t\t\t\t\t\t<div class=\"price tiny-body-font desktop translation-block\"><p>Prijs afhankelijk per vertrek<\/p><\/div>\t\t\t\t\t\t\t<\/div>\n\t\t\t\t\t\t\t<div class=\"tb-image-part mobile\">\n\t\t\t\t\t\t\t\t<img src='https:\/\/capt.travelblox.eu\/wp-content\/uploads\/sites\/117\/2024\/10\/Cappadocia24_EvyvanNispen-2-Large-768x512.jpeg' width='768' height='512' alt='Cappadocie Turkije wandelvakantie - Terugvlucht uit Cappadoci\u00eb Kappadokien' loading='lazy' image_size='medium_large'>\t\t\t\t\t\t\t\t\t\t\t\t\t\t\t<\/div>\n\t\t\t\t\t\t\t<div class=\"tb-card-content\">\n\t\t\t\t\t\t\t\t<h5>\n\t\t\t\t\t\t\t\t\t\t\t\t\t\t\t\t\t\t<span>Vluchten<\/span>\n\t\t\t\t\t\t\t\t<\/h5>\n\t\t\t\t\t\t\t\t\t\t\t\t\t\t\t\t\t<div class=\"price tiny-body-font mobile\"><p>Prijs afhankelijk per vertrek<\/p><\/div>\t\t\t\t\t\t\t\t<div class=\"content readmore-content content--clamped\">\t\t<div class=\"translation-block\"><p>Je vluchten kan je gemakkelijk via de Cappadocia Trail boeken. Elke <strong>vrijdag<\/strong> bieden we vluchten aan <strong>vanuit Brussel<\/strong> en elke <strong>zondag<\/strong> bieden we vluchten aan <strong>vanuit Amsterdam<\/strong>.<\/p>\n<p>De prijs voor de vluchten is afhankelijk van je data en moment van boeking. Raadpleeg de kalender om basisprijs te zien incl. vluchten. Meer informatie over vluchten en vertrekuren vind je onder \u2018<a href=\"#flights\">Hoe reis ik naar Cappadoci\u00eb?<\/a>\u2019.<\/p>\n<p><strong>Ruimbagage<\/strong>&nbsp;kan je bijboeken voor&nbsp;<strong>\u20ac55<\/strong>.<\/p><\/div>\n\t<\/div>\n\t\t\t\t\t\t\t\t\t\t\t\t\t\t\t\t<div class=\"readmore link js-readmore\">\n\t\t\t\t\t\t\t\t\t<span><i class=\"fa-solid fa-circle-plus\"><\/i><u>Lees meer<\/u><\/span>\n\t\t\t\t\t\t\t\t\t<span><i class=\"fa-solid fa-circle-minus\"><\/i><u>Lees minder<\/u><\/span>\n\t\t\t\t\t\t\t\t<\/div>\n\t\t\t\t\t\t\t\t\t\t\t\t\t\t\t\t<dialog class=\"tb-popup\">\n\t\t\t\t\t\t\t\t\t<div class=\"tb-highlights-popup\">\n\t\t\t\t\t\t\t\t\t\t<div class=\"tb-image-part\">\n\t\t\t\t\t\t\t\t\t\t\t<img src='https:\/\/capt.travelblox.eu\/wp-content\/uploads\/sites\/117\/2024\/10\/Cappadocia24_EvyvanNispen-2-Large-768x512.jpeg' width='768' height='512' alt='Cappadocie Turkije wandelvakantie - Terugvlucht uit Cappadoci\u00eb Kappadokien' loading='lazy' image_size='medium_large'>\t\t\t\t\t\t\t\t\t\t<\/div>\n\t\t\t\t\t\t\t\t\t\t<div class=\"tb-popup-content\">\n\t\t\t\t\t\t\t\t\t\t\t<h5>Vluchten<\/h5>\n\t\t\t\t\t\t\t\t\t\t\t<div class=\"content\">\t\t<div class=\"translation-block\"><p>Je vluchten kan je gemakkelijk via de Cappadocia Trail boeken. Elke <strong>vrijdag<\/strong> bieden we vluchten aan <strong>vanuit Brussel<\/strong> en elke <strong>zondag<\/strong> bieden we vluchten aan <strong>vanuit Amsterdam<\/strong>.<\/p>\n<p>De prijs voor de vluchten is afhankelijk van je data en moment van boeking. Raadpleeg de kalender om basisprijs te zien incl. vluchten. Meer informatie over vluchten en vertrekuren vind je onder \u2018<a href=\"#flights\">Hoe reis ik naar Cappadoci\u00eb?<\/a>\u2019.<\/p>\n<p><strong>Ruimbagage<\/strong>&nbsp;kan je bijboeken voor&nbsp;<strong>\u20ac55<\/strong>.<\/p><\/div>\n\t<\/div>\n\t\t\t\t\t\t\t\t\t\t<\/div>\n\t\t\t\t\t\t\t\t\t<\/div>\n\t\t\t\t\t\t\t\t<\/dialog>\n\t\t\t\t\t\t\t<\/div>\n\t\t\t\t\t\t<\/div>\n\t\t\t\t\t\t\t\t\t\t\t<div class=\"tb-card entry tb-popup-trigger desktop-only-popup\">\n\t\t\t\t\t\t\t<div class=\"tb-image-part desktop\">\n\t\t\t\t\t\t\t\t<img src='https:\/\/capt.travelblox.eu\/wp-content\/uploads\/sites\/117\/2025\/02\/56707b1862e0f46ed9b6caecf4ec7b39-xlarge.jpg' width='1024' height='1536' loading='lazy'>\t\t\t\t\t\t\t\t\t\t\t\t\t\t\t\t\t\t\t\t\t\t\t\t\t<div class=\"price tiny-body-font desktop translation-block\"><p>\u20ac95 per persoon<\/p><\/div>\t\t\t\t\t\t\t<\/div>\n\t\t\t\t\t\t\t<div class=\"tb-image-part mobile\">\n\t\t\t\t\t\t\t\t<img src='https:\/\/capt.travelblox.eu\/wp-content\/uploads\/sites\/117\/2025\/02\/56707b1862e0f46ed9b6caecf4ec7b39-xlarge-768x1152.jpg' width='768' height='1152' loading='lazy' image_size='medium_large'>\t\t\t\t\t\t\t\t\t\t\t\t\t\t\t<\/div>\n\t\t\t\t\t\t\t<div class=\"tb-card-content\">\n\t\t\t\t\t\t\t\t<h5>\n\t\t\t\t\t\t\t\t\t\t\t\t\t\t\t\t\t\t<span>Bagagetransport<\/span>\n\t\t\t\t\t\t\t\t<\/h5>\n\t\t\t\t\t\t\t\t\t\t\t\t\t\t\t\t\t<div class=\"price tiny-body-font mobile\"><p>\u20ac95 per persoon<\/p><\/div>\t\t\t\t\t\t\t\t<div class=\"content readmore-content content--clamped\">\t\t<div class=\"translation-block\"><p>Je&nbsp;<strong>bagage wordt iedere dag vervoerd<\/strong>&nbsp;met de jeep naar de volgende overnachtingsplaats. Je draagt alleen je kleine dagrugzak (met water, snacks, lunch, camera\u2026). Zo kan je optimaal genieten van de landschappen!<\/p><\/div>\n\t<\/div>\n\t\t\t\t\t\t\t\t\t\t\t\t\t\t\t\t<div class=\"readmore link js-readmore\">\n\t\t\t\t\t\t\t\t\t<span><i class=\"fa-solid fa-circle-plus\"><\/i><u>Lees meer<\/u><\/span>\n\t\t\t\t\t\t\t\t\t<span><i class=\"fa-solid fa-circle-minus\"><\/i><u>Lees minder<\/u><\/span>\n\t\t\t\t\t\t\t\t<\/div>\n\t\t\t\t\t\t\t\t\t\t\t\t\t\t\t\t<dialog class=\"tb-popup\">\n\t\t\t\t\t\t\t\t\t<div class=\"tb-highlights-popup\">\n\t\t\t\t\t\t\t\t\t\t<div class=\"tb-image-part\">\n\t\t\t\t\t\t\t\t\t\t\t<img src='https:\/\/capt.travelblox.eu\/wp-content\/uploads\/sites\/117\/2025\/02\/56707b1862e0f46ed9b6caecf4ec7b39-xlarge-768x1152.jpg' width='768' height='1152' loading='lazy' image_size='medium_large'>\t\t\t\t\t\t\t\t\t\t<\/div>\n\t\t\t\t\t\t\t\t\t\t<div class=\"tb-popup-content\">\n\t\t\t\t\t\t\t\t\t\t\t<h5>Bagagetransport<\/h5>\n\t\t\t\t\t\t\t\t\t\t\t<div class=\"content\">\t\t<div class=\"translation-block\"><p>Je&nbsp;<strong>bagage wordt iedere dag vervoerd<\/strong>&nbsp;met de jeep naar de volgende overnachtingsplaats. Je draagt alleen je kleine dagrugzak (met water, snacks, lunch, camera\u2026). Zo kan je optimaal genieten van de landschappen!<\/p><\/div>\n\t<\/div>\n\t\t\t\t\t\t\t\t\t\t<\/div>\n\t\t\t\t\t\t\t\t\t<\/div>\n\t\t\t\t\t\t\t\t<\/dialog>\n\t\t\t\t\t\t\t<\/div>\n\t\t\t\t\t\t<\/div>\n\t\t\t\t\t\t\t\t\t\t\t<div class=\"tb-card entry tb-popup-trigger desktop-only-popup\">\n\t\t\t\t\t\t\t<div class=\"tb-image-part desktop\">\n\t\t\t\t\t\t\t\t<img src='https:\/\/capt.travelblox.eu\/wp-content\/uploads\/sites\/117\/2025\/02\/5ce597985f1c9e9efe7e3c24e02657bc-xlarge.jpg' width='1024' height='1536' loading='lazy'>\t\t\t\t\t\t\t\t\t\t\t\t\t\t\t\t\t\t\t\t\t\t\t\t\t<div class=\"price tiny-body-font desktop translation-block\"><p>\u20ac35 per persoon<\/p><\/div>\t\t\t\t\t\t\t<\/div>\n\t\t\t\t\t\t\t<div class=\"tb-image-part mobile\">\n\t\t\t\t\t\t\t\t<img src='https:\/\/capt.travelblox.eu\/wp-content\/uploads\/sites\/117\/2025\/02\/5ce597985f1c9e9efe7e3c24e02657bc-xlarge-768x1152.jpg' width='768' height='1152' loading='lazy' image_size='medium_large'>\t\t\t\t\t\t\t\t\t\t\t\t\t\t\t<\/div>\n\t\t\t\t\t\t\t<div class=\"tb-card-content\">\n\t\t\t\t\t\t\t\t<h5>\n\t\t\t\t\t\t\t\t\t\t\t\t\t\t\t\t\t\t<span>Luchthaventransport laatste dag <\/span>\n\t\t\t\t\t\t\t\t<\/h5>\n\t\t\t\t\t\t\t\t\t\t\t\t\t\t\t\t\t<div class=\"price tiny-body-font mobile\"><p>\u20ac35 per persoon<\/p><\/div>\t\t\t\t\t\t\t\t<div class=\"content readmore-content content--clamped\">\t\t<div class=\"translation-block\"><p>Indien je <strong>eigen vluchten<\/strong> hebt geboekt, die aansluiten bij onze shuttle-uren, kan je de shuttle op dag 8 optioneel bijboeken. Deze shuttle zit <strong>inbegrepen indien je vluchten via ons boekt<\/strong>.<\/p><\/div>\n\t<\/div>\n\t\t\t\t\t\t\t\t\t\t\t\t\t\t\t\t<div class=\"readmore link js-readmore\">\n\t\t\t\t\t\t\t\t\t<span><i class=\"fa-solid fa-circle-plus\"><\/i><u>Lees meer<\/u><\/span>\n\t\t\t\t\t\t\t\t\t<span><i class=\"fa-solid fa-circle-minus\"><\/i><u>Lees minder<\/u><\/span>\n\t\t\t\t\t\t\t\t<\/div>\n\t\t\t\t\t\t\t\t\t\t\t\t\t\t\t\t<dialog class=\"tb-popup\">\n\t\t\t\t\t\t\t\t\t<div class=\"tb-highlights-popup\">\n\t\t\t\t\t\t\t\t\t\t<div class=\"tb-image-part\">\n\t\t\t\t\t\t\t\t\t\t\t<img src='https:\/\/capt.travelblox.eu\/wp-content\/uploads\/sites\/117\/2025\/02\/5ce597985f1c9e9efe7e3c24e02657bc-xlarge-768x1152.jpg' width='768' height='1152' loading='lazy' image_size='medium_large'>\t\t\t\t\t\t\t\t\t\t<\/div>\n\t\t\t\t\t\t\t\t\t\t<div class=\"tb-popup-content\">\n\t\t\t\t\t\t\t\t\t\t\t<h5>Luchthaventransport laatste dag <\/h5>\n\t\t\t\t\t\t\t\t\t\t\t<div class=\"content\">\t\t<div class=\"translation-block\"><p>Indien je <strong>eigen vluchten<\/strong> hebt geboekt, die aansluiten bij onze shuttle-uren, kan je de shuttle op dag 8 optioneel bijboeken. Deze shuttle zit <strong>inbegrepen indien je vluchten via ons boekt<\/strong>.<\/p><\/div>\n\t<\/div>\n\t\t\t\t\t\t\t\t\t\t<\/div>\n\t\t\t\t\t\t\t\t\t<\/div>\n\t\t\t\t\t\t\t\t<\/dialog>\n\t\t\t\t\t\t\t<\/div>\n\t\t\t\t\t\t<\/div>\n\t\t\t\t\t\t\t\t\t\t\t\t\t\t<\/div>\n\t\t\t\t\t\t<div class=\"tb-carousel-nav\">\n\t\t\t<div class=\"dots\">\n\t\t\t\t<div class=\"dot active\"><\/div>\n\t\t\t\t<div class=\"dot\"><\/div>\n\t\t\t\t<div class=\"dot\"><\/div>\n\t\t\t<\/div>\n\t\t\t<div class=\"arrows\">\n\t\t\t\t<div class=\"prev disabled\">\n\t\t\t\t\t<span><i class=\"fa fa-chevron-left\"><\/i><\/span>\n\t\t\t\t<\/div>\n\t\t\t\t<div class=\"next\">\n\t\t\t\t\t<span><i class=\"fa fa-chevron-right\"><\/i><\/span>\n\t\t\t\t<\/div>\n\t\t\t<\/div>\n\t\t<\/div>\n\t\t\t\t<\/div>\n\t\t<\/div>\n\t\t\t\t\t\t\t\t\t\t\t\t\t\t\t\t\t\t\t<div class=\"inner-block-full-width has-tb-carousel tb-section\" id=\"highlights-section-2\"style=\"display:none;\">\n\t\t\t<div class=\"tb-carousel-container\">\n\t\t\t\t<div class=\"entries tb-cards\" data-slider-first=\"1\">\n\t\t\t\t\t\t\t\t\t\t\t\t\t\t\t<div class=\"tb-card entry tb-popup-trigger desktop-only-popup\">\n\t\t\t\t\t\t\t<div class=\"tb-image-part desktop\">\n\t\t\t\t\t\t\t\t<img src='https:\/\/capt.travelblox.eu\/wp-content\/uploads\/sites\/117\/2025\/09\/CAPT25_TURKEY_WEB_RicoGluck_76_resultat_1.jpg' width='1920' height='1280' alt='cappadocia trail hike trek randonn\u00e9e wandelen turkey' style='object-position:50% 50%' loading='lazy'>\t\t\t\t\t\t\t\t\t\t\t\t\t\t\t\t\t\t\t\t\t\t\t\t\t<div class=\"price tiny-body-font desktop translation-block\"><p>\u20ac55 per persoon<\/p><\/div>\t\t\t\t\t\t\t<\/div>\n\t\t\t\t\t\t\t<div class=\"tb-image-part mobile\">\n\t\t\t\t\t\t\t\t<img src='https:\/\/capt.travelblox.eu\/wp-content\/uploads\/sites\/117\/2025\/09\/CAPT25_TURKEY_WEB_RicoGluck_76_resultat_1-768x512.jpg' width='768' height='512' alt='cappadocia trail hike trek randonn\u00e9e wandelen turkey' style='object-position:50% 50%' loading='lazy' image_size='medium_large'>\t\t\t\t\t\t\t\t\t\t\t\t\t\t\t<\/div>\n\t\t\t\t\t\t\t<div class=\"tb-card-content\">\n\t\t\t\t\t\t\t\t<h5>\n\t\t\t\t\t\t\t\t\t\t\t\t\t\t\t\t\t\t<span>Hotel eerste nacht<\/span>\n\t\t\t\t\t\t\t\t<\/h5>\n\t\t\t\t\t\t\t\t\t\t\t\t\t\t\t\t\t<div class=\"price tiny-body-font mobile\"><p>\u20ac55 per persoon<\/p><\/div>\t\t\t\t\t\t\t\t<div class=\"content readmore-content content--clamped\">\t\t<div class=\"translation-block\"><p>Je kan ervoor kiezen om de eerste nacht in Kayseri via ons te boeken. We slapen in het <strong>Ibis Hotel Kayseri.<\/strong><\/p>\n<p>Als je alleen reist, krijg je een tweepersoonskamer met een andere deelnemer, met aparte bedden. We doen ons best om mensen van hetzelfde geslacht bij elkaar te plaatsen.<\/p><\/div>\n\t<\/div>\n\t\t\t\t\t\t\t\t\t\t\t\t\t\t\t\t<div class=\"readmore link js-readmore\">\n\t\t\t\t\t\t\t\t\t<span><i class=\"fa-solid fa-circle-plus\"><\/i><u>Lees meer<\/u><\/span>\n\t\t\t\t\t\t\t\t\t<span><i class=\"fa-solid fa-circle-minus\"><\/i><u>Lees minder<\/u><\/span>\n\t\t\t\t\t\t\t\t<\/div>\n\t\t\t\t\t\t\t\t\t\t\t\t\t\t\t\t<dialog class=\"tb-popup\">\n\t\t\t\t\t\t\t\t\t<div class=\"tb-highlights-popup\">\n\t\t\t\t\t\t\t\t\t\t<div class=\"tb-image-part\">\n\t\t\t\t\t\t\t\t\t\t\t<img src='https:\/\/capt.travelblox.eu\/wp-content\/uploads\/sites\/117\/2025\/09\/CAPT25_TURKEY_WEB_RicoGluck_76_resultat_1-768x512.jpg' width='768' height='512' alt='cappadocia trail hike trek randonn\u00e9e wandelen turkey' style='object-position:50% 50%' loading='lazy' image_size='medium_large'>\t\t\t\t\t\t\t\t\t\t<\/div>\n\t\t\t\t\t\t\t\t\t\t<div class=\"tb-popup-content\">\n\t\t\t\t\t\t\t\t\t\t\t<h5>Hotel eerste nacht<\/h5>\n\t\t\t\t\t\t\t\t\t\t\t<div class=\"content\">\t\t<div class=\"translation-block\"><p>Je kan ervoor kiezen om de eerste nacht in Kayseri via ons te boeken. We slapen in het <strong>Ibis Hotel Kayseri.<\/strong><\/p>\n<p>Als je alleen reist, krijg je een tweepersoonskamer met een andere deelnemer, met aparte bedden. We doen ons best om mensen van hetzelfde geslacht bij elkaar te plaatsen.<\/p><\/div>\n\t<\/div>\n\t\t\t\t\t\t\t\t\t\t<\/div>\n\t\t\t\t\t\t\t\t\t<\/div>\n\t\t\t\t\t\t\t\t<\/dialog>\n\t\t\t\t\t\t\t<\/div>\n\t\t\t\t\t\t<\/div>\n\t\t\t\t\t\t\t\t\t\t\t<div class=\"tb-card entry tb-popup-trigger desktop-only-popup\">\n\t\t\t\t\t\t\t<div class=\"tb-image-part desktop\">\n\t\t\t\t\t\t\t\t<img src='https:\/\/capt.travelblox.eu\/wp-content\/uploads\/sites\/117\/2024\/10\/CAP_24_RachelWennink_LR-13-Large.jpeg' width='853' height='1280' loading='lazy'>\t\t\t\t\t\t\t\t\t\t\t\t\t\t\t\t\t\t\t\t\t\t\t\t\t<div class=\"price tiny-body-font desktop translation-block\"><p>\u20ac60 per persoon<\/p><\/div>\t\t\t\t\t\t\t<\/div>\n\t\t\t\t\t\t\t<div class=\"tb-image-part mobile\">\n\t\t\t\t\t\t\t\t<img src='https:\/\/capt.travelblox.eu\/wp-content\/uploads\/sites\/117\/2024\/10\/CAP_24_RachelWennink_LR-13-Large-768x1152.jpeg' width='768' height='1152' loading='lazy' image_size='medium_large'>\t\t\t\t\t\t\t\t\t\t\t\t\t\t\t<\/div>\n\t\t\t\t\t\t\t<div class=\"tb-card-content\">\n\t\t\t\t\t\t\t\t<h5>\n\t\t\t\t\t\t\t\t\t\t\t\t\t\t\t\t\t\t<span>Lunchpakket<\/span>\n\t\t\t\t\t\t\t\t<\/h5>\n\t\t\t\t\t\t\t\t\t\t\t\t\t\t\t\t\t<div class=\"price tiny-body-font mobile\"><p>\u20ac60 per persoon<\/p><\/div>\t\t\t\t\t\t\t\t<div class=\"content readmore-content content--clamped\">\t\t<div class=\"translation-block\"><p>Voor de vijf wandeldagen ontvang je een <strong>lunchpakket met een sandwich, een drankje en een snack<\/strong>. Bereid met liefde door de families waar we te gast zijn. Zowel niet-vegetarisch (\u20ac62) als vegetarisch (\u20ac60) is mogelijk.<\/p><\/div>\n\t<\/div>\n\t\t\t\t\t\t\t\t\t\t\t\t\t\t\t\t<div class=\"readmore link js-readmore\">\n\t\t\t\t\t\t\t\t\t<span><i class=\"fa-solid fa-circle-plus\"><\/i><u>Lees meer<\/u><\/span>\n\t\t\t\t\t\t\t\t\t<span><i class=\"fa-solid fa-circle-minus\"><\/i><u>Lees minder<\/u><\/span>\n\t\t\t\t\t\t\t\t<\/div>\n\t\t\t\t\t\t\t\t\t\t\t\t\t\t\t\t<dialog class=\"tb-popup\">\n\t\t\t\t\t\t\t\t\t<div class=\"tb-highlights-popup\">\n\t\t\t\t\t\t\t\t\t\t<div class=\"tb-image-part\">\n\t\t\t\t\t\t\t\t\t\t\t<img src='https:\/\/capt.travelblox.eu\/wp-content\/uploads\/sites\/117\/2024\/10\/CAP_24_RachelWennink_LR-13-Large-768x1152.jpeg' width='768' height='1152' loading='lazy' image_size='medium_large'>\t\t\t\t\t\t\t\t\t\t<\/div>\n\t\t\t\t\t\t\t\t\t\t<div class=\"tb-popup-content\">\n\t\t\t\t\t\t\t\t\t\t\t<h5>Lunchpakket<\/h5>\n\t\t\t\t\t\t\t\t\t\t\t<div class=\"content\">\t\t<div class=\"translation-block\"><p>Voor de vijf wandeldagen ontvang je een <strong>lunchpakket met een sandwich, een drankje en een snack<\/strong>. Bereid met liefde door de families waar we te gast zijn. Zowel niet-vegetarisch (\u20ac62) als vegetarisch (\u20ac60) is mogelijk.<\/p><\/div>\n\t<\/div>\n\t\t\t\t\t\t\t\t\t\t<\/div>\n\t\t\t\t\t\t\t\t\t<\/div>\n\t\t\t\t\t\t\t\t<\/dialog>\n\t\t\t\t\t\t\t<\/div>\n\t\t\t\t\t\t<\/div>\n\t\t\t\t\t\t\t\t\t\t\t\t\t\t<\/div>\n\t\t\t\t\t\t<div class=\"tb-carousel-nav\">\n\t\t\t<div class=\"dots\">\n\t\t\t\t<div class=\"dot active\"><\/div>\n\t\t\t\t<div class=\"dot\"><\/div>\n\t\t\t\t<div class=\"dot\"><\/div>\n\t\t\t<\/div>\n\t\t\t<div class=\"arrows\">\n\t\t\t\t<div class=\"prev disabled\">\n\t\t\t\t\t<span><i class=\"fa fa-chevron-left\"><\/i><\/span>\n\t\t\t\t<\/div>\n\t\t\t\t<div class=\"next\">\n\t\t\t\t\t<span><i class=\"fa fa-chevron-right\"><\/i><\/span>\n\t\t\t\t<\/div>\n\t\t\t<\/div>\n\t\t<\/div>\n\t\t\t\t<\/div>\n\t\t<\/div>\n\t\t\t\t\t\t\t\t\t\t\t\t\t\t\t\t\t\t\t<div class=\"inner-block-full-width has-tb-carousel tb-section\" id=\"highlights-section-3\"style=\"display:none;\">\n\t\t\t<div class=\"tb-carousel-container\">\n\t\t\t\t<div class=\"entries tb-cards\" data-slider-first=\"1\">\n\t\t\t\t\t\t\t\t\t\t\t\t\t\t\t<div class=\"tb-card entry tb-popup-trigger desktop-only-popup\">\n\t\t\t\t\t\t\t<div class=\"tb-image-part desktop\">\n\t\t\t\t\t\t\t\t<img src='https:\/\/capt.travelblox.eu\/wp-content\/uploads\/sites\/117\/2024\/10\/Cappadocia24_EvyvanNispen-77-Large.jpeg' width='1280' height='854' alt='Cappadocie Turkije wandelvakantie' loading='lazy'>\t\t\t\t\t\t\t\t\t\t\t\t\t\t\t\t\t\t\t\t\t\t\t\t\t<div class=\"price tiny-body-font desktop translation-block\"><p>\u20ac12 per persoon<\/p><\/div>\t\t\t\t\t\t\t<\/div>\n\t\t\t\t\t\t\t<div class=\"tb-image-part mobile\">\n\t\t\t\t\t\t\t\t<img src='https:\/\/capt.travelblox.eu\/wp-content\/uploads\/sites\/117\/2024\/10\/Cappadocia24_EvyvanNispen-77-Large-768x512.jpeg' width='768' height='512' alt='Cappadocie Turkije wandelvakantie' loading='lazy' image_size='medium_large'>\t\t\t\t\t\t\t\t\t\t\t\t\t\t\t<\/div>\n\t\t\t\t\t\t\t<div class=\"tb-card-content\">\n\t\t\t\t\t\t\t\t<h5>\n\t\t\t\t\t\t\t\t\t\t\t\t\t\t\t\t\t\t<span>Wandelstokken<\/span>\n\t\t\t\t\t\t\t\t<\/h5>\n\t\t\t\t\t\t\t\t\t\t\t\t\t\t\t\t\t<div class=\"price tiny-body-font mobile\"><p>\u20ac12 per persoon<\/p><\/div>\t\t\t\t\t\t\t\t<div class=\"content readmore-content content--clamped\">\t\t<div class=\"translation-block\"><p>We raden je ten zeerste aan om wandelstokken te huren of mee te nemen. Ze <strong>ontlasten je knie\u00ebn<\/strong>, helpen je om je <strong>balans te houden<\/strong> op de moeilijke stukken van het pad en bieden je veel ondersteuning tijdens de hele trail.<\/p><\/div>\n\t<\/div>\n\t\t\t\t\t\t\t\t\t\t\t\t\t\t\t\t<div class=\"readmore link js-readmore\">\n\t\t\t\t\t\t\t\t\t<span><i class=\"fa-solid fa-circle-plus\"><\/i><u>Lees meer<\/u><\/span>\n\t\t\t\t\t\t\t\t\t<span><i class=\"fa-solid fa-circle-minus\"><\/i><u>Lees minder<\/u><\/span>\n\t\t\t\t\t\t\t\t<\/div>\n\t\t\t\t\t\t\t\t\t\t\t\t\t\t\t\t<dialog class=\"tb-popup\">\n\t\t\t\t\t\t\t\t\t<div class=\"tb-highlights-popup\">\n\t\t\t\t\t\t\t\t\t\t<div class=\"tb-image-part\">\n\t\t\t\t\t\t\t\t\t\t\t<img src='https:\/\/capt.travelblox.eu\/wp-content\/uploads\/sites\/117\/2024\/10\/Cappadocia24_EvyvanNispen-77-Large-768x512.jpeg' width='768' height='512' alt='Cappadocie Turkije wandelvakantie' loading='lazy' image_size='medium_large'>\t\t\t\t\t\t\t\t\t\t<\/div>\n\t\t\t\t\t\t\t\t\t\t<div class=\"tb-popup-content\">\n\t\t\t\t\t\t\t\t\t\t\t<h5>Wandelstokken<\/h5>\n\t\t\t\t\t\t\t\t\t\t\t<div class=\"content\">\t\t<div class=\"translation-block\"><p>We raden je ten zeerste aan om wandelstokken te huren of mee te nemen. Ze <strong>ontlasten je knie\u00ebn<\/strong>, helpen je om je <strong>balans te houden<\/strong> op de moeilijke stukken van het pad en bieden je veel ondersteuning tijdens de hele trail.<\/p><\/div>\n\t<\/div>\n\t\t\t\t\t\t\t\t\t\t<\/div>\n\t\t\t\t\t\t\t\t\t<\/div>\n\t\t\t\t\t\t\t\t<\/dialog>\n\t\t\t\t\t\t\t<\/div>\n\t\t\t\t\t\t<\/div>\n\t\t\t\t\t\t\t\t\t\t\t\t\t\t<\/div>\n\t\t\t\t\t\t<div class=\"tb-carousel-nav\">\n\t\t\t<div class=\"dots\">\n\t\t\t\t<div class=\"dot active\"><\/div>\n\t\t\t\t<div class=\"dot\"><\/div>\n\t\t\t\t<div class=\"dot\"><\/div>\n\t\t\t<\/div>\n\t\t\t<div class=\"arrows\">\n\t\t\t\t<div class=\"prev disabled\">\n\t\t\t\t\t<span><i class=\"fa fa-chevron-left\"><\/i><\/span>\n\t\t\t\t<\/div>\n\t\t\t\t<div class=\"next\">\n\t\t\t\t\t<span><i class=\"fa fa-chevron-right\"><\/i><\/span>\n\t\t\t\t<\/div>\n\t\t\t<\/div>\n\t\t<\/div>\n\t\t\t\t<\/div>\n\t\t<\/div>\n\t\t\t\t\t\t\t\t\t\t\t\t\t\t\t\t\t\t\t<div class=\"inner-block-full-width has-tb-carousel tb-section\" id=\"highlights-section-4\"style=\"display:none;\">\n\t\t\t<div class=\"tb-carousel-container\">\n\t\t\t\t<div class=\"entries tb-cards\" data-slider-first=\"1\">\n\t\t\t\t\t\t\t\t\t\t\t\t\t\t\t<div class=\"tb-card entry tb-popup-trigger desktop-only-popup\">\n\t\t\t\t\t\t\t<div class=\"tb-image-part desktop\">\n\t\t\t\t\t\t\t\t<img src='https:\/\/capt.travelblox.eu\/wp-content\/uploads\/sites\/117\/2025\/09\/CAPT25_TURKEY_WEB_RicoGluck_59_resultat.jpg' width='1280' height='1920' alt='cappadocia trail hike trek randonn\u00e9e wandelen turkey' loading='lazy'>\t\t\t\t\t\t\t\t\t\t\t\t\t\t\t\t\t\t\t\t\t\t\t\t\t<div class=\"price tiny-body-font desktop translation-block\"><p>\u20ac69 per persoon<\/p><\/div>\t\t\t\t\t\t\t<\/div>\n\t\t\t\t\t\t\t<div class=\"tb-image-part mobile\">\n\t\t\t\t\t\t\t\t<img src='https:\/\/capt.travelblox.eu\/wp-content\/uploads\/sites\/117\/2025\/09\/CAPT25_TURKEY_WEB_RicoGluck_59_resultat-768x1152.jpg' width='768' height='1152' alt='cappadocia trail hike trek randonn\u00e9e wandelen turkey' loading='lazy' image_size='medium_large'>\t\t\t\t\t\t\t\t\t\t\t\t\t\t\t<\/div>\n\t\t\t\t\t\t\t<div class=\"tb-card-content\">\n\t\t\t\t\t\t\t\t<h5>\n\t\t\t\t\t\t\t\t\t\t\t\t\t\t\t\t\t\t<span>Annuleringsverzekering<\/span>\n\t\t\t\t\t\t\t\t<\/h5>\n\t\t\t\t\t\t\t\t\t\t\t\t\t\t\t\t\t<div class=\"price tiny-body-font mobile\"><p>\u20ac69 per persoon<\/p><\/div>\t\t\t\t\t\t\t\t<div class=\"content readmore-content content--clamped\">\t\t<div class=\"translation-block\"><p>Wil je deze trail door Cappodoci\u00eb met een gerust hart boeken? Kies dan voor de <a href=\"https:\/\/static.travelbase.eu\/u\/source\/cancellation\/summer\/conditions-nl.pdf\" target=\"_blank\" rel=\"noopener\">annuleringsverzekering<\/a>&nbsp;die je beschermt bij onvoorziene omstandigheden.<\/p><\/div>\n\t<\/div>\n\t\t\t\t\t\t\t\t\t\t\t\t\t\t\t\t<div class=\"readmore link js-readmore\">\n\t\t\t\t\t\t\t\t\t<span><i class=\"fa-solid fa-circle-plus\"><\/i><u>Lees meer<\/u><\/span>\n\t\t\t\t\t\t\t\t\t<span><i class=\"fa-solid fa-circle-minus\"><\/i><u>Lees minder<\/u><\/span>\n\t\t\t\t\t\t\t\t<\/div>\n\t\t\t\t\t\t\t\t\t\t\t\t\t\t\t\t<dialog class=\"tb-popup\">\n\t\t\t\t\t\t\t\t\t<div class=\"tb-highlights-popup\">\n\t\t\t\t\t\t\t\t\t\t<div class=\"tb-image-part\">\n\t\t\t\t\t\t\t\t\t\t\t<img src='https:\/\/capt.travelblox.eu\/wp-content\/uploads\/sites\/117\/2025\/09\/CAPT25_TURKEY_WEB_RicoGluck_59_resultat-768x1152.jpg' width='768' height='1152' alt='cappadocia trail hike trek randonn\u00e9e wandelen turkey' loading='lazy' image_size='medium_large'>\t\t\t\t\t\t\t\t\t\t<\/div>\n\t\t\t\t\t\t\t\t\t\t<div class=\"tb-popup-content\">\n\t\t\t\t\t\t\t\t\t\t\t<h5>Annuleringsverzekering<\/h5>\n\t\t\t\t\t\t\t\t\t\t\t<div class=\"content\">\t\t<div class=\"translation-block\"><p>Wil je deze trail door Cappodoci\u00eb met een gerust hart boeken? Kies dan voor de <a href=\"https:\/\/static.travelbase.eu\/u\/source\/cancellation\/summer\/conditions-nl.pdf\" target=\"_blank\" rel=\"noopener\">annuleringsverzekering<\/a>&nbsp;die je beschermt bij onvoorziene omstandigheden.<\/p><\/div>\n\t<\/div>\n\t\t\t\t\t\t\t\t\t\t<\/div>\n\t\t\t\t\t\t\t\t\t<\/div>\n\t\t\t\t\t\t\t\t<\/dialog>\n\t\t\t\t\t\t\t<\/div>\n\t\t\t\t\t\t<\/div>\n\t\t\t\t\t\t\t\t\t\t\t<div class=\"tb-card entry tb-popup-trigger desktop-only-popup\">\n\t\t\t\t\t\t\t<div class=\"tb-image-part desktop\">\n\t\t\t\t\t\t\t\t<img src='https:\/\/capt.travelblox.eu\/wp-content\/uploads\/sites\/117\/2025\/02\/bf7fd4160bc19f956381bc96f4b9b7de-xlarge.jpg' width='1024' height='683' alt='cappadocie wandelen turkije Kappadokien T\u00fcrkei' loading='lazy'>\t\t\t\t\t\t\t\t\t\t\t\t\t\t\t\t\t\t\t\t\t\t\t\t\t<div class=\"price tiny-body-font desktop translation-block\"><p>\u20ac59 per persoon<\/p><\/div>\t\t\t\t\t\t\t<\/div>\n\t\t\t\t\t\t\t<div class=\"tb-image-part mobile\">\n\t\t\t\t\t\t\t\t<img src='https:\/\/capt.travelblox.eu\/wp-content\/uploads\/sites\/117\/2025\/02\/bf7fd4160bc19f956381bc96f4b9b7de-xlarge-768x512.jpg' width='768' height='512' alt='cappadocie wandelen turkije Kappadokien T\u00fcrkei' loading='lazy' image_size='medium_large'>\t\t\t\t\t\t\t\t\t\t\t\t\t\t\t<\/div>\n\t\t\t\t\t\t\t<div class=\"tb-card-content\">\n\t\t\t\t\t\t\t\t<h5>\n\t\t\t\t\t\t\t\t\t\t\t\t\t\t\t\t\t\t<span>Reisverzekering<\/span>\n\t\t\t\t\t\t\t\t<\/h5>\n\t\t\t\t\t\t\t\t\t\t\t\t\t\t\t\t\t<div class=\"price tiny-body-font mobile\"><p>\u20ac59 per persoon<\/p><\/div>\t\t\t\t\t\t\t\t<div class=\"content readmore-content content--clamped\">\t\t<div class=\"translation-block\"><p>Wil je onbezorgd op reis? Vergeet dan niet om de&nbsp;<a href=\"https:\/\/thecappadociatrail.com\/nl\/travelinsurance\/\"><strong>reisverzekering<\/strong><\/a> aan je boeking toe te voegen. Bij ziekte, pech, diefstal of evacuatie helpt onze reisverzekering je verder.<\/p><\/div>\n\t<\/div>\n\t\t\t\t\t\t\t\t\t\t\t\t\t\t\t\t<div class=\"readmore link js-readmore\">\n\t\t\t\t\t\t\t\t\t<span><i class=\"fa-solid fa-circle-plus\"><\/i><u>Lees meer<\/u><\/span>\n\t\t\t\t\t\t\t\t\t<span><i class=\"fa-solid fa-circle-minus\"><\/i><u>Lees minder<\/u><\/span>\n\t\t\t\t\t\t\t\t<\/div>\n\t\t\t\t\t\t\t\t\t\t\t\t\t\t\t\t<dialog class=\"tb-popup\">\n\t\t\t\t\t\t\t\t\t<div class=\"tb-highlights-popup\">\n\t\t\t\t\t\t\t\t\t\t<div class=\"tb-image-part\">\n\t\t\t\t\t\t\t\t\t\t\t<img src='https:\/\/capt.travelblox.eu\/wp-content\/uploads\/sites\/117\/2025\/02\/bf7fd4160bc19f956381bc96f4b9b7de-xlarge-768x512.jpg' width='768' height='512' alt='cappadocie wandelen turkije Kappadokien T\u00fcrkei' loading='lazy' image_size='medium_large'>\t\t\t\t\t\t\t\t\t\t<\/div>\n\t\t\t\t\t\t\t\t\t\t<div class=\"tb-popup-content\">\n\t\t\t\t\t\t\t\t\t\t\t<h5>Reisverzekering<\/h5>\n\t\t\t\t\t\t\t\t\t\t\t<div class=\"content\">\t\t<div class=\"translation-block\"><p>Wil je onbezorgd op reis? Vergeet dan niet om de&nbsp;<a href=\"https:\/\/thecappadociatrail.com\/nl\/travelinsurance\/\"><strong>reisverzekering<\/strong><\/a> aan je boeking toe te voegen. Bij ziekte, pech, diefstal of evacuatie helpt onze reisverzekering je verder.<\/p><\/div>\n\t<\/div>\n\t\t\t\t\t\t\t\t\t\t<\/div>\n\t\t\t\t\t\t\t\t\t<\/div>\n\t\t\t\t\t\t\t\t<\/dialog>\n\t\t\t\t\t\t\t<\/div>\n\t\t\t\t\t\t<\/div>\n\t\t\t\t\t\t\t\t\t\t\t<div class=\"tb-card entry tb-popup-trigger desktop-only-popup\">\n\t\t\t\t\t\t\t<div class=\"tb-image-part desktop\">\n\t\t\t\t\t\t\t\t<img src='https:\/\/capt.travelblox.eu\/wp-content\/uploads\/sites\/117\/2024\/11\/Cappadocia24_EvyvanNispen-261.jpg' width='2500' height='1667' alt='Cappadocie Turkije - Love Valley Kappadokien T\u00fcrkei Love Valley' loading='lazy'>\t\t\t\t\t\t\t\t\t\t\t\t\t\t\t\t\t\t\t\t\t\t\t\t\t<div class=\"price tiny-body-font desktop translation-block\"><p>Tijdelijk gratis<\/p><\/div>\t\t\t\t\t\t\t<\/div>\n\t\t\t\t\t\t\t<div class=\"tb-image-part mobile\">\n\t\t\t\t\t\t\t\t<img src='https:\/\/capt.travelblox.eu\/wp-content\/uploads\/sites\/117\/2024\/11\/Cappadocia24_EvyvanNispen-261-768x512.jpg' width='768' height='512' alt='Cappadocie Turkije - Love Valley Kappadokien T\u00fcrkei Love Valley' loading='lazy' image_size='medium_large'>\t\t\t\t\t\t\t\t\t\t\t\t\t\t\t<\/div>\n\t\t\t\t\t\t\t<div class=\"tb-card-content\">\n\t\t\t\t\t\t\t\t<h5>\n\t\t\t\t\t\t\t\t\t\t\t\t\t\t\t\t\t\t<span>Superflex boekingsvoorwaarden<\/span>\n\t\t\t\t\t\t\t\t<\/h5>\n\t\t\t\t\t\t\t\t\t\t\t\t\t\t\t\t\t<div class=\"price tiny-body-font mobile\"><p>Tijdelijk gratis<\/p><\/div>\t\t\t\t\t\t\t\t<div class=\"content readmore-content content--clamped\">\t\t<div class=\"translation-block\"><p>Deze voorwaarden zijn <strong>gratis<\/strong> voor iedereen die vroeg boekt. Daarmee kan je je reis gratis verplaatsen naar een andere week (indien nog beschikbaar) of annuleren met volledige terugbetaling tot 1 juni 2026.<\/p><\/div>\n\t<\/div>\n\t\t\t\t\t\t\t\t\t\t\t\t\t\t\t\t<div class=\"readmore link js-readmore\">\n\t\t\t\t\t\t\t\t\t<span><i class=\"fa-solid fa-circle-plus\"><\/i><u>Lees meer<\/u><\/span>\n\t\t\t\t\t\t\t\t\t<span><i class=\"fa-solid fa-circle-minus\"><\/i><u>Lees minder<\/u><\/span>\n\t\t\t\t\t\t\t\t<\/div>\n\t\t\t\t\t\t\t\t\t\t\t\t\t\t\t\t<dialog class=\"tb-popup\">\n\t\t\t\t\t\t\t\t\t<div class=\"tb-highlights-popup\">\n\t\t\t\t\t\t\t\t\t\t<div class=\"tb-image-part\">\n\t\t\t\t\t\t\t\t\t\t\t<img src='https:\/\/capt.travelblox.eu\/wp-content\/uploads\/sites\/117\/2024\/11\/Cappadocia24_EvyvanNispen-261-768x512.jpg' width='768' height='512' alt='Cappadocie Turkije - Love Valley Kappadokien T\u00fcrkei Love Valley' loading='lazy' image_size='medium_large'>\t\t\t\t\t\t\t\t\t\t<\/div>\n\t\t\t\t\t\t\t\t\t\t<div class=\"tb-popup-content\">\n\t\t\t\t\t\t\t\t\t\t\t<h5>Superflex boekingsvoorwaarden<\/h5>\n\t\t\t\t\t\t\t\t\t\t\t<div class=\"content\">\t\t<div class=\"translation-block\"><p>Deze voorwaarden zijn <strong>gratis<\/strong> voor iedereen die vroeg boekt. Daarmee kan je je reis gratis verplaatsen naar een andere week (indien nog beschikbaar) of annuleren met volledige terugbetaling tot 1 juni 2026.<\/p><\/div>\n\t<\/div>\n\t\t\t\t\t\t\t\t\t\t<\/div>\n\t\t\t\t\t\t\t\t\t<\/div>\n\t\t\t\t\t\t\t\t<\/dialog>\n\t\t\t\t\t\t\t<\/div>\n\t\t\t\t\t\t<\/div>\n\t\t\t\t\t\t\t\t\t\t\t\t\t\t<\/div>\n\t\t\t\t\t\t<div class=\"tb-carousel-nav\">\n\t\t\t<div class=\"dots\">\n\t\t\t\t<div class=\"dot active\"><\/div>\n\t\t\t\t<div class=\"dot\"><\/div>\n\t\t\t\t<div class=\"dot\"><\/div>\n\t\t\t<\/div>\n\t\t\t<div class=\"arrows\">\n\t\t\t\t<div class=\"prev disabled\">\n\t\t\t\t\t<span><i class=\"fa fa-chevron-left\"><\/i><\/span>\n\t\t\t\t<\/div>\n\t\t\t\t<div class=\"next\">\n\t\t\t\t\t<span><i class=\"fa fa-chevron-right\"><\/i><\/span>\n\t\t\t\t<\/div>\n\t\t\t<\/div>\n\t\t<\/div>\n\t\t\t\t<\/div>\n\t\t<\/div>\n\t\t\t\t\t\t\t\t\t\t<\/div>\n\t\t<\/div>\n\n\n\n\n<div class=\" tb-howtogetthere tb-block align-none background-light pattern-none variant-none tb-collapsible-margins\" id=\"transport\">\n\t<div class=\"inner-block tb-fade-in tb-fade-in--subtle\">\n\t\t<div class=\"text-part\">\n\t\t\t<h2>Hoe reis ik naar Cappadoci\u00eb? <\/h2>\n\t\t\t\t\t<div class=\"translation-block\"><p>Er zijn verschillende opties om ter plaatse te geraken. Zo kan je ervoor kiezen om je <strong>vluchten via ons<\/strong> te boeken of je <strong>eigen vluchten<\/strong> te boeken. <strong>Let op<\/strong>: beide opties hebben een beperkt aantal plaatsen. Ook \u201cgeen vluchten\u201d kan dus volzet raken.<\/p><\/div>\n\t\t\t\t\t\t\t\t<div class=\"select-part\">\n\t\t\t\t\t<label>Reizen vanuit<\/label>\n\t\t\t\t\t<select>\n\t\t\t\t\t\t\t\t\t\t\t\t\t<option value=\"0\" data-section=\"transport-section-0\">\ud83c\udde7\ud83c\uddea Belgi\u00eb<\/option>\n\t\t\t\t\t\t\t\t\t\t\t\t\t<option value=\"1\" data-section=\"transport-section-1\">\ud83c\uddf3\ud83c\uddf1 Nederland<\/option>\n\t\t\t\t\t\t\t\t\t\t\t<\/select>\n\t\t\t\t<\/div>\n\t\t\t\t\t<\/div>\n\t<\/div>\n\t\t\t<div class=\"inner-block tb-fade-in tb-fade-in--subtle\">\n\t\t\t\t\t\t\t<div class=\"tb-sections\">\n\t\t\t\t\t\t\t\t\t\t\t\t\t\t\t\t\t\t<div class=\"tb-section entries \" id=\"transport-section-0\">\n\t\t\t\t\t\t\t\t\t\t\t\t\t\t\t\t\t<div class=\"entry\">\n\t\t\t\t\t\t\t\t\t\t\t\t\t\t<i class=\"icon fa-solid fa-plane-departure \" aria-hidden=\"true\"><\/i>\n\t\t\t\t\t\t\t\t\t\t\t\t\t<div class=\"text-part\">\n\t\t\t\t\t\t\t\t\t\t\t<h4>Vluchten via The Cappadocia Trail<\/h4>\n\t\t\t\t\t\t\t\t\t\t\t\t\t<div class=\"translation-block\"><p>Voor <strong>vertrekdata op vrijdag<\/strong> bieden we vluchten aan van <strong>Brussel naar Kayseri<\/strong>, met een tussenstop in Istanbul.<\/p>\n<p><strong>Vluchten voorjaar:<\/strong><\/p>\n<ul>\n<li><strong>Heenvlucht (dag 1):<\/strong> vertrek 12u15, aankomst 20u40.<\/li>\n<li><strong>Terugvlucht (dag 8):<\/strong> vertrek 09u45, aankomst 16u05<\/li>\n<\/ul>\n<p><strong>Vluchten najaar:<\/strong><\/p>\n<ul>\n<li><strong>Heenvlucht (dag 1)<\/strong>: vertrek 12u10, aankomst 20u40.<\/li>\n<li><strong>Terugvlucht (dag 8):&nbsp;<\/strong>vertrek 09u45, aankomst 16u05.<\/li>\n<\/ul>\n<p>De actuele vluchtprijzen vind je in de <a href=\"#join\">kalender onderaan.<\/a><\/p><\/div>\n\t\t\t\t\t\t\t\t\t\t\t<\/div>\n\t\t\t\t\t\t\t\t\t<\/div>\n\t\t\t\t\t\t\t\t\t\t\t\t\t\t\t\t\t<div class=\"entry\">\n\t\t\t\t\t\t\t\t\t\t\t\t\t\t<i class=\"icon fa-solid fa-plane-up \" aria-hidden=\"true\"><\/i>\n\t\t\t\t\t\t\t\t\t\t\t\t\t<div class=\"text-part\">\n\t\t\t\t\t\t\t\t\t\t\t<h4>Eigen vluchten<\/h4>\n\t\t\t\t\t\t\t\t\t\t\t\t\t<div class=\"translation-block\"><p>Boek je <strong>zelf je vluchten<\/strong> of wil je <strong>vliegen op andere data<\/strong>? Zorg er dan voor dat je aankomst- en vertrektijden goed aansluiten bij de weekplanning.<\/p>\n<p>We raden je aan om&nbsp;<a href=\"https:\/\/flights.google.com\/\">Google Flights<\/a>&nbsp;te gebruiken om vluchten te vergelijken. De meest vlotte opties zijn meestal met <strong>Turkish Airlines, AJet of SunExpress<\/strong> te vliegen. Zit je met vragen of twijfel je over een aansluiting? Laat het gerust weten.<\/p>\n<p>Indien je aankomstuur op dag 1 aansluit op onze shuttle naar het centrum, kan je gratis mee op de shuttle. Dag 8 kan je de shuttle naar de luchthaven optioneel bijboeken.<\/p><\/div>\n\t\t\t\t\t\t\t\t\t\t\t<\/div>\n\t\t\t\t\t\t\t\t\t<\/div>\n\t\t\t\t\t\t\t\t\t\t\t\t\t\t\t\t\t<div class=\"entry\">\n\t\t\t\t\t\t\t\t\t\t\t\t\t\t<i class=\"icon fa-solid fa-bus \" aria-hidden=\"true\"><\/i>\n\t\t\t\t\t\t\t\t\t\t\t\t\t<div class=\"text-part\">\n\t\t\t\t\t\t\t\t\t\t\t<h4>Shuttletijden<\/h4>\n\t\t\t\t\t\t\t\t\t\t\t\t\t<div class=\"translation-block\"><p><strong>Dag 1<\/strong>: <strong>Luchthaven Kayseri (ASR) &#8211; Hotel Ibis Kayseri<\/strong><\/p>\n<ul class=\"p-rich_text_list p-rich_text_list__bullet p-rich_text_list--nested\" data-stringify-type=\"unordered-list\" data-list-tree=\"true\" data-indent=\"0\" data-border=\"0\">\n<li><b data-stringify-type=\"bold\">Vrijdag:<\/b> 21u10<\/li>\n<li><b data-stringify-type=\"bold\">Zaterdag:<\/b> Je kunt bij aankomst in Kayseri een taxi nemen (prijs: \u20ac8-\u20ac10).<\/li>\n<li><b data-stringify-type=\"bold\">Zondag:<\/b> 20u30 voorjaar \/ 20u10 najaar<\/li>\n<\/ul>\n<p><strong>Dag 2<\/strong>: <strong>Hotel Ibis Kayseri &#8211; Taskinpasa<\/strong><\/p>\n<ul class=\"p-rich_text_list p-rich_text_list__bullet p-rich_text_list--nested\" data-stringify-type=\"unordered-list\" data-list-tree=\"true\" data-indent=\"0\" data-border=\"0\">\n<li>De shuttle vertrekt om&nbsp;<b data-stringify-type=\"bold\">8u00<\/b>&nbsp;vanuit het Ibis hotel. Iedereen kan zijn lunchpakket ophalen in het Ibis hotel voordat de shuttle vertrekt.<\/li>\n<\/ul>\n<p><strong>Dag 8: G\u00f6reme &#8211; Luchthaven Kayseri (ASR)<\/strong><\/p>\n<ul class=\"p-rich_text_list p-rich_text_list__bullet p-rich_text_list--nested\" data-stringify-type=\"unordered-list\" data-list-tree=\"true\" data-indent=\"0\" data-border=\"0\">\n<li><b data-stringify-type=\"bold\">Vrijdag:<\/b>&nbsp;vertrek om <strong>6u00<\/strong>; aankomst op de luchthaven rond 7u30<\/li>\n<li><b data-stringify-type=\"bold\">Zaterdag:<\/b>&nbsp;vertrek om <strong>7u00<\/strong>; aankomst op de luchthaven rond 8u30<\/li>\n<li><b data-stringify-type=\"bold\">Zondag:<\/b>\n<ul class=\"p-rich_text_list p-rich_text_list__bullet p-rich_text_list--nested\" data-stringify-type=\"unordered-list\" data-list-tree=\"true\" data-indent=\"0\" data-border=\"0\">\n<li><strong>Voorjaar:<\/strong> vertrek om <strong>11u15<\/strong>; aankomst op de luchthaven rond 12u45 &#8211; vertrek <strong>6u30;<\/strong> aankomst op de luchthaven om 8u00 voor <strong>groep 10\/05-17\/05<\/strong> wegens vluchtwijziging<\/li>\n<li><strong>Najaar:<\/strong> vertrek om 6u15, aankomst op de luchthaven rond 7u45<\/li>\n<\/ul>\n<\/li>\n<\/ul><\/div>\n\t\t\t\t\t\t\t\t\t\t\t<\/div>\n\t\t\t\t\t\t\t\t\t<\/div>\n\t\t\t\t\t\t\t\t\t\t\t\t\t\t\t\t\t<div class=\"entry\">\n\t\t\t\t\t\t\t\t\t\t\t\t\t\t<i class=\"icon fa-solid fa-taxi \" aria-hidden=\"true\"><\/i>\n\t\t\t\t\t\t\t\t\t\t\t\t\t<div class=\"text-part\">\n\t\t\t\t\t\t\t\t\t\t\t<h4>Taxi<\/h4>\n\t\t\t\t\t\t\t\t\t\t\t\t\t<div class=\"translation-block\"><p><strong>Aankomst (dag 1)<\/strong><br \/>Past jouw aankomstuur niet met onze luchthavenshuttle of kom je aan op zaterdag? Dan kan je gemakkelijk een taxi nemen vanuit de luchthaven naar het centrum van Kayseri, voor <strong>gemiddeld \u20ac8 \u00e0 \u20ac10<\/strong>.<\/p>\n<p><strong>Vertrek (dag 8)<\/strong><br \/>Past jouw vertrekuur niet met onze luchthavenshuttle? Dan kan je gemakkelijk een taxi nemen van G\u00f6reme naar de luchthaven, voor <strong>gemiddeld \u20ac60<\/strong>.<\/p><\/div>\n\t\t\t\t\t\t\t\t\t\t\t<\/div>\n\t\t\t\t\t\t\t\t\t<\/div>\n\t\t\t\t\t\t\t\t\t\t\t\t\t\t\t<\/div>\n\t\t\t\t\t\t\t\t\t\t\t\t\t\t\t\t\t\t\t\t\t\t\t\t<div class=\"tb-section entries hidden\" id=\"transport-section-1\">\n\t\t\t\t\t\t\t\t\t\t\t\t\t\t\t\t\t<div class=\"entry\">\n\t\t\t\t\t\t\t\t\t\t\t\t\t\t<i class=\"icon fa-solid fa-plane-departure \" aria-hidden=\"true\"><\/i>\n\t\t\t\t\t\t\t\t\t\t\t\t\t<div class=\"text-part\">\n\t\t\t\t\t\t\t\t\t\t\t<h4>Vluchten via The Cappadocia Trail<\/h4>\n\t\t\t\t\t\t\t\t\t\t\t\t\t<div class=\"translation-block\"><p>Voor <strong>vertrekdata op zondag<\/strong> bieden we vluchten aan van <strong>Amsterdam&nbsp;naar Kayseri<\/strong>.<\/p>\n<p><strong>Vluchten voorjaar:<\/strong><\/p>\n<ul>\n<li><strong>Heenvlucht (dag 1):<\/strong> vertrek 11u15, aankomst 20u00 (met tussenstop Istanbul).<\/li>\n<li><strong>Terugvlucht (dag 8):<\/strong> vertrek 15:15, aankomst 21u45 (met tussenstop Istanbul).<\/li>\n<\/ul>\n<p><strong>Vluchten najaar:<\/strong><\/p>\n<ul>\n<li><strong>Heenvlucht (dag 1)<\/strong>: vertrek 14u40, aankomst 19u40 (rechtstreeks).<\/li>\n<li><strong>Terugvlucht (dag 8):&nbsp;<\/strong>vertrek 10u00, aankomst 13u20 (rechtstreeks).<\/li>\n<\/ul>\n<p>De actuele vluchtprijzen vind je in de <a href=\"#join\">kalender onderaan.<\/a><\/p><\/div>\n\t\t\t\t\t\t\t\t\t\t\t<\/div>\n\t\t\t\t\t\t\t\t\t<\/div>\n\t\t\t\t\t\t\t\t\t\t\t\t\t\t\t\t\t<div class=\"entry\">\n\t\t\t\t\t\t\t\t\t\t\t\t\t\t<i class=\"icon fa-solid fa-plane-up \" aria-hidden=\"true\"><\/i>\n\t\t\t\t\t\t\t\t\t\t\t\t\t<div class=\"text-part\">\n\t\t\t\t\t\t\t\t\t\t\t<h4>Eigen vluchten<\/h4>\n\t\t\t\t\t\t\t\t\t\t\t\t\t<div class=\"translation-block\"><p>Boek je <strong>zelf je vluchten<\/strong> of wil je <strong>vliegen op andere data<\/strong>? Zorg er dan voor dat je aankomst- en vertrektijden goed aansluiten bij de weekplanning.<\/p>\n<p>We raden je aan om&nbsp;<a href=\"https:\/\/flights.google.com\/\">Google Flights<\/a>&nbsp;te gebruiken om vluchten te vergelijken. De meest vlotte opties zijn meestal met <strong>Turkish Airlines, AJet of SunExpress<\/strong> te vliegen. Zit je met vragen of twijfel je over een aansluiting? Laat het gerust weten.<\/p>\n<p>Indien je aankomstuur op dag 1 aansluit op onze shuttle naar het centrum, kan je gratis mee op de shuttle. Dag 8 kan je de shuttle naar de luchthaven optioneel bijboeken.<\/p><\/div>\n\t\t\t\t\t\t\t\t\t\t\t<\/div>\n\t\t\t\t\t\t\t\t\t<\/div>\n\t\t\t\t\t\t\t\t\t\t\t\t\t\t\t\t\t<div class=\"entry\">\n\t\t\t\t\t\t\t\t\t\t\t\t\t\t<i class=\"icon fa-solid fa-bus \" aria-hidden=\"true\"><\/i>\n\t\t\t\t\t\t\t\t\t\t\t\t\t<div class=\"text-part\">\n\t\t\t\t\t\t\t\t\t\t\t<h4>Shuttletijden<\/h4>\n\t\t\t\t\t\t\t\t\t\t\t\t\t<div class=\"translation-block\"><p><strong>Dag 1<\/strong>: <strong>Luchthaven Kayseri (ASR) &#8211; Hotel Ibis Kayseri<\/strong><\/p>\n<ul class=\"p-rich_text_list p-rich_text_list__bullet p-rich_text_list--nested\" data-stringify-type=\"unordered-list\" data-list-tree=\"true\" data-indent=\"0\" data-border=\"0\">\n<li><b data-stringify-type=\"bold\">Vrijdag:<\/b> 21u10<\/li>\n<li><b data-stringify-type=\"bold\">Zaterdag:<\/b> Je kunt bij aankomst in Kayseri een taxi nemen (prijs: \u20ac8-\u20ac10).<\/li>\n<li><b data-stringify-type=\"bold\">Zondag:<\/b> 20u30 voorjaar \/ 20u10 najaar<\/li>\n<\/ul>\n<p><strong>Dag 2<\/strong>: <strong>Hotel Ibis Kayseri &#8211; Taskinpasa<\/strong><\/p>\n<ul class=\"p-rich_text_list p-rich_text_list__bullet p-rich_text_list--nested\" data-stringify-type=\"unordered-list\" data-list-tree=\"true\" data-indent=\"0\" data-border=\"0\">\n<li>De shuttle vertrekt om&nbsp;<b data-stringify-type=\"bold\">8u00<\/b>&nbsp;vanuit het Ibis hotel. Iedereen kan zijn lunchpakket ophalen in het Ibis hotel voordat de shuttle vertrekt.<\/li>\n<\/ul>\n<p><strong>Dag 8: G\u00f6reme &#8211; Luchthaven Kayseri (ASR)<\/strong><\/p>\n<ul class=\"p-rich_text_list p-rich_text_list__bullet p-rich_text_list--nested\" data-stringify-type=\"unordered-list\" data-list-tree=\"true\" data-indent=\"0\" data-border=\"0\">\n<li><b data-stringify-type=\"bold\">Vrijdag:<\/b>&nbsp;vertrek om <strong>6u00<\/strong>; aankomst op de luchthaven rond 7u30<\/li>\n<li><b data-stringify-type=\"bold\">Zaterdag:<\/b>&nbsp;vertrek om <strong>7u00<\/strong>; aankomst op de luchthaven rond 8u30<\/li>\n<li><b data-stringify-type=\"bold\">Zondag:<\/b>\n<ul class=\"p-rich_text_list p-rich_text_list__bullet p-rich_text_list--nested\" data-stringify-type=\"unordered-list\" data-list-tree=\"true\" data-indent=\"0\" data-border=\"0\">\n<li><strong>Voorjaar:<\/strong> vertrek om <strong>11u15<\/strong>; aankomst op de luchthaven rond 12u45 &#8211; vertrek <strong>6u30;<\/strong> aankomst op de luchthaven om 8u00 voor <strong>groep 10\/05-17\/05<\/strong> wegens vluchtwijziging<\/li>\n<li><strong>Najaar:<\/strong> vertrek om 6u15, aankomst op de luchthaven rond 7u45<\/li>\n<\/ul>\n<\/li>\n<\/ul><\/div>\n\t\t\t\t\t\t\t\t\t\t\t<\/div>\n\t\t\t\t\t\t\t\t\t<\/div>\n\t\t\t\t\t\t\t\t\t\t\t\t\t\t\t\t\t<div class=\"entry\">\n\t\t\t\t\t\t\t\t\t\t\t\t\t\t<i class=\"icon fa-solid fa-taxi \" aria-hidden=\"true\"><\/i>\n\t\t\t\t\t\t\t\t\t\t\t\t\t<div class=\"text-part\">\n\t\t\t\t\t\t\t\t\t\t\t<h4>Taxi<\/h4>\n\t\t\t\t\t\t\t\t\t\t\t\t\t<div class=\"translation-block\"><p><strong>Aankomst (dag 1)<\/strong><br \/>Past jouw aankomstuur niet met onze luchthavenshuttle of kom je aan op zaterdag? Dan kan je gemakkelijk een taxi nemen vanuit de luchthaven naar het centrum van Kayseri, voor <strong>gemiddeld \u20ac8 \u00e0 \u20ac10<\/strong>.<\/p>\n<p><strong>Vertrek (dag 8)<\/strong><br \/>Past jouw vertrekuur niet met onze luchthavenshuttle? Dan kan je gemakkelijk een taxi nemen van G\u00f6reme naar de luchthaven, voor <strong>gemiddeld \u20ac60<\/strong>.<\/p><\/div>\n\t\t\t\t\t\t\t\t\t\t\t<\/div>\n\t\t\t\t\t\t\t\t\t<\/div>\n\t\t\t\t\t\t\t\t\t\t\t\t\t\t\t<\/div>\n\t\t\t\t\t\t\t\t\t\t\t\t\t\t\t<\/div>\n\t\t\t\t\t<\/div>\n\t<\/div>\n\n\n\n\n<div class=\" tb-gallery tb-block align-center background-light pattern-none variant-grid\" id=\"gallery-1-1\">\n\t<div>\n\t\t<div class=\"desktop tb-has-popup-content\">\n\t\t\t\t\t\t\t<ul class=\"tb-gallery-grid\">\n\t\t\t\t\t\t\t\t\t\t\t\t\t\t\t\t\t\t<li class=\"slide\">\n\t\t\t\t\t\t\t\t<div class=\"tb-popup-trigger\">\n\t\t\t\t\t\t\t\t\t<img src='https:\/\/capt.travelblox.eu\/wp-content\/uploads\/sites\/117\/2024\/11\/45d4f4dac84b05edce895602a200bdeb-xlarge.jpg' width='1024' height='683' alt='Cappadocie Turkije wandelvakantie - Sehensw\u00fcrdigkeiten T\u00fcrkei Kappadokien' loading='lazy'>\t\t\t\t\t\t\t\t<\/div>\n\t\t\t\t\t\t\t<\/li>\n\t\t\t\t\t\t\t\t\t\t\t\t\t<li class=\"slide\">\n\t\t\t\t\t\t\t\t<div class=\"tb-popup-trigger\">\n\t\t\t\t\t\t\t\t\t<img src='https:\/\/capt.travelblox.eu\/wp-content\/uploads\/sites\/117\/2025\/02\/DSC00062-Grande.jpeg' width='1280' height='853' alt='cappadocia trail hike trek randonn\u00e9e wandelen turkey' loading='lazy'>\t\t\t\t\t\t\t\t<\/div>\n\t\t\t\t\t\t\t<\/li>\n\t\t\t\t\t\t\t\t\t\t\t\t\t<li class=\"slide\">\n\t\t\t\t\t\t\t\t<div class=\"tb-popup-trigger\">\n\t\t\t\t\t\t\t\t\t<img src='https:\/\/capt.travelblox.eu\/wp-content\/uploads\/sites\/117\/2024\/10\/7d2bed82f7951cb1edf45eb18c951b96-xlarge-Large.jpeg' width='853' height='1280' alt='Cappadocie Turkije wandelvakantie - Sehensw\u00fcrdigkeiten T\u00fcrkei Kappadokien' loading='lazy'>\t\t\t\t\t\t\t\t<\/div>\n\t\t\t\t\t\t\t<\/li>\n\t\t\t\t\t\t\t\t\t\t\t\t\t\t\t<\/ul>\n\t\t\t\t\t\t<div class=\"tb-popup tb-popup--open-clicked-image\">\n\t\t\t\t<div class=\"tb-gallery-popup\">\n\t\t\t\t\t<div class=\"tb-image-part\">\n\t\t\t\t\t\t\t\t\t\t<div class=\"inner-block-full-width has-tb-carousel tb-carousel-slider\" >\n\t\t\t<div class=\"tb-carousel-container\">\n\t\t\t\t<div class=\"entries tb-cards\" data-slider-first=\"2\">\n\t\t\t\t\t\t\t\t\t<div class=\"entry\">\n\t\t\t\t<div class=\"tb-image-part\">\n\t\t\t\t\t<figure>\n\t\t\t\t\t\t<img src='https:\/\/capt.travelblox.eu\/wp-content\/uploads\/sites\/117\/2024\/11\/45d4f4dac84b05edce895602a200bdeb-xlarge.jpg' width='1024' height='683' alt='Cappadocie Turkije wandelvakantie - Sehensw\u00fcrdigkeiten T\u00fcrkei Kappadokien' loading='lazy' image_size='full'>\t\t\t\t\t\t\t\t\t\t\t<\/figure>\n\t\t\t\t<\/div>\n\t\t\t<\/div>\n\t\t\t\t\t<div class=\"entry\">\n\t\t\t\t<div class=\"tb-image-part\">\n\t\t\t\t\t<figure>\n\t\t\t\t\t\t<img src='https:\/\/capt.travelblox.eu\/wp-content\/uploads\/sites\/117\/2025\/02\/DSC00062-Grande.jpeg' width='1280' height='853' alt='cappadocia trail hike trek randonn\u00e9e wandelen turkey' loading='lazy' image_size='full'>\t\t\t\t\t\t\t\t\t\t\t<\/figure>\n\t\t\t\t<\/div>\n\t\t\t<\/div>\n\t\t\t\t\t<div class=\"entry\">\n\t\t\t\t<div class=\"tb-image-part\">\n\t\t\t\t\t<figure>\n\t\t\t\t\t\t<img src='https:\/\/capt.travelblox.eu\/wp-content\/uploads\/sites\/117\/2024\/10\/7d2bed82f7951cb1edf45eb18c951b96-xlarge-Large.jpeg' width='853' height='1280' alt='Cappadocie Turkije wandelvakantie - Sehensw\u00fcrdigkeiten T\u00fcrkei Kappadokien' loading='lazy' image_size='full'>\t\t\t\t\t\t\t\t\t\t\t<\/figure>\n\t\t\t\t<\/div>\n\t\t\t<\/div>\n\t\t\t\t\t\t\t\t<\/div>\n\t\t\t\t\t\t<div class=\"tb-carousel-nav\">\n\t\t\t<div class=\"dots\">\n\t\t\t\t<div class=\"dot active\"><\/div>\n\t\t\t\t<div class=\"dot\"><\/div>\n\t\t\t\t<div class=\"dot\"><\/div>\n\t\t\t<\/div>\n\t\t\t<div class=\"arrows\">\n\t\t\t\t<div class=\"prev disabled\">\n\t\t\t\t\t<span><i class=\"fa fa-chevron-left\"><\/i><\/span>\n\t\t\t\t<\/div>\n\t\t\t\t<div class=\"next\">\n\t\t\t\t\t<span><i class=\"fa fa-chevron-right\"><\/i><\/span>\n\t\t\t\t<\/div>\n\t\t\t<\/div>\n\t\t<\/div>\n\t\t\t\t<\/div>\n\t\t<\/div>\n\t\t\t\t\t\t\t<\/div>\n\t\t\t\t<\/div>\n\t\t\t<\/div>\n\t\t<\/div>\n\t\t<div class=\"mobile\">\n\t\t\t<div class=\"tb-image-part\">\n\t\t\t\t\t\t\t\t<div class=\"inner-block-full-width has-tb-carousel tb-carousel-slider\" >\n\t\t\t<div class=\"tb-carousel-container\">\n\t\t\t\t<div class=\"entries tb-cards\" data-slider-first=\"0\">\n\t\t\t\t\t\t\t\t\t<div class=\"entry\">\n\t\t\t\t<div class=\"tb-image-part\">\n\t\t\t\t\t<figure>\n\t\t\t\t\t\t<img src='https:\/\/capt.travelblox.eu\/wp-content\/uploads\/sites\/117\/2024\/11\/45d4f4dac84b05edce895602a200bdeb-xlarge-768x512.jpg' width='768' height='512' alt='Cappadocie Turkije wandelvakantie - Sehensw\u00fcrdigkeiten T\u00fcrkei Kappadokien' loading='lazy' image_size='medium_large'>\t\t\t\t\t\t\t\t\t\t\t<\/figure>\n\t\t\t\t<\/div>\n\t\t\t<\/div>\n\t\t\t\t\t<div class=\"entry\">\n\t\t\t\t<div class=\"tb-image-part\">\n\t\t\t\t\t<figure>\n\t\t\t\t\t\t<img src='https:\/\/capt.travelblox.eu\/wp-content\/uploads\/sites\/117\/2025\/02\/DSC00062-Grande-768x512.jpeg' width='768' height='512' alt='cappadocia trail hike trek randonn\u00e9e wandelen turkey' loading='lazy' image_size='medium_large'>\t\t\t\t\t\t\t\t\t\t\t<\/figure>\n\t\t\t\t<\/div>\n\t\t\t<\/div>\n\t\t\t\t\t<div class=\"entry\">\n\t\t\t\t<div class=\"tb-image-part\">\n\t\t\t\t\t<figure>\n\t\t\t\t\t\t<img src='https:\/\/capt.travelblox.eu\/wp-content\/uploads\/sites\/117\/2024\/10\/7d2bed82f7951cb1edf45eb18c951b96-xlarge-Large-768x1152.jpeg' width='768' height='1152' alt='Cappadocie Turkije wandelvakantie - Sehensw\u00fcrdigkeiten T\u00fcrkei Kappadokien' loading='lazy' image_size='medium_large'>\t\t\t\t\t\t\t\t\t\t\t<\/figure>\n\t\t\t\t<\/div>\n\t\t\t<\/div>\n\t\t\t\t\t\t\t\t<\/div>\n\t\t\t\t\t\t<div class=\"tb-carousel-nav\">\n\t\t\t<div class=\"dots\">\n\t\t\t\t<div class=\"dot active\"><\/div>\n\t\t\t\t<div class=\"dot\"><\/div>\n\t\t\t\t<div class=\"dot\"><\/div>\n\t\t\t<\/div>\n\t\t\t<div class=\"arrows\">\n\t\t\t\t<div class=\"prev disabled\">\n\t\t\t\t\t<span><i class=\"fa fa-chevron-left\"><\/i><\/span>\n\t\t\t\t<\/div>\n\t\t\t\t<div class=\"next\">\n\t\t\t\t\t<span><i class=\"fa fa-chevron-right\"><\/i><\/span>\n\t\t\t\t<\/div>\n\t\t\t<\/div>\n\t\t<\/div>\n\t\t\t\t<\/div>\n\t\t<\/div>\n\t\t\t\t\t<\/div>\n\t\t<\/div>\n\t<\/div>\n<\/div>\n\n\n\n<div class=\" tb-colcompare tb-block align-center background-light pattern-none variant-cards tb-collapsible-margins\" id=\"difficulty\">\n\t<div class=\"inner-block tb-fade-in tb-fade-in--subtle\">\n\t\t<div class=\"text-part\">\n\t\t\t<h2>Is deze trail geschikt voor mij?<\/h2>\n\t\t\t\t\t<div class=\"translation-block\"><p>De&nbsp;<strong>moeilijkheidsgraad van een trail hangt af van heel wat factoren<\/strong>. Op basis van onderstaande factoren, kan jij voor jezelf inschatten of deze trail geschikt is voor jou. Met behulp van bepaalde opties, zoals bagagetransport, kan je de trail voor jezelf ook makkelijker maken.<\/p><\/div>\n\t\t\t<\/div>\n\t<\/div>\n\t\t\t\t\t<div class=\"inner-block-full-width has-tb-carousel tb-justified\" >\n\t\t\t<div class=\"tb-carousel-container\">\n\t\t\t\t<div class=\"entries tb-cards\" data-slider-first=\"1\">\n\t\t\t\t\t\t\t\t\t<div class=\"tb-card entry tb-fade-in tb-fade-in--subtle\">\n\t\t\t\t<div class=\"tb-image-part\">\n\t\t\t\t\t<img src='https:\/\/capt.travelblox.eu\/wp-content\/uploads\/sites\/117\/2024\/11\/Cappadocia24_EvyvanNispen-86-e1732609401196-768x512.jpg' width='768' height='512' alt='Cappadocie Turkije wandelvakantie Urlaub Kappadokien T\u00fcrkei' loading='lazy' image_size='medium_large'>\t\t\t\t<\/div>\n\t\t\t\t<div class=\"tb-card-content text-part\">\n\t\t\t\t\t<h5>\t\t\t\t<i class=\"icon fa-solid fa-chart-line \" aria-hidden=\"true\"><\/i>\n\t\t\t Afstand en hoogtemeters<\/h5>\n\t\t\t\t\t\t\t<div class=\"translation-block\"><ul>\n<li>De dagelijkse afstanden zijn <strong>goed haalbaar<\/strong> met een basisconditie.<\/li>\n<li>Verwacht wel dagelijks <strong>klimmen en dalen door de valleien<\/strong>.<\/li>\n<li>Sommige stukken zijn wat pittiger door korte klimmen naar <strong>viewpoints<\/strong>, maar die inspanning wordt telkens beloond met weidse panorama\u2019s.<\/li>\n<\/ul>\n<p><strong>Enkele tips<\/strong><\/p>\n<ul>\n<li>Het tempo bepaal je zelf, neem dus <strong>voldoende pauze<\/strong> wanneer je voelt dat het nodig is.<\/li>\n<li>Boek <strong>bagagetransport<\/strong> als je lichter wilt wandelen.<\/li>\n<li>Bereid je optimaal voor met ons aangepast <strong>trainingsschema.<\/strong><\/li>\n<\/ul><\/div>\n\t\t\t\t\t\t<div class=\"tb-buttons-part\">\n\t\t\t\t\t\t\t\t\t\t\t<\/div>\n\t\t\t\t<\/div>\n\t\t\t<\/div>\n\t\t\t\t\t<div class=\"tb-card entry tb-fade-in tb-fade-in--subtle\">\n\t\t\t\t<div class=\"tb-image-part\">\n\t\t\t\t\t<img src='https:\/\/capt.travelblox.eu\/wp-content\/uploads\/sites\/117\/2025\/02\/77a23b8fa7cd5510e1f33b397250c5e3-xlarge-768x512.jpg' width='768' height='512' alt='Kappadokien T\u00fcrkei' loading='lazy' image_size='medium_large'>\t\t\t\t<\/div>\n\t\t\t\t<div class=\"tb-card-content text-part\">\n\t\t\t\t\t<h5>\t\t\t\t<i class=\"icon fa-solid fa-sun \" aria-hidden=\"true\"><\/i>\n\t\t\t Weersomstandigheden<\/h5>\n\t\t\t\t\t\t\t<div class=\"translation-block\"><ul>\n<li>De lente en herfst zijn meestal het meest aangenaam in Cappadoci\u00eb, met <strong>milde temperaturen overdag en frissere ochtenden en avonden<\/strong>.<\/li>\n<li>Op warme dagen is er vaak <strong data-start=\"1113\" data-end=\"1131\">weinig schaduw<\/strong> in de valleien, waardoor de zon extra kan doorwegen.<\/li>\n<\/ul>\n<p><strong>Enkele tips<\/strong><\/p>\n<ul>\n<li><strong>Vertrek vroeg<\/strong> en mik erop om de heetste uren te vermijden.<\/li>\n<li>Neem <strong>zonnebescherming<\/strong> mee en draag een pet of hoed.<\/li>\n<li>Neem <strong>voldoende water<\/strong> mee en plan je pauzes slim, zeker op zonnige dagen.<\/li>\n<\/ul>\n<p>&nbsp;<\/p><\/div>\n\t\t\t\t\t\t<div class=\"tb-buttons-part\">\n\t\t\t\t\t\t\t\t\t\t\t<\/div>\n\t\t\t\t<\/div>\n\t\t\t<\/div>\n\t\t\t\t\t<div class=\"tb-card entry tb-fade-in tb-fade-in--subtle\">\n\t\t\t\t<div class=\"tb-image-part\">\n\t\t\t\t\t<img src='https:\/\/capt.travelblox.eu\/wp-content\/uploads\/sites\/117\/2025\/02\/9b17631f039005061fc5073d69eea5bb-xlarge-768x512.jpg' width='768' height='512' alt='Cappadocie wandelen Uchisar Kappadokien T\u00fcrkei Uchisar' loading='lazy' image_size='medium_large'>\t\t\t\t<\/div>\n\t\t\t\t<div class=\"tb-card-content text-part\">\n\t\t\t\t\t<h5>\t\t\t\t<i class=\"icon fa-solid fa-shoe-prints \" aria-hidden=\"true\"><\/i>\n\t\t\t Terrein<\/h5>\n\t\t\t\t\t\t\t<div class=\"translation-block\"><ul>\n<li>Je wandelt vooral over <strong data-start=\"1594\" data-end=\"1639\">stof, zand, tufsteen en rotsachtige paden<\/strong>, vaak ongelijk en soms smal in de valleien.<\/li>\n<li>De paden slingeren vaak door smalle passages <strong>tussen rotsformaties<\/strong>, met korte steile stukjes op en af.<\/li>\n<li>Je passeert af en toe <strong>natuurlijke trappen en ongelijke rotsplateaus<\/strong>, vooral richting viewpoints en dorpen.<\/li>\n<\/ul>\n<p><strong>Enkele tips<\/strong><\/p>\n<ul>\n<li>Draag <strong>A\/B wandelschoenen met stevige grip<\/strong>, zeker voor afdalingen en losse stukken.<\/li>\n<li>Gebruik <strong>wandelstokken<\/strong> bij langere afdalingen en losse ondergrond.<\/li>\n<\/ul><\/div>\n\t\t\t\t\t\t<div class=\"tb-buttons-part\">\n\t\t\t\t\t\t\t\t\t\t\t<\/div>\n\t\t\t\t<\/div>\n\t\t\t<\/div>\n\t\t\t\t\t\t\t\t<\/div>\n\t\t\t\t\t\t<div class=\"tb-carousel-nav\">\n\t\t\t<div class=\"dots\">\n\t\t\t\t<div class=\"dot active\"><\/div>\n\t\t\t\t<div class=\"dot\"><\/div>\n\t\t\t\t<div class=\"dot\"><\/div>\n\t\t\t<\/div>\n\t\t\t<div class=\"arrows\">\n\t\t\t\t<div class=\"prev disabled\">\n\t\t\t\t\t<span><i class=\"fa fa-chevron-left\"><\/i><\/span>\n\t\t\t\t<\/div>\n\t\t\t\t<div class=\"next\">\n\t\t\t\t\t<span><i class=\"fa fa-chevron-right\"><\/i><\/span>\n\t\t\t\t<\/div>\n\t\t\t<\/div>\n\t\t<\/div>\n\t\t\t\t<\/div>\n\t\t<\/div>\n\t\t\t<\/div>\n\n\n\n    <div class=\" tb-calendarv2 tb-block align-center background-light pattern-none variant-none tb-collapsible-margins\" id=\"join\" data-field-packages='[{&quot;package_id&quot;:&quot;CAPT-CAPT&quot;,&quot;prereg_url&quot;:&quot;&quot;,&quot;package_summary_content&quot;:&quot;&quot;,&quot;package_summary_inclusive&quot;:[{&quot;sub_remark&quot;:&quot;Gedetailleerde route en volledige organisatie van de reis&quot;,&quot;rowid&quot;:&quot;67e6a2e884b00&quot;},{&quot;sub_remark&quot;:&quot;6 nachten in een comfortabel hotel op unieke locaties&quot;,&quot;rowid&quot;:&quot;67e6a2e884b1d&quot;},{&quot;sub_remark&quot;:&quot;Toeristenbelasting&quot;,&quot;rowid&quot;:&quot;67e6a2e884b38&quot;},{&quot;sub_remark&quot;:&quot;Ontbijt voor elke dag van de trail&quot;,&quot;rowid&quot;:&quot;67e6a2e884b53&quot;},{&quot;sub_remark&quot;:&quot;Ontvangst en briefing door een ervaren ranger&quot;,&quot;rowid&quot;:&quot;67e6a2e884b6d&quot;},{&quot;sub_remark&quot;:&quot;Complete paklijst zodat je niets vergeet&quot;,&quot;rowid&quot;:&quot;67e6a2e884b88&quot;},{&quot;sub_remark&quot;:&quot;Travelbase trailapp voor Cappadocia met alle benodigde informatie&quot;,&quot;rowid&quot;:&quot;67e6a2e884ba2&quot;}],&quot;rowid&quot;:&quot;67e6a2e884bb9&quot;},{&quot;package_id&quot;:&quot;CAPT-CAPTFALL&quot;,&quot;prereg_url&quot;:&quot;&quot;,&quot;package_summary_content&quot;:&quot;&quot;,&quot;package_summary_inclusive&quot;:[{&quot;sub_remark&quot;:&quot;Gedetailleerde route en volledige organisatie van de reis&quot;,&quot;rowid&quot;:&quot;67e6a2e884bf6&quot;},{&quot;sub_remark&quot;:&quot;6 nachten in een comfortabel hotel op unieke locaties&quot;,&quot;rowid&quot;:&quot;67e6a2e884c11&quot;},{&quot;sub_remark&quot;:&quot;Toeristenbelasting&quot;,&quot;rowid&quot;:&quot;67e6a2e884c2b&quot;},{&quot;sub_remark&quot;:&quot;Ontbijt voor elke dag van de trail&quot;,&quot;rowid&quot;:&quot;67e6a2e884c45&quot;},{&quot;sub_remark&quot;:&quot;Ontvangst en briefing door een ervaren ranger&quot;,&quot;rowid&quot;:&quot;67e6a2e884c5f&quot;},{&quot;sub_remark&quot;:&quot;Complete paklijst zodat je niets vergeet&quot;,&quot;rowid&quot;:&quot;67e6a2e884c79&quot;},{&quot;sub_remark&quot;:&quot;Travelbase trailapp voor Cappadocia met alle benodigde informatie&quot;,&quot;rowid&quot;:&quot;67e6a2e884c93&quot;}],&quot;rowid&quot;:&quot;67e6a2e884ca9&quot;}]' data-package-ids='[\"CAPT-CAPT\",\"CAPT-CAPTFALL\"]' data-brands='[{&quot;type&quot;:&quot;brands&quot;,&quot;id&quot;:&quot;125&quot;,&quot;attributes&quot;:{&quot;name&quot;:&quot;Cappadocia Trail&quot;,&quot;translatableName&quot;:{&quot;en&quot;:&quot;Cappadocia Trail&quot;,&quot;nl&quot;:&quot;Cappadocia Trail&quot;,&quot;fr&quot;:&quot;Cappadocia Trail&quot;,&quot;de&quot;:&quot;Cappadocia Trail &quot;}}}]' data-language='nl' data-allow-collapse-consecutive-sold-out-items='0' data-show-prereg-items='1' data-show-participants='0' data-show-departure-hours='0' data-no-participants-title=\"Nog geen deelnemers\" data-no-participants-text=\"De deelnemers van deze reis zijn nog niet bekend.\" data-sold-out-cta=\"\" data-show-months-toggle=\"1\" data-show-waiting-list-buttons=\"1\" data-show-price-toggle=\"1\" data-show-quote-request=\"1\" data-sort-filter-options-by-az-order='0' data-launch-unfiltered='1' data-merge-duplicate-filters='0'>\n        <div class=\"inner-block tb-fade-in tb-fade-in--subtle\">\n            <div class=\"text-part tb-fade-in tb-fade-in--subtle\">\n                                    <h2>Plan je reis naar de Cappadocia Trail<\/h2>\n                                                    \t\t<div class=\"translation-block\"><p><strong>Droom je ervan om<\/strong>&nbsp;<strong>komend najaar met ons op avontuur<\/strong> te gaan? Boek nu en geniet van volgende voordelen:<\/p>\n<ul>\n<li>Early bird prijs<\/li>\n<li>Gratis superflex voorwaarden<\/li>\n<li>Een plekje in je favoriete week<\/li>\n<\/ul>\n<p>Kan je niet wachten? <a href=\"https:\/\/booking.travelbase.eu\/capt26s\/book\">Boek nu<\/a> nog \u00e9\u00e9n van de <strong>laatste<\/strong> <strong>solo-plekjes beschikbaar<\/strong> in het <strong>voorjaar<\/strong>.<\/p>\n<p>&nbsp;<\/p><\/div>\n\t                                                    <div class=\"tb-buttons-part\">\n                                                                            \t\t<a href=\"https:\/\/booking.travelbase.eu\/capt26a\/book\"  target=\"\" class=\"tb-button\">\n\t\t\tBoek nu\t\t<\/a>\n\t\t                                                                                                                                        <a href=\"https:\/\/booking.travelbase.eu\/capt26a\/quote\" class=\"tb-buttonlink tb-quote-request\" target=\"_blank\"><span>Vraag een offerte aan<\/span><\/a>\n                                                                                                                                                        <\/div>\n                            <\/div>\n\n            \n            \n<div class=\"tb-skeleton tb-skeleton--calendar-v2 tb-skeleton--inactive\">\n    <!-- <div class=\"section-toggler section-toggler--small tb-skeleton__border tb-skeleton__disabled\">\n        <div class=\"section-toggler__inner\">\n            <div class=\"section-toggler__toggle-wrapper\">\n                <div class=\"section-toggler__toggles\">\n                    <input type=\"radio\" name=\"2025\" checked>\n                    <label class=\"tb-skeleton__background tb-skeleton__border\" for=\"\"><span class=\"tb-skeleton__bone\"><span class=\"tb-skeleton__invisible-text\">2025<\/span><\/span><\/label>\n                    <input type=\"radio\" name=\"2026\">\n                    <label class=\"tb-skeleton__border\" for=\"\"><span class=\"tb-skeleton__bone\"><span class=\"tb-skeleton__invisible-text\">2026<\/span><\/span><\/label>\n                <\/div>\n            <\/div>\n        <\/div>\n    <\/div> -->\n    <div class=\"tb-calendar-v2__year\" id=\"year-section-0\">\n        <div class=\"tb-block\">\n            <div class=\"section-toggler section-toggler--fake section-toggler--blocks tb-skeleton__border tb-skeleton__disabled\">\n                <div class=\"section-toggler__inner\">\n                    <div class=\"section-toggler__toggle-wrapper\">\n                        <div class=\"section-toggler__toggles\">\n                            <input type=\"radio\" name=\"Jan\" checked>\n                            <label class=\"tb-skeleton__background tb-skeleton__border\" for=\"\"><span class=\"tb-skeleton__bone\"><span class=\"tb-skeleton__invisible-text\">Jan<\/span><\/span><\/label>\n                            <input type=\"radio\" name=\"Feb\">\n                            <label class=\"tb-skeleton__border\" for=\"\"><span class=\"tb-skeleton__bone\"><span class=\"tb-skeleton__invisible-text\">Feb<\/span><\/span><\/label>\n                            <input type=\"radio\" name=\"Mar\">\n                            <label class=\"tb-skeleton__border\" for=\"\"><span class=\"tb-skeleton__bone\"><span class=\"tb-skeleton__invisible-text\">Mar<\/span><\/span><\/label>\n                            <input type=\"radio\" name=\"Apr\">\n                            <label class=\"tb-skeleton__border\" for=\"\"><span class=\"tb-skeleton__bone\"><span class=\"tb-skeleton__invisible-text\">Apr<\/span><\/span><\/label>\n                            <input type=\"radio\" name=\"May\">\n                            <label class=\"tb-skeleton__border\" for=\"\"><span class=\"tb-skeleton__bone\"><span class=\"tb-skeleton__invisible-text\">May<\/span><\/span><\/label>\n                        <\/div>\n                    <\/div>\n                <\/div>\n            <\/div>\n            <div class=\"tb-calendar-v2__month\" id=\"year-0-month-section-0\">\n                <ul class=\" tb-calendar-v2__departures\">\n                                            <li class=\"tb-calendar-v2__departure tb-calendar-v2-departure tb-skeleton__border\" data-availability=\"free\">\n                            <div class=\"tb-calendar-v2-departure__essential\">\n                                <div class=\"tb-calendar-v2-departure__first-part\">\n                                    <div class=\"tb-calendar-v2-departure__destination desktop-only\">\n                                        <span class=\"tb-skeleton__bone\"><span class=\"tb-skeleton__invisible-text\"><strong>Example trip<\/strong><\/span><\/span>\n                                    <\/div>\n                                    <div class=\"tb-calendar-v2-departure__dates\">\n                                        <div class=\"tb-calendar-v2-departure__startdate \">\n                                            <span class=\"tb-skeleton__bone\"><span class=\"tb-skeleton__invisible-text\">Monday<\/span><\/span>\n                                            <span class=\"tb-skeleton__bone\"><span class=\"tb-skeleton__invisible-text\"><strong>20 Jan 2025<\/strong><\/span><\/span>\n                                        <\/div>\n                                        <span class=\"tb-skeleton__bone\"><span class=\"tb-skeleton__invisible-text\"><i class=\"fa-solid fa-arrow-right\"><\/i><\/span><\/span>\n                                        <div class=\"tb-calendar-v2-departure__enddate\">\n                                            <span class=\"tb-skeleton__bone\"><span class=\"tb-skeleton__invisible-text\">Sunday<\/span><\/span>\n                                            <span class=\"tb-skeleton__bone\"><span class=\"tb-skeleton__invisible-text\"><strong>26 Jan 2025<\/strong><\/span><\/span>\n                                        <\/div>\n                                    <\/div>\n                                    <div class=\"tb-calendar-v2-departure__divider desktop-only tb-skeleton__bone\"><\/div>\n                                    <div class=\"tb-calendar-v2-departure__availability desktop-only\" data-availability=\"free\"><strong>\n                                            <span class=\"tb-skeleton__bone\"><span class=\"tb-skeleton__invisible-text\">Beschikbaar<\/span><\/span>\n                                        <\/strong><\/div>\n                                    <div class=\"tb-calendar-v2-departure__spots desktop-only\">\n                                        <span class=\"tb-skeleton__bone\"><span class=\"tb-skeleton__invisible-text\">\n                                                                                             <\/span><\/span>\n                                    <\/div>\n                                <\/div>\n                                <div class=\"tb-calendar-v2-departure__last-part\">\n                                    <div class=\"tb-calendar-v2-departure__price\"><span class=\"tb-skeleton__bone\"><span class=\"tb-skeleton__invisible-text\"><strong>\u20ac 1450<\/strong><\/span><\/span><\/div>\n                                    <div class=\"tb-calendar-v2-departure__availability mobile-only\" data-availability=\"free\">\n                                        <strong>\n                                            <span class=\"tb-skeleton__bone\"><span class=\"tb-skeleton__invisible-text\">Beschikbaar<\/span><\/span>\n                                        <\/strong>\n                                    <\/div>\n                                    <div class=\"tb-calendar-v2-departure__expand-button tb-skeleton__disabled desktop-only\" disabled>\n                                        <span class=\"tb-skeleton__bone\"><span class=\"tb-skeleton__invisible-text\"><i class=\"fa-solid fa-chevron-down\"><\/i><\/span><\/span>\n                                    <\/div>\n                                <\/div>\n                            <\/div>\n                            <div class=\"tb-calendar-v2-departure__divider mobile-only tb-skeleton__bone\"><\/div>\n                            <div class=\"tb-calendar-v2-departure__expand-button mobile-only tb-skeleton__disabled\" disabled>\n                                <span class=\"tb-skeleton__bone\"><span class=\"tb-skeleton__invisible-text\"><span class=\"more-info\">Meer info<\/span> <span class=\"less-info\">Minder info<\/span> <i class=\"fa-solid fa-chevron-down\"><\/i><\/span><\/span>\n                            <\/div>\n                        <\/li>\n                                            <li class=\"tb-calendar-v2__departure tb-calendar-v2-departure tb-skeleton__border\" data-availability=\"free\">\n                            <div class=\"tb-calendar-v2-departure__essential\">\n                                <div class=\"tb-calendar-v2-departure__first-part\">\n                                    <div class=\"tb-calendar-v2-departure__destination desktop-only\">\n                                        <span class=\"tb-skeleton__bone\"><span class=\"tb-skeleton__invisible-text\"><strong>Example trip<\/strong><\/span><\/span>\n                                    <\/div>\n                                    <div class=\"tb-calendar-v2-departure__dates\">\n                                        <div class=\"tb-calendar-v2-departure__startdate \">\n                                            <span class=\"tb-skeleton__bone\"><span class=\"tb-skeleton__invisible-text\">Monday<\/span><\/span>\n                                            <span class=\"tb-skeleton__bone\"><span class=\"tb-skeleton__invisible-text\"><strong>20 Jan 2025<\/strong><\/span><\/span>\n                                        <\/div>\n                                        <span class=\"tb-skeleton__bone\"><span class=\"tb-skeleton__invisible-text\"><i class=\"fa-solid fa-arrow-right\"><\/i><\/span><\/span>\n                                        <div class=\"tb-calendar-v2-departure__enddate\">\n                                            <span class=\"tb-skeleton__bone\"><span class=\"tb-skeleton__invisible-text\">Sunday<\/span><\/span>\n                                            <span class=\"tb-skeleton__bone\"><span class=\"tb-skeleton__invisible-text\"><strong>26 Jan 2025<\/strong><\/span><\/span>\n                                        <\/div>\n                                    <\/div>\n                                    <div class=\"tb-calendar-v2-departure__divider desktop-only tb-skeleton__bone\"><\/div>\n                                    <div class=\"tb-calendar-v2-departure__availability desktop-only\" data-availability=\"free\"><strong>\n                                            <span class=\"tb-skeleton__bone\"><span class=\"tb-skeleton__invisible-text\">Beschikbaar<\/span><\/span>\n                                        <\/strong><\/div>\n                                    <div class=\"tb-calendar-v2-departure__spots desktop-only\">\n                                        <span class=\"tb-skeleton__bone\"><span class=\"tb-skeleton__invisible-text\">\n                                                                                             <\/span><\/span>\n                                    <\/div>\n                                <\/div>\n                                <div class=\"tb-calendar-v2-departure__last-part\">\n                                    <div class=\"tb-calendar-v2-departure__price\"><span class=\"tb-skeleton__bone\"><span class=\"tb-skeleton__invisible-text\"><strong>\u20ac 1450<\/strong><\/span><\/span><\/div>\n                                    <div class=\"tb-calendar-v2-departure__availability mobile-only\" data-availability=\"free\">\n                                        <strong>\n                                            <span class=\"tb-skeleton__bone\"><span class=\"tb-skeleton__invisible-text\">Beschikbaar<\/span><\/span>\n                                        <\/strong>\n                                    <\/div>\n                                    <div class=\"tb-calendar-v2-departure__expand-button tb-skeleton__disabled desktop-only\" disabled>\n                                        <span class=\"tb-skeleton__bone\"><span class=\"tb-skeleton__invisible-text\"><i class=\"fa-solid fa-chevron-down\"><\/i><\/span><\/span>\n                                    <\/div>\n                                <\/div>\n                            <\/div>\n                            <div class=\"tb-calendar-v2-departure__divider mobile-only tb-skeleton__bone\"><\/div>\n                            <div class=\"tb-calendar-v2-departure__expand-button mobile-only tb-skeleton__disabled\" disabled>\n                                <span class=\"tb-skeleton__bone\"><span class=\"tb-skeleton__invisible-text\"><span class=\"more-info\">Meer info<\/span> <span class=\"less-info\">Minder info<\/span> <i class=\"fa-solid fa-chevron-down\"><\/i><\/span><\/span>\n                            <\/div>\n                        <\/li>\n                                            <li class=\"tb-calendar-v2__departure tb-calendar-v2-departure tb-skeleton__border\" data-availability=\"free\">\n                            <div class=\"tb-calendar-v2-departure__essential\">\n                                <div class=\"tb-calendar-v2-departure__first-part\">\n                                    <div class=\"tb-calendar-v2-departure__destination desktop-only\">\n                                        <span class=\"tb-skeleton__bone\"><span class=\"tb-skeleton__invisible-text\"><strong>Example trip<\/strong><\/span><\/span>\n                                    <\/div>\n                                    <div class=\"tb-calendar-v2-departure__dates\">\n                                        <div class=\"tb-calendar-v2-departure__startdate \">\n                                            <span class=\"tb-skeleton__bone\"><span class=\"tb-skeleton__invisible-text\">Monday<\/span><\/span>\n                                            <span class=\"tb-skeleton__bone\"><span class=\"tb-skeleton__invisible-text\"><strong>20 Jan 2025<\/strong><\/span><\/span>\n                                        <\/div>\n                                        <span class=\"tb-skeleton__bone\"><span class=\"tb-skeleton__invisible-text\"><i class=\"fa-solid fa-arrow-right\"><\/i><\/span><\/span>\n                                        <div class=\"tb-calendar-v2-departure__enddate\">\n                                            <span class=\"tb-skeleton__bone\"><span class=\"tb-skeleton__invisible-text\">Sunday<\/span><\/span>\n                                            <span class=\"tb-skeleton__bone\"><span class=\"tb-skeleton__invisible-text\"><strong>26 Jan 2025<\/strong><\/span><\/span>\n                                        <\/div>\n                                    <\/div>\n                                    <div class=\"tb-calendar-v2-departure__divider desktop-only tb-skeleton__bone\"><\/div>\n                                    <div class=\"tb-calendar-v2-departure__availability desktop-only\" data-availability=\"free\"><strong>\n                                            <span class=\"tb-skeleton__bone\"><span class=\"tb-skeleton__invisible-text\">Beschikbaar<\/span><\/span>\n                                        <\/strong><\/div>\n                                    <div class=\"tb-calendar-v2-departure__spots desktop-only\">\n                                        <span class=\"tb-skeleton__bone\"><span class=\"tb-skeleton__invisible-text\">\n                                                                                             <\/span><\/span>\n                                    <\/div>\n                                <\/div>\n                                <div class=\"tb-calendar-v2-departure__last-part\">\n                                    <div class=\"tb-calendar-v2-departure__price\"><span class=\"tb-skeleton__bone\"><span class=\"tb-skeleton__invisible-text\"><strong>\u20ac 1450<\/strong><\/span><\/span><\/div>\n                                    <div class=\"tb-calendar-v2-departure__availability mobile-only\" data-availability=\"free\">\n                                        <strong>\n                                            <span class=\"tb-skeleton__bone\"><span class=\"tb-skeleton__invisible-text\">Beschikbaar<\/span><\/span>\n                                        <\/strong>\n                                    <\/div>\n                                    <div class=\"tb-calendar-v2-departure__expand-button tb-skeleton__disabled desktop-only\" disabled>\n                                        <span class=\"tb-skeleton__bone\"><span class=\"tb-skeleton__invisible-text\"><i class=\"fa-solid fa-chevron-down\"><\/i><\/span><\/span>\n                                    <\/div>\n                                <\/div>\n                            <\/div>\n                            <div class=\"tb-calendar-v2-departure__divider mobile-only tb-skeleton__bone\"><\/div>\n                            <div class=\"tb-calendar-v2-departure__expand-button mobile-only tb-skeleton__disabled\" disabled>\n                                <span class=\"tb-skeleton__bone\"><span class=\"tb-skeleton__invisible-text\"><span class=\"more-info\">Meer info<\/span> <span class=\"less-info\">Minder info<\/span> <i class=\"fa-solid fa-chevron-down\"><\/i><\/span><\/span>\n                            <\/div>\n                        <\/li>\n                                            <li class=\"tb-calendar-v2__departure tb-calendar-v2-departure tb-skeleton__border\" data-availability=\"free\">\n                            <div class=\"tb-calendar-v2-departure__essential\">\n                                <div class=\"tb-calendar-v2-departure__first-part\">\n                                    <div class=\"tb-calendar-v2-departure__destination desktop-only\">\n                                        <span class=\"tb-skeleton__bone\"><span class=\"tb-skeleton__invisible-text\"><strong>Example trip<\/strong><\/span><\/span>\n                                    <\/div>\n                                    <div class=\"tb-calendar-v2-departure__dates\">\n                                        <div class=\"tb-calendar-v2-departure__startdate \">\n                                            <span class=\"tb-skeleton__bone\"><span class=\"tb-skeleton__invisible-text\">Monday<\/span><\/span>\n                                            <span class=\"tb-skeleton__bone\"><span class=\"tb-skeleton__invisible-text\"><strong>20 Jan 2025<\/strong><\/span><\/span>\n                                        <\/div>\n                                        <span class=\"tb-skeleton__bone\"><span class=\"tb-skeleton__invisible-text\"><i class=\"fa-solid fa-arrow-right\"><\/i><\/span><\/span>\n                                        <div class=\"tb-calendar-v2-departure__enddate\">\n                                            <span class=\"tb-skeleton__bone\"><span class=\"tb-skeleton__invisible-text\">Sunday<\/span><\/span>\n                                            <span class=\"tb-skeleton__bone\"><span class=\"tb-skeleton__invisible-text\"><strong>26 Jan 2025<\/strong><\/span><\/span>\n                                        <\/div>\n                                    <\/div>\n                                    <div class=\"tb-calendar-v2-departure__divider desktop-only tb-skeleton__bone\"><\/div>\n                                    <div class=\"tb-calendar-v2-departure__availability desktop-only\" data-availability=\"free\"><strong>\n                                            <span class=\"tb-skeleton__bone\"><span class=\"tb-skeleton__invisible-text\">Beschikbaar<\/span><\/span>\n                                        <\/strong><\/div>\n                                    <div class=\"tb-calendar-v2-departure__spots desktop-only\">\n                                        <span class=\"tb-skeleton__bone\"><span class=\"tb-skeleton__invisible-text\">\n                                                                                             <\/span><\/span>\n                                    <\/div>\n                                <\/div>\n                                <div class=\"tb-calendar-v2-departure__last-part\">\n                                    <div class=\"tb-calendar-v2-departure__price\"><span class=\"tb-skeleton__bone\"><span class=\"tb-skeleton__invisible-text\"><strong>\u20ac 1450<\/strong><\/span><\/span><\/div>\n                                    <div class=\"tb-calendar-v2-departure__availability mobile-only\" data-availability=\"free\">\n                                        <strong>\n                                            <span class=\"tb-skeleton__bone\"><span class=\"tb-skeleton__invisible-text\">Beschikbaar<\/span><\/span>\n                                        <\/strong>\n                                    <\/div>\n                                    <div class=\"tb-calendar-v2-departure__expand-button tb-skeleton__disabled desktop-only\" disabled>\n                                        <span class=\"tb-skeleton__bone\"><span class=\"tb-skeleton__invisible-text\"><i class=\"fa-solid fa-chevron-down\"><\/i><\/span><\/span>\n                                    <\/div>\n                                <\/div>\n                            <\/div>\n                            <div class=\"tb-calendar-v2-departure__divider mobile-only tb-skeleton__bone\"><\/div>\n                            <div class=\"tb-calendar-v2-departure__expand-button mobile-only tb-skeleton__disabled\" disabled>\n                                <span class=\"tb-skeleton__bone\"><span class=\"tb-skeleton__invisible-text\"><span class=\"more-info\">Meer info<\/span> <span class=\"less-info\">Minder info<\/span> <i class=\"fa-solid fa-chevron-down\"><\/i><\/span><\/span>\n                            <\/div>\n                        <\/li>\n                                            <li class=\"tb-calendar-v2__departure tb-calendar-v2-departure tb-skeleton__border\" data-availability=\"free\">\n                            <div class=\"tb-calendar-v2-departure__essential\">\n                                <div class=\"tb-calendar-v2-departure__first-part\">\n                                    <div class=\"tb-calendar-v2-departure__destination desktop-only\">\n                                        <span class=\"tb-skeleton__bone\"><span class=\"tb-skeleton__invisible-text\"><strong>Example trip<\/strong><\/span><\/span>\n                                    <\/div>\n                                    <div class=\"tb-calendar-v2-departure__dates\">\n                                        <div class=\"tb-calendar-v2-departure__startdate \">\n                                            <span class=\"tb-skeleton__bone\"><span class=\"tb-skeleton__invisible-text\">Monday<\/span><\/span>\n                                            <span class=\"tb-skeleton__bone\"><span class=\"tb-skeleton__invisible-text\"><strong>20 Jan 2025<\/strong><\/span><\/span>\n                                        <\/div>\n                                        <span class=\"tb-skeleton__bone\"><span class=\"tb-skeleton__invisible-text\"><i class=\"fa-solid fa-arrow-right\"><\/i><\/span><\/span>\n                                        <div class=\"tb-calendar-v2-departure__enddate\">\n                                            <span class=\"tb-skeleton__bone\"><span class=\"tb-skeleton__invisible-text\">Sunday<\/span><\/span>\n                                            <span class=\"tb-skeleton__bone\"><span class=\"tb-skeleton__invisible-text\"><strong>26 Jan 2025<\/strong><\/span><\/span>\n                                        <\/div>\n                                    <\/div>\n                                    <div class=\"tb-calendar-v2-departure__divider desktop-only tb-skeleton__bone\"><\/div>\n                                    <div class=\"tb-calendar-v2-departure__availability desktop-only\" data-availability=\"free\"><strong>\n                                            <span class=\"tb-skeleton__bone\"><span class=\"tb-skeleton__invisible-text\">Beschikbaar<\/span><\/span>\n                                        <\/strong><\/div>\n                                    <div class=\"tb-calendar-v2-departure__spots desktop-only\">\n                                        <span class=\"tb-skeleton__bone\"><span class=\"tb-skeleton__invisible-text\">\n                                                                                             <\/span><\/span>\n                                    <\/div>\n                                <\/div>\n                                <div class=\"tb-calendar-v2-departure__last-part\">\n                                    <div class=\"tb-calendar-v2-departure__price\"><span class=\"tb-skeleton__bone\"><span class=\"tb-skeleton__invisible-text\"><strong>\u20ac 1450<\/strong><\/span><\/span><\/div>\n                                    <div class=\"tb-calendar-v2-departure__availability mobile-only\" data-availability=\"free\">\n                                        <strong>\n                                            <span class=\"tb-skeleton__bone\"><span class=\"tb-skeleton__invisible-text\">Beschikbaar<\/span><\/span>\n                                        <\/strong>\n                                    <\/div>\n                                    <div class=\"tb-calendar-v2-departure__expand-button tb-skeleton__disabled desktop-only\" disabled>\n                                        <span class=\"tb-skeleton__bone\"><span class=\"tb-skeleton__invisible-text\"><i class=\"fa-solid fa-chevron-down\"><\/i><\/span><\/span>\n                                    <\/div>\n                                <\/div>\n                            <\/div>\n                            <div class=\"tb-calendar-v2-departure__divider mobile-only tb-skeleton__bone\"><\/div>\n                            <div class=\"tb-calendar-v2-departure__expand-button mobile-only tb-skeleton__disabled\" disabled>\n                                <span class=\"tb-skeleton__bone\"><span class=\"tb-skeleton__invisible-text\"><span class=\"more-info\">Meer info<\/span> <span class=\"less-info\">Minder info<\/span> <i class=\"fa-solid fa-chevron-down\"><\/i><\/span><\/span>\n                            <\/div>\n                        <\/li>\n                                            <li class=\"tb-calendar-v2__departure tb-calendar-v2-departure tb-skeleton__border\" data-availability=\"free\">\n                            <div class=\"tb-calendar-v2-departure__essential\">\n                                <div class=\"tb-calendar-v2-departure__first-part\">\n                                    <div class=\"tb-calendar-v2-departure__destination desktop-only\">\n                                        <span class=\"tb-skeleton__bone\"><span class=\"tb-skeleton__invisible-text\"><strong>Example trip<\/strong><\/span><\/span>\n                                    <\/div>\n                                    <div class=\"tb-calendar-v2-departure__dates\">\n                                        <div class=\"tb-calendar-v2-departure__startdate \">\n                                            <span class=\"tb-skeleton__bone\"><span class=\"tb-skeleton__invisible-text\">Monday<\/span><\/span>\n                                            <span class=\"tb-skeleton__bone\"><span class=\"tb-skeleton__invisible-text\"><strong>20 Jan 2025<\/strong><\/span><\/span>\n                                        <\/div>\n                                        <span class=\"tb-skeleton__bone\"><span class=\"tb-skeleton__invisible-text\"><i class=\"fa-solid fa-arrow-right\"><\/i><\/span><\/span>\n                                        <div class=\"tb-calendar-v2-departure__enddate\">\n                                            <span class=\"tb-skeleton__bone\"><span class=\"tb-skeleton__invisible-text\">Sunday<\/span><\/span>\n                                            <span class=\"tb-skeleton__bone\"><span class=\"tb-skeleton__invisible-text\"><strong>26 Jan 2025<\/strong><\/span><\/span>\n                                        <\/div>\n                                    <\/div>\n                                    <div class=\"tb-calendar-v2-departure__divider desktop-only tb-skeleton__bone\"><\/div>\n                                    <div class=\"tb-calendar-v2-departure__availability desktop-only\" data-availability=\"free\"><strong>\n                                            <span class=\"tb-skeleton__bone\"><span class=\"tb-skeleton__invisible-text\">Beschikbaar<\/span><\/span>\n                                        <\/strong><\/div>\n                                    <div class=\"tb-calendar-v2-departure__spots desktop-only\">\n                                        <span class=\"tb-skeleton__bone\"><span class=\"tb-skeleton__invisible-text\">\n                                                                                             <\/span><\/span>\n                                    <\/div>\n                                <\/div>\n                                <div class=\"tb-calendar-v2-departure__last-part\">\n                                    <div class=\"tb-calendar-v2-departure__price\"><span class=\"tb-skeleton__bone\"><span class=\"tb-skeleton__invisible-text\"><strong>\u20ac 1450<\/strong><\/span><\/span><\/div>\n                                    <div class=\"tb-calendar-v2-departure__availability mobile-only\" data-availability=\"free\">\n                                        <strong>\n                                            <span class=\"tb-skeleton__bone\"><span class=\"tb-skeleton__invisible-text\">Beschikbaar<\/span><\/span>\n                                        <\/strong>\n                                    <\/div>\n                                    <div class=\"tb-calendar-v2-departure__expand-button tb-skeleton__disabled desktop-only\" disabled>\n                                        <span class=\"tb-skeleton__bone\"><span class=\"tb-skeleton__invisible-text\"><i class=\"fa-solid fa-chevron-down\"><\/i><\/span><\/span>\n                                    <\/div>\n                                <\/div>\n                            <\/div>\n                            <div class=\"tb-calendar-v2-departure__divider mobile-only tb-skeleton__bone\"><\/div>\n                            <div class=\"tb-calendar-v2-departure__expand-button mobile-only tb-skeleton__disabled\" disabled>\n                                <span class=\"tb-skeleton__bone\"><span class=\"tb-skeleton__invisible-text\"><span class=\"more-info\">Meer info<\/span> <span class=\"less-info\">Minder info<\/span> <i class=\"fa-solid fa-chevron-down\"><\/i><\/span><\/span>\n                            <\/div>\n                        <\/li>\n                                    <\/ul>\n            <\/div>\n        <\/div>\n    <\/div>\n<\/div>            <div class=\"tb-calendar-v2 tb-sections\" data-calendar-data=\"{&quot;brands&quot;:[{&quot;type&quot;:&quot;brands&quot;,&quot;id&quot;:&quot;125&quot;,&quot;attributes&quot;:{&quot;name&quot;:&quot;Cappadocia Trail&quot;,&quot;translatableName&quot;:{&quot;en&quot;:&quot;Cappadocia Trail&quot;,&quot;nl&quot;:&quot;Cappadocia Trail&quot;,&quot;fr&quot;:&quot;Cappadocia Trail&quot;,&quot;de&quot;:&quot;Cappadocia Trail &quot;}}}],&quot;packages&quot;:[{&quot;type&quot;:&quot;packages&quot;,&quot;id&quot;:&quot;CAPT-CAPT&quot;,&quot;attributes&quot;:{&quot;name&quot;:&quot;Cappadocia Trail - Cappadocia Trail&quot;,&quot;destinationName&quot;:&quot;Cappadocia&quot;,&quot;destinationCountry&quot;:&quot;TR&quot;,&quot;destinationTitle&quot;:{&quot;nl&quot;:&quot;Cappadoci\\u00eb&quot;,&quot;en&quot;:&quot;Cappadocia&quot;,&quot;fr&quot;:&quot;Cappadoce&quot;,&quot;de&quot;:&quot;Kappadokien&quot;},&quot;status&quot;:&quot;active&quot;,&quot;updatedAt&quot;:&quot;2026-04-29T11:49:23.000000Z&quot;},&quot;relationships&quot;:{&quot;brand&quot;:{&quot;data&quot;:{&quot;type&quot;:&quot;brands&quot;,&quot;id&quot;:&quot;125&quot;}}}}],&quot;departures&quot;:[{&quot;type&quot;:&quot;departures&quot;,&quot;id&quot;:&quot;t9586&quot;,&quot;attributes&quot;:{&quot;name&quot;:&quot;W18-FRICAPT&quot;,&quot;start&quot;:&quot;2026-05-01T10:00:00.000000Z&quot;,&quot;end&quot;:&quot;2026-05-08T12:00:00.000000Z&quot;,&quot;cheapestPrice&quot;:809,&quot;languages&quot;:[&quot;nl&quot;],&quot;availableSpots&quot;:0,&quot;bookedSpots&quot;:14,&quot;fakeLabel&quot;:&quot;sold out&quot;,&quot;availabilityLabel&quot;:&quot;sold out&quot;,&quot;promoLabel&quot;:&quot;&quot;,&quot;calendarToggles&quot;:[{&quot;value&quot;:&quot;Flights AMS&quot;,&quot;label&quot;:{&quot;en&quot;:&quot;Flights from Amsterdam&quot;,&quot;nl&quot;:&quot;Vluchten vanuit Amsterdam&quot;,&quot;fr&quot;:&quot;Vols depuis Amsterdam&quot;,&quot;de&quot;:&quot;Fl\\u00fcge ab Amsterdam&quot;},&quot;price&quot;:false,&quot;status&quot;:&quot;disabled&quot;,&quot;language_hidden&quot;:[],&quot;startIncrement&quot;:0,&quot;endIncrement&quot;:0,&quot;var_name&quot;:&quot;Flights_copy&quot;,&quot;category_label&quot;:{&quot;en&quot;:&quot;Flights&quot;,&quot;nl&quot;:&quot;Vluchten&quot;,&quot;fr&quot;:&quot;Vols&quot;,&quot;de&quot;:&quot;Fl\\u00fcge&quot;}},{&quot;value&quot;:&quot;Flights BRU&quot;,&quot;label&quot;:{&quot;en&quot;:&quot;Flights from Brussels&quot;,&quot;nl&quot;:&quot;Vluchten vanuit Brussel&quot;,&quot;fr&quot;:&quot;Vols depuis Bruxelles&quot;,&quot;de&quot;:&quot;Fl\\u00fcge ab Br\\u00fcssel&quot;},&quot;price&quot;:false,&quot;status&quot;:&quot;sold_out&quot;,&quot;language_hidden&quot;:[],&quot;startIncrement&quot;:0,&quot;endIncrement&quot;:0,&quot;var_name&quot;:&quot;Flights_copy&quot;,&quot;category_label&quot;:{&quot;en&quot;:&quot;Flights&quot;,&quot;nl&quot;:&quot;Vluchten&quot;,&quot;fr&quot;:&quot;Vols&quot;,&quot;de&quot;:&quot;Fl\\u00fcge&quot;}},{&quot;value&quot;:&quot;No flight&quot;,&quot;label&quot;:{&quot;en&quot;:&quot;Own flights&quot;,&quot;nl&quot;:&quot;Eigen vluchten&quot;,&quot;fr&quot;:&quot;Propre vols&quot;,&quot;de&quot;:&quot;Individuelle Flugbuchung&quot;},&quot;price&quot;:false,&quot;status&quot;:&quot;sold_out&quot;,&quot;language_hidden&quot;:[],&quot;startIncrement&quot;:0,&quot;endIncrement&quot;:0,&quot;var_name&quot;:&quot;Flights_copy&quot;,&quot;category_label&quot;:{&quot;en&quot;:&quot;Flights&quot;,&quot;nl&quot;:&quot;Vluchten&quot;,&quot;fr&quot;:&quot;Vols&quot;,&quot;de&quot;:&quot;Fl\\u00fcge&quot;}}],&quot;bookable&quot;:false,&quot;bookingUrl&quot;:&quot;https:\\\/\\\/booking.travelbase.eu\\\/capt26s\\\/book?trip=9586&quot;,&quot;packageId&quot;:&quot;CAPT-CAPT&quot;}},{&quot;type&quot;:&quot;departures&quot;,&quot;id&quot;:&quot;t9587&quot;,&quot;attributes&quot;:{&quot;name&quot;:&quot;W18-SATCAPT&quot;,&quot;start&quot;:&quot;2026-05-02T10:00:00.000000Z&quot;,&quot;end&quot;:&quot;2026-05-09T12:00:00.000000Z&quot;,&quot;cheapestPrice&quot;:809,&quot;languages&quot;:[&quot;fr&quot;,&quot;de&quot;,&quot;en&quot;,&quot;nl&quot;],&quot;availableSpots&quot;:1,&quot;bookedSpots&quot;:12,&quot;fakeLabel&quot;:&quot;last stock&quot;,&quot;availabilityLabel&quot;:&quot;last spots&quot;,&quot;promoLabel&quot;:&quot;&quot;,&quot;calendarToggles&quot;:[{&quot;value&quot;:&quot;Flights AMS&quot;,&quot;label&quot;:{&quot;en&quot;:&quot;Flights from Amsterdam&quot;,&quot;nl&quot;:&quot;Vluchten vanuit Amsterdam&quot;,&quot;fr&quot;:&quot;Vols depuis Amsterdam&quot;,&quot;de&quot;:&quot;Fl\\u00fcge ab Amsterdam&quot;},&quot;price&quot;:false,&quot;status&quot;:&quot;disabled&quot;,&quot;language_hidden&quot;:[],&quot;startIncrement&quot;:0,&quot;endIncrement&quot;:0,&quot;var_name&quot;:&quot;Flights_copy&quot;,&quot;category_label&quot;:{&quot;en&quot;:&quot;Flights&quot;,&quot;nl&quot;:&quot;Vluchten&quot;,&quot;fr&quot;:&quot;Vols&quot;,&quot;de&quot;:&quot;Fl\\u00fcge&quot;}},{&quot;value&quot;:&quot;Flights BRU&quot;,&quot;label&quot;:{&quot;en&quot;:&quot;Flights from Brussels&quot;,&quot;nl&quot;:&quot;Vluchten vanuit Brussel&quot;,&quot;fr&quot;:&quot;Vols depuis Bruxelles&quot;,&quot;de&quot;:&quot;Fl\\u00fcge ab Br\\u00fcssel&quot;},&quot;price&quot;:false,&quot;status&quot;:&quot;disabled&quot;,&quot;language_hidden&quot;:[],&quot;startIncrement&quot;:0,&quot;endIncrement&quot;:0,&quot;var_name&quot;:&quot;Flights_copy&quot;,&quot;category_label&quot;:{&quot;en&quot;:&quot;Flights&quot;,&quot;nl&quot;:&quot;Vluchten&quot;,&quot;fr&quot;:&quot;Vols&quot;,&quot;de&quot;:&quot;Fl\\u00fcge&quot;}},{&quot;value&quot;:&quot;No flight&quot;,&quot;label&quot;:{&quot;en&quot;:&quot;Own flights&quot;,&quot;nl&quot;:&quot;Eigen vluchten&quot;,&quot;fr&quot;:&quot;Propre vols&quot;,&quot;de&quot;:&quot;Individuelle Flugbuchung&quot;},&quot;price&quot;:0,&quot;status&quot;:&quot;available&quot;,&quot;language_hidden&quot;:[],&quot;startIncrement&quot;:0,&quot;endIncrement&quot;:0,&quot;var_name&quot;:&quot;Flights_copy&quot;,&quot;category_label&quot;:{&quot;en&quot;:&quot;Flights&quot;,&quot;nl&quot;:&quot;Vluchten&quot;,&quot;fr&quot;:&quot;Vols&quot;,&quot;de&quot;:&quot;Fl\\u00fcge&quot;}}],&quot;bookable&quot;:true,&quot;bookingUrl&quot;:&quot;https:\\\/\\\/booking.travelbase.eu\\\/capt26s\\\/book?trip=9587&quot;,&quot;packageId&quot;:&quot;CAPT-CAPT&quot;}},{&quot;type&quot;:&quot;departures&quot;,&quot;id&quot;:&quot;t9588&quot;,&quot;attributes&quot;:{&quot;name&quot;:&quot;W19-SUNCAPT&quot;,&quot;start&quot;:&quot;2026-05-03T10:00:00.000000Z&quot;,&quot;end&quot;:&quot;2026-05-10T12:00:00.000000Z&quot;,&quot;cheapestPrice&quot;:809,&quot;languages&quot;:[&quot;nl&quot;],&quot;availableSpots&quot;:1,&quot;bookedSpots&quot;:15,&quot;fakeLabel&quot;:&quot;last stock&quot;,&quot;availabilityLabel&quot;:&quot;last spots&quot;,&quot;promoLabel&quot;:&quot;&quot;,&quot;calendarToggles&quot;:[{&quot;value&quot;:&quot;Flights AMS&quot;,&quot;label&quot;:{&quot;en&quot;:&quot;Flights from Amsterdam&quot;,&quot;nl&quot;:&quot;Vluchten vanuit Amsterdam&quot;,&quot;fr&quot;:&quot;Vols depuis Amsterdam&quot;,&quot;de&quot;:&quot;Fl\\u00fcge ab Amsterdam&quot;},&quot;price&quot;:false,&quot;status&quot;:&quot;sold_out&quot;,&quot;language_hidden&quot;:[],&quot;startIncrement&quot;:0,&quot;endIncrement&quot;:0,&quot;var_name&quot;:&quot;Flights_copy&quot;,&quot;category_label&quot;:{&quot;en&quot;:&quot;Flights&quot;,&quot;nl&quot;:&quot;Vluchten&quot;,&quot;fr&quot;:&quot;Vols&quot;,&quot;de&quot;:&quot;Fl\\u00fcge&quot;}},{&quot;value&quot;:&quot;Flights BRU&quot;,&quot;label&quot;:{&quot;en&quot;:&quot;Flights from Brussels&quot;,&quot;nl&quot;:&quot;Vluchten vanuit Brussel&quot;,&quot;fr&quot;:&quot;Vols depuis Bruxelles&quot;,&quot;de&quot;:&quot;Fl\\u00fcge ab Br\\u00fcssel&quot;},&quot;price&quot;:false,&quot;status&quot;:&quot;disabled&quot;,&quot;language_hidden&quot;:[],&quot;startIncrement&quot;:0,&quot;endIncrement&quot;:0,&quot;var_name&quot;:&quot;Flights_copy&quot;,&quot;category_label&quot;:{&quot;en&quot;:&quot;Flights&quot;,&quot;nl&quot;:&quot;Vluchten&quot;,&quot;fr&quot;:&quot;Vols&quot;,&quot;de&quot;:&quot;Fl\\u00fcge&quot;}},{&quot;value&quot;:&quot;No flight&quot;,&quot;label&quot;:{&quot;en&quot;:&quot;Own flights&quot;,&quot;nl&quot;:&quot;Eigen vluchten&quot;,&quot;fr&quot;:&quot;Propre vols&quot;,&quot;de&quot;:&quot;Individuelle Flugbuchung&quot;},&quot;price&quot;:0,&quot;status&quot;:&quot;available&quot;,&quot;language_hidden&quot;:[],&quot;startIncrement&quot;:0,&quot;endIncrement&quot;:0,&quot;var_name&quot;:&quot;Flights_copy&quot;,&quot;category_label&quot;:{&quot;en&quot;:&quot;Flights&quot;,&quot;nl&quot;:&quot;Vluchten&quot;,&quot;fr&quot;:&quot;Vols&quot;,&quot;de&quot;:&quot;Fl\\u00fcge&quot;}}],&quot;bookable&quot;:true,&quot;bookingUrl&quot;:&quot;https:\\\/\\\/booking.travelbase.eu\\\/capt26s\\\/book?trip=9588&quot;,&quot;packageId&quot;:&quot;CAPT-CAPT&quot;}},{&quot;type&quot;:&quot;departures&quot;,&quot;id&quot;:&quot;t9589&quot;,&quot;attributes&quot;:{&quot;name&quot;:&quot;W19-FRICAPT&quot;,&quot;start&quot;:&quot;2026-05-08T10:00:00.000000Z&quot;,&quot;end&quot;:&quot;2026-05-15T12:00:00.000000Z&quot;,&quot;cheapestPrice&quot;:809,&quot;languages&quot;:[&quot;nl&quot;],&quot;availableSpots&quot;:0,&quot;bookedSpots&quot;:14,&quot;fakeLabel&quot;:&quot;sold out&quot;,&quot;availabilityLabel&quot;:&quot;sold out&quot;,&quot;promoLabel&quot;:&quot;&quot;,&quot;calendarToggles&quot;:[{&quot;value&quot;:&quot;Flights AMS&quot;,&quot;label&quot;:{&quot;en&quot;:&quot;Flights from Amsterdam&quot;,&quot;nl&quot;:&quot;Vluchten vanuit Amsterdam&quot;,&quot;fr&quot;:&quot;Vols depuis Amsterdam&quot;,&quot;de&quot;:&quot;Fl\\u00fcge ab Amsterdam&quot;},&quot;price&quot;:false,&quot;status&quot;:&quot;disabled&quot;,&quot;language_hidden&quot;:[],&quot;startIncrement&quot;:0,&quot;endIncrement&quot;:0,&quot;var_name&quot;:&quot;Flights_copy&quot;,&quot;category_label&quot;:{&quot;en&quot;:&quot;Flights&quot;,&quot;nl&quot;:&quot;Vluchten&quot;,&quot;fr&quot;:&quot;Vols&quot;,&quot;de&quot;:&quot;Fl\\u00fcge&quot;}},{&quot;value&quot;:&quot;Flights BRU&quot;,&quot;label&quot;:{&quot;en&quot;:&quot;Flights from Brussels&quot;,&quot;nl&quot;:&quot;Vluchten vanuit Brussel&quot;,&quot;fr&quot;:&quot;Vols depuis Bruxelles&quot;,&quot;de&quot;:&quot;Fl\\u00fcge ab Br\\u00fcssel&quot;},&quot;price&quot;:false,&quot;status&quot;:&quot;sold_out&quot;,&quot;language_hidden&quot;:[],&quot;startIncrement&quot;:0,&quot;endIncrement&quot;:0,&quot;var_name&quot;:&quot;Flights_copy&quot;,&quot;category_label&quot;:{&quot;en&quot;:&quot;Flights&quot;,&quot;nl&quot;:&quot;Vluchten&quot;,&quot;fr&quot;:&quot;Vols&quot;,&quot;de&quot;:&quot;Fl\\u00fcge&quot;}},{&quot;value&quot;:&quot;No flight&quot;,&quot;label&quot;:{&quot;en&quot;:&quot;Own flights&quot;,&quot;nl&quot;:&quot;Eigen vluchten&quot;,&quot;fr&quot;:&quot;Propre vols&quot;,&quot;de&quot;:&quot;Individuelle Flugbuchung&quot;},&quot;price&quot;:false,&quot;status&quot;:&quot;sold_out&quot;,&quot;language_hidden&quot;:[],&quot;startIncrement&quot;:0,&quot;endIncrement&quot;:0,&quot;var_name&quot;:&quot;Flights_copy&quot;,&quot;category_label&quot;:{&quot;en&quot;:&quot;Flights&quot;,&quot;nl&quot;:&quot;Vluchten&quot;,&quot;fr&quot;:&quot;Vols&quot;,&quot;de&quot;:&quot;Fl\\u00fcge&quot;}}],&quot;bookable&quot;:false,&quot;bookingUrl&quot;:&quot;https:\\\/\\\/booking.travelbase.eu\\\/capt26s\\\/book?trip=9589&quot;,&quot;packageId&quot;:&quot;CAPT-CAPT&quot;}},{&quot;type&quot;:&quot;departures&quot;,&quot;id&quot;:&quot;t9590&quot;,&quot;attributes&quot;:{&quot;name&quot;:&quot;W19-SATCAPT&quot;,&quot;start&quot;:&quot;2026-05-09T10:00:00.000000Z&quot;,&quot;end&quot;:&quot;2026-05-16T12:00:00.000000Z&quot;,&quot;cheapestPrice&quot;:809,&quot;languages&quot;:[&quot;fr&quot;,&quot;de&quot;,&quot;en&quot;,&quot;nl&quot;],&quot;availableSpots&quot;:0,&quot;bookedSpots&quot;:14,&quot;fakeLabel&quot;:&quot;sold out&quot;,&quot;availabilityLabel&quot;:&quot;sold out&quot;,&quot;promoLabel&quot;:&quot;&quot;,&quot;calendarToggles&quot;:[{&quot;value&quot;:&quot;Flights AMS&quot;,&quot;label&quot;:{&quot;en&quot;:&quot;Flights from Amsterdam&quot;,&quot;nl&quot;:&quot;Vluchten vanuit Amsterdam&quot;,&quot;fr&quot;:&quot;Vols depuis Amsterdam&quot;,&quot;de&quot;:&quot;Fl\\u00fcge ab Amsterdam&quot;},&quot;price&quot;:false,&quot;status&quot;:&quot;disabled&quot;,&quot;language_hidden&quot;:[],&quot;startIncrement&quot;:0,&quot;endIncrement&quot;:0,&quot;var_name&quot;:&quot;Flights_copy&quot;,&quot;category_label&quot;:{&quot;en&quot;:&quot;Flights&quot;,&quot;nl&quot;:&quot;Vluchten&quot;,&quot;fr&quot;:&quot;Vols&quot;,&quot;de&quot;:&quot;Fl\\u00fcge&quot;}},{&quot;value&quot;:&quot;Flights BRU&quot;,&quot;label&quot;:{&quot;en&quot;:&quot;Flights from Brussels&quot;,&quot;nl&quot;:&quot;Vluchten vanuit Brussel&quot;,&quot;fr&quot;:&quot;Vols depuis Bruxelles&quot;,&quot;de&quot;:&quot;Fl\\u00fcge ab Br\\u00fcssel&quot;},&quot;price&quot;:false,&quot;status&quot;:&quot;disabled&quot;,&quot;language_hidden&quot;:[],&quot;startIncrement&quot;:0,&quot;endIncrement&quot;:0,&quot;var_name&quot;:&quot;Flights_copy&quot;,&quot;category_label&quot;:{&quot;en&quot;:&quot;Flights&quot;,&quot;nl&quot;:&quot;Vluchten&quot;,&quot;fr&quot;:&quot;Vols&quot;,&quot;de&quot;:&quot;Fl\\u00fcge&quot;}},{&quot;value&quot;:&quot;No flight&quot;,&quot;label&quot;:{&quot;en&quot;:&quot;Own flights&quot;,&quot;nl&quot;:&quot;Eigen vluchten&quot;,&quot;fr&quot;:&quot;Propre vols&quot;,&quot;de&quot;:&quot;Individuelle Flugbuchung&quot;},&quot;price&quot;:0,&quot;status&quot;:&quot;available&quot;,&quot;language_hidden&quot;:[],&quot;startIncrement&quot;:0,&quot;endIncrement&quot;:0,&quot;var_name&quot;:&quot;Flights_copy&quot;,&quot;category_label&quot;:{&quot;en&quot;:&quot;Flights&quot;,&quot;nl&quot;:&quot;Vluchten&quot;,&quot;fr&quot;:&quot;Vols&quot;,&quot;de&quot;:&quot;Fl\\u00fcge&quot;}}],&quot;bookable&quot;:false,&quot;bookingUrl&quot;:&quot;https:\\\/\\\/booking.travelbase.eu\\\/capt26s\\\/book?trip=9590&quot;,&quot;packageId&quot;:&quot;CAPT-CAPT&quot;}},{&quot;type&quot;:&quot;departures&quot;,&quot;id&quot;:&quot;t9591&quot;,&quot;attributes&quot;:{&quot;name&quot;:&quot;W20-SUNCAPT&quot;,&quot;start&quot;:&quot;2026-05-10T10:00:00.000000Z&quot;,&quot;end&quot;:&quot;2026-05-17T12:00:00.000000Z&quot;,&quot;cheapestPrice&quot;:809,&quot;languages&quot;:[&quot;nl&quot;],&quot;availableSpots&quot;:1,&quot;bookedSpots&quot;:15,&quot;fakeLabel&quot;:&quot;last stock&quot;,&quot;availabilityLabel&quot;:&quot;last spots&quot;,&quot;promoLabel&quot;:&quot;&quot;,&quot;calendarToggles&quot;:[{&quot;value&quot;:&quot;Flights AMS&quot;,&quot;label&quot;:{&quot;en&quot;:&quot;Flights from Amsterdam&quot;,&quot;nl&quot;:&quot;Vluchten vanuit Amsterdam&quot;,&quot;fr&quot;:&quot;Vols depuis Amsterdam&quot;,&quot;de&quot;:&quot;Fl\\u00fcge ab Amsterdam&quot;},&quot;price&quot;:false,&quot;status&quot;:&quot;sold_out&quot;,&quot;language_hidden&quot;:[],&quot;startIncrement&quot;:0,&quot;endIncrement&quot;:0,&quot;var_name&quot;:&quot;Flights_copy&quot;,&quot;category_label&quot;:{&quot;en&quot;:&quot;Flights&quot;,&quot;nl&quot;:&quot;Vluchten&quot;,&quot;fr&quot;:&quot;Vols&quot;,&quot;de&quot;:&quot;Fl\\u00fcge&quot;}},{&quot;value&quot;:&quot;Flights BRU&quot;,&quot;label&quot;:{&quot;en&quot;:&quot;Flights from Brussels&quot;,&quot;nl&quot;:&quot;Vluchten vanuit Brussel&quot;,&quot;fr&quot;:&quot;Vols depuis Bruxelles&quot;,&quot;de&quot;:&quot;Fl\\u00fcge ab Br\\u00fcssel&quot;},&quot;price&quot;:false,&quot;status&quot;:&quot;disabled&quot;,&quot;language_hidden&quot;:[],&quot;startIncrement&quot;:0,&quot;endIncrement&quot;:0,&quot;var_name&quot;:&quot;Flights_copy&quot;,&quot;category_label&quot;:{&quot;en&quot;:&quot;Flights&quot;,&quot;nl&quot;:&quot;Vluchten&quot;,&quot;fr&quot;:&quot;Vols&quot;,&quot;de&quot;:&quot;Fl\\u00fcge&quot;}},{&quot;value&quot;:&quot;No flight&quot;,&quot;label&quot;:{&quot;en&quot;:&quot;Own flights&quot;,&quot;nl&quot;:&quot;Eigen vluchten&quot;,&quot;fr&quot;:&quot;Propre vols&quot;,&quot;de&quot;:&quot;Individuelle Flugbuchung&quot;},&quot;price&quot;:false,&quot;status&quot;:&quot;sold_out&quot;,&quot;language_hidden&quot;:[],&quot;startIncrement&quot;:0,&quot;endIncrement&quot;:0,&quot;var_name&quot;:&quot;Flights_copy&quot;,&quot;category_label&quot;:{&quot;en&quot;:&quot;Flights&quot;,&quot;nl&quot;:&quot;Vluchten&quot;,&quot;fr&quot;:&quot;Vols&quot;,&quot;de&quot;:&quot;Fl\\u00fcge&quot;}}],&quot;bookable&quot;:true,&quot;bookingUrl&quot;:&quot;https:\\\/\\\/booking.travelbase.eu\\\/capt26s\\\/book?trip=9591&quot;,&quot;packageId&quot;:&quot;CAPT-CAPT&quot;}},{&quot;type&quot;:&quot;departures&quot;,&quot;id&quot;:&quot;t9592&quot;,&quot;attributes&quot;:{&quot;name&quot;:&quot;W20-FRICAPT&quot;,&quot;start&quot;:&quot;2026-05-15T10:00:00.000000Z&quot;,&quot;end&quot;:&quot;2026-05-22T12:00:00.000000Z&quot;,&quot;cheapestPrice&quot;:809,&quot;languages&quot;:[&quot;nl&quot;],&quot;availableSpots&quot;:1,&quot;bookedSpots&quot;:12,&quot;fakeLabel&quot;:&quot;last stock&quot;,&quot;availabilityLabel&quot;:&quot;last spots&quot;,&quot;promoLabel&quot;:&quot;&quot;,&quot;calendarToggles&quot;:[{&quot;value&quot;:&quot;Flights AMS&quot;,&quot;label&quot;:{&quot;en&quot;:&quot;Flights from Amsterdam&quot;,&quot;nl&quot;:&quot;Vluchten vanuit Amsterdam&quot;,&quot;fr&quot;:&quot;Vols depuis Amsterdam&quot;,&quot;de&quot;:&quot;Fl\\u00fcge ab Amsterdam&quot;},&quot;price&quot;:false,&quot;status&quot;:&quot;disabled&quot;,&quot;language_hidden&quot;:[],&quot;startIncrement&quot;:0,&quot;endIncrement&quot;:0,&quot;var_name&quot;:&quot;Flights_copy&quot;,&quot;category_label&quot;:{&quot;en&quot;:&quot;Flights&quot;,&quot;nl&quot;:&quot;Vluchten&quot;,&quot;fr&quot;:&quot;Vols&quot;,&quot;de&quot;:&quot;Fl\\u00fcge&quot;}},{&quot;value&quot;:&quot;Flights BRU&quot;,&quot;label&quot;:{&quot;en&quot;:&quot;Flights from Brussels&quot;,&quot;nl&quot;:&quot;Vluchten vanuit Brussel&quot;,&quot;fr&quot;:&quot;Vols depuis Bruxelles&quot;,&quot;de&quot;:&quot;Fl\\u00fcge ab Br\\u00fcssel&quot;},&quot;price&quot;:false,&quot;status&quot;:&quot;sold_out&quot;,&quot;language_hidden&quot;:[],&quot;startIncrement&quot;:0,&quot;endIncrement&quot;:0,&quot;var_name&quot;:&quot;Flights_copy&quot;,&quot;category_label&quot;:{&quot;en&quot;:&quot;Flights&quot;,&quot;nl&quot;:&quot;Vluchten&quot;,&quot;fr&quot;:&quot;Vols&quot;,&quot;de&quot;:&quot;Fl\\u00fcge&quot;}},{&quot;value&quot;:&quot;No flight&quot;,&quot;label&quot;:{&quot;en&quot;:&quot;Own flights&quot;,&quot;nl&quot;:&quot;Eigen vluchten&quot;,&quot;fr&quot;:&quot;Propre vols&quot;,&quot;de&quot;:&quot;Individuelle Flugbuchung&quot;},&quot;price&quot;:false,&quot;status&quot;:&quot;sold_out&quot;,&quot;language_hidden&quot;:[],&quot;startIncrement&quot;:0,&quot;endIncrement&quot;:0,&quot;var_name&quot;:&quot;Flights_copy&quot;,&quot;category_label&quot;:{&quot;en&quot;:&quot;Flights&quot;,&quot;nl&quot;:&quot;Vluchten&quot;,&quot;fr&quot;:&quot;Vols&quot;,&quot;de&quot;:&quot;Fl\\u00fcge&quot;}}],&quot;bookable&quot;:true,&quot;bookingUrl&quot;:&quot;https:\\\/\\\/booking.travelbase.eu\\\/capt26s\\\/book?trip=9592&quot;,&quot;packageId&quot;:&quot;CAPT-CAPT&quot;}},{&quot;type&quot;:&quot;departures&quot;,&quot;id&quot;:&quot;t9594&quot;,&quot;attributes&quot;:{&quot;name&quot;:&quot;W21-SUNCAPT&quot;,&quot;start&quot;:&quot;2026-05-17T10:00:00.000000Z&quot;,&quot;end&quot;:&quot;2026-05-24T12:00:00.000000Z&quot;,&quot;cheapestPrice&quot;:809,&quot;languages&quot;:[&quot;nl&quot;],&quot;availableSpots&quot;:0,&quot;bookedSpots&quot;:16,&quot;fakeLabel&quot;:&quot;sold out&quot;,&quot;availabilityLabel&quot;:&quot;sold out&quot;,&quot;promoLabel&quot;:&quot;&quot;,&quot;calendarToggles&quot;:[{&quot;value&quot;:&quot;Flights AMS&quot;,&quot;label&quot;:{&quot;en&quot;:&quot;Flights from Amsterdam&quot;,&quot;nl&quot;:&quot;Vluchten vanuit Amsterdam&quot;,&quot;fr&quot;:&quot;Vols depuis Amsterdam&quot;,&quot;de&quot;:&quot;Fl\\u00fcge ab Amsterdam&quot;},&quot;price&quot;:false,&quot;status&quot;:&quot;sold_out&quot;,&quot;language_hidden&quot;:[],&quot;startIncrement&quot;:0,&quot;endIncrement&quot;:0,&quot;var_name&quot;:&quot;Flights_copy&quot;,&quot;category_label&quot;:{&quot;en&quot;:&quot;Flights&quot;,&quot;nl&quot;:&quot;Vluchten&quot;,&quot;fr&quot;:&quot;Vols&quot;,&quot;de&quot;:&quot;Fl\\u00fcge&quot;}},{&quot;value&quot;:&quot;Flights BRU&quot;,&quot;label&quot;:{&quot;en&quot;:&quot;Flights from Brussels&quot;,&quot;nl&quot;:&quot;Vluchten vanuit Brussel&quot;,&quot;fr&quot;:&quot;Vols depuis Bruxelles&quot;,&quot;de&quot;:&quot;Fl\\u00fcge ab Br\\u00fcssel&quot;},&quot;price&quot;:false,&quot;status&quot;:&quot;disabled&quot;,&quot;language_hidden&quot;:[],&quot;startIncrement&quot;:0,&quot;endIncrement&quot;:0,&quot;var_name&quot;:&quot;Flights_copy&quot;,&quot;category_label&quot;:{&quot;en&quot;:&quot;Flights&quot;,&quot;nl&quot;:&quot;Vluchten&quot;,&quot;fr&quot;:&quot;Vols&quot;,&quot;de&quot;:&quot;Fl\\u00fcge&quot;}},{&quot;value&quot;:&quot;No flight&quot;,&quot;label&quot;:{&quot;en&quot;:&quot;Own flights&quot;,&quot;nl&quot;:&quot;Eigen vluchten&quot;,&quot;fr&quot;:&quot;Propre vols&quot;,&quot;de&quot;:&quot;Individuelle Flugbuchung&quot;},&quot;price&quot;:false,&quot;status&quot;:&quot;sold_out&quot;,&quot;language_hidden&quot;:[],&quot;startIncrement&quot;:0,&quot;endIncrement&quot;:0,&quot;var_name&quot;:&quot;Flights_copy&quot;,&quot;category_label&quot;:{&quot;en&quot;:&quot;Flights&quot;,&quot;nl&quot;:&quot;Vluchten&quot;,&quot;fr&quot;:&quot;Vols&quot;,&quot;de&quot;:&quot;Fl\\u00fcge&quot;}}],&quot;bookable&quot;:false,&quot;bookingUrl&quot;:&quot;https:\\\/\\\/booking.travelbase.eu\\\/capt26s\\\/book?trip=9594&quot;,&quot;packageId&quot;:&quot;CAPT-CAPT&quot;}},{&quot;type&quot;:&quot;departures&quot;,&quot;id&quot;:&quot;t9595&quot;,&quot;attributes&quot;:{&quot;name&quot;:&quot;W21-FRICAPT&quot;,&quot;start&quot;:&quot;2026-05-22T10:00:00.000000Z&quot;,&quot;end&quot;:&quot;2026-05-29T12:00:00.000000Z&quot;,&quot;cheapestPrice&quot;:809,&quot;languages&quot;:[&quot;nl&quot;],&quot;availableSpots&quot;:0,&quot;bookedSpots&quot;:14,&quot;fakeLabel&quot;:&quot;sold out&quot;,&quot;availabilityLabel&quot;:&quot;sold out&quot;,&quot;promoLabel&quot;:&quot;&quot;,&quot;calendarToggles&quot;:[{&quot;value&quot;:&quot;Flights AMS&quot;,&quot;label&quot;:{&quot;en&quot;:&quot;Flights from Amsterdam&quot;,&quot;nl&quot;:&quot;Vluchten vanuit Amsterdam&quot;,&quot;fr&quot;:&quot;Vols depuis Amsterdam&quot;,&quot;de&quot;:&quot;Fl\\u00fcge ab Amsterdam&quot;},&quot;price&quot;:false,&quot;status&quot;:&quot;disabled&quot;,&quot;language_hidden&quot;:[],&quot;startIncrement&quot;:0,&quot;endIncrement&quot;:0,&quot;var_name&quot;:&quot;Flights_copy&quot;,&quot;category_label&quot;:{&quot;en&quot;:&quot;Flights&quot;,&quot;nl&quot;:&quot;Vluchten&quot;,&quot;fr&quot;:&quot;Vols&quot;,&quot;de&quot;:&quot;Fl\\u00fcge&quot;}},{&quot;value&quot;:&quot;Flights BRU&quot;,&quot;label&quot;:{&quot;en&quot;:&quot;Flights from Brussels&quot;,&quot;nl&quot;:&quot;Vluchten vanuit Brussel&quot;,&quot;fr&quot;:&quot;Vols depuis Bruxelles&quot;,&quot;de&quot;:&quot;Fl\\u00fcge ab Br\\u00fcssel&quot;},&quot;price&quot;:false,&quot;status&quot;:&quot;sold_out&quot;,&quot;language_hidden&quot;:[],&quot;startIncrement&quot;:0,&quot;endIncrement&quot;:0,&quot;var_name&quot;:&quot;Flights_copy&quot;,&quot;category_label&quot;:{&quot;en&quot;:&quot;Flights&quot;,&quot;nl&quot;:&quot;Vluchten&quot;,&quot;fr&quot;:&quot;Vols&quot;,&quot;de&quot;:&quot;Fl\\u00fcge&quot;}},{&quot;value&quot;:&quot;No flight&quot;,&quot;label&quot;:{&quot;en&quot;:&quot;Own flights&quot;,&quot;nl&quot;:&quot;Eigen vluchten&quot;,&quot;fr&quot;:&quot;Propre vols&quot;,&quot;de&quot;:&quot;Individuelle Flugbuchung&quot;},&quot;price&quot;:false,&quot;status&quot;:&quot;sold_out&quot;,&quot;language_hidden&quot;:[],&quot;startIncrement&quot;:0,&quot;endIncrement&quot;:0,&quot;var_name&quot;:&quot;Flights_copy&quot;,&quot;category_label&quot;:{&quot;en&quot;:&quot;Flights&quot;,&quot;nl&quot;:&quot;Vluchten&quot;,&quot;fr&quot;:&quot;Vols&quot;,&quot;de&quot;:&quot;Fl\\u00fcge&quot;}}],&quot;bookable&quot;:false,&quot;bookingUrl&quot;:&quot;https:\\\/\\\/booking.travelbase.eu\\\/capt26s\\\/book?trip=9595&quot;,&quot;packageId&quot;:&quot;CAPT-CAPT&quot;}},{&quot;type&quot;:&quot;departures&quot;,&quot;id&quot;:&quot;t9597&quot;,&quot;attributes&quot;:{&quot;name&quot;:&quot;W22-SUNCAPT&quot;,&quot;start&quot;:&quot;2026-05-24T10:00:00.000000Z&quot;,&quot;end&quot;:&quot;2026-05-31T12:00:00.000000Z&quot;,&quot;cheapestPrice&quot;:809,&quot;languages&quot;:[&quot;nl&quot;],&quot;availableSpots&quot;:0,&quot;bookedSpots&quot;:13,&quot;fakeLabel&quot;:&quot;sold out&quot;,&quot;availabilityLabel&quot;:&quot;sold out&quot;,&quot;promoLabel&quot;:&quot;&quot;,&quot;calendarToggles&quot;:[{&quot;value&quot;:&quot;Flights AMS&quot;,&quot;label&quot;:{&quot;en&quot;:&quot;Flights from Amsterdam&quot;,&quot;nl&quot;:&quot;Vluchten vanuit Amsterdam&quot;,&quot;fr&quot;:&quot;Vols depuis Amsterdam&quot;,&quot;de&quot;:&quot;Fl\\u00fcge ab Amsterdam&quot;},&quot;price&quot;:430,&quot;status&quot;:&quot;available&quot;,&quot;language_hidden&quot;:[],&quot;startIncrement&quot;:0,&quot;endIncrement&quot;:0,&quot;var_name&quot;:&quot;Flights_copy&quot;,&quot;category_label&quot;:{&quot;en&quot;:&quot;Flights&quot;,&quot;nl&quot;:&quot;Vluchten&quot;,&quot;fr&quot;:&quot;Vols&quot;,&quot;de&quot;:&quot;Fl\\u00fcge&quot;}},{&quot;value&quot;:&quot;Flights BRU&quot;,&quot;label&quot;:{&quot;en&quot;:&quot;Flights from Brussels&quot;,&quot;nl&quot;:&quot;Vluchten vanuit Brussel&quot;,&quot;fr&quot;:&quot;Vols depuis Bruxelles&quot;,&quot;de&quot;:&quot;Fl\\u00fcge ab Br\\u00fcssel&quot;},&quot;price&quot;:false,&quot;status&quot;:&quot;disabled&quot;,&quot;language_hidden&quot;:[],&quot;startIncrement&quot;:0,&quot;endIncrement&quot;:0,&quot;var_name&quot;:&quot;Flights_copy&quot;,&quot;category_label&quot;:{&quot;en&quot;:&quot;Flights&quot;,&quot;nl&quot;:&quot;Vluchten&quot;,&quot;fr&quot;:&quot;Vols&quot;,&quot;de&quot;:&quot;Fl\\u00fcge&quot;}},{&quot;value&quot;:&quot;No flight&quot;,&quot;label&quot;:{&quot;en&quot;:&quot;Own flights&quot;,&quot;nl&quot;:&quot;Eigen vluchten&quot;,&quot;fr&quot;:&quot;Propre vols&quot;,&quot;de&quot;:&quot;Individuelle Flugbuchung&quot;},&quot;price&quot;:false,&quot;status&quot;:&quot;sold_out&quot;,&quot;language_hidden&quot;:[],&quot;startIncrement&quot;:0,&quot;endIncrement&quot;:0,&quot;var_name&quot;:&quot;Flights_copy&quot;,&quot;category_label&quot;:{&quot;en&quot;:&quot;Flights&quot;,&quot;nl&quot;:&quot;Vluchten&quot;,&quot;fr&quot;:&quot;Vols&quot;,&quot;de&quot;:&quot;Fl\\u00fcge&quot;}}],&quot;bookable&quot;:false,&quot;bookingUrl&quot;:&quot;https:\\\/\\\/booking.travelbase.eu\\\/capt26s\\\/book?trip=9597&quot;,&quot;packageId&quot;:&quot;CAPT-CAPT&quot;}},{&quot;type&quot;:&quot;departures&quot;,&quot;id&quot;:&quot;t11785&quot;,&quot;attributes&quot;:{&quot;name&quot;:&quot;CAPT26A-W37-FRI&quot;,&quot;start&quot;:&quot;2026-09-11T10:00:00.000000Z&quot;,&quot;end&quot;:&quot;2026-09-18T12:00:00.000000Z&quot;,&quot;cheapestPrice&quot;:795,&quot;languages&quot;:[&quot;nl&quot;],&quot;availableSpots&quot;:2,&quot;bookedSpots&quot;:10,&quot;fakeLabel&quot;:&quot;last stock&quot;,&quot;availabilityLabel&quot;:&quot;last spots&quot;,&quot;promoLabel&quot;:&quot;early bird price&quot;,&quot;calendarToggles&quot;:[{&quot;value&quot;:&quot;Flights AMS&quot;,&quot;label&quot;:{&quot;en&quot;:&quot;Flights from Amsterdam&quot;,&quot;nl&quot;:&quot;Vluchten vanuit Amsterdam&quot;,&quot;fr&quot;:&quot;Vols depuis Amsterdam&quot;,&quot;de&quot;:&quot;Fl\\u00fcge ab Amsterdam&quot;},&quot;price&quot;:false,&quot;status&quot;:&quot;disabled&quot;,&quot;language_hidden&quot;:[],&quot;startIncrement&quot;:0,&quot;endIncrement&quot;:0,&quot;var_name&quot;:&quot;Flights_copy&quot;,&quot;category_label&quot;:{&quot;en&quot;:&quot;Flights&quot;,&quot;nl&quot;:&quot;Vluchten&quot;,&quot;fr&quot;:&quot;Vols&quot;,&quot;de&quot;:&quot;Fl\\u00fcge&quot;}},{&quot;value&quot;:&quot;Flights BRU&quot;,&quot;label&quot;:{&quot;en&quot;:&quot;Flights from Brussels&quot;,&quot;nl&quot;:&quot;Vluchten vanuit Brussel&quot;,&quot;fr&quot;:&quot;Vols depuis Bruxelles&quot;,&quot;de&quot;:&quot;Fl\\u00fcge ab Br\\u00fcssel&quot;},&quot;price&quot;:319,&quot;status&quot;:&quot;available&quot;,&quot;language_hidden&quot;:[],&quot;startIncrement&quot;:0,&quot;endIncrement&quot;:0,&quot;var_name&quot;:&quot;Flights_copy&quot;,&quot;category_label&quot;:{&quot;en&quot;:&quot;Flights&quot;,&quot;nl&quot;:&quot;Vluchten&quot;,&quot;fr&quot;:&quot;Vols&quot;,&quot;de&quot;:&quot;Fl\\u00fcge&quot;}},{&quot;value&quot;:&quot;No flight&quot;,&quot;label&quot;:{&quot;en&quot;:&quot;Own flights&quot;,&quot;nl&quot;:&quot;Eigen vluchten&quot;,&quot;fr&quot;:&quot;Propre vols&quot;,&quot;de&quot;:&quot;Individuelle Flugbuchung&quot;},&quot;price&quot;:false,&quot;status&quot;:&quot;sold_out&quot;,&quot;language_hidden&quot;:[],&quot;startIncrement&quot;:0,&quot;endIncrement&quot;:0,&quot;var_name&quot;:&quot;Flights_copy&quot;,&quot;category_label&quot;:{&quot;en&quot;:&quot;Flights&quot;,&quot;nl&quot;:&quot;Vluchten&quot;,&quot;fr&quot;:&quot;Vols&quot;,&quot;de&quot;:&quot;Fl\\u00fcge&quot;}}],&quot;bookable&quot;:true,&quot;bookingUrl&quot;:&quot;https:\\\/\\\/booking.travelbase.eu\\\/capt26a\\\/book?trip=11785&quot;,&quot;packageId&quot;:&quot;CAPT-CAPT&quot;}},{&quot;type&quot;:&quot;departures&quot;,&quot;id&quot;:&quot;t11789&quot;,&quot;attributes&quot;:{&quot;name&quot;:&quot;CAPT26A-W37-SAT&quot;,&quot;start&quot;:&quot;2026-09-12T10:00:00.000000Z&quot;,&quot;end&quot;:&quot;2026-09-19T12:00:00.000000Z&quot;,&quot;cheapestPrice&quot;:795,&quot;languages&quot;:[&quot;nl&quot;,&quot;fr&quot;,&quot;en&quot;,&quot;de&quot;],&quot;availableSpots&quot;:3,&quot;bookedSpots&quot;:11,&quot;fakeLabel&quot;:&quot;last stock&quot;,&quot;availabilityLabel&quot;:&quot;last spots&quot;,&quot;promoLabel&quot;:&quot;early bird price&quot;,&quot;calendarToggles&quot;:null,&quot;bookable&quot;:true,&quot;bookingUrl&quot;:&quot;https:\\\/\\\/booking.travelbase.eu\\\/capt26a\\\/book?trip=11789&quot;,&quot;packageId&quot;:&quot;CAPT-CAPT&quot;}},{&quot;type&quot;:&quot;departures&quot;,&quot;id&quot;:&quot;t11793&quot;,&quot;attributes&quot;:{&quot;name&quot;:&quot;CAPT26A-W38-SUN&quot;,&quot;start&quot;:&quot;2026-09-13T10:00:00.000000Z&quot;,&quot;end&quot;:&quot;2026-09-20T12:00:00.000000Z&quot;,&quot;cheapestPrice&quot;:795,&quot;languages&quot;:[&quot;nl&quot;],&quot;availableSpots&quot;:1,&quot;bookedSpots&quot;:13,&quot;fakeLabel&quot;:&quot;sold out&quot;,&quot;availabilityLabel&quot;:&quot;sold out&quot;,&quot;promoLabel&quot;:&quot;&quot;,&quot;calendarToggles&quot;:[{&quot;value&quot;:&quot;Flights AMS&quot;,&quot;label&quot;:{&quot;en&quot;:&quot;Flights from Amsterdam&quot;,&quot;nl&quot;:&quot;Vluchten vanuit Amsterdam&quot;,&quot;fr&quot;:&quot;Vols depuis Amsterdam&quot;,&quot;de&quot;:&quot;Fl\\u00fcge ab Amsterdam&quot;},&quot;price&quot;:295,&quot;status&quot;:&quot;available&quot;,&quot;language_hidden&quot;:[],&quot;startIncrement&quot;:0,&quot;endIncrement&quot;:0,&quot;var_name&quot;:&quot;Flights_copy&quot;,&quot;category_label&quot;:{&quot;en&quot;:&quot;Flights&quot;,&quot;nl&quot;:&quot;Vluchten&quot;,&quot;fr&quot;:&quot;Vols&quot;,&quot;de&quot;:&quot;Fl\\u00fcge&quot;}},{&quot;value&quot;:&quot;Flights BRU&quot;,&quot;label&quot;:{&quot;en&quot;:&quot;Flights from Brussels&quot;,&quot;nl&quot;:&quot;Vluchten vanuit Brussel&quot;,&quot;fr&quot;:&quot;Vols depuis Bruxelles&quot;,&quot;de&quot;:&quot;Fl\\u00fcge ab Br\\u00fcssel&quot;},&quot;price&quot;:false,&quot;status&quot;:&quot;disabled&quot;,&quot;language_hidden&quot;:[],&quot;startIncrement&quot;:0,&quot;endIncrement&quot;:0,&quot;var_name&quot;:&quot;Flights_copy&quot;,&quot;category_label&quot;:{&quot;en&quot;:&quot;Flights&quot;,&quot;nl&quot;:&quot;Vluchten&quot;,&quot;fr&quot;:&quot;Vols&quot;,&quot;de&quot;:&quot;Fl\\u00fcge&quot;}},{&quot;value&quot;:&quot;No flight&quot;,&quot;label&quot;:{&quot;en&quot;:&quot;Own flights&quot;,&quot;nl&quot;:&quot;Eigen vluchten&quot;,&quot;fr&quot;:&quot;Propre vols&quot;,&quot;de&quot;:&quot;Individuelle Flugbuchung&quot;},&quot;price&quot;:false,&quot;status&quot;:&quot;sold_out&quot;,&quot;language_hidden&quot;:[],&quot;startIncrement&quot;:0,&quot;endIncrement&quot;:0,&quot;var_name&quot;:&quot;Flights_copy&quot;,&quot;category_label&quot;:{&quot;en&quot;:&quot;Flights&quot;,&quot;nl&quot;:&quot;Vluchten&quot;,&quot;fr&quot;:&quot;Vols&quot;,&quot;de&quot;:&quot;Fl\\u00fcge&quot;}}],&quot;bookable&quot;:false,&quot;bookingUrl&quot;:&quot;https:\\\/\\\/booking.travelbase.eu\\\/capt26a\\\/book?trip=11793&quot;,&quot;packageId&quot;:&quot;CAPT-CAPT&quot;}},{&quot;type&quot;:&quot;departures&quot;,&quot;id&quot;:&quot;t11786&quot;,&quot;attributes&quot;:{&quot;name&quot;:&quot;CAPT26A-W38-FRI&quot;,&quot;start&quot;:&quot;2026-09-18T10:00:00.000000Z&quot;,&quot;end&quot;:&quot;2026-09-25T12:00:00.000000Z&quot;,&quot;cheapestPrice&quot;:795,&quot;languages&quot;:[&quot;nl&quot;],&quot;availableSpots&quot;:10,&quot;bookedSpots&quot;:5,&quot;fakeLabel&quot;:&quot;&quot;,&quot;availabilityLabel&quot;:&quot;&quot;,&quot;promoLabel&quot;:&quot;early bird price&quot;,&quot;calendarToggles&quot;:[{&quot;value&quot;:&quot;Flights AMS&quot;,&quot;label&quot;:{&quot;en&quot;:&quot;Flights from Amsterdam&quot;,&quot;nl&quot;:&quot;Vluchten vanuit Amsterdam&quot;,&quot;fr&quot;:&quot;Vols depuis Amsterdam&quot;,&quot;de&quot;:&quot;Fl\\u00fcge ab Amsterdam&quot;},&quot;price&quot;:false,&quot;status&quot;:&quot;disabled&quot;,&quot;language_hidden&quot;:[],&quot;startIncrement&quot;:0,&quot;endIncrement&quot;:0,&quot;var_name&quot;:&quot;Flights_copy&quot;,&quot;category_label&quot;:{&quot;en&quot;:&quot;Flights&quot;,&quot;nl&quot;:&quot;Vluchten&quot;,&quot;fr&quot;:&quot;Vols&quot;,&quot;de&quot;:&quot;Fl\\u00fcge&quot;}},{&quot;value&quot;:&quot;Flights BRU&quot;,&quot;label&quot;:{&quot;en&quot;:&quot;Flights from Brussels&quot;,&quot;nl&quot;:&quot;Vluchten vanuit Brussel&quot;,&quot;fr&quot;:&quot;Vols depuis Bruxelles&quot;,&quot;de&quot;:&quot;Fl\\u00fcge ab Br\\u00fcssel&quot;},&quot;price&quot;:329,&quot;status&quot;:&quot;available&quot;,&quot;language_hidden&quot;:[],&quot;startIncrement&quot;:0,&quot;endIncrement&quot;:0,&quot;var_name&quot;:&quot;Flights_copy&quot;,&quot;category_label&quot;:{&quot;en&quot;:&quot;Flights&quot;,&quot;nl&quot;:&quot;Vluchten&quot;,&quot;fr&quot;:&quot;Vols&quot;,&quot;de&quot;:&quot;Fl\\u00fcge&quot;}},{&quot;value&quot;:&quot;No flight&quot;,&quot;label&quot;:{&quot;en&quot;:&quot;Own flights&quot;,&quot;nl&quot;:&quot;Eigen vluchten&quot;,&quot;fr&quot;:&quot;Propre vols&quot;,&quot;de&quot;:&quot;Individuelle Flugbuchung&quot;},&quot;price&quot;:false,&quot;status&quot;:&quot;sold_out&quot;,&quot;language_hidden&quot;:[],&quot;startIncrement&quot;:0,&quot;endIncrement&quot;:0,&quot;var_name&quot;:&quot;Flights_copy&quot;,&quot;category_label&quot;:{&quot;en&quot;:&quot;Flights&quot;,&quot;nl&quot;:&quot;Vluchten&quot;,&quot;fr&quot;:&quot;Vols&quot;,&quot;de&quot;:&quot;Fl\\u00fcge&quot;}}],&quot;bookable&quot;:true,&quot;bookingUrl&quot;:&quot;https:\\\/\\\/booking.travelbase.eu\\\/capt26a\\\/book?trip=11786&quot;,&quot;packageId&quot;:&quot;CAPT-CAPT&quot;}},{&quot;type&quot;:&quot;departures&quot;,&quot;id&quot;:&quot;t11790&quot;,&quot;attributes&quot;:{&quot;name&quot;:&quot;CAPT26A-W38-SAT&quot;,&quot;start&quot;:&quot;2026-09-19T10:00:00.000000Z&quot;,&quot;end&quot;:&quot;2026-09-26T12:00:00.000000Z&quot;,&quot;cheapestPrice&quot;:795,&quot;languages&quot;:[&quot;nl&quot;,&quot;fr&quot;,&quot;en&quot;,&quot;de&quot;],&quot;availableSpots&quot;:2,&quot;bookedSpots&quot;:12,&quot;fakeLabel&quot;:&quot;last stock&quot;,&quot;availabilityLabel&quot;:&quot;last spots&quot;,&quot;promoLabel&quot;:&quot;early bird price&quot;,&quot;calendarToggles&quot;:null,&quot;bookable&quot;:true,&quot;bookingUrl&quot;:&quot;https:\\\/\\\/booking.travelbase.eu\\\/capt26a\\\/book?trip=11790&quot;,&quot;packageId&quot;:&quot;CAPT-CAPT&quot;}},{&quot;type&quot;:&quot;departures&quot;,&quot;id&quot;:&quot;t11794&quot;,&quot;attributes&quot;:{&quot;name&quot;:&quot;CAPT26A-W39-SUN&quot;,&quot;start&quot;:&quot;2026-09-20T10:00:00.000000Z&quot;,&quot;end&quot;:&quot;2026-09-27T12:00:00.000000Z&quot;,&quot;cheapestPrice&quot;:795,&quot;languages&quot;:[&quot;nl&quot;],&quot;availableSpots&quot;:1,&quot;bookedSpots&quot;:13,&quot;fakeLabel&quot;:&quot;&quot;,&quot;availabilityLabel&quot;:&quot;&quot;,&quot;promoLabel&quot;:&quot;early bird price&quot;,&quot;calendarToggles&quot;:[{&quot;value&quot;:&quot;Flights AMS&quot;,&quot;label&quot;:{&quot;en&quot;:&quot;Flights from Amsterdam&quot;,&quot;nl&quot;:&quot;Vluchten vanuit Amsterdam&quot;,&quot;fr&quot;:&quot;Vols depuis Amsterdam&quot;,&quot;de&quot;:&quot;Fl\\u00fcge ab Amsterdam&quot;},&quot;price&quot;:false,&quot;status&quot;:&quot;sold_out&quot;,&quot;language_hidden&quot;:[],&quot;startIncrement&quot;:0,&quot;endIncrement&quot;:0,&quot;var_name&quot;:&quot;Flights_copy&quot;,&quot;category_label&quot;:{&quot;en&quot;:&quot;Flights&quot;,&quot;nl&quot;:&quot;Vluchten&quot;,&quot;fr&quot;:&quot;Vols&quot;,&quot;de&quot;:&quot;Fl\\u00fcge&quot;}},{&quot;value&quot;:&quot;Flights BRU&quot;,&quot;label&quot;:{&quot;en&quot;:&quot;Flights from Brussels&quot;,&quot;nl&quot;:&quot;Vluchten vanuit Brussel&quot;,&quot;fr&quot;:&quot;Vols depuis Bruxelles&quot;,&quot;de&quot;:&quot;Fl\\u00fcge ab Br\\u00fcssel&quot;},&quot;price&quot;:false,&quot;status&quot;:&quot;disabled&quot;,&quot;language_hidden&quot;:[],&quot;startIncrement&quot;:0,&quot;endIncrement&quot;:0,&quot;var_name&quot;:&quot;Flights_copy&quot;,&quot;category_label&quot;:{&quot;en&quot;:&quot;Flights&quot;,&quot;nl&quot;:&quot;Vluchten&quot;,&quot;fr&quot;:&quot;Vols&quot;,&quot;de&quot;:&quot;Fl\\u00fcge&quot;}},{&quot;value&quot;:&quot;No flight&quot;,&quot;label&quot;:{&quot;en&quot;:&quot;Own flights&quot;,&quot;nl&quot;:&quot;Eigen vluchten&quot;,&quot;fr&quot;:&quot;Propre vols&quot;,&quot;de&quot;:&quot;Individuelle Flugbuchung&quot;},&quot;price&quot;:0,&quot;status&quot;:&quot;available&quot;,&quot;language_hidden&quot;:[],&quot;startIncrement&quot;:0,&quot;endIncrement&quot;:0,&quot;var_name&quot;:&quot;Flights_copy&quot;,&quot;category_label&quot;:{&quot;en&quot;:&quot;Flights&quot;,&quot;nl&quot;:&quot;Vluchten&quot;,&quot;fr&quot;:&quot;Vols&quot;,&quot;de&quot;:&quot;Fl\\u00fcge&quot;}}],&quot;bookable&quot;:true,&quot;bookingUrl&quot;:&quot;https:\\\/\\\/booking.travelbase.eu\\\/capt26a\\\/book?trip=11794&quot;,&quot;packageId&quot;:&quot;CAPT-CAPT&quot;}},{&quot;type&quot;:&quot;departures&quot;,&quot;id&quot;:&quot;t11787&quot;,&quot;attributes&quot;:{&quot;name&quot;:&quot;CAPT26A-W39-FRI&quot;,&quot;start&quot;:&quot;2026-09-25T10:00:00.000000Z&quot;,&quot;end&quot;:&quot;2026-10-02T12:00:00.000000Z&quot;,&quot;cheapestPrice&quot;:795,&quot;languages&quot;:[&quot;nl&quot;],&quot;availableSpots&quot;:8,&quot;bookedSpots&quot;:6,&quot;fakeLabel&quot;:&quot;&quot;,&quot;availabilityLabel&quot;:&quot;&quot;,&quot;promoLabel&quot;:&quot;early bird price&quot;,&quot;calendarToggles&quot;:[{&quot;value&quot;:&quot;Flights AMS&quot;,&quot;label&quot;:{&quot;en&quot;:&quot;Flights from Amsterdam&quot;,&quot;nl&quot;:&quot;Vluchten vanuit Amsterdam&quot;,&quot;fr&quot;:&quot;Vols depuis Amsterdam&quot;,&quot;de&quot;:&quot;Fl\\u00fcge ab Amsterdam&quot;},&quot;price&quot;:false,&quot;status&quot;:&quot;disabled&quot;,&quot;language_hidden&quot;:[],&quot;startIncrement&quot;:0,&quot;endIncrement&quot;:0,&quot;var_name&quot;:&quot;Flights_copy&quot;,&quot;category_label&quot;:{&quot;en&quot;:&quot;Flights&quot;,&quot;nl&quot;:&quot;Vluchten&quot;,&quot;fr&quot;:&quot;Vols&quot;,&quot;de&quot;:&quot;Fl\\u00fcge&quot;}},{&quot;value&quot;:&quot;Flights BRU&quot;,&quot;label&quot;:{&quot;en&quot;:&quot;Flights from Brussels&quot;,&quot;nl&quot;:&quot;Vluchten vanuit Brussel&quot;,&quot;fr&quot;:&quot;Vols depuis Bruxelles&quot;,&quot;de&quot;:&quot;Fl\\u00fcge ab Br\\u00fcssel&quot;},&quot;price&quot;:295,&quot;status&quot;:&quot;available&quot;,&quot;language_hidden&quot;:[],&quot;startIncrement&quot;:0,&quot;endIncrement&quot;:0,&quot;var_name&quot;:&quot;Flights_copy&quot;,&quot;category_label&quot;:{&quot;en&quot;:&quot;Flights&quot;,&quot;nl&quot;:&quot;Vluchten&quot;,&quot;fr&quot;:&quot;Vols&quot;,&quot;de&quot;:&quot;Fl\\u00fcge&quot;}},{&quot;value&quot;:&quot;No flight&quot;,&quot;label&quot;:{&quot;en&quot;:&quot;Own flights&quot;,&quot;nl&quot;:&quot;Eigen vluchten&quot;,&quot;fr&quot;:&quot;Propre vols&quot;,&quot;de&quot;:&quot;Individuelle Flugbuchung&quot;},&quot;price&quot;:false,&quot;status&quot;:&quot;sold_out&quot;,&quot;language_hidden&quot;:[],&quot;startIncrement&quot;:0,&quot;endIncrement&quot;:0,&quot;var_name&quot;:&quot;Flights_copy&quot;,&quot;category_label&quot;:{&quot;en&quot;:&quot;Flights&quot;,&quot;nl&quot;:&quot;Vluchten&quot;,&quot;fr&quot;:&quot;Vols&quot;,&quot;de&quot;:&quot;Fl\\u00fcge&quot;}}],&quot;bookable&quot;:true,&quot;bookingUrl&quot;:&quot;https:\\\/\\\/booking.travelbase.eu\\\/capt26a\\\/book?trip=11787&quot;,&quot;packageId&quot;:&quot;CAPT-CAPT&quot;}},{&quot;type&quot;:&quot;departures&quot;,&quot;id&quot;:&quot;t11791&quot;,&quot;attributes&quot;:{&quot;name&quot;:&quot;CAPT26A-W39-SAT&quot;,&quot;start&quot;:&quot;2026-09-26T10:00:00.000000Z&quot;,&quot;end&quot;:&quot;2026-10-03T12:00:00.000000Z&quot;,&quot;cheapestPrice&quot;:795,&quot;languages&quot;:[&quot;nl&quot;,&quot;fr&quot;,&quot;en&quot;,&quot;de&quot;],&quot;availableSpots&quot;:4,&quot;bookedSpots&quot;:8,&quot;fakeLabel&quot;:&quot;&quot;,&quot;availabilityLabel&quot;:&quot;&quot;,&quot;promoLabel&quot;:&quot;early bird price&quot;,&quot;calendarToggles&quot;:null,&quot;bookable&quot;:true,&quot;bookingUrl&quot;:&quot;https:\\\/\\\/booking.travelbase.eu\\\/capt26a\\\/book?trip=11791&quot;,&quot;packageId&quot;:&quot;CAPT-CAPT&quot;}},{&quot;type&quot;:&quot;departures&quot;,&quot;id&quot;:&quot;t11795&quot;,&quot;attributes&quot;:{&quot;name&quot;:&quot;CAPT26A-W40-SUN&quot;,&quot;start&quot;:&quot;2026-09-27T10:00:00.000000Z&quot;,&quot;end&quot;:&quot;2026-10-04T12:00:00.000000Z&quot;,&quot;cheapestPrice&quot;:795,&quot;languages&quot;:[&quot;nl&quot;],&quot;availableSpots&quot;:999999,&quot;bookedSpots&quot;:0,&quot;fakeLabel&quot;:&quot;sold out&quot;,&quot;availabilityLabel&quot;:&quot;sold out&quot;,&quot;promoLabel&quot;:&quot;&quot;,&quot;calendarToggles&quot;:[{&quot;value&quot;:&quot;Flights AMS&quot;,&quot;label&quot;:{&quot;en&quot;:&quot;Flights from Amsterdam&quot;,&quot;nl&quot;:&quot;Vluchten vanuit Amsterdam&quot;,&quot;fr&quot;:&quot;Vols depuis Amsterdam&quot;,&quot;de&quot;:&quot;Fl\\u00fcge ab Amsterdam&quot;},&quot;price&quot;:285,&quot;status&quot;:&quot;available&quot;,&quot;language_hidden&quot;:[],&quot;startIncrement&quot;:0,&quot;endIncrement&quot;:0,&quot;var_name&quot;:&quot;Flights_copy&quot;,&quot;category_label&quot;:{&quot;en&quot;:&quot;Flights&quot;,&quot;nl&quot;:&quot;Vluchten&quot;,&quot;fr&quot;:&quot;Vols&quot;,&quot;de&quot;:&quot;Fl\\u00fcge&quot;}},{&quot;value&quot;:&quot;Flights BRU&quot;,&quot;label&quot;:{&quot;en&quot;:&quot;Flights from Brussels&quot;,&quot;nl&quot;:&quot;Vluchten vanuit Brussel&quot;,&quot;fr&quot;:&quot;Vols depuis Bruxelles&quot;,&quot;de&quot;:&quot;Fl\\u00fcge ab Br\\u00fcssel&quot;},&quot;price&quot;:false,&quot;status&quot;:&quot;disabled&quot;,&quot;language_hidden&quot;:[],&quot;startIncrement&quot;:0,&quot;endIncrement&quot;:0,&quot;var_name&quot;:&quot;Flights_copy&quot;,&quot;category_label&quot;:{&quot;en&quot;:&quot;Flights&quot;,&quot;nl&quot;:&quot;Vluchten&quot;,&quot;fr&quot;:&quot;Vols&quot;,&quot;de&quot;:&quot;Fl\\u00fcge&quot;}},{&quot;value&quot;:&quot;No flight&quot;,&quot;label&quot;:{&quot;en&quot;:&quot;Own flights&quot;,&quot;nl&quot;:&quot;Eigen vluchten&quot;,&quot;fr&quot;:&quot;Propre vols&quot;,&quot;de&quot;:&quot;Individuelle Flugbuchung&quot;},&quot;price&quot;:0,&quot;status&quot;:&quot;available&quot;,&quot;language_hidden&quot;:[],&quot;startIncrement&quot;:0,&quot;endIncrement&quot;:0,&quot;var_name&quot;:&quot;Flights_copy&quot;,&quot;category_label&quot;:{&quot;en&quot;:&quot;Flights&quot;,&quot;nl&quot;:&quot;Vluchten&quot;,&quot;fr&quot;:&quot;Vols&quot;,&quot;de&quot;:&quot;Fl\\u00fcge&quot;}}],&quot;bookable&quot;:false,&quot;bookingUrl&quot;:&quot;https:\\\/\\\/booking.travelbase.eu\\\/capt26a\\\/book?trip=11795&quot;,&quot;packageId&quot;:&quot;CAPT-CAPT&quot;}},{&quot;type&quot;:&quot;departures&quot;,&quot;id&quot;:&quot;t11788&quot;,&quot;attributes&quot;:{&quot;name&quot;:&quot;CAPT26A-W40-FRI&quot;,&quot;start&quot;:&quot;2026-10-02T10:00:00.000000Z&quot;,&quot;end&quot;:&quot;2026-10-09T12:00:00.000000Z&quot;,&quot;cheapestPrice&quot;:795,&quot;languages&quot;:[&quot;nl&quot;],&quot;availableSpots&quot;:8,&quot;bookedSpots&quot;:5,&quot;fakeLabel&quot;:&quot;&quot;,&quot;availabilityLabel&quot;:&quot;&quot;,&quot;promoLabel&quot;:&quot;early bird price&quot;,&quot;calendarToggles&quot;:[{&quot;value&quot;:&quot;Flights AMS&quot;,&quot;label&quot;:{&quot;en&quot;:&quot;Flights from Amsterdam&quot;,&quot;nl&quot;:&quot;Vluchten vanuit Amsterdam&quot;,&quot;fr&quot;:&quot;Vols depuis Amsterdam&quot;,&quot;de&quot;:&quot;Fl\\u00fcge ab Amsterdam&quot;},&quot;price&quot;:false,&quot;status&quot;:&quot;disabled&quot;,&quot;language_hidden&quot;:[],&quot;startIncrement&quot;:0,&quot;endIncrement&quot;:0,&quot;var_name&quot;:&quot;Flights_copy&quot;,&quot;category_label&quot;:{&quot;en&quot;:&quot;Flights&quot;,&quot;nl&quot;:&quot;Vluchten&quot;,&quot;fr&quot;:&quot;Vols&quot;,&quot;de&quot;:&quot;Fl\\u00fcge&quot;}},{&quot;value&quot;:&quot;Flights BRU&quot;,&quot;label&quot;:{&quot;en&quot;:&quot;Flights from Brussels&quot;,&quot;nl&quot;:&quot;Vluchten vanuit Brussel&quot;,&quot;fr&quot;:&quot;Vols depuis Bruxelles&quot;,&quot;de&quot;:&quot;Fl\\u00fcge ab Br\\u00fcssel&quot;},&quot;price&quot;:285,&quot;status&quot;:&quot;available&quot;,&quot;language_hidden&quot;:[],&quot;startIncrement&quot;:0,&quot;endIncrement&quot;:0,&quot;var_name&quot;:&quot;Flights_copy&quot;,&quot;category_label&quot;:{&quot;en&quot;:&quot;Flights&quot;,&quot;nl&quot;:&quot;Vluchten&quot;,&quot;fr&quot;:&quot;Vols&quot;,&quot;de&quot;:&quot;Fl\\u00fcge&quot;}},{&quot;value&quot;:&quot;No flight&quot;,&quot;label&quot;:{&quot;en&quot;:&quot;Own flights&quot;,&quot;nl&quot;:&quot;Eigen vluchten&quot;,&quot;fr&quot;:&quot;Propre vols&quot;,&quot;de&quot;:&quot;Individuelle Flugbuchung&quot;},&quot;price&quot;:0,&quot;status&quot;:&quot;available&quot;,&quot;language_hidden&quot;:[],&quot;startIncrement&quot;:0,&quot;endIncrement&quot;:0,&quot;var_name&quot;:&quot;Flights_copy&quot;,&quot;category_label&quot;:{&quot;en&quot;:&quot;Flights&quot;,&quot;nl&quot;:&quot;Vluchten&quot;,&quot;fr&quot;:&quot;Vols&quot;,&quot;de&quot;:&quot;Fl\\u00fcge&quot;}}],&quot;bookable&quot;:true,&quot;bookingUrl&quot;:&quot;https:\\\/\\\/booking.travelbase.eu\\\/capt26a\\\/book?trip=11788&quot;,&quot;packageId&quot;:&quot;CAPT-CAPT&quot;}},{&quot;type&quot;:&quot;departures&quot;,&quot;id&quot;:&quot;t11792&quot;,&quot;attributes&quot;:{&quot;name&quot;:&quot;CAPT26A-W40-SAT&quot;,&quot;start&quot;:&quot;2026-10-03T10:00:00.000000Z&quot;,&quot;end&quot;:&quot;2026-10-10T12:00:00.000000Z&quot;,&quot;cheapestPrice&quot;:795,&quot;languages&quot;:[&quot;nl&quot;,&quot;fr&quot;,&quot;en&quot;,&quot;de&quot;],&quot;availableSpots&quot;:12,&quot;bookedSpots&quot;:2,&quot;fakeLabel&quot;:&quot;&quot;,&quot;availabilityLabel&quot;:&quot;&quot;,&quot;promoLabel&quot;:&quot;early bird price&quot;,&quot;calendarToggles&quot;:null,&quot;bookable&quot;:true,&quot;bookingUrl&quot;:&quot;https:\\\/\\\/booking.travelbase.eu\\\/capt26a\\\/book?trip=11792&quot;,&quot;packageId&quot;:&quot;CAPT-CAPT&quot;}},{&quot;type&quot;:&quot;departures&quot;,&quot;id&quot;:&quot;t11796&quot;,&quot;attributes&quot;:{&quot;name&quot;:&quot;CAPT26A-W41-SUN&quot;,&quot;start&quot;:&quot;2026-10-04T10:00:00.000000Z&quot;,&quot;end&quot;:&quot;2026-10-11T12:00:00.000000Z&quot;,&quot;cheapestPrice&quot;:795,&quot;languages&quot;:[&quot;nl&quot;],&quot;availableSpots&quot;:0,&quot;bookedSpots&quot;:14,&quot;fakeLabel&quot;:&quot;sold out&quot;,&quot;availabilityLabel&quot;:&quot;sold out&quot;,&quot;promoLabel&quot;:&quot;&quot;,&quot;calendarToggles&quot;:[{&quot;value&quot;:&quot;Flights AMS&quot;,&quot;label&quot;:{&quot;en&quot;:&quot;Flights from Amsterdam&quot;,&quot;nl&quot;:&quot;Vluchten vanuit Amsterdam&quot;,&quot;fr&quot;:&quot;Vols depuis Amsterdam&quot;,&quot;de&quot;:&quot;Fl\\u00fcge ab Amsterdam&quot;},&quot;price&quot;:false,&quot;status&quot;:&quot;sold_out&quot;,&quot;language_hidden&quot;:[],&quot;startIncrement&quot;:0,&quot;endIncrement&quot;:0,&quot;var_name&quot;:&quot;Flights_copy&quot;,&quot;category_label&quot;:{&quot;en&quot;:&quot;Flights&quot;,&quot;nl&quot;:&quot;Vluchten&quot;,&quot;fr&quot;:&quot;Vols&quot;,&quot;de&quot;:&quot;Fl\\u00fcge&quot;}},{&quot;value&quot;:&quot;Flights BRU&quot;,&quot;label&quot;:{&quot;en&quot;:&quot;Flights from Brussels&quot;,&quot;nl&quot;:&quot;Vluchten vanuit Brussel&quot;,&quot;fr&quot;:&quot;Vols depuis Bruxelles&quot;,&quot;de&quot;:&quot;Fl\\u00fcge ab Br\\u00fcssel&quot;},&quot;price&quot;:false,&quot;status&quot;:&quot;disabled&quot;,&quot;language_hidden&quot;:[],&quot;startIncrement&quot;:0,&quot;endIncrement&quot;:0,&quot;var_name&quot;:&quot;Flights_copy&quot;,&quot;category_label&quot;:{&quot;en&quot;:&quot;Flights&quot;,&quot;nl&quot;:&quot;Vluchten&quot;,&quot;fr&quot;:&quot;Vols&quot;,&quot;de&quot;:&quot;Fl\\u00fcge&quot;}},{&quot;value&quot;:&quot;No flight&quot;,&quot;label&quot;:{&quot;en&quot;:&quot;Own flights&quot;,&quot;nl&quot;:&quot;Eigen vluchten&quot;,&quot;fr&quot;:&quot;Propre vols&quot;,&quot;de&quot;:&quot;Individuelle Flugbuchung&quot;},&quot;price&quot;:false,&quot;status&quot;:&quot;sold_out&quot;,&quot;language_hidden&quot;:[],&quot;startIncrement&quot;:0,&quot;endIncrement&quot;:0,&quot;var_name&quot;:&quot;Flights_copy&quot;,&quot;category_label&quot;:{&quot;en&quot;:&quot;Flights&quot;,&quot;nl&quot;:&quot;Vluchten&quot;,&quot;fr&quot;:&quot;Vols&quot;,&quot;de&quot;:&quot;Fl\\u00fcge&quot;}}],&quot;bookable&quot;:false,&quot;bookingUrl&quot;:&quot;https:\\\/\\\/booking.travelbase.eu\\\/capt26a\\\/book?trip=11796&quot;,&quot;packageId&quot;:&quot;CAPT-CAPT&quot;}}]}\" data-summary-content=\"Om je inschrijving te bevestigen, vragen we je binnen de 5 dagen een voorschot van 30% te betalen. De rest betaal je ten laatste 2 maanden voor vertrek.\" data-summary-inclusive='[]'><\/div>\n        <\/div>\n    <\/div>\n\n\n\n\n\n<div class=\"hide-some tb-faq tb-block align-center background-light pattern-default variant-none tb-collapsible-margins\" id=\"faq\">\n\t<div class=\"inner-block tb-fade-in tb-fade-in--subtle\">\n\t\t<div class=\"text-part\">\n\t\t\t<h2>Veelgestelde vragen<\/h2>\n\t\t\t\t\t<div class=\"translation-block\"><\/div>\n\t\t\t<\/div>\n\t<\/div>\n\t<div class=\"inner-block\">\n\n\t\t\t\t\t<div class=\"faq-list tb-accordion tb-accordion--animation two-col\">\n\t\t\t\t\t\t\t\t\t<details class=\"details\">\n\t\t\t\t\t\t<summary class=\"summary\"><div>Voor wie is deze trail?<\/div><\/summary>\n\t\t\t\t\t\t<div class=\"content text-part\">\n\t\t\t\t\t\t\t\t\t<div class=\"translation-block\"><p>Omdat de moeilijkheidsgraad van een trail afhangt van verschillende factoren, hebben we voor jullie een&nbsp;<a href=\"#difficulty\">duidelijk overzicht<\/a>&nbsp;gemaakt van deze factoren.<\/p>\n<p>Iedereen tussen de&nbsp;<strong>16 en de 65 jaar met een goede conditie en zin in&nbsp;avontuur<\/strong>&nbsp;kan deze trail doen. De reis bevat een redelijke fysieke activiteit, dus een goede gezondheid is een must.<\/p>\n<p>Door de overnachtingen in hotels en optie voor bagagetransport, is deze trail <strong>toegankelijk voor beginners in meerdaagse wandeltochten.<\/strong><\/p>\n<p>Kinderen zijn niet toegelaten. Wil je toch met je gezin op wandelreis? Dan is <a href=\"https:\/\/hiketribe.org\/nl\/\">Hike Tribe<\/a> een beter alternatief.<\/p>\n<p><strong>Wil je voor het eerst een meerdaagse hike uitproberen, maar twijfel je aan je conditie?<\/strong><\/p>\n<p>Stel jezelf deze vragen:<\/p>\n<ul>\n<li>Welke soorten fysieke activiteit doe ik regelmatig en hoelang doe ik dit?<\/li>\n<li>Had ik recent blessures die mijn wandelcapaciteit be\u00efnvloeden?<\/li>\n<li>Kan ik vlot 15 kilometer wandelen over heuvelachtig terrein?<\/li>\n<li>Kan ik de komende maanden gericht trainen om me goed voor te bereiden?<\/li>\n<\/ul>\n<p>Indien jouw antwoorden je het volle vertrouwen geven om op avontuur te vertrekken, dan is deze trail zeker en vast iets voor jou! Je ontvangt een week na het boeken een&nbsp;trainingsschema&nbsp;dat je zal klaarstomen zodat je het pad comfortabel af kan leggen.<\/p>\n<p><strong>Twijfel je toch nog en wil je jezelf graag eens testen voor je op trail vertrekt?<\/strong><\/p>\n<p>Onze <a href=\"https:\/\/travelbase.eu\/reisthema\/micro-avonturen\/\" target=\"_blank\" rel=\"noopener noreferrer\">micro-avonturen<\/a> zijn ideaal om al eens in die trail sfeer te komen, gewoon wat dichter bij huis. De micro trails in de Vogezen en Mullerthal zijn een heel fijne voorbereiding, met toegankelijke hikes, mooie natuur en net genoeg uitdaging om eens te voelen hoe zo\u2019n meerdaags wandelavontuur voor jou aanvoelt. Perfect dus om al helemaal in de trail mindset te komen.<\/p>\n<p><strong>Reis je solo en ben je tussen de 20 en 40 jaar?<\/strong><\/p>\n<p>En wil je The Cappadocia Trail in een kleinschalige groep doen? Neem dan zeker een kijkje op de website van <a href=\"https:\/\/weadventures.com\/nl\/cappadocie\/\">WeAdventures<\/a>.<\/p><\/div>\n\t\t\t\t\t\t\t<\/div>\n\t\t\t\t\t<\/details>\n\t\t\t\t\t\t\t\t\t<details class=\"details\">\n\t\t\t\t\t\t<summary class=\"summary\"><div>Hoe wordt de trail georganiseerd en wat mag je verwachten?<\/div><\/summary>\n\t\t\t\t\t\t<div class=\"content text-part\">\n\t\t\t\t\t\t\t\t\t<div class=\"translation-block\"><p>De Cappadocia Trail is een <strong>self-guided trail<\/strong>. Dat betekent dat je de <strong>trail volledig zelfstandig<\/strong> doet, maar wel met alles wat je nodig hebt beschikbaar. Wij regelen het praktische luik voor je, zodat jij vooral kan <strong>wandelen en genieten<\/strong>.<\/p>\n<p>V\u00f3\u00f3r de start van je trip krijg je toegang tot onze <a href=\"https:\/\/thecappadociatrail.com\/nl\/app\/\"><strong>Travelbase App<\/strong><\/a>. Daarin vind je <strong>alle routes, highlights en praktische info<\/strong>. Per dag staan er duidelijke beschrijvingen, <strong>navigatie<\/strong> en <strong>tips<\/strong> zodat je goed voorbereid op pad gaat, ook bij wisselende omstandigheden.<\/p>\n<p><strong>Zo verloopt je week:<\/strong><\/p>\n<ul>\n<li>Op de eerste dag krijg je een uitgebreide briefing van een ervaren ranger.<\/li>\n<li>Tijdens de week ontvang je dagelijks een korte briefing per bericht.<\/li>\n<li>Jij wandelt zelfstandig op de toegankelijke en evenwichtige route die wij voor je uitstippelen.<\/li>\n<li>Alle overnachtingen in de hotels &amp; caves zijn op voorhand voor je gereserveerd.<\/li>\n<li>De ontbijten zijn inbegrepen in de hotelovernachtingen. Kies je voor de lunchoptie, dan zijn ook je lunches geregeld. Voor diner kan je terecht bij de lokale restaurantjes in de buurt, de gids zal je telkens enkele aanbevelingen meegeven.<\/li>\n<li>Heb je onderweg vragen of loopt er iets mis, dan kan je de ranger altijd contacteren voor hulp.<\/li>\n<\/ul><\/div>\n\t\t\t\t\t\t\t<\/div>\n\t\t\t\t\t<\/details>\n\t\t\t\t\t\t\t\t\t<details class=\"details\">\n\t\t\t\t\t\t<summary class=\"summary\"><div>Wanneer moet ik aankomen?<\/div><\/summary>\n\t\t\t\t\t\t<div class=\"content text-part\">\n\t\t\t\t\t\t\t\t\t<div class=\"translation-block\"><p>Op <strong>The Cappadocia Trail<\/strong> start je <strong>altijd met wandelen de dag na je aankomst<\/strong>. Boek je bijvoorbeeld de week van <strong>11 tot 18 september<\/strong>, dan kom je aan op 11 september, en is de eerste wandeldag op 12 september.<\/p>\n<p>Onze vertrekdata omvatten dus al <strong>je aankomstdag \u00e9n je vertrekdag<\/strong>. Je hoeft <strong>geen extra dagen<\/strong> bij te boeken om de trail te kunnen doen. Wil je Cappadoci\u00eb of Turkije nog langer ontdekken, dan kan dat natuurlijk altijd.<\/p>\n<p>Je kan een <strong>optionele hotelovernachting in Kayseri<\/strong> toevoegen voor <strong>je eerste nacht<\/strong>. In het voorbeeld is dat <strong>de nacht van 11 op 12 september<\/strong>.<\/p>\n<p>Die extra nacht kan je <strong>tot 2 maanden voor vertrek<\/strong> nog toevoegen aan je boeking, afhankelijk van beschikbaarheid.<\/p>\n<p><strong>Voorbeeld week 11 tot 18 september<\/strong><\/p>\n<p>In de <a href=\"https:\/\/thecappadociatrail.com\/nl\/app\/\"><strong>Travelbase App<\/strong><\/a> zie je deze periode als je volledige verblijfsperiode.<\/p>\n<ul>\n<li><strong>11 september:<\/strong> aankomst in Kayseri, check in bij het hotel (optionele nacht)<\/li>\n<li><strong>12 september: Taskinpasa \u2192 Mustafapasa<\/strong> (shuttle vertrekt om <strong>8:00<\/strong> in Kayseri aan het hotel)<\/li>\n<li><strong>13 september:<\/strong> <strong>Mustafapasa \u2192 Ortahisar<\/strong><\/li>\n<li><strong>14 september:<\/strong> <strong>Ortahisar \u2192 \u00c7avu\u015fin<\/strong><\/li>\n<li><strong>15 september:<\/strong> <strong>\u00c7avu\u015fin \u2192 U\u00e7hisar<\/strong><\/li>\n<li><strong>16 september:<\/strong> <strong>U\u00e7hisar \u2192 G\u00f6reme<\/strong><\/li>\n<li><strong>17 september: G\u00f6reme<\/strong><\/li>\n<li><strong>18 september:<\/strong> vertrek vanuit <strong>G\u00f6reme<\/strong> naar de luchthaven<\/li>\n<\/ul><\/div>\n\t\t\t\t\t\t\t<\/div>\n\t\t\t\t\t<\/details>\n\t\t\t\t\t\t\t\t\t<details class=\"details\">\n\t\t\t\t\t\t<summary class=\"summary\"><div>Hoeveel kilometer leg ik af in totaal?<\/div><\/summary>\n\t\t\t\t\t\t<div class=\"content text-part\">\n\t\t\t\t\t\t\t\t\t<div class=\"translation-block\"><p>Gedurende de hele week zul je ongeveer&nbsp;<strong>71 km<\/strong> afleggen, met etappes vari\u00ebrend tussen 11 en 18 km per dag. De dagen zijn goed verdeeld en evenwichtig, zodat er een goede balans is tussen het aantal afgelegde kilometers en het hoogteverschil dat wordt overwonnen.<\/p><\/div>\n\t\t\t\t\t\t\t<\/div>\n\t\t\t\t\t<\/details>\n\t\t\t\t\t\t\t\t\t<details class=\"details\">\n\t\t\t\t\t\t<summary class=\"summary\"><div>Hoe zien de accommodaties eruit?<\/div><\/summary>\n\t\t\t\t\t\t<div class=\"content text-part\">\n\t\t\t\t\t\t\t\t\t<div class=\"translation-block\"><p>Tijdens <strong>The Cappadocia Trail<\/strong> overnacht je telkens in Stone Houses of Cave Hotels waar je echt kan uitrusten na een stevige wandeldag.<\/p>\n<p>Wij bieden elke avond <strong>tweepersoonskamers<\/strong> aan met een tweepersoonsbed of twee aparte bedden.<\/p>\n<p>Kom je <strong>solo of is je groep oneven<\/strong>? Dan deel je een kamer met een andere deelnemer in aparte bedden. We proberen steeds om deelnemers van hetzelfde geslacht samen op een kamer te plaatsen.<\/p><\/div>\n\t\t\t\t\t\t\t<\/div>\n\t\t\t\t\t<\/details>\n\t\t\t\t\t\t\t\t\t<details class=\"details\">\n\t\t\t\t\t\t<summary class=\"summary\"><div>Wat met eten en drinken?<\/div><\/summary>\n\t\t\t\t\t\t<div class=\"content text-part\">\n\t\t\t\t\t\t\t\t\t<div class=\"translation-block\"><p>Tijdens de trail zal je genieten van de&nbsp;<strong>lokale Turkse specialiteiten.<\/strong><\/p>\n<p>Elke dag krijg je een <strong>heerlijk ontbijt &amp; lunchpakket (optioneel)<\/strong> aangeboden. We bieden ook een&nbsp;<strong>vegetarische optie<\/strong> aan, maar helaas geen veganistisch. Deze worden telkens met liefde geserveerd door de families waar we te gast zijn.<\/p>\n<p>Onderweg kom je enkele barretjes tegen waar je iets fris of een snack kan kopen.&nbsp;Na een stevige dag wandelen kan je genieten van de <strong>lekkere Turkse keuken in \u00e9\u00e9n van de lokale restaurantjes<\/strong> die je nabij onze accommodaties kunt vinden.<\/p>\n<p>Water kan je telkens weer bijvullen bij de accommodatie.<\/p><\/div>\n\t\t\t\t\t\t\t<\/div>\n\t\t\t\t\t<\/details>\n\t\t\t\t\t\t\t\t\t<details class=\"details\">\n\t\t\t\t\t\t<summary class=\"summary\"><div>Is er bereik tijdens de trail?<\/div><\/summary>\n\t\t\t\t\t\t<div class=\"content text-part\">\n\t\t\t\t\t\t\t\t\t<div class=\"translation-block\"><p>Tijdens de trail zal je <strong>normaal tot<\/strong> <strong>weinig&nbsp;bereik<\/strong> hebben. Op de trails zijn er veel stukken met bereik, maar reken op <strong>af en toe dode zones<\/strong>. Vooral in diepere valleien en in meer afgelegen berggebieden kan het signaal plots wegvallen of wisselen tussen 4G en niets.<\/p>\n<p><strong>Praktisch<\/strong><\/p>\n<ul>\n<li>Download de <a href=\"https:\/\/thecappadociatrail.com\/nl\/app\/\">Travelbase App<\/a> of GPX-bestanden op voorhand voor offline gebruik van de kaart<\/li>\n<li>Spreek af met je omgeving dat je \u2019s avonds aan de accommodatie berichten beantwoordt<\/li>\n<li>Neem eventueel een powerbank mee (GPS en foto\u2019s vragen veel van je batterij)<\/li>\n<\/ul>\n<p>&#8217;s Avonds in het hotel heb je goede <strong>Wi-Fi<\/strong> verbinding. Je ontvangt de inloggegevens bij de receptie.<\/p><\/div>\n\t\t\t\t\t\t\t<\/div>\n\t\t\t\t\t<\/details>\n\t\t\t\t\t\t\t\t\t<details class=\"details\">\n\t\t\t\t\t\t<summary class=\"summary\"><div>Wat is inbegrepen in de basisprijs?<\/div><\/summary>\n\t\t\t\t\t\t<div class=\"content text-part\">\n\t\t\t\t\t\t\t\t\t<div class=\"translation-block\"><ul>\n<li>Gedetailleerde route en volledige organisatie van het verblijf<\/li>\n<li>6 nachten in een comfortabel hotel op unieke locaties<\/li>\n<li>Toeristenbelasting<\/li>\n<li>Ontbijt voor elke dag van de trail<\/li>\n<li>Luchthavenvervoer naar hotel in Kayseri (voor aankomst vrijdag en zondag)<\/li>\n<li>Luchthavenshuttle naar de luchthaven (optioneel indien eigen vluchten)<\/li>\n<li>Shuttle naar begin van de trail<\/li>\n<li>Ontvangst en briefing door een ervaren ranger<\/li>\n<li>Complete inpaklijst zodat je niets vergeet<\/li>\n<li>Trail app voor Cappadocia met alle benodigde informatie<\/li>\n<\/ul><\/div>\n\t\t\t\t\t\t\t<\/div>\n\t\t\t\t\t<\/details>\n\t\t\t\t\t\t\t\t\t<details class=\"details\">\n\t\t\t\t\t\t<summary class=\"summary\"><div>Kan ik later opties aan mijn boeking toevoegen of verwijderen?<\/div><\/summary>\n\t\t\t\t\t\t<div class=\"content text-part\">\n\t\t\t\t\t\t\t\t\t<div class=\"translation-block\"><p>In de meeste gevallen kan je <strong>tot 1 maand voor vertrek<\/strong> nog extra opties toevoegen, <strong>mits deze beschikbaar zijn<\/strong>. Probeer zo snel mogelijk te beslissen over de extra nacht in het hotel en de ballonvaart.<\/p>\n<p>Houd er rekening mee dat de <strong>annuleringsverzekering na boeking niet meer kan worden gewijzigd of verwijderd<\/strong>.<\/p><\/div>\n\t\t\t\t\t\t\t<\/div>\n\t\t\t\t\t<\/details>\n\t\t\t\t\t\t\t\t\t<details class=\"details\">\n\t\t\t\t\t\t<summary class=\"summary\"><div>Hoe werkt de betaling en wanneer moet ik het resterende bedrag betalen?<\/div><\/summary>\n\t\t\t\t\t\t<div class=\"content text-part\">\n\t\t\t\t\t\t\t\t\t<div class=\"translation-block\"><p>De betaling gebeurt in twee termijnen:<\/p>\n<p>Eerst heb je <strong>5 dagen na je inschrijving<\/strong> de tijd om je boeking te bevestigen door een <strong>aanbetaling van 30%<\/strong> te doen. Als de aanbetaling niet binnen die 5 dagen is gedaan, wordt je boeking <strong>automatisch geannuleerd<\/strong>.<\/p>\n<p>Het <strong>resterende saldo<\/strong> moet uiterlijk <strong>60 dagen voor vertrek<\/strong> worden betaald.<\/p>\n<p>Alle betalingsgegevens vind je in je online profiel. Elke termijn heeft zijn eigen betalingsinstructies, dus zorg ervoor dat u de <strong>juiste referentie en bankgegevens<\/strong> gebruikt om te voorkomen dat uw overschrijving wordt geweigerd of teruggestort.<\/p><\/div>\n\t\t\t\t\t\t\t<\/div>\n\t\t\t\t\t<\/details>\n\t\t\t\t\t\t\t\t\t<details class=\"details\">\n\t\t\t\t\t\t<summary class=\"summary\"><div>Wat moet ik meenemen?<\/div><\/summary>\n\t\t\t\t\t\t<div class=\"content text-part\">\n\t\t\t\t\t\t\t\t\t<div class=\"translation-block\"><p><strong>Identificatie<\/strong><\/p>\n<p>Cappadoci\u00eb is onderdeel van Turkije, dus je hebt geen paspoort nodig. Een <strong>geldige identiteitskaart<\/strong> volstaat. Let wel op dat deze identiteitskaart nog 3 maanden geldig is.<\/p>\n<p><strong>Wandelmateriaal<\/strong><\/p>\n<p>Goede wandelschoenen zijn essentieel in Cappadoci\u00eb. Kies een paar waar je je comfortabel in voelt tijdens meerdere lange wandeldagen. We raden <strong>wandelschoenen aan in categorie A\/B tot B\/C met goede enkelondersteuning,<\/strong> omdat sommige stukken steil, rotsachtig en oneffen zijn.<\/p>\n<p>Voor vertrek bezorgen we je ook een <strong>gedetailleerde paklijst<\/strong>, zodat je precies weet wat je moet meenemen.<\/p><\/div>\n\t\t\t\t\t\t\t<\/div>\n\t\t\t\t\t<\/details>\n\t\t\t\t\t\t\t\t\t<details class=\"details\">\n\t\t\t\t\t\t<summary class=\"summary\"><div>Moet ik zelf mijn rugzak dragen?<\/div><\/summary>\n\t\t\t\t\t\t<div class=\"content text-part\">\n\t\t\t\t\t\t\t\t\t<div class=\"translation-block\"><p><strong>Bagagetransport<\/strong> is beschikbaar als optie. Je hoeft dan alleen een kleine tas mee te nemen voor die dag en je grote tas wordt van hotel naar hotel vervoerd.<\/p>\n<p>Als je spullen hebt die je niet nodig hebt tijdens de wandeling, kun je op de ochtend van dag 2 een kleine tas achterlaten bij onze ranger ter plaatse. Hij\/zij zal deze aan het einde van je trektocht in Cappadoci\u00eb aan je teruggeven.<\/p>\n<p>Indien je niet kiest voor bagagetransport, draag je elke dag je grote rugzak met je mee. Zorg er dus voor dat je niet te veel meeneemt om <strong>zo licht mogelijk<\/strong> te blijven.<\/p><\/div>\n\t\t\t\t\t\t\t<\/div>\n\t\t\t\t\t<\/details>\n\t\t\t\t\t\t\t\t\t<details class=\"details\">\n\t\t\t\t\t\t<summary class=\"summary\"><div>Wat zijn de superflex boekingsvoorwaarden en wat zijn mijn opties bij annulering?<\/div><\/summary>\n\t\t\t\t\t\t<div class=\"content text-part\">\n\t\t\t\t\t\t\t\t\t<div class=\"translation-block\"><p>Deze voorwaarden zijn beschikbaar voor iedereen die vroeg boekt. Daarmee kan je je reis <strong>gratis verplaatsen naar een andere week (indien nog beschikbaar)<\/strong> of <strong>annuleren met 100% terugbetaling<\/strong> tot <strong>1 juni 2026<\/strong>.<\/p>\n<p>Annuleer je <strong>na 1 juni 2026<\/strong>, dan gelden de gewone <a href=\"https:\/\/static.travelbase.eu\/u\/source\/cancellation\/summer\/conditions-nl.pdf\">annuleringsvoorwaarden<\/a>.<\/p><\/div>\n\t\t\t\t\t\t\t<\/div>\n\t\t\t\t\t<\/details>\n\t\t\t\t\t\t\t\t\t<details class=\"details\">\n\t\t\t\t\t\t<summary class=\"summary\"><div>Welke verzekeringen kan ik bijboeken?<\/div><\/summary>\n\t\t\t\t\t\t<div class=\"content text-part\">\n\t\t\t\t\t\t\t\t\t<div class=\"translation-block\"><p>Tijdens het boeken kan je 2 types verzekering toevoegen aan je reservatie.<\/p>\n<p><strong>Annulatieverzekering<\/strong><\/p>\n<p>Boekte je vroeg? Dan val je mogelijks onder onze <strong>Superflex boekingsvoorwaarden<\/strong>. Daarmee kan je je reservatie gratis wijzigen of annuleren tot 1 juni 2026, zonder reden, en met een volledige terugbetaling.<\/p>\n<p>Toch kunnen last minute annuleringen altijd gebeuren. Wil je maximaal gedekt zijn tot aan vertrek, dan kan je tijdens het boeken onze <a href=\"https:\/\/admin.travelbase.eu\/u\/source\/cancellation\/Trails\/NL_Cancellation_conditions.pdf\"><strong>annuleringsverzekering<\/strong><\/a> toevoegen, voor \u20ac69.<\/p>\n<p><strong>Reisbijstandsverzekering<\/strong><\/p>\n<p>Zin in wat extra gemoedsrust? Voeg tijdens het boeken onze <a href=\"https:\/\/thecappadociatrail.com\/nl\/travelinsurance\/\">reisverzekering<\/a> toe. Als er ter plaatse iets misloopt of je krijgt een ongeval, dan kan deze verzekering je helpen, voor \u20ac49.<\/p><\/div>\n\t\t\t\t\t\t\t<\/div>\n\t\t\t\t\t<\/details>\n\t\t\t\t\t\t\t\t\t<details class=\"details\">\n\t\t\t\t\t\t<summary class=\"summary\"><div>Kan ik de andere deelnemers op voorhand leren kennen?<\/div><\/summary>\n\t\t\t\t\t\t<div class=\"content text-part\">\n\t\t\t\t\t\t\t\t\t<div class=\"translation-block\"><p>Ongeveer twee weken voor vertrek krijg je toegang tot de <strong>groepschat<\/strong> van jouw week in de <strong>Travelbase App<\/strong>, onder \u201cBerichten\u201d. De ranger deelt daar alle belangrijke praktische info, en je kan er al kennismaken met de andere deelnemers en zelfs al plannen maken voor tijdens de trail.<\/p><\/div>\n\t\t\t\t\t\t\t<\/div>\n\t\t\t\t\t<\/details>\n\t\t\t\t\t\t\t\t\t<details class=\"details\">\n\t\t\t\t\t\t<summary class=\"summary\"><div>Hoe groot is de groep?<\/div><\/summary>\n\t\t\t\t\t\t<div class=\"content text-part\">\n\t\t\t\t\t\t\t\t\t<div class=\"translation-block\"><p>Dit is een <strong>self-guided trail<\/strong>, dus je wandelt niet in \u00e9\u00e9n vaste groep met een gids. Je gaat op pad op je eigen tempo, met alle route info bij de hand.<\/p>\n<p>Als je graag samen wandelt met andere deelnemers, kan dat meestal wel. Hoeveel je met anderen connecteert en samen stapt, hangt vooral af van jezelf en de groep waarmee je reist.<\/p>\n<p>Per vertrekdatum zijn er <strong>ongeveer 14 deelnemers.<\/strong><\/p><\/div>\n\t\t\t\t\t\t\t<\/div>\n\t\t\t\t\t<\/details>\n\t\t\t\t\t\t\t\t\t<details class=\"details\">\n\t\t\t\t\t\t<summary class=\"summary\"><div>Kan ik deze reis ook solo boeken? <\/div><\/summary>\n\t\t\t\t\t\t<div class=\"content text-part\">\n\t\t\t\t\t\t\t\t\t<div class=\"translation-block\"><p>Ja, het is zeker mogelijk om deze reis solo te boeken. Afhankelijk van de afreisdatum zijn er meerdere solo reizigers mee op de trail.<\/p><\/div>\n\t\t\t\t\t\t\t<\/div>\n\t\t\t\t\t<\/details>\n\t\t\t\t\t\t\t\t\t<details class=\"details\">\n\t\t\t\t\t\t<summary class=\"summary\"><div>Is deze trail geschikt voor mensen met hoogtevrees?<\/div><\/summary>\n\t\t\t\t\t\t<div class=\"content text-part\">\n\t\t\t\t\t\t\t\t\t<div class=\"translation-block\"><p>Ja, in de meeste gevallen wel. <strong>The Cappadocia Trail<\/strong> bevat <strong>geen stukken waar je vlak langs afgronden wandelt<\/strong>, en de paden zijn over het algemeen <strong>vrij breed<\/strong>.<\/p>\n<p>Natuurlijk kan je in Cappadoci\u00eb af en toe wel <strong>hoogteverschil<\/strong> ervaren of uitzichten hebben over valleien, maar het gaat niet om smalle, blootgestelde passages. Heb je lichte tot matige hoogtevrees, dan is deze trail meestal goed te doen. Twijfel je toch of je dit kan? Neem dan een hike buddy mee die je kan ondersteunen.<\/p><\/div>\n\t\t\t\t\t\t\t<\/div>\n\t\t\t\t\t<\/details>\n\t\t\t\t\t\t\t\t\t<details class=\"details\">\n\t\t\t\t\t\t<summary class=\"summary\"><div>Wat is de valuta in Turkije?<\/div><\/summary>\n\t\t\t\t\t\t<div class=\"content text-part\">\n\t\t\t\t\t\t\t\t\t<div class=\"translation-block\"><p>In Turkije wordt betaald met de <strong>Turkse Lira<\/strong>. Geldautomaten zijn wijdverspreid en pinpassen worden bijna overal geaccepteerd. Het is dus niet nodig om van tevoren geld te wisselen.<\/p>\n<p>Een veelvoorkomend misverstand is dat het voordelig zou zijn om (contant) met euro\u2019s te betalen. Dit is echter niet het geval. Over het algemeen wordt er juist een ongunstige wisselkoers toegepast wanneer je met euro\u2019s betaalt. We raden je daarom aan om te <strong>betalen met je kaart of met Turkse Lira\u2019s<\/strong>.<\/p><\/div>\n\t\t\t\t\t\t\t<\/div>\n\t\t\t\t\t<\/details>\n\t\t\t\t\t\t\t\t\t<details class=\"details\">\n\t\t\t\t\t\t<summary class=\"summary\"><div>Give back to nature via Greentripper<\/div><\/summary>\n\t\t\t\t\t\t<div class=\"content text-part\">\n\t\t\t\t\t\t\t\t\t<div class=\"translation-block\"><p>De planeet geeft ons zoveel moois om te bewonderen, maar als we dat in de toekomst nog willen kunnen, moeten we haar vandaag beschermen. Daarom doen wij extra inspanningen om de impact van onze trips te verkleinen, en kan je in het boekingsformulier op een betrouwbare manier bijdragen aan een klimaatproject van <a href=\"https:\/\/butterfly-foundation.org\/partners\/greentripper\">Greentripper<\/a>, wat de CO2-uitstoot van jouw transport terug in balans brengt.<\/p>\n<p>Door bij te dragen aan hun gecertificeerde project in <strong>Oeganda<\/strong>, help je bij de distributie van effici\u00ebntere kooktoestellen die het brandstofverbruik aanzienlijk verminderen. Dit initiatief van 11 lokale projecten beschermt kwetsbare bossen tegen ontbossing, verbetert de gezondheid van gezinnen door een betere binnenluchtkwaliteit en stimuleert de lokale economie door werkgelegenheid te cre\u00ebren. Het project is <strong>Gold Standard-gecertificeerd<\/strong>, wat de hoogste internationale normen voor milieu-integriteit garandeert.<\/p>\n<p>Als jij kiest om een bijdrage te leveren voor de uitstoot van je transport, zal Travelbase zelf nog extra bijdragen voor de uitstoot ter plaatse. Na je reis krijg je een officieel carbon credit certificaat.<\/p>\n<p>Lees meer over onze inspanningen op <a href=\"http:\/\/travelbase.eu\/impact\">travelbase.eu\/impact<\/a>.<\/p><\/div>\n\t\t\t\t\t\t\t<\/div>\n\t\t\t\t\t<\/details>\n\t\t\t\t\t\t\t<\/div>\n\t\t\t\t<div class=\"load-more-faqs-container\">\n\t\t\t<div class=\"load-more-faqs-link\">\n\t\t\t\t<a href=\"#\" class=\"tb-buttonlink-with-icon load-more\">\n\t\t\t\t\t<span>Laad meer FAQ&#8217;s<\/span>\n\t\t\t\t\t<i class=\"icon fa fa-plus\"><\/i>\n\t\t\t\t<\/a>\n\t\t\t\t<a href=\"#\" class=\"tb-buttonlink-with-icon load-less\">\n\t\t\t\t\t<span>Laad minder FAQ&#8217;s<\/span>\n\t\t\t\t\t<i class=\"icon fa fa-minus\"><\/i>\n\t\t\t\t<\/a>\n\t\t\t<\/div>\n\t\t<\/div>\n\t<\/div>\n\t\t\t<div class=\"inner-block tb-fade-in tb-fade-in--subtle\">\n\t\t\t<div class=\"faq-footer text-part\">\n\t\t\t\t<h3>Heb je nog andere vragen?<\/h3>\t\t\t\t\n\t\t\t\t\t<div class=\"contact-team\">\n\t\t\t\t\t\t\t\t\t\t\t\t\t<span style=\"background-image:url('https:\/\/capt.travelblox.eu\/wp-content\/uploads\/sites\/117\/2024\/11\/Team-150x150.jpg');\"><\/span>\n\t\t\t\t\t\t\t\t\t\t\t<\/div>\n\t\t\t\t\t\t\t\t<p><a href=\"https:\/\/thecappadociatrail.com\/nl\/contact\/\"><strong>Contacteer ons \u2192<\/strong><\/a><\/p>\n<p>&nbsp;<\/p>\n\t\t\t\t\t\t\t<\/div>\n\t\t<\/div>\n\t<\/div>\n\n\n<div class=\" tb-quoteparallax tb-block align-center background-dark pattern-none variant-text_on_image\" id=\"quoteparallax\" style=\"background-image: url('https:\/\/travelbase.eu\/frontend_src\/tb20\/dist\/assets\/img\/header-home-2022.jpg');\">\n\t\t<div class=\"inner-block tb-fade-in tb-fade-in--subtle\">\n\t\t\t\t\t<div class=\"text-part\">\n\t\t\t\t<h2>Updates en nieuwe avonturen rechtstreeks in je inbox?<\/h2>\n\t\t\t\t\t\t<div class=\"translation-block\"><p>Blijf op de hoogte van het laatste nieuws &amp; de allerleukste reizen. Daarbij profiteer je van vele voordelen, tips &amp; tricks!<\/p><\/div>\n\t\t\t\t\t\t\t\t\t\t<div class=\"tb-buttons-part\">\n\t\t\t\t\t\t\t\t<a href=\"https:\/\/travelbase.typeform.com\/to\/otsVhbZB\"  target=\"\" data-mode=\"popup\" data-url=\"https:\/\/travelbase.typeform.com\/to\/otsVhbZB\" class=\"tb-button typeform-share\">\n\t\t\tHou me op de hoogte\t\t<\/a>\n\t\t\t\t\t<script>\n\t\t\t\t(function() {\n\t\t\t\t\tvar qs, js, q, s, d = document,\n\t\t\t\t\t\tgi = d.getElementById,\n\t\t\t\t\t\tce = d.createElement,\n\t\t\t\t\t\tgt = d.getElementsByTagName,\n\t\t\t\t\t\tid = \"typef_orm_share\",\n\t\t\t\t\t\tb = \"https:\/\/embed.typeform.com\/\";\n\t\t\t\t\tif (!gi.call(d, id)) {\n\t\t\t\t\t\tjs = ce.call(d, \"script\");\n\t\t\t\t\t\tjs.id = id;\n\t\t\t\t\t\tjs.src = b + \"embed.js\";\n\t\t\t\t\t\tq = gt.call(d, \"script\")[0];\n\t\t\t\t\t\tq.parentNode.insertBefore(js, q);\n\t\t\t\t\t}\n\t\t\t\t})();\n\t\t\t<\/script>\n\t\t\t\t\t\t\t\t\t\t<a href=\"https:\/\/travelbase.eu\/\"  target=\"\" class=\"tb-buttonlink\">\n\t\t\tOntdek Travelbase \u2192\t\t<\/a>\n\t\t\t\t\t\t\t<\/div>\n\t\t\t\t\t\t\t<\/div>\n\t\t\t\t\t<\/div>\n<\/div>\n\n\n\n\n\n\n<div class=\" tb-similartrips tb-block align-center background-light pattern-none variant-none tb-collapsible-margins\" id=\"similartrips\">\n\t\t\t<div class=\"inner-block tb-fade-in tb-fade-in--subtle\">\n\t\t\t<div class=\"text-part\">\n\t\t\t\t\t\t\t\t\t<h2>Ontdek onze andere reizen! <\/h2>\n\t\t\t\t\t\t\t\t\t\t\t<\/div>\n\t\t<\/div>\n\t\t\t\t\t\t<div class=\"inner-block-full-width has-tb-carousel \" data-no-translation>\n\t\t\t<div class=\"tb-carousel-container\">\n\t\t\t\t<div class=\"entries tb-cards\" data-slider-first=\"1\">\n\t\t\t\t\t\t\t\t\t<a href=\"https:\/\/travelbase.eu\/trip\/atlas-trail-marokko\/\"  target=\"_blank\" class=\"tb-card entry\">\n\t\t\t\t<div class=\"tb-image-part\">\n\t\t\t\t\t\t\t\t\t\t\t<img decoding=\"async\" src=\"https:\/\/travelbase.eu\/app\/uploads\/2023\/12\/ATL23_EvyVanNispen_LR-475-1024x683.jpeg\" alt=\"Atlas Trail\" loading=\"lazy\" width=\"1024\" class=\"smush-dimensions\" style=\"--smush-image-width: 1024px; --smush-image-aspect-ratio: 1024\/683;\" \/>\n\t\t\t\t\t\t\t\t\t\t\t\t\t\t\t\t\t\t\t\t\t\t\t\t<\/div>\n\t\t\t\t<div class=\"tb-card-content\">\n\t\t\t\t\t<h4>\n\t\t\t\t\t\t<span>Atlas Trail<\/span>\n\t\t\t\t\t\t\t\t\t\t\t\t\t\t\t<\/h4>\n\t\t\t\t\t\t\t\t\t\t\t<div class=\"line\">\n\t\t\t\t\t\t\t\t\t\t\t\t\t\t\t<span class=\"location tb-text-with-icon icon-first\">\n\t\t\t\t\t\t\t\t\t<i class=\"icon fa fa-map-marker\"><\/i>\n\t\t\t\t\t\t\t\t\t<span>Marokko<\/span>\n\t\t\t\t\t\t\t\t<\/span>\n\t\t\t\t\t\t\t\t\t\t\t\t\t\t\t\t\t\t\t\t\t\t<span class=\"duration tb-text-with-icon icon-first\">\n\t\t\t\t\t\t\t\t\t<i class=\"icon fa fa-clock\"><\/i>\n\t\t\t\t\t\t\t\t\t<span>7 dagen<\/span>\n\t\t\t\t\t\t\t\t<\/span>\n\t\t\t\t\t\t\t\t\t\t\t\t\t<\/div>\n\t\t\t\t\t\t\t\t\t\t\t\t\t\t\t\t<div class=\"line\">\n\t\t\t\t\t\t\t<span class=\"months tb-text-with-icon icon-first\">\n\t\t\t\t\t\t\t\t<i class=\"icon fa fa-calendar\"><\/i>\n\t\t\t\t\t\t\t\t<span>Mei &#8211; Oktober<\/span>\n\t\t\t\t\t\t\t<\/span>\n\t\t\t\t\t\t<\/div>\n\t\t\t\t\t\t\t\t\t<\/div>\n\t\t\t<\/a>\n\t\t\t\t\t<a href=\"https:\/\/travelbase.eu\/trip\/madeira-trail\/\"  target=\"_blank\" class=\"tb-card entry\">\n\t\t\t\t<div class=\"tb-image-part\">\n\t\t\t\t\t\t\t\t\t\t\t<img decoding=\"async\" src=\"https:\/\/travelbase.eu\/app\/uploads\/2023\/12\/julia-solonina-G8WoP53E67E-unsplash-683x1024.jpeg\" alt=\"Madeira Trail\" loading=\"lazy\" width=\"683\" class=\"smush-dimensions\" style=\"--smush-image-width: 683px; --smush-image-aspect-ratio: 683\/1024;\" \/>\n\t\t\t\t\t\t\t\t\t\t\t\t\t\t\t\t\t\t\t\t\t\t\t\t<\/div>\n\t\t\t\t<div class=\"tb-card-content\">\n\t\t\t\t\t<h4>\n\t\t\t\t\t\t<span>Madeira Trail<\/span>\n\t\t\t\t\t\t\t\t\t\t\t\t\t\t\t<\/h4>\n\t\t\t\t\t\t\t\t\t\t\t<div class=\"line\">\n\t\t\t\t\t\t\t\t\t\t\t\t\t\t\t<span class=\"location tb-text-with-icon icon-first\">\n\t\t\t\t\t\t\t\t\t<i class=\"icon fa fa-map-marker\"><\/i>\n\t\t\t\t\t\t\t\t\t<span>Madeira<\/span>\n\t\t\t\t\t\t\t\t<\/span>\n\t\t\t\t\t\t\t\t\t\t\t\t\t\t\t\t\t\t\t\t\t\t<span class=\"duration tb-text-with-icon icon-first\">\n\t\t\t\t\t\t\t\t\t<i class=\"icon fa fa-clock\"><\/i>\n\t\t\t\t\t\t\t\t\t<span>6 dagen<\/span>\n\t\t\t\t\t\t\t\t<\/span>\n\t\t\t\t\t\t\t\t\t\t\t\t\t<\/div>\n\t\t\t\t\t\t\t\t\t\t\t\t\t\t\t\t<div class=\"line\">\n\t\t\t\t\t\t\t<span class=\"months tb-text-with-icon icon-first\">\n\t\t\t\t\t\t\t\t<i class=\"icon fa fa-calendar\"><\/i>\n\t\t\t\t\t\t\t\t<span>Maart &#8211; November<\/span>\n\t\t\t\t\t\t\t<\/span>\n\t\t\t\t\t\t<\/div>\n\t\t\t\t\t\t\t\t\t<\/div>\n\t\t\t<\/a>\n\t\t\t\t\t<a href=\"https:\/\/travelbase.eu\/trip\/jordan-trail-jordanie\/\"  target=\"_blank\" class=\"tb-card entry\">\n\t\t\t\t<div class=\"tb-image-part\">\n\t\t\t\t\t\t\t\t\t\t\t<img decoding=\"async\" src=\"https:\/\/travelbase.eu\/app\/uploads\/2023\/12\/TJT23_EvyVanNispen_LR-94-682x1024.jpg\" alt=\"Jordan Trail\" loading=\"lazy\" width=\"682\" class=\"smush-dimensions\" style=\"--smush-image-width: 682px; --smush-image-aspect-ratio: 682\/1024;\" \/>\n\t\t\t\t\t\t\t\t\t\t\t\t\t\t\t\t\t\t\t\t\t\t\t\t<\/div>\n\t\t\t\t<div class=\"tb-card-content\">\n\t\t\t\t\t<h4>\n\t\t\t\t\t\t<span>Jordan Trail<\/span>\n\t\t\t\t\t\t\t\t\t\t\t\t\t\t\t<\/h4>\n\t\t\t\t\t\t\t\t\t\t\t<div class=\"line\">\n\t\t\t\t\t\t\t\t\t\t\t\t\t\t\t<span class=\"location tb-text-with-icon icon-first\">\n\t\t\t\t\t\t\t\t\t<i class=\"icon fa fa-map-marker\"><\/i>\n\t\t\t\t\t\t\t\t\t<span>Jordani\u00eb<\/span>\n\t\t\t\t\t\t\t\t<\/span>\n\t\t\t\t\t\t\t\t\t\t\t\t\t\t\t\t\t\t\t\t\t\t<span class=\"duration tb-text-with-icon icon-first\">\n\t\t\t\t\t\t\t\t\t<i class=\"icon fa fa-clock\"><\/i>\n\t\t\t\t\t\t\t\t\t<span>7 dagen<\/span>\n\t\t\t\t\t\t\t\t<\/span>\n\t\t\t\t\t\t\t\t\t\t\t\t\t<\/div>\n\t\t\t\t\t\t\t\t\t\t\t\t\t\t\t\t<div class=\"line\">\n\t\t\t\t\t\t\t<span class=\"months tb-text-with-icon icon-first\">\n\t\t\t\t\t\t\t\t<i class=\"icon fa fa-calendar\"><\/i>\n\t\t\t\t\t\t\t\t<span>Maart &#8211; November<\/span>\n\t\t\t\t\t\t\t<\/span>\n\t\t\t\t\t\t<\/div>\n\t\t\t\t\t\t\t\t\t<\/div>\n\t\t\t<\/a>\n\t\t\t\t\t\t\t\t<\/div>\n\t\t\t\t\t\t<div class=\"tb-carousel-nav\">\n\t\t\t<div class=\"dots\">\n\t\t\t\t<div class=\"dot active\"><\/div>\n\t\t\t\t<div class=\"dot\"><\/div>\n\t\t\t\t<div class=\"dot\"><\/div>\n\t\t\t<\/div>\n\t\t\t<div class=\"arrows\">\n\t\t\t\t<div class=\"prev disabled\">\n\t\t\t\t\t<span><i class=\"fa fa-chevron-left\"><\/i><\/span>\n\t\t\t\t<\/div>\n\t\t\t\t<div class=\"next\">\n\t\t\t\t\t<span><i class=\"fa fa-chevron-right\"><\/i><\/span>\n\t\t\t\t<\/div>\n\t\t\t<\/div>\n\t\t<\/div>\n\t\t\t\t<\/div>\n\t\t<\/div>\n\t\t\t<\/div>\n\n","protected":false},"excerpt":{"rendered":"","protected":false},"author":87,"featured_media":869,"parent":0,"menu_order":0,"comment_status":"closed","ping_status":"closed","template":"","meta":{"_acf_changed":false,"inline_featured_image":false,"footnotes":""},"class_list":["post-1146","page","type-page","status-publish","has-post-thumbnail","hentry"],"acf":{"page_package_ids":"CAPT-CAPTFALL","is_main_package_page":true,"additional_linked_packages":[],"feed_page_to_atlas":false},"_links":{"self":[{"href":"https:\/\/capt.travelblox.eu\/nl\/wp-json\/wp\/v2\/pages\/1146","targetHints":{"allow":["GET"]}}],"collection":[{"href":"https:\/\/capt.travelblox.eu\/nl\/wp-json\/wp\/v2\/pages"}],"about":[{"href":"https:\/\/capt.travelblox.eu\/nl\/wp-json\/wp\/v2\/types\/page"}],"author":[{"embeddable":true,"href":"https:\/\/capt.travelblox.eu\/nl\/wp-json\/wp\/v2\/users\/87"}],"replies":[{"embeddable":true,"href":"https:\/\/capt.travelblox.eu\/nl\/wp-json\/wp\/v2\/comments?post=1146"}],"version-history":[{"count":49,"href":"https:\/\/capt.travelblox.eu\/nl\/wp-json\/wp\/v2\/pages\/1146\/revisions"}],"predecessor-version":[{"id":1300,"href":"https:\/\/capt.travelblox.eu\/nl\/wp-json\/wp\/v2\/pages\/1146\/revisions\/1300"}],"wp:featuredmedia":[{"embeddable":true,"href":"https:\/\/capt.travelblox.eu\/nl\/wp-json\/wp\/v2\/media\/869"}],"wp:attachment":[{"href":"https:\/\/capt.travelblox.eu\/nl\/wp-json\/wp\/v2\/media?parent=1146"}],"curies":[{"name":"wp","href":"https:\/\/api.w.org\/{rel}","templated":true}]}}