{"id":1146,"date":"2026-02-24T18:42:05","date_gmt":"2026-02-24T18:42:05","guid":{"rendered":"https:\/\/capt.travelblox.eu\/?page_id=1146"},"modified":"2026-04-27T13:27:23","modified_gmt":"2026-04-27T13:27:23","slug":"website-autumn-2026","status":"publish","type":"page","link":"https:\/\/capt.travelblox.eu\/fr\/","title":{"rendered":"Site web Automne 2026"},"content":{"rendered":"<div class=\"tb-header tb-block align-center background-dark pattern-none variant-none\" id=\"home\" data-fallback-background=\"https:\/\/vz-2d98b19f-729.b-cdn.net\/caa77730-31c1-4f08-8afd-83bf737ce960\/thumbnail_05bd6568.jpg\" style=\"background-image: url('https:\/\/vz-2d98b19f-729.b-cdn.net\/caa77730-31c1-4f08-8afd-83bf737ce960\/thumbnail_05bd6568.jpg'); background-position:center;\">\n    <div class=\"tb-header-foreground\">\n        <div class=\"inner-block\">\n\n            <div class=\"main-part\">\n                <div class=\"text-part\">\n                                                                                            <h1>\t<span class=\"tb-logo\"  style=\"-webkit-mask-image: url(https:\/\/capt.travelblox.eu\/wp-content\/uploads\/sites\/117\/2024\/10\/Round_White.svg); mask-image: url(https:\/\/capt.travelblox.eu\/wp-content\/uploads\/sites\/117\/2024\/10\/Round_White.svg)\">\n\t\t<img src='https:\/\/capt.travelblox.eu\/wp-content\/uploads\/sites\/117\/2024\/10\/Round_White.svg' width='1024' height='1024' alt='Cappadocia Trail logo' title='Cappadocia Trail' loading='lazy'>\n\t<\/span>\n<\/h1>\n                                                                                        <h2 class=\"tb-subtitle\">\t\t<div class=\"translation-block\"><p><strong>Marchez \u00e0 travers la Cappadoce, en Turquie, et montez \u00e0 bord du vol en montgolfi\u00e8re le plus l\u00e9gendaire du monde<\/strong><\/p><\/div>\n\t<\/h2>\n                                                                                            <div class=\"tb-properties\">\n                                                                    <div class=\"tb-property\">\n                                                                                    <div class=\"tb-property__icon\">\n                                                \t\t\t\t<i class=\"icon fa-solid fa-calendar-days\" aria-hidden=\"true\"><\/i>\n\t\t\t                                            <\/div>\n                                                                                <div class=\"tb-property__label\">\n                                            5 jours de randonn\u00e9e                                        <\/div>\n                                    <\/div>\n                                    <div class=\"tb-properties__divider\"><\/div>\n                                                                                                    <div class=\"tb-property\">\n                                                                                    <div class=\"tb-property__icon\">\n                                                \t\t\t\t<i class=\"icon fa-solid fa-bed-front\" aria-hidden=\"true\"><\/i>\n\t\t\t                                            <\/div>\n                                                                                <div class=\"tb-property__label\">\n                                            Nuits en h\u00f4tel                                        <\/div>\n                                    <\/div>\n                                    <div class=\"tb-properties__divider\"><\/div>\n                                                                                                    <div class=\"tb-property\">\n                                                                                    <div class=\"tb-property__icon\">\n                                                \t\t\t\t<i class=\"icon fa-solid fa-person-simple\" aria-hidden=\"true\"><\/i>\n\t\t\t                                            <\/div>\n                                                                                <div class=\"tb-property__label\">\n                                            Auto-guid\u00e9                                        <\/div>\n                                    <\/div>\n                                                            <\/div>\n                                                                                        <div class=\"tb-buttons-part\">\n                                                            \t\t<a href=\"#join\"  target=\"\" class=\"tb-button\">\n\t\t\tS'inscrire | Automne 2026\t\t<\/a>\n\t\t                                                                                        \t\t<a href=\"#concept\"  target=\"\" class=\"tb-buttonlink\">\n\t\t\tPlus d'informations\t\t<\/a>\n\t\t                                                    <\/div>\n                                                        <\/div>\n            <\/div>\n            \n                    <\/div>\n    <\/div>\n\n                        <div class=\"tb-header-background tb-header-background--has-iframe\">\n                        <iframe src=\"https:\/\/iframe.mediadelivery.net\/embed\/306445\/caa77730-31c1-4f08-8afd-83bf737ce960?autoplay=true&#038;preload=true&#038;loop=true&#038;responsive=true&#038;muted=true\" allow=\"accelerometer;gyroscope;encrypted-media;picture-in-picture;autoplay;muted;\" allowfullscreen=\"true\" style=\"border: none;\" loading=\"lazy\"><\/iframe>                    <\/div>\n    \n    \n        <nav class=\"tb-header__subnav\">\n            <div class=\"inner-block\">\n                <div class=\"tb-header__pagename\">\n                                            \t<span class=\"tb-logo\"  style=\"-webkit-mask-image: url(https:\/\/capt.travelblox.eu\/wp-content\/uploads\/sites\/117\/2024\/10\/Round_White.svg); mask-image: url(https:\/\/capt.travelblox.eu\/wp-content\/uploads\/sites\/117\/2024\/10\/Round_White.svg)\">\n\t\t<img src='https:\/\/capt.travelblox.eu\/wp-content\/uploads\/sites\/117\/2024\/10\/Round_White.svg' width='1024' height='1024' alt='Cappadocia Trail logo' title='Cappadocia Trail' loading='lazy'>\n\t<\/span>\n                                    <\/div>\n\n                <ul>\n                                            <li>\n                            <a href=\"#concept\">Concept<\/a>\n                        <\/li>\n\n                                            <li>\n                            <a href=\"#route\">Programme<\/a>\n                        <\/li>\n\n                                            <li>\n                            <a href=\"#pratique\">Infos pratiques<\/a>\n                        <\/li>\n\n                                            <li>\n                            <a href=\"#highlights-1\">Options<\/a>\n                        <\/li>\n\n                                            <li>\n                            <a href=\"#faq\">Questions fr\u00e9quentes<\/a>\n                        <\/li>\n\n                    \n                                                <li class=\"tb-header__subnav_cta\">\n                                <a href=\"#join\" class=\"tb-button\" >Donn\u00e9es &#038; prix<\/a>\n                            <\/li>\n                                    <\/ul>\n            <\/div>\n        <\/nav>\n\n    \n<\/div>\n\n\n\n\n<div class=\"tb-intro tb-block align-none background-middle pattern-none variant-none tb-collapsible-margins\" id=\"intro\">\n    <div class=\"inner-block tb-fade-in tb-fade-in--subtle\">\n\n        \n\n        <div class=\"text-part content-part\">\n            <div class=\"title-meta-inclusive\">\n                <div class=\"title-and-meta\">\n                                            <div class=\"title-part\">\n                                                            <h3>Cappadocia Trail<\/h3>\n                                                                                                                            <h5>\t\t<div class=\"translation-block\">D\u00e9couvrez la Cappadoce avec une randonn\u00e9e en autonomie \u00e0 travers les formations rocheuses, les vall\u00e9es et les \u00e9glises rupestres. S\u00e9journez dans des h\u00f4tels troglodytes et terminez votre voyage par un vol en montgolfi\u00e8re.<\/div>\n\t<\/h5>\n                                                                                    <\/div>\n                                        <ul class=\"meta-data\">\n                                                    <li>\n                                <i class=\"fa fa-regular fa-tag\"><\/i>\n                                <span>\u00c0 partir de 795 \u20ac<\/span>\n                            <\/li>\n                                                                            <li>\n                                <i class=\"fa fa-regular fa-calendar\"><\/i>\n                                <span><p><a href=\"#join\">mai<\/a> &amp; <a href=\"#join\">sept-oct&nbsp;<\/a><\/p>\n<\/span>\n                            <\/li>\n                                            <\/ul>\n                <\/div>\n                                    <div class=\"inclusive\">\n                                                    <h6>Points forts<\/h6>\n                                                <ul class=\"\">\n                                                            <li class=\"visible\">\n                                                                            \t\t\t\t<i class=\"icon fa-solid fa-mountain-sun\" aria-hidden=\"true\"><\/i>\n\t\t\t                                                                                                                <span>Traversez les vall\u00e9es embl\u00e9matiques et les chemin\u00e9es de f\u00e9es de la Cappadoce.<\/span>\n                                                                    <\/li>\n                                                            <li class=\"visible\">\n                                                                            \t\t\t\t<i class=\"icon fa-kit fa-tb-icon-hotel\" aria-hidden=\"true\"><\/i>\n\t\t\t                                                                                                                <span>S\u00e9journez dans des h\u00f4tels troglodytes uniques et des maisons typiques en pierre.<\/span>\n                                                                    <\/li>\n                                                            <li class=\"visible\">\n                                                                            \t\t\t\t<i class=\"icon fa-solid fa-person-hiking\" aria-hidden=\"true\"><\/i>\n\t\t\t                                                                                                                <span>Randonnez de mani\u00e8re autonome \u00e0 votre rythme, avec le soutien de nos rangers.<\/span>\n                                                                    <\/li>\n                                                            <li class=\"visible\">\n                                                                            \t\t\t\t<i class=\"icon fa-solid fa-sun-haze\" aria-hidden=\"true\"><\/i>\n\t\t\t                                                                                                                <span>Vivez l'exp\u00e9rience unique d'un vol en montgolfi\u00e8re \u00e0 G\u00f6reme au lever du soleil.<\/span>\n                                                                    <\/li>\n                                                            <li class=\"visible\">\n                                                                            \t\t\t\t<i class=\"icon fa-solid fa-hand-holding-heart\" aria-hidden=\"true\"><\/i>\n\t\t\t                                                                                                                <span>D\u00e9couvrez la culture locale et profitez de l'hospitalit\u00e9 turque.<\/span>\n                                                                    <\/li>\n                                                    <\/ul>\n                                            <\/div>\n                            <\/div>\n\n                            <div class=\"tb-buttons desktop-only\">\n                                            <a href=\"#join\" class=\"tb-button\">\n                                                            Inscrivez-vous pour l'automne 2026                                                    <\/a>\n                                                                <a href=\"#route\" class=\"tb-buttonlink\">\n                                                            D\u00e9couvrez l'itin\u00e9raire                                                    <\/a>\n                                    <\/div>\n                    <\/div>\n                                    <div class=\"image-part\">\n                    <img src='https:\/\/capt.travelblox.eu\/wp-content\/uploads\/sites\/117\/2025\/02\/d283241e18ccae4d65c5752ec9703041-xlarge-2-768x512.jpg' width='768' height='512' alt='ballons \u00e0 air chaud en Cappadoce' style='object-position:50% 50%' loading='lazy' image_size='medium_large'>                <\/div>\n                                        <div class=\"tb-buttons mobile-only\">\n                                    <a href=\"#join\" class=\"tb-button\">\n                                                    Inscrivez-vous pour l'automne 2026                                            <\/a>\n                                                    <a href=\"#route\" class=\"tb-buttonlink\">\n                                                    D\u00e9couvrez l'itin\u00e9raire                                            <\/a>\n                            <\/div>\n            <\/div>\n<\/div>\n\n\n<div class=\"tb-gallery tb-block align-center background-light pattern-none variant-grid\" id=\"gallery\">\n\t<div>\n\t\t<div class=\"desktop tb-has-popup-content\">\n\t\t\t\t\t\t\t<ul class=\"tb-gallery-grid\">\n\t\t\t\t\t\t\t\t\t\t\t\t\t\t\t\t\t\t<li class=\"slide\">\n\t\t\t\t\t\t\t\t<div class=\"tb-popup-trigger\">\n\t\t\t\t\t\t\t\t\t<img src='https:\/\/capt.travelblox.eu\/wp-content\/uploads\/sites\/117\/2025\/09\/CAPT25_TURKEY_WEB_RicoGluck_230_resultat_1.jpg' width='1920' height='1080' alt='cappadocia trail hike trek randonn\u00e9e wandelen turkey' style='object-position:50% 50%' loading='lazy'>\t\t\t\t\t\t\t\t<\/div>\n\t\t\t\t\t\t\t<\/li>\n\t\t\t\t\t\t\t\t\t\t\t\t\t<li class=\"slide\">\n\t\t\t\t\t\t\t\t<div class=\"tb-popup-trigger\">\n\t\t\t\t\t\t\t\t\t<img src='https:\/\/capt.travelblox.eu\/wp-content\/uploads\/sites\/117\/2025\/02\/DSC00167-Grande.jpeg' width='1280' height='853' alt='cappadocia trail hike trek randonn\u00e9e wandelen turkey' loading='lazy'>\t\t\t\t\t\t\t\t<\/div>\n\t\t\t\t\t\t\t<\/li>\n\t\t\t\t\t\t\t\t\t\t\t\t\t<li class=\"slide\">\n\t\t\t\t\t\t\t\t<div class=\"tb-popup-trigger\">\n\t\t\t\t\t\t\t\t\t<img src='https:\/\/capt.travelblox.eu\/wp-content\/uploads\/sites\/117\/2025\/09\/CAPT25_TURKEY_WEB_RicoGluck_74_resultat.jpg' width='1280' height='1920' alt='Ch\u00e2teau dans la roche \u00e0 Ortahisar en Cappadoce sur le Cappadocia Trail.' style='object-position:50% 50%' loading='lazy'>\t\t\t\t\t\t\t\t<\/div>\n\t\t\t\t\t\t\t<\/li>\n\t\t\t\t\t\t\t\t\t\t\t\t\t\t\t<\/ul>\n\t\t\t\t\t\t<div class=\"tb-popup tb-popup--open-clicked-image\">\n\t\t\t\t<div class=\"tb-gallery-popup\">\n\t\t\t\t\t<div class=\"tb-image-part\">\n\t\t\t\t\t\t\t\t\t\t<div class=\"inner-block-full-width has-tb-carousel tb-carousel-slider\" >\n\t\t\t<div class=\"tb-carousel-container\">\n\t\t\t\t<div class=\"entries tb-cards\" data-slider-first=\"2\">\n\t\t\t\t\t\t\t\t\t<div class=\"entry\">\n\t\t\t\t<div class=\"tb-image-part\">\n\t\t\t\t\t<figure>\n\t\t\t\t\t\t<img src='https:\/\/capt.travelblox.eu\/wp-content\/uploads\/sites\/117\/2025\/09\/CAPT25_TURKEY_WEB_RicoGluck_230_resultat_1.jpg' width='1920' height='1080' alt='cappadocia trail hike trek randonn\u00e9e wandelen turkey' style='object-position:50% 50%' loading='lazy' image_size='full'>\t\t\t\t\t\t\t\t\t\t\t<\/figure>\n\t\t\t\t<\/div>\n\t\t\t<\/div>\n\t\t\t\t\t<div class=\"entry\">\n\t\t\t\t<div class=\"tb-image-part\">\n\t\t\t\t\t<figure>\n\t\t\t\t\t\t<img src='https:\/\/capt.travelblox.eu\/wp-content\/uploads\/sites\/117\/2025\/02\/DSC00167-Grande.jpeg' width='1280' height='853' alt='cappadocia trail hike trek randonn\u00e9e wandelen turkey' loading='lazy' image_size='full'>\t\t\t\t\t\t\t\t\t\t\t<\/figure>\n\t\t\t\t<\/div>\n\t\t\t<\/div>\n\t\t\t\t\t<div class=\"entry\">\n\t\t\t\t<div class=\"tb-image-part\">\n\t\t\t\t\t<figure>\n\t\t\t\t\t\t<img src='https:\/\/capt.travelblox.eu\/wp-content\/uploads\/sites\/117\/2025\/09\/CAPT25_TURKEY_WEB_RicoGluck_74_resultat.jpg' width='1280' height='1920' alt='Ch\u00e2teau dans la roche \u00e0 Ortahisar en Cappadoce sur le Cappadocia Trail.' style='object-position:50% 50%' loading='lazy' image_size='full'>\t\t\t\t\t\t\t\t\t\t\t<\/figure>\n\t\t\t\t<\/div>\n\t\t\t<\/div>\n\t\t\t\t\t\t\t\t<\/div>\n\t\t\t\t\t\t<div class=\"tb-carousel-nav\">\n\t\t\t<div class=\"dots\">\n\t\t\t\t<div class=\"dot active\"><\/div>\n\t\t\t\t<div class=\"dot\"><\/div>\n\t\t\t\t<div class=\"dot\"><\/div>\n\t\t\t<\/div>\n\t\t\t<div class=\"arrows\">\n\t\t\t\t<div class=\"prev disabled\">\n\t\t\t\t\t<span><i class=\"fa fa-chevron-left\"><\/i><\/span>\n\t\t\t\t<\/div>\n\t\t\t\t<div class=\"next\">\n\t\t\t\t\t<span><i class=\"fa fa-chevron-right\"><\/i><\/span>\n\t\t\t\t<\/div>\n\t\t\t<\/div>\n\t\t<\/div>\n\t\t\t\t<\/div>\n\t\t<\/div>\n\t\t\t\t\t\t\t<\/div>\n\t\t\t\t<\/div>\n\t\t\t<\/div>\n\t\t<\/div>\n\t\t<div class=\"mobile\">\n\t\t\t<div class=\"tb-image-part\">\n\t\t\t\t\t\t\t\t<div class=\"inner-block-full-width has-tb-carousel tb-carousel-slider\" >\n\t\t\t<div class=\"tb-carousel-container\">\n\t\t\t\t<div class=\"entries tb-cards\" data-slider-first=\"0\">\n\t\t\t\t\t\t\t\t\t<div class=\"entry\">\n\t\t\t\t<div class=\"tb-image-part\">\n\t\t\t\t\t<figure>\n\t\t\t\t\t\t<img src='https:\/\/capt.travelblox.eu\/wp-content\/uploads\/sites\/117\/2025\/09\/CAPT25_TURKEY_WEB_RicoGluck_230_resultat_1-768x432.jpg' width='768' height='432' alt='cappadocia trail hike trek randonn\u00e9e wandelen turkey' style='object-position:50% 50%' loading='lazy' image_size='medium_large'>\t\t\t\t\t\t\t\t\t\t\t<\/figure>\n\t\t\t\t<\/div>\n\t\t\t<\/div>\n\t\t\t\t\t<div class=\"entry\">\n\t\t\t\t<div class=\"tb-image-part\">\n\t\t\t\t\t<figure>\n\t\t\t\t\t\t<img src='https:\/\/capt.travelblox.eu\/wp-content\/uploads\/sites\/117\/2025\/02\/DSC00167-Grande-768x512.jpeg' width='768' height='512' alt='cappadocia trail hike trek randonn\u00e9e wandelen turkey' loading='lazy' image_size='medium_large'>\t\t\t\t\t\t\t\t\t\t\t<\/figure>\n\t\t\t\t<\/div>\n\t\t\t<\/div>\n\t\t\t\t\t<div class=\"entry\">\n\t\t\t\t<div class=\"tb-image-part\">\n\t\t\t\t\t<figure>\n\t\t\t\t\t\t<img src='https:\/\/capt.travelblox.eu\/wp-content\/uploads\/sites\/117\/2025\/09\/CAPT25_TURKEY_WEB_RicoGluck_74_resultat-768x1152.jpg' width='768' height='1152' alt='Ch\u00e2teau dans la roche \u00e0 Ortahisar en Cappadoce sur le Cappadocia Trail.' style='object-position:50% 50%' loading='lazy' image_size='medium_large'>\t\t\t\t\t\t\t\t\t\t\t<\/figure>\n\t\t\t\t<\/div>\n\t\t\t<\/div>\n\t\t\t\t\t\t\t\t<\/div>\n\t\t\t\t\t\t<div class=\"tb-carousel-nav\">\n\t\t\t<div class=\"dots\">\n\t\t\t\t<div class=\"dot active\"><\/div>\n\t\t\t\t<div class=\"dot\"><\/div>\n\t\t\t\t<div class=\"dot\"><\/div>\n\t\t\t<\/div>\n\t\t\t<div class=\"arrows\">\n\t\t\t\t<div class=\"prev disabled\">\n\t\t\t\t\t<span><i class=\"fa fa-chevron-left\"><\/i><\/span>\n\t\t\t\t<\/div>\n\t\t\t\t<div class=\"next\">\n\t\t\t\t\t<span><i class=\"fa fa-chevron-right\"><\/i><\/span>\n\t\t\t\t<\/div>\n\t\t\t<\/div>\n\t\t<\/div>\n\t\t\t\t<\/div>\n\t\t<\/div>\n\t\t\t\t\t<\/div>\n\t\t<\/div>\n\t<\/div>\n<\/div>\n\n\n\n<div class=\"tb-textimage2 tb-block align-left background-light pattern-none variant-text_first tb-collapsible-margins\" id=\"concept\">\n\t<div class=\"inner-block tb-fade-in\">\n\n\t\t\n\t\t<div class=\"tb-columns\">\n\t\t\t<div class=\"tb-column\">\n\t\t\t\t<div class=\"tb-text-part\">\n\t\t\t\t\t<h2>Randonn\u00e9e en Cappadoce<\/h2>\n\t\t\t\t\t\t\t<div class=\"translation-block\"><p><strong>Le<\/strong> <strong>Cappadocia Trail<\/strong> commence \u00e0 Ta\u015fk\u0131npa\u015fa, un charmant village au c\u0153ur de la vall\u00e9e. En cinq \u00e9tapes vari\u00e9es, vous marcherez le long des \u00e9glises rupestres et des impressionnants ch\u00e2teaux de roche d'Ortahisar et d'U\u00e7hisar. Vous terminerez \u00e0 G\u00f6reme, o\u00f9 vous pourrez vivre l'apog\u00e9e de l'aventure : un <strong>vol en montgolfi\u00e8re en Cappadoce<\/strong> au lever du soleil, haut au-dessus des chemin\u00e9es de f\u00e9es.<\/p><p>En chemin, vous dormirez dans des <strong>h\u00f4tels troglodytes agr\u00e9ables<\/strong> et vous commencerez chaque jour par un petit-d\u00e9jeuner local. Tout est organis\u00e9 : un itin\u00e9raire clair jour par jour, des conseils et le soutien d'un ranger francophone. <strong>Le Cappadocia Trail<\/strong> est un <strong>m\u00e9lange unique<\/strong> <strong>de nature, de culture et d'authenticit\u00e9<\/strong>, vous permettant de d\u00e9couvrir la Cappadoce telle qu'elle est r\u00e9ellement.<\/p><\/div>\n\t\t\t\t\t\t\t\t\t\t\t<div class=\"tb-buttons-part\">\n\t\t\t\t\t\t\t\t<a href=\"#join\"  target=\"\" class=\"tb-button\">\n\t\t\tInscrivez-vous pour l'automne 2026\t\t<\/a>\n\t\t\t\t\t\t\t\t\t\t<a href=\"#pratique\"  target=\"\" class=\"tb-buttonlink\">\n\t\t\tPlus d'informations\t\t<\/a>\n\t\t\t\t\t\t\t<\/div>\n\t\t\t\t<\/div>\n\t\t\t<\/div>\n\t\t\t<div class=\"tb-column\">\n\t\t\t\t\t\t\t\t\t\t\t\t\t\t\t<div class=\"tb-image-part\">\n\t\t\t\t\t\t\t\t\t\t\t<div class=\"inner-block-full-width has-tb-carousel tb-carousel-slider\" >\n\t\t\t<div class=\"tb-carousel-container\">\n\t\t\t\t<div class=\"entries tb-cards\" data-slider-first=\"0\">\n\t\t\t\t\t\t\t\t\t<div class=\"entry\">\n\t\t\t\t<div class=\"tb-image-part\">\n\t\t\t\t\t<figure>\n\t\t\t\t\t\t<img src='https:\/\/capt.travelblox.eu\/wp-content\/uploads\/sites\/117\/2025\/09\/CAPT25_TURKEY_WEB_RicoGluck_186_resultat_1-768x512.jpg' width='768' height='512' alt='cappadocia trail hike trek randonn\u00e9e wandelen turkey' style='object-position:50% 50%' loading='lazy' image_size='medium_large'>\t\t\t\t\t\t\t\t\t\t\t\t\t\t\t\t\t\t\t\t\t\t\t\t\t\t\t\t\t\t\t<\/figure>\n\t\t\t\t<\/div>\n\t\t\t<\/div>\n\t\t\t\t\t<div class=\"entry\">\n\t\t\t\t<div class=\"tb-image-part\">\n\t\t\t\t\t<figure>\n\t\t\t\t\t\t<img src='https:\/\/capt.travelblox.eu\/wp-content\/uploads\/sites\/117\/2025\/09\/CAPT25_TURKEY_WEB_RicoGluck_31_resultat_1-768x512.jpg' width='768' height='512' alt='cappadocia trail hike trek randonn\u00e9e wandelen turkey' style='object-position:50% 50%' loading='lazy' image_size='medium_large'>\t\t\t\t\t\t\t\t\t\t\t\t\t\t\t\t\t\t\t\t\t\t\t\t\t\t\t\t\t\t\t<\/figure>\n\t\t\t\t<\/div>\n\t\t\t<\/div>\n\t\t\t\t\t<div class=\"entry\">\n\t\t\t\t<div class=\"tb-image-part\">\n\t\t\t\t\t<figure>\n\t\t\t\t\t\t<img src='https:\/\/capt.travelblox.eu\/wp-content\/uploads\/sites\/117\/2025\/09\/CAPT25_TURKEY_WEB_RicoGluck_76_resultat_1-768x512.jpg' width='768' height='512' alt='cappadocia trail hike trek randonn\u00e9e wandelen turkey' style='object-position:50% 50%' loading='lazy' image_size='medium_large'>\t\t\t\t\t\t\t\t\t\t\t\t\t\t\t\t\t\t\t\t\t\t\t\t\t\t\t\t\t\t\t<\/figure>\n\t\t\t\t<\/div>\n\t\t\t<\/div>\n\t\t\t\t\t\t\t\t<\/div>\n\t\t\t\t\t\t<div class=\"tb-carousel-nav\">\n\t\t\t<div class=\"dots\">\n\t\t\t\t<div class=\"dot active\"><\/div>\n\t\t\t\t<div class=\"dot\"><\/div>\n\t\t\t\t<div class=\"dot\"><\/div>\n\t\t\t<\/div>\n\t\t\t<div class=\"arrows\">\n\t\t\t\t<div class=\"prev disabled\">\n\t\t\t\t\t<span><i class=\"fa fa-chevron-left\"><\/i><\/span>\n\t\t\t\t<\/div>\n\t\t\t\t<div class=\"next\">\n\t\t\t\t\t<span><i class=\"fa fa-chevron-right\"><\/i><\/span>\n\t\t\t\t<\/div>\n\t\t\t<\/div>\n\t\t<\/div>\n\t\t\t\t<\/div>\n\t\t<\/div>\n\t\t\t\t\t\t\t\t<\/div>\n\t\t\t\t\t\t\t\t\t\t\t\t<\/div>\n\t\t<\/div>\n\t<\/div>\n<\/div>\n\n\n<div class=\"tb-dayschedule tb-block align-center background-light pattern-default variant-none tb-collapsible-margins\" id=\"route\">\n\n\t<div class=\"inner-block tb-fade-in tb-fade-in--subtle\">\n\t\t<div class=\"text-part\">\n\t\t\t<h2>Programme de la semaine<\/h2>\n\t\t\t\t\t<div class=\"translation-block\"><p>Il existe d\u2019innombrables itin\u00e9raires de randonn\u00e9e en Cappadoce. Mais choisir le bon parcours et tout organiser intelligemment prend du temps. Avec notre programme d\u2019une semaine enti\u00e8rement trac\u00e9, vous ne manquerez aucun des incontournables du <strong>Cappadocia Trail<\/strong>. En <strong>cinq journ\u00e9es compl\u00e8tes de marche<\/strong>, vous randonnerez \u00e0 travers les plus beaux spots, avec chaque soir une nuit relax dans un h\u00f4tel plein de charme.<\/p><\/div>\n\t\t\t\t\t\t\t\t\t\t\t\t\t<\/div>\n\t<\/div>\n\t\t\t<div class=\"tb-sections\">\n\t\t\t\t\t\t\t\t\t\t\t\t\t\t<div class=\"inner-block-full-width has-tb-carousel tb-section\" id=\"route-section-0\">\n\t\t\t<div class=\"tb-carousel-container\">\n\t\t\t\t<div class=\"entries tb-cards\" data-slider-first=\"1\">\n\t\t\t\t\t\t\t\t\t\t\t\t\t\t\t<div class=\"tb-card entry tb-popup-trigger tb-unfold-on-hover\">\n\t\t\t\t\t\t\t<div class=\"tb-image-part\">\n\t\t\t\t\t\t\t\t<div class=\"tag\">\n\t\t\t\t\t\t\t\t\t<div>Jour 1<\/div>\n\t\t\t\t\t\t\t\t<\/div>\n\n\t\t\t\t\t\t\t\t<img src='https:\/\/capt.travelblox.eu\/wp-content\/uploads\/sites\/117\/2024\/10\/Kayseri-Turkey-768x512.jpg' width='768' height='512' alt='Cappadoce Turquie - Vacances de randonn\u00e9e en Cappadoce en Turquie' loading='lazy' image_size='medium_large'>\t\t\t\t\t\t\t<\/div>\n\t\t\t\t\t\t\t<div class=\"tb-card-bottom-wrapper\">\n\t\t\t\t\t\t\t\t<div class=\"tb-card-bottom\">\n\n\t\t\t\t\t\t\t\t\t<span class=\"tb-card-bottom__title\">\n\t\t\t\t\t\t\t\t\t\t<span class=\"tb-card-bottom__place\">\n\t\t\t\t\t\t\t\t\t\t\tArriv\u00e9e \u00e0 Kayseri\t\t\t\t\t\t\t\t\t\t\t\t\t\t\t\t\t\t\t\t\t<\/span>\n\n\t\t\t\t\t\t\t\t\t<\/span>\n\t\t\t\t\t\t\t\t\t<div class=\"tb-card-bottom__content\">\n\t\t\t\t\t\t\t\t\t\t<div>\n\t\t\t\t\t\t\t\t\t\t\t\t\t\t\t\t\t\t\t\t\t\t\t<i class=\"icon fa-regular fa-bed\"><\/i> Kayseri\t\t\t\t\t\t\t\t\t\t\t\t\t\t\t\t\t\t\t\t\t<\/div>\n\t\t\t\t\t\t\t\t\t<\/div>\n\t\t\t\t\t\t\t\t\t<div class=\"tb-card-bottom__teaser tb-unfold-on-hover__content\" data-no-translation>\n\t\t\t\t\t\t\t\t\t\t\t\t\t\t\t\t\t\t\t\t\t\t\t\t\t\t\t\t\t\tAvant de commencer votre incroyable aventure en Cappadoce, vous arriverez d&#8217;abord \u00e0 Kayseri. Vous y &#8230; <span class=\"link\">Lire la suite<\/span>\t\t\t\t\t\t\t\t\t<\/div>\n\t\t\t\t\t\t\t\t<\/div>\n\n\t\t\t\t\t\t\t<\/div>\n\t\t\t\t\t\t\t<dialog class=\"tb-popup tb-popup-with-padding tb-dayschedule-popup-wrapper\">\n\t\t\t\t\t\t\t\t<div class=\"tb-dayschedule-popup\">\n\t\t\t\t\t\t\t\t\t<h5>\n\t\t\t\t\t\t\t\t\t\t\t\t\t\t\t\t\t\t\t\t\t\t\t\t\t\t\t\t\t\t\t<div>\n\t\t\t\t\t\t\t\t\t\t\t\t\t\t\t\t\t\t\t\t\t\t\t\t\tArriv\u00e9e \u00e0 Kayseri\t\t\t\t\t\t\t\t\t\t\t\t\t\t\t\t\t\t\t\t\t\t\t\t\t\t\t\t\t\t\t\t\t\t\t<\/div>\n\t\t\t\t\t\t\t\t\t\t\t\t\t\t\t\t\t\t\t<\/h5>\n\t\t\t\t\t\t\t\t\t<div class=\"tb-columns\">\n\t\t\t\t\t\t\t\t\t\t<div class=\"tb-column tb-column--text\">\n\t\t\t\t\t\t\t\t\t\t\t<div class=\"text-part\">\n\t\t\t\t\t\t\t\t\t\t\t\t\t\t\t\t\t\t\t\t\t\t\t\t\t<div class=\"tb-dayschedule-popup__icons\">\n\t\t\t\t\t\t\t\t\t\t\t\t\t\t\t\t\t\t\t\t\t\t\t\t\t\t\t\t\t\t\t\t\t\t\t\t\t\t\t\t\t\t\t<div class=\"tb-dayschedule-popup__icon\">\n\t\t\t\t\t\t\t\t\t\t\t\t\t\t\t\t<i class=\"icon fa-regular fa-bed\"><\/i>\n\t\t\t\t\t\t\t\t\t\t\t\t\t\t\t\t<span>\n\t\t\t\t\t\t\t\t\t\t\t\t\t\t\t\t\tKayseri\t\t\t\t\t\t\t\t\t\t\t\t\t\t\t\t<\/span>\n\t\t\t\t\t\t\t\t\t\t\t\t\t\t\t<\/div>\n\t\t\t\t\t\t\t\t\t\t\t\t\t\t\t\t\t\t\t\t\t\t\t\t\t\t\t<\/div>\n\t\t\t\t\t\t\t\t\t\t\t\t\n\t\t\t\t\t\t\t\t\t\t\t\t\n\t\t\t\t\t\t\t\t\t\t\t\t<div>\n\t\t\t\t\t\t\t\t\t\t\t\t\t<strong>Jour 1<\/strong>\n\t\t\t\t\t\t\t\t\t\t\t\t\t\t\t<div class=\"translation-block\"><p>Avant de commencer votre incroyable aventure en Cappadoce, vous arriverez d'abord \u00e0 <strong>Kayseri<\/strong>. Vous y passerez une nuit, afin d'\u00eatre frais et pr\u00eat\u00b7e \u00e0 commencer le <strong>Cappadocia Trail<\/strong> le lendemain matin.<\/p><p>Le lendemain matin, notre navette vous am\u00e8nera au point de d\u00e9part du sentier.<\/p><\/div>\n\t\t\t\t\t\t\t\t\t\t\t\t\t<\/div>\n\n\n\t\t\t\t\t\t\t\t\t\t\t<\/div>\n\t\t\t\t\t\t\t\t\t\t<\/div>\n\t\t\t\t\t\t\t\t\t\t<div class=\"tb-column tb-column--image\">\n\n\t\t\t\t\t\t\t\t\t\t\t<div class=\"tb-image-part\">\n\t\t\t\t\t\t\t\t\t\t\t\t<img src='https:\/\/capt.travelblox.eu\/wp-content\/uploads\/sites\/117\/2024\/10\/Kayseri-Turkey-1024x683.jpg' width='1024' height='683' alt='Cappadoce Turquie - Vacances de randonn\u00e9e en Cappadoce en Turquie' loading='lazy' image_size='large'>\t\t\t\t\t\t\t\t\t\t\t<\/div>\n\t\t\t\t\t\t\t\t\t\t<\/div>\n\t\t\t\t\t\t\t\t\t<\/div>\n\t\t\t\t\t\t\t\t\t\t\t<div class=\"tb-popup-nav\">\n\t\t\t<a href=\"#\" class=\"tb-buttonlink-with-icon tb-buttonlink-with-arrow icon-first tb-popup-previous\">\n\t\t\t\t<i class=\"icon fa fa-chevron-left\"><\/i>\n\t\t\t\t<span>Jour pr\u00e9c\u00e9dent<\/span>\n\t\t\t<\/a>\n\t\t\t<a href=\"#\" class=\"tb-buttonlink-with-icon tb-buttonlink-with-arrow tb-popup-next\">\n\t\t\t\t<span>Jour suivant<\/span>\n\t\t\t\t<i class=\"icon fa fa-chevron-right\"><\/i>\n\t\t\t<\/a>\n\t\t<\/div>\n\t\n\t\t\t\t\t\t\t\t<\/div>\n\t\t\t\t\t\t\t<\/dialog>\n\t\t\t\t\t\t<\/div>\n\t\t\t\t\t\t\t\t\t\t\t<div class=\"tb-card entry tb-popup-trigger tb-unfold-on-hover\">\n\t\t\t\t\t\t\t<div class=\"tb-image-part\">\n\t\t\t\t\t\t\t\t<div class=\"tag\">\n\t\t\t\t\t\t\t\t\t<div>Jour 2<\/div>\n\t\t\t\t\t\t\t\t<\/div>\n\n\t\t\t\t\t\t\t\t<img src='https:\/\/capt.travelblox.eu\/wp-content\/uploads\/sites\/117\/2025\/02\/DSC00128-Grande-768x512.jpeg' width='768' height='512' alt='cappadocia trail hike trek randonn\u00e9e wandelen turkey' style='object-position:50% 50%' loading='lazy' image_size='medium_large'>\t\t\t\t\t\t\t<\/div>\n\t\t\t\t\t\t\t<div class=\"tb-card-bottom-wrapper\">\n\t\t\t\t\t\t\t\t<div class=\"tb-card-bottom\">\n\n\t\t\t\t\t\t\t\t\t<span class=\"tb-card-bottom__title\">\n\t\t\t\t\t\t\t\t\t\t<span class=\"tb-card-bottom__place\">\n\t\t\t\t\t\t\t\t\t\t\tTa\u015fk\u0131npa\u015fa \u2013 Mustafapa\u015fa\t\t\t\t\t\t\t\t\t\t\t\t\t\t\t\t\t\t\t\t\t<\/span>\n\n\t\t\t\t\t\t\t\t\t<\/span>\n\t\t\t\t\t\t\t\t\t<div class=\"tb-card-bottom__content\">\n\t\t\t\t\t\t\t\t\t\t<div>\n\t\t\t\t\t\t\t\t\t\t\t\t\t\t\t\t\t\t\t\t\t\t\t<i class=\"icon fa-regular fa-bed\"><\/i> Stone House\t\t\t\t\t\t\t\t\t\t\t\t\t\t\t\t\t\t\t\t\t<\/div>\n\t\t\t\t\t\t\t\t\t<\/div>\n\t\t\t\t\t\t\t\t\t<div class=\"tb-card-bottom__teaser tb-unfold-on-hover__content\" data-no-translation>\n\t\t\t\t\t\t\t\t\t\t\t\t\t\t\t\t\t\t\t\t\t\t\t\t\t\t\t\t\t\tApr\u00e8s une bonne nuit de sommeil et un copieux petit-d\u00e9jeuner, vous prendrez la navette depuis Kayser&#8230; <span class=\"link\">Lire la suite<\/span>\t\t\t\t\t\t\t\t\t<\/div>\n\t\t\t\t\t\t\t\t<\/div>\n\n\t\t\t\t\t\t\t<\/div>\n\t\t\t\t\t\t\t<dialog class=\"tb-popup tb-popup-with-padding tb-dayschedule-popup-wrapper\">\n\t\t\t\t\t\t\t\t<div class=\"tb-dayschedule-popup\">\n\t\t\t\t\t\t\t\t\t<h5>\n\t\t\t\t\t\t\t\t\t\t\t\t\t\t\t\t\t\t\t\t\t\t\t\t\t\t\t\t\t\t\t<div>\n\t\t\t\t\t\t\t\t\t\t\t\t\t\t\t\t\t\t\t\t\t\t\t\t\tTa\u015fk\u0131npa\u015fa\t\t\t\t\t\t\t\t\t\t\t\t\t\t\t\t\t\t\t\t\t\t\t\t\t\t\t\t\t\t\t\t\t\t\t\t\t\t\t\t\t\t\t\t\t\t\t\t\t\t\t<i class=\"icon fa-solid fa-arrow-right\"><\/i> Mustafapa\u015fa\t\t\t\t\t\t\t\t\t\t\t\t\t\t\t\t\t\t\t\t\t\t\t\t\t\t\t\t\t\t\t\t\t\t\t\t<\/div>\n\t\t\t\t\t\t\t\t\t\t\t\t\t\t\t\t\t\t\t<\/h5>\n\t\t\t\t\t\t\t\t\t<div class=\"tb-columns\">\n\t\t\t\t\t\t\t\t\t\t<div class=\"tb-column tb-column--text\">\n\t\t\t\t\t\t\t\t\t\t\t<div class=\"text-part\">\n\t\t\t\t\t\t\t\t\t\t\t\t\t\t\t\t\t\t\t\t\t\t\t\t\t<div class=\"tb-dayschedule-popup__icons\">\n\t\t\t\t\t\t\t\t\t\t\t\t\t\t\t\t\t\t\t\t\t\t\t\t\t\t\t\t\t\t\t\t\t\t\t\t\t\t\t\t\t\t\t<div class=\"tb-dayschedule-popup__icon\">\n\t\t\t\t\t\t\t\t\t\t\t\t\t\t\t\t<i class=\"icon fa-regular fa-bed\"><\/i>\n\t\t\t\t\t\t\t\t\t\t\t\t\t\t\t\t<span>\n\t\t\t\t\t\t\t\t\t\t\t\t\t\t\t\t\tStone House\t\t\t\t\t\t\t\t\t\t\t\t\t\t\t\t<\/span>\n\t\t\t\t\t\t\t\t\t\t\t\t\t\t\t<\/div>\n\t\t\t\t\t\t\t\t\t\t\t\t\t\t\t\t\t\t\t\t\t\t\t\t\t\t\t<\/div>\n\t\t\t\t\t\t\t\t\t\t\t\t\n\t\t\t\t\t\t\t\t\t\t\t\t\t\t\t\t\t\t\t\t\t\t\t\t\t<div class=\"tb-dayschedule-popup__keywords\">\n\t\t\t\t\t\t\t\t\t\t\t\t\t\t\t\t<div class=\"translation-block\"><ul>\n<li>Distance : 17,2 km<\/li>\n<li>Mont\u00e9e : 420 m<\/li>\n<li>Descente : 580 m<\/li>\n<li>Temps de marche : 6 heures<\/li>\n<\/ul><\/div>\n\t\t\t\t\t\t\t\t\t\t\t\t\t\t<\/div>\n\t\t\t\t\t\t\t\t\t\t\t\t\n\t\t\t\t\t\t\t\t\t\t\t\t<div>\n\t\t\t\t\t\t\t\t\t\t\t\t\t<strong>Jour 2<\/strong>\n\t\t\t\t\t\t\t\t\t\t\t\t\t\t\t<div class=\"translation-block\"><p>Apr\u00e8s une bonne nuit de sommeil et un copieux petit-d\u00e9jeuner, vous prendrez la navette depuis Kayseri vers le <strong>point de d\u00e9part du Cappadocia Trail \u00e0 Ta\u015fk\u0131npa\u015fa<\/strong>. Apr\u00e8s environ une heure et demie de route, vous arriverez dans un village historique, loin du tourisme, o\u00f9 le temps semble s'\u00eatre arr\u00eat\u00e9. C'est ici que vous recevrez votre <strong>premier briefing<\/strong> par le ranger.<\/p><p>D\u00e8s que vous quitterez le village, la mont\u00e9e vers l'un des points les plus \u00e9lev\u00e9s du sentier commence. En haut, vous serez accueilli par <strong>une vue panoramique sur la vall\u00e9e<\/strong>. Vous continuerez \u00e0 marcher le long de l'un des rares lacs de la r\u00e9gion et suivrez des sentiers sinueux jusqu'\u00e0 atteindre <strong>Mustafapa\u015fa<\/strong>.<\/p><p>Mustafapa\u015fa \u00e9tait autrefois une <strong>colonie grecque<\/strong>, et vous pourrez encore le sentir dans l'architecture et l'ambiance. Pensez \u00e0 des <strong>maisons en pierre \u00e9l\u00e9gantes,<\/strong> dont la plus c\u00e9l\u00e8bre est l'Old Greek House, aujourd'hui un restaurant pris\u00e9.<\/p><p><strong>Extras \u00e0 Mustafapa\u015fa :<\/strong><\/p><ul><li>Visite de la ville souterraine<\/li><li>Aller au point de vue<\/li><li>Visite de l'\u00e9glise St. Helena et Constantine au centre du village<\/li><li>Monast\u00e8re de St. Nicolas<\/li><\/ul><\/div>\n\t\t\t\t\t\t\t\t\t\t\t\t\t<\/div>\n\n\n\t\t\t\t\t\t\t\t\t\t\t<\/div>\n\t\t\t\t\t\t\t\t\t\t<\/div>\n\t\t\t\t\t\t\t\t\t\t<div class=\"tb-column tb-column--image\">\n\n\t\t\t\t\t\t\t\t\t\t\t<div class=\"tb-image-part\">\n\t\t\t\t\t\t\t\t\t\t\t\t<img src='https:\/\/capt.travelblox.eu\/wp-content\/uploads\/sites\/117\/2025\/02\/DSC00128-Grande-1024x682.jpeg' width='1024' height='682' alt='cappadocia trail hike trek randonn\u00e9e wandelen turkey' style='object-position:50% 50%' loading='lazy' image_size='large'>\t\t\t\t\t\t\t\t\t\t\t<\/div>\n\t\t\t\t\t\t\t\t\t\t<\/div>\n\t\t\t\t\t\t\t\t\t<\/div>\n\t\t\t\t\t\t\t\t\t\t\t<div class=\"tb-popup-nav\">\n\t\t\t<a href=\"#\" class=\"tb-buttonlink-with-icon tb-buttonlink-with-arrow icon-first tb-popup-previous\">\n\t\t\t\t<i class=\"icon fa fa-chevron-left\"><\/i>\n\t\t\t\t<span>Jour pr\u00e9c\u00e9dent<\/span>\n\t\t\t<\/a>\n\t\t\t<a href=\"#\" class=\"tb-buttonlink-with-icon tb-buttonlink-with-arrow tb-popup-next\">\n\t\t\t\t<span>Jour suivant<\/span>\n\t\t\t\t<i class=\"icon fa fa-chevron-right\"><\/i>\n\t\t\t<\/a>\n\t\t<\/div>\n\t\n\t\t\t\t\t\t\t\t<\/div>\n\t\t\t\t\t\t\t<\/dialog>\n\t\t\t\t\t\t<\/div>\n\t\t\t\t\t\t\t\t\t\t\t<div class=\"tb-card entry tb-popup-trigger tb-unfold-on-hover\">\n\t\t\t\t\t\t\t<div class=\"tb-image-part\">\n\t\t\t\t\t\t\t\t<div class=\"tag\">\n\t\t\t\t\t\t\t\t\t<div>Jour 3<\/div>\n\t\t\t\t\t\t\t\t<\/div>\n\n\t\t\t\t\t\t\t\t<img src='https:\/\/capt.travelblox.eu\/wp-content\/uploads\/sites\/117\/2024\/10\/CAP_24_RachelWennink_LR-4-Large-768x1152.jpeg' width='768' height='1152' alt='Cappadoce - Voyage de randonn\u00e9e en Turquie' loading='lazy' image_size='medium_large'>\t\t\t\t\t\t\t<\/div>\n\t\t\t\t\t\t\t<div class=\"tb-card-bottom-wrapper\">\n\t\t\t\t\t\t\t\t<div class=\"tb-card-bottom\">\n\n\t\t\t\t\t\t\t\t\t<span class=\"tb-card-bottom__title\">\n\t\t\t\t\t\t\t\t\t\t<span class=\"tb-card-bottom__place\">\n\t\t\t\t\t\t\t\t\t\t\tMustafapa\u015fa\t\t\t\t\t\t\t\t\t\t\t\t\t\t\t\t\t\t\t\t\t\t\t&#8211; Ortahisar\t\t\t\t\t\t\t\t\t\t\t\t\t\t\t\t\t\t\t\t\t<\/span>\n\n\t\t\t\t\t\t\t\t\t<\/span>\n\t\t\t\t\t\t\t\t\t<div class=\"tb-card-bottom__content\">\n\t\t\t\t\t\t\t\t\t\t<div>\n\t\t\t\t\t\t\t\t\t\t\t\t\t\t\t\t\t\t\t\t\t\t\t<i class=\"icon fa-regular fa-bed\"><\/i> Cave Hotel\t\t\t\t\t\t\t\t\t\t\t\t\t\t\t\t\t\t\t\t\t<\/div>\n\t\t\t\t\t\t\t\t\t<\/div>\n\t\t\t\t\t\t\t\t\t<div class=\"tb-card-bottom__teaser tb-unfold-on-hover__content\" data-no-translation>\n\t\t\t\t\t\t\t\t\t\t\t\t\t\t\t\t\t\t\t\t\t\t\t\t\t\t\t\t\t\tAujourd&#8217;hui, vous plongerez directement dans la premi\u00e8re v\u00e9ritable vall\u00e9e du Cappadocia Trail : la G&#8230; <span class=\"link\">Lire la suite<\/span>\t\t\t\t\t\t\t\t\t<\/div>\n\t\t\t\t\t\t\t\t<\/div>\n\n\t\t\t\t\t\t\t<\/div>\n\t\t\t\t\t\t\t<dialog class=\"tb-popup tb-popup-with-padding tb-dayschedule-popup-wrapper\">\n\t\t\t\t\t\t\t\t<div class=\"tb-dayschedule-popup\">\n\t\t\t\t\t\t\t\t\t<h5>\n\t\t\t\t\t\t\t\t\t\t\t\t\t\t\t\t\t\t\t\t\t\t\t\t\t\t\t\t\t\t\t<div>\n\t\t\t\t\t\t\t\t\t\t\t\t\t\t\t\t\t\t\t\t\t\t\t\t\tMustafapa\u015fa\t\t\t\t\t\t\t\t\t\t\t\t\t\t\t\t\t\t\t\t\t\t\t\t\t\t\t\t\t\t\t\t\t\t\t\t\t\t\t\t\t\t\t\t\t\t\t\t\t\t\t<i class=\"icon fa-solid fa-arrow-right\"><\/i> Ortahisar\t\t\t\t\t\t\t\t\t\t\t\t\t\t\t\t\t\t\t\t\t\t\t\t\t\t\t\t\t\t\t\t\t\t\t\t<\/div>\n\t\t\t\t\t\t\t\t\t\t\t\t\t\t\t\t\t\t\t<\/h5>\n\t\t\t\t\t\t\t\t\t<div class=\"tb-columns\">\n\t\t\t\t\t\t\t\t\t\t<div class=\"tb-column tb-column--text\">\n\t\t\t\t\t\t\t\t\t\t\t<div class=\"text-part\">\n\t\t\t\t\t\t\t\t\t\t\t\t\t\t\t\t\t\t\t\t\t\t\t\t\t<div class=\"tb-dayschedule-popup__icons\">\n\t\t\t\t\t\t\t\t\t\t\t\t\t\t\t\t\t\t\t\t\t\t\t\t\t\t\t\t\t\t\t\t\t\t\t\t\t\t\t\t\t\t\t<div class=\"tb-dayschedule-popup__icon\">\n\t\t\t\t\t\t\t\t\t\t\t\t\t\t\t\t<i class=\"icon fa-regular fa-bed\"><\/i>\n\t\t\t\t\t\t\t\t\t\t\t\t\t\t\t\t<span>\n\t\t\t\t\t\t\t\t\t\t\t\t\t\t\t\t\tCave Hotel\t\t\t\t\t\t\t\t\t\t\t\t\t\t\t\t<\/span>\n\t\t\t\t\t\t\t\t\t\t\t\t\t\t\t<\/div>\n\t\t\t\t\t\t\t\t\t\t\t\t\t\t\t\t\t\t\t\t\t\t\t\t\t\t\t<\/div>\n\t\t\t\t\t\t\t\t\t\t\t\t\n\t\t\t\t\t\t\t\t\t\t\t\t\t\t\t\t\t\t\t\t\t\t\t\t\t<div class=\"tb-dayschedule-popup__keywords\">\n\t\t\t\t\t\t\t\t\t\t\t\t\t\t\t\t<div class=\"translation-block\"><ul>\n<li>Distance : 14,8 km<\/li>\n<li>Mont\u00e9e : 310 m<\/li>\n<li>Descente : 280 m<\/li>\n<li>Temps de marche : 5 heures<\/li>\n<\/ul><\/div>\n\t\t\t\t\t\t\t\t\t\t\t\t\t\t<\/div>\n\t\t\t\t\t\t\t\t\t\t\t\t\n\t\t\t\t\t\t\t\t\t\t\t\t<div>\n\t\t\t\t\t\t\t\t\t\t\t\t\t<strong>Jour 3<\/strong>\n\t\t\t\t\t\t\t\t\t\t\t\t\t\t\t<div class=\"translation-block\"><p>Aujourd'hui, vous plongerez directement dans la premi\u00e8re v\u00e9ritable vall\u00e9e du Cappadocia Trail : la <strong>Gomeda Valley<\/strong>. Vous arriverez rapidement \u00e0 votre premi\u00e8re \u00e9glise troglodyte, l'<strong>\u00e9glise Timios Stavros<\/strong>, avec des fresques remarquablement bien conserv\u00e9es. La vall\u00e9e regorge <strong>d'histoire cach\u00e9e<\/strong> : anciennes \u00e9glises et habitations, colombiers, bunkers et m\u00eame une ville souterraine. En chemin, vous vous sentirez transport\u00e9 dans une autre \u00e9poque.<\/p><p>Vous suivrez une petite rivi\u00e8re qui alimente la vall\u00e9e et garde les <strong>vignobles<\/strong> verdoyants en cours de route. Le vin de Cappadoce y est toujours produit et peut \u00eatre go\u00fbt\u00e9 dans de nombreux restaurants locaux. Petit conseil : il peut \u00eatre un peu plus cher, alors n'h\u00e9sitez pas \u00e0 demander le prix \u00e0 l'avance.<\/p><p>\u00c0 la fin de la Gomeda Valley, vous passerez devant une <strong>impressionnante paroi rocheuse pleine de grottes<\/strong>, un endroit id\u00e9al pour les photos o\u00f9 s'arr\u00eatent souvent des tours en 4x4. \u00c0 mi-chemin, vous traverserez <strong>\u0130brahimpa\u015fa<\/strong>, autrefois un important point de commerce et aujourd'hui un paisible \u00ab village endormi \u00bb.<\/p><p>Apr\u00e8s le d\u00e9jeuner, vous continuerez vers <strong>Ortahisar<\/strong>. L\u00e0, vous d\u00e9couvrirez votre premier <strong>ch\u00e2teau troglodyte<\/strong> de Cappadoce, en plein milieu du village. Vous entrerez \u00e0 Ortahisar par une entr\u00e9e cach\u00e9e et profiterez d'un panorama sur la vall\u00e9e et le village. Autour du ch\u00e2teau, vous trouverez une <strong>jolie place avec des restaurants locaux<\/strong>.<\/p><p><strong>Extras en chemin :<\/strong><\/p><ul><li>\u00c9glise de l'ap\u00f4tre saint dans la Gomeda Valley (<a href=\"https:\/\/maps.app.goo.gl\/c7R3DjtinjG3qppCA\">ici<\/a>)<\/li><li>Visite du <i>Sivrikaya,<\/i> le ch\u00e2teau au c\u0153ur d'Ortahisar (90 m\u00e8tres de haut)<\/li><\/ul><\/div>\n\t\t\t\t\t\t\t\t\t\t\t\t\t<\/div>\n\n\n\t\t\t\t\t\t\t\t\t\t\t<\/div>\n\t\t\t\t\t\t\t\t\t\t<\/div>\n\t\t\t\t\t\t\t\t\t\t<div class=\"tb-column tb-column--image\">\n\n\t\t\t\t\t\t\t\t\t\t\t<div class=\"tb-image-part\">\n\t\t\t\t\t\t\t\t\t\t\t\t<img src='https:\/\/capt.travelblox.eu\/wp-content\/uploads\/sites\/117\/2024\/10\/CAP_24_RachelWennink_LR-4-Large-682x1024.jpeg' width='682' height='1024' alt='Cappadoce - Voyage de randonn\u00e9e en Turquie' loading='lazy' image_size='large'>\t\t\t\t\t\t\t\t\t\t\t<\/div>\n\t\t\t\t\t\t\t\t\t\t<\/div>\n\t\t\t\t\t\t\t\t\t<\/div>\n\t\t\t\t\t\t\t\t\t\t\t<div class=\"tb-popup-nav\">\n\t\t\t<a href=\"#\" class=\"tb-buttonlink-with-icon tb-buttonlink-with-arrow icon-first tb-popup-previous\">\n\t\t\t\t<i class=\"icon fa fa-chevron-left\"><\/i>\n\t\t\t\t<span>Jour pr\u00e9c\u00e9dent<\/span>\n\t\t\t<\/a>\n\t\t\t<a href=\"#\" class=\"tb-buttonlink-with-icon tb-buttonlink-with-arrow tb-popup-next\">\n\t\t\t\t<span>Jour suivant<\/span>\n\t\t\t\t<i class=\"icon fa fa-chevron-right\"><\/i>\n\t\t\t<\/a>\n\t\t<\/div>\n\t\n\t\t\t\t\t\t\t\t<\/div>\n\t\t\t\t\t\t\t<\/dialog>\n\t\t\t\t\t\t<\/div>\n\t\t\t\t\t\t\t\t\t\t\t<div class=\"tb-card entry tb-popup-trigger tb-unfold-on-hover\">\n\t\t\t\t\t\t\t<div class=\"tb-image-part\">\n\t\t\t\t\t\t\t\t<div class=\"tag\">\n\t\t\t\t\t\t\t\t\t<div>Jour 4<\/div>\n\t\t\t\t\t\t\t\t<\/div>\n\n\t\t\t\t\t\t\t\t<img src='https:\/\/capt.travelblox.eu\/wp-content\/uploads\/sites\/117\/2025\/02\/dji_fly_20221123_104146_487_1669282996841_photo_1-Grande-2-768x1024.jpeg' width='768' height='1024' alt='cappadocia trail hike trek randonn\u00e9e wandelen turkey' loading='lazy' image_size='medium_large'>\t\t\t\t\t\t\t<\/div>\n\t\t\t\t\t\t\t<div class=\"tb-card-bottom-wrapper\">\n\t\t\t\t\t\t\t\t<div class=\"tb-card-bottom\">\n\n\t\t\t\t\t\t\t\t\t<span class=\"tb-card-bottom__title\">\n\t\t\t\t\t\t\t\t\t\t<span class=\"tb-card-bottom__place\">\n\t\t\t\t\t\t\t\t\t\t\tOrtahisar\t\t\t\t\t\t\t\t\t\t\t\t\t\t\t\t\t\t\t\t\t\t\t&#8211; \u00c7avu\u015fin\t\t\t\t\t\t\t\t\t\t\t\t\t\t\t\t\t\t\t\t\t<\/span>\n\n\t\t\t\t\t\t\t\t\t<\/span>\n\t\t\t\t\t\t\t\t\t<div class=\"tb-card-bottom__content\">\n\t\t\t\t\t\t\t\t\t\t<div>\n\t\t\t\t\t\t\t\t\t\t\t\t\t\t\t\t\t\t\t\t\t\t\t<i class=\"icon fa-regular fa-bed\"><\/i> Stone House\t\t\t\t\t\t\t\t\t\t\t\t\t\t\t\t\t\t\t\t\t<\/div>\n\t\t\t\t\t\t\t\t\t<\/div>\n\t\t\t\t\t\t\t\t\t<div class=\"tb-card-bottom__teaser tb-unfold-on-hover__content\" data-no-translation>\n\t\t\t\t\t\t\t\t\t\t\t\t\t\t\t\t\t\t\t\t\t\t\t\t\t\t\t\t\t\tAujourd&#8217;hui, vous allez traverser deux des vall\u00e9es les plus embl\u00e9matiques du Cappadocia Trail : la R&#8230; <span class=\"link\">Lire la suite<\/span>\t\t\t\t\t\t\t\t\t<\/div>\n\t\t\t\t\t\t\t\t<\/div>\n\n\t\t\t\t\t\t\t<\/div>\n\t\t\t\t\t\t\t<dialog class=\"tb-popup tb-popup-with-padding tb-dayschedule-popup-wrapper\">\n\t\t\t\t\t\t\t\t<div class=\"tb-dayschedule-popup\">\n\t\t\t\t\t\t\t\t\t<h5>\n\t\t\t\t\t\t\t\t\t\t\t\t\t\t\t\t\t\t\t\t\t\t\t\t\t\t\t\t\t\t\t<div>\n\t\t\t\t\t\t\t\t\t\t\t\t\t\t\t\t\t\t\t\t\t\t\t\t\tOrtahisar\t\t\t\t\t\t\t\t\t\t\t\t\t\t\t\t\t\t\t\t\t\t\t\t\t\t\t\t\t\t\t\t\t\t\t\t\t\t\t\t\t\t\t\t\t\t\t\t\t\t\t<i class=\"icon fa-solid fa-arrow-right\"><\/i> \u00c7avu\u015fin\t\t\t\t\t\t\t\t\t\t\t\t\t\t\t\t\t\t\t\t\t\t\t\t\t\t\t\t\t\t\t\t\t\t\t\t<\/div>\n\t\t\t\t\t\t\t\t\t\t\t\t\t\t\t\t\t\t\t<\/h5>\n\t\t\t\t\t\t\t\t\t<div class=\"tb-columns\">\n\t\t\t\t\t\t\t\t\t\t<div class=\"tb-column tb-column--text\">\n\t\t\t\t\t\t\t\t\t\t\t<div class=\"text-part\">\n\t\t\t\t\t\t\t\t\t\t\t\t\t\t\t\t\t\t\t\t\t\t\t\t\t<div class=\"tb-dayschedule-popup__icons\">\n\t\t\t\t\t\t\t\t\t\t\t\t\t\t\t\t\t\t\t\t\t\t\t\t\t\t\t\t\t\t\t\t\t\t\t\t\t\t\t\t\t\t\t<div class=\"tb-dayschedule-popup__icon\">\n\t\t\t\t\t\t\t\t\t\t\t\t\t\t\t\t<i class=\"icon fa-regular fa-bed\"><\/i>\n\t\t\t\t\t\t\t\t\t\t\t\t\t\t\t\t<span>\n\t\t\t\t\t\t\t\t\t\t\t\t\t\t\t\t\tStone House\t\t\t\t\t\t\t\t\t\t\t\t\t\t\t\t<\/span>\n\t\t\t\t\t\t\t\t\t\t\t\t\t\t\t<\/div>\n\t\t\t\t\t\t\t\t\t\t\t\t\t\t\t\t\t\t\t\t\t\t\t\t\t\t\t<\/div>\n\t\t\t\t\t\t\t\t\t\t\t\t\n\t\t\t\t\t\t\t\t\t\t\t\t\t\t\t\t\t\t\t\t\t\t\t\t\t<div class=\"tb-dayschedule-popup__keywords\">\n\t\t\t\t\t\t\t\t\t\t\t\t\t\t\t\t<div class=\"translation-block\"><ul>\n<li>Distance : 16,5 km<\/li>\n<li>\u00c9l\u00e9vation : 465 m<\/li>\n<li>Descente : 560 m<\/li>\n<li>Temps de marche : 6 heures<\/li>\n<\/ul><\/div>\n\t\t\t\t\t\t\t\t\t\t\t\t\t\t<\/div>\n\t\t\t\t\t\t\t\t\t\t\t\t\n\t\t\t\t\t\t\t\t\t\t\t\t<div>\n\t\t\t\t\t\t\t\t\t\t\t\t\t<strong>Jour 4<\/strong>\n\t\t\t\t\t\t\t\t\t\t\t\t\t\t\t<div class=\"translation-block\"><p>Aujourd'hui, vous allez traverser deux des vall\u00e9es les plus embl\u00e9matiques du Cappadocia Trail : <strong>la Red Valley et la Pink Valley<\/strong>, connues pour leurs formations rocheuses color\u00e9es et leurs paysages impressionnants. Attendez-vous \u00e0 des sentiers sinueux, des formations rocheuses \u00e9tranges et des couleurs qui changent avec la lumi\u00e8re.<\/p><p>Le point culminant de la journ\u00e9e est le sommet, o\u00f9 vous serez r\u00e9compens\u00e9 par un <strong>panorama vaste<\/strong> <strong>sur le village de \u00c7avu\u015fin et les vall\u00e9es environnantes<\/strong>. Id\u00e9al pour faire une pause et appr\u00e9cier la beaut\u00e9 de la Cappadoce.<\/p><p><strong>\u00c7avu\u015fin<\/strong> est l'un des plus anciens villages de Cappadoce, nich\u00e9 entre des falaises et des vall\u00e9es. Au fil des si\u00e8cles, ce village pittoresque a \u00e9t\u00e9 un lieu important pour les communaut\u00e9s chr\u00e9tiennes, ce que l'on peut encore voir avec les <strong>\u00e9glises rupestres dans et autour du village<\/strong>. Un incontournable est l'<strong>\u00e9glise de Saint-Jean-Baptiste<\/strong>, taill\u00e9e dans la roche et l'une des plus anciennes et grandes \u00e9glises de Cappadoce, avec de magnifiques fresques qui donnent vie aux r\u00e9cits de la p\u00e9riode chr\u00e9tienne primitive.<\/p><\/div>\n\t\t\t\t\t\t\t\t\t\t\t\t\t<\/div>\n\n\n\t\t\t\t\t\t\t\t\t\t\t<\/div>\n\t\t\t\t\t\t\t\t\t\t<\/div>\n\t\t\t\t\t\t\t\t\t\t<div class=\"tb-column tb-column--image\">\n\n\t\t\t\t\t\t\t\t\t\t\t<div class=\"tb-image-part\">\n\t\t\t\t\t\t\t\t\t\t\t\t<img src='https:\/\/capt.travelblox.eu\/wp-content\/uploads\/sites\/117\/2025\/02\/dji_fly_20221123_104146_487_1669282996841_photo_1-Grande-2-768x1024.jpeg' width='768' height='1024' alt='cappadocia trail hike trek randonn\u00e9e wandelen turkey' loading='lazy' image_size='large'>\t\t\t\t\t\t\t\t\t\t\t<\/div>\n\t\t\t\t\t\t\t\t\t\t<\/div>\n\t\t\t\t\t\t\t\t\t<\/div>\n\t\t\t\t\t\t\t\t\t\t\t<div class=\"tb-popup-nav\">\n\t\t\t<a href=\"#\" class=\"tb-buttonlink-with-icon tb-buttonlink-with-arrow icon-first tb-popup-previous\">\n\t\t\t\t<i class=\"icon fa fa-chevron-left\"><\/i>\n\t\t\t\t<span>Jour pr\u00e9c\u00e9dent<\/span>\n\t\t\t<\/a>\n\t\t\t<a href=\"#\" class=\"tb-buttonlink-with-icon tb-buttonlink-with-arrow tb-popup-next\">\n\t\t\t\t<span>Jour suivant<\/span>\n\t\t\t\t<i class=\"icon fa fa-chevron-right\"><\/i>\n\t\t\t<\/a>\n\t\t<\/div>\n\t\n\t\t\t\t\t\t\t\t<\/div>\n\t\t\t\t\t\t\t<\/dialog>\n\t\t\t\t\t\t<\/div>\n\t\t\t\t\t\t\t\t\t\t\t<div class=\"tb-card entry tb-popup-trigger tb-unfold-on-hover\">\n\t\t\t\t\t\t\t<div class=\"tb-image-part\">\n\t\t\t\t\t\t\t\t<div class=\"tag\">\n\t\t\t\t\t\t\t\t\t<div>Jour 5<\/div>\n\t\t\t\t\t\t\t\t<\/div>\n\n\t\t\t\t\t\t\t\t<img src='https:\/\/capt.travelblox.eu\/wp-content\/uploads\/sites\/117\/2024\/10\/Cappadocia24_EvyvanNispen-88-Large-768x512.jpeg' width='768' height='512' alt='Cappadoce Attractions Turquie Montgolfi\u00e8re' loading='lazy' image_size='medium_large'>\t\t\t\t\t\t\t<\/div>\n\t\t\t\t\t\t\t<div class=\"tb-card-bottom-wrapper\">\n\t\t\t\t\t\t\t\t<div class=\"tb-card-bottom\">\n\n\t\t\t\t\t\t\t\t\t<span class=\"tb-card-bottom__title\">\n\t\t\t\t\t\t\t\t\t\t<span class=\"tb-card-bottom__place\">\n\t\t\t\t\t\t\t\t\t\t\t\u00c7avu\u015fin \u2013 U\u00e7hisar\t\t\t\t\t\t\t\t\t\t\t\t\t\t\t\t\t\t\t\t\t<\/span>\n\n\t\t\t\t\t\t\t\t\t<\/span>\n\t\t\t\t\t\t\t\t\t<div class=\"tb-card-bottom__content\">\n\t\t\t\t\t\t\t\t\t\t<div>\n\t\t\t\t\t\t\t\t\t\t\t\t\t\t\t\t\t\t\t\t\t\t\t<i class=\"icon fa-regular fa-bed\"><\/i> Stone House\t\t\t\t\t\t\t\t\t\t\t\t\t\t\t\t\t\t\t\t\t<\/div>\n\t\t\t\t\t\t\t\t\t<\/div>\n\t\t\t\t\t\t\t\t\t<div class=\"tb-card-bottom__teaser tb-unfold-on-hover__content\" data-no-translation>\n\t\t\t\t\t\t\t\t\t\t\t\t\t\t\t\t\t\t\t\t\t\t\t\t\t\t\t\t\t\tAujourd&#8217;hui, vous marcherez de l&#8217;historique \u00c7avu\u015fin \u00e0 l&#8217;imposant U\u00e7hisar, en passant par la c\u00e9l\u00e8bre &#8230; <span class=\"link\">Lire la suite<\/span>\t\t\t\t\t\t\t\t\t<\/div>\n\t\t\t\t\t\t\t\t<\/div>\n\n\t\t\t\t\t\t\t<\/div>\n\t\t\t\t\t\t\t<dialog class=\"tb-popup tb-popup-with-padding tb-dayschedule-popup-wrapper\">\n\t\t\t\t\t\t\t\t<div class=\"tb-dayschedule-popup\">\n\t\t\t\t\t\t\t\t\t<h5>\n\t\t\t\t\t\t\t\t\t\t\t\t\t\t\t\t\t\t\t\t\t\t\t\t\t\t\t\t\t\t\t<div>\n\t\t\t\t\t\t\t\t\t\t\t\t\t\t\t\t\t\t\t\t\t\t\t\t\t\u00c7avu\u015fin\t\t\t\t\t\t\t\t\t\t\t\t\t\t\t\t\t\t\t\t\t\t\t\t\t\t\t\t\t\t\t\t\t\t\t\t\t\t\t\t\t\t\t\t\t\t\t\t\t\t\t<i class=\"icon fa-solid fa-arrow-right\"><\/i> U\u00e7hisar\t\t\t\t\t\t\t\t\t\t\t\t\t\t\t\t\t\t\t\t\t\t\t\t\t\t\t\t\t\t\t\t\t\t\t\t<\/div>\n\t\t\t\t\t\t\t\t\t\t\t\t\t\t\t\t\t\t\t<\/h5>\n\t\t\t\t\t\t\t\t\t<div class=\"tb-columns\">\n\t\t\t\t\t\t\t\t\t\t<div class=\"tb-column tb-column--text\">\n\t\t\t\t\t\t\t\t\t\t\t<div class=\"text-part\">\n\t\t\t\t\t\t\t\t\t\t\t\t\t\t\t\t\t\t\t\t\t\t\t\t\t<div class=\"tb-dayschedule-popup__icons\">\n\t\t\t\t\t\t\t\t\t\t\t\t\t\t\t\t\t\t\t\t\t\t\t\t\t\t\t\t\t\t\t\t\t\t\t\t\t\t\t\t\t\t\t<div class=\"tb-dayschedule-popup__icon\">\n\t\t\t\t\t\t\t\t\t\t\t\t\t\t\t\t<i class=\"icon fa-regular fa-bed\"><\/i>\n\t\t\t\t\t\t\t\t\t\t\t\t\t\t\t\t<span>\n\t\t\t\t\t\t\t\t\t\t\t\t\t\t\t\t\tStone House\t\t\t\t\t\t\t\t\t\t\t\t\t\t\t\t<\/span>\n\t\t\t\t\t\t\t\t\t\t\t\t\t\t\t<\/div>\n\t\t\t\t\t\t\t\t\t\t\t\t\t\t\t\t\t\t\t\t\t\t\t\t\t\t\t<\/div>\n\t\t\t\t\t\t\t\t\t\t\t\t\n\t\t\t\t\t\t\t\t\t\t\t\t\t\t\t\t\t\t\t\t\t\t\t\t\t<div class=\"tb-dayschedule-popup__keywords\">\n\t\t\t\t\t\t\t\t\t\t\t\t\t\t\t\t<div class=\"translation-block\"><ul>\n<li>Distance : 11 km<\/li>\n<li>\u00c9l\u00e9vation : 370 m<\/li>\n<li>Descente : 110 m<\/li>\n<li>Temps de marche : 4 heures<\/li>\n<\/ul><\/div>\n\t\t\t\t\t\t\t\t\t\t\t\t\t\t<\/div>\n\t\t\t\t\t\t\t\t\t\t\t\t\n\t\t\t\t\t\t\t\t\t\t\t\t<div>\n\t\t\t\t\t\t\t\t\t\t\t\t\t<strong>Jour 5<\/strong>\n\t\t\t\t\t\t\t\t\t\t\t\t\t\t\t<div class=\"translation-block\"><p>Aujourd'hui, vous marcherez de l'historique \u00c7avu\u015fin \u00e0 l'imposant U\u00e7hisar, en passant par la <strong>c\u00e9l\u00e8bre vall\u00e9e des Pigeons<\/strong>. La vall\u00e9e doit son nom aux innombrables pigeonniers que les habitants creusaient autrefois dans les falaises. Pendant des si\u00e8cles, ils y r\u00e9coltaient le fumier de pigeon, qui servait d'engrais naturel pour les vignobles et les vergers de la r\u00e9gion. En parcourant la vall\u00e9e, vous pourrez admirer des <strong>formations rocheuses \u00e9tonnantes<\/strong> et des vues en constante \u00e9volution.<\/p><p>\u00c0 la fin de votre parcours, vous atteindrez <strong>U\u00e7hisar<\/strong>, avec en point d'orgue : l'<strong>impressionnant ch\u00e2teau d'U\u00e7hisar<\/strong>, le point culminant de la Cappadoce. Taill\u00e9es dans la pierre volcanique, ce ch\u00e2teau offre un <strong>panorama spectaculaire sur les vall\u00e9es et le paysage f\u00e9erique<\/strong>. Grimpez sur la roche et admirez la vue jusqu'\u00e0 G\u00f6reme et au-del\u00e0 : une conclusion inoubliable pour cette \u00e9tape.<\/p><\/div>\n\t\t\t\t\t\t\t\t\t\t\t\t\t<\/div>\n\n\n\t\t\t\t\t\t\t\t\t\t\t<\/div>\n\t\t\t\t\t\t\t\t\t\t<\/div>\n\t\t\t\t\t\t\t\t\t\t<div class=\"tb-column tb-column--image\">\n\n\t\t\t\t\t\t\t\t\t\t\t<div class=\"tb-image-part\">\n\t\t\t\t\t\t\t\t\t\t\t\t<img src='https:\/\/capt.travelblox.eu\/wp-content\/uploads\/sites\/117\/2024\/10\/Cappadocia24_EvyvanNispen-88-Large-1024x683.jpeg' width='1024' height='683' alt='Cappadoce Attractions Turquie Montgolfi\u00e8re' loading='lazy' image_size='large'>\t\t\t\t\t\t\t\t\t\t\t<\/div>\n\t\t\t\t\t\t\t\t\t\t<\/div>\n\t\t\t\t\t\t\t\t\t<\/div>\n\t\t\t\t\t\t\t\t\t\t\t<div class=\"tb-popup-nav\">\n\t\t\t<a href=\"#\" class=\"tb-buttonlink-with-icon tb-buttonlink-with-arrow icon-first tb-popup-previous\">\n\t\t\t\t<i class=\"icon fa fa-chevron-left\"><\/i>\n\t\t\t\t<span>Jour pr\u00e9c\u00e9dent<\/span>\n\t\t\t<\/a>\n\t\t\t<a href=\"#\" class=\"tb-buttonlink-with-icon tb-buttonlink-with-arrow tb-popup-next\">\n\t\t\t\t<span>Jour suivant<\/span>\n\t\t\t\t<i class=\"icon fa fa-chevron-right\"><\/i>\n\t\t\t<\/a>\n\t\t<\/div>\n\t\n\t\t\t\t\t\t\t\t<\/div>\n\t\t\t\t\t\t\t<\/dialog>\n\t\t\t\t\t\t<\/div>\n\t\t\t\t\t\t\t\t\t\t\t<div class=\"tb-card entry tb-popup-trigger tb-unfold-on-hover\">\n\t\t\t\t\t\t\t<div class=\"tb-image-part\">\n\t\t\t\t\t\t\t\t<div class=\"tag\">\n\t\t\t\t\t\t\t\t\t<div>Jour 6<\/div>\n\t\t\t\t\t\t\t\t<\/div>\n\n\t\t\t\t\t\t\t\t<img src='https:\/\/capt.travelblox.eu\/wp-content\/uploads\/sites\/117\/2024\/10\/ebc49681fb2545fe4ec17cb91dcd8382-768x448.jpg' width='768' height='448' alt='Vacances en Cappadoce Turquie - Randonn\u00e9e en Cappadoce Turquie' loading='lazy' image_size='medium_large'>\t\t\t\t\t\t\t<\/div>\n\t\t\t\t\t\t\t<div class=\"tb-card-bottom-wrapper\">\n\t\t\t\t\t\t\t\t<div class=\"tb-card-bottom\">\n\n\t\t\t\t\t\t\t\t\t<span class=\"tb-card-bottom__title\">\n\t\t\t\t\t\t\t\t\t\t<span class=\"tb-card-bottom__place\">\n\t\t\t\t\t\t\t\t\t\t\tU\u00e7hisar\t\t\t\t\t\t\t\t\t\t\t\t\t\t\t\t\t\t\t\t\t\t\t&#8211; G\u00f6reme\t\t\t\t\t\t\t\t\t\t\t\t\t\t\t\t\t\t\t\t\t<\/span>\n\n\t\t\t\t\t\t\t\t\t<\/span>\n\t\t\t\t\t\t\t\t\t<div class=\"tb-card-bottom__content\">\n\t\t\t\t\t\t\t\t\t\t<div>\n\t\t\t\t\t\t\t\t\t\t\t\t\t\t\t\t\t\t\t\t\t\t\t<i class=\"icon fa-regular fa-bed\"><\/i> Cave Hotel\t\t\t\t\t\t\t\t\t\t\t\t\t\t\t\t\t\t\t\t\t<\/div>\n\t\t\t\t\t\t\t\t\t<\/div>\n\t\t\t\t\t\t\t\t\t<div class=\"tb-card-bottom__teaser tb-unfold-on-hover__content\" data-no-translation>\n\t\t\t\t\t\t\t\t\t\t\t\t\t\t\t\t\t\t\t\t\t\t\t\t\t\t\t\t\t\tAujourd&#8217;hui, vous marcherez d&#8217;U\u00e7hisar \u00e0 G\u00f6reme, l&#8217;une des \u00e9tapes les plus embl\u00e9matiques du Cappadoci&#8230; <span class=\"link\">Lire la suite<\/span>\t\t\t\t\t\t\t\t\t<\/div>\n\t\t\t\t\t\t\t\t<\/div>\n\n\t\t\t\t\t\t\t<\/div>\n\t\t\t\t\t\t\t<dialog class=\"tb-popup tb-popup-with-padding tb-dayschedule-popup-wrapper\">\n\t\t\t\t\t\t\t\t<div class=\"tb-dayschedule-popup\">\n\t\t\t\t\t\t\t\t\t<h5>\n\t\t\t\t\t\t\t\t\t\t\t\t\t\t\t\t\t\t\t\t\t\t\t\t\t\t\t\t\t\t\t<div>\n\t\t\t\t\t\t\t\t\t\t\t\t\t\t\t\t\t\t\t\t\t\t\t\t\tU\u00e7hisar\t\t\t\t\t\t\t\t\t\t\t\t\t\t\t\t\t\t\t\t\t\t\t\t\t\t\t\t\t\t\t\t\t\t\t\t\t\t\t\t\t\t\t\t\t\t\t\t\t\t\t<i class=\"icon fa-solid fa-arrow-right\"><\/i> G\u00f6reme\t\t\t\t\t\t\t\t\t\t\t\t\t\t\t\t\t\t\t\t\t\t\t\t\t\t\t\t\t\t\t\t\t\t\t\t<\/div>\n\t\t\t\t\t\t\t\t\t\t\t\t\t\t\t\t\t\t\t<\/h5>\n\t\t\t\t\t\t\t\t\t<div class=\"tb-columns\">\n\t\t\t\t\t\t\t\t\t\t<div class=\"tb-column tb-column--text\">\n\t\t\t\t\t\t\t\t\t\t\t<div class=\"text-part\">\n\t\t\t\t\t\t\t\t\t\t\t\t\t\t\t\t\t\t\t\t\t\t\t\t\t<div class=\"tb-dayschedule-popup__icons\">\n\t\t\t\t\t\t\t\t\t\t\t\t\t\t\t\t\t\t\t\t\t\t\t\t\t\t\t\t\t\t\t\t\t\t\t\t\t\t\t\t\t\t\t<div class=\"tb-dayschedule-popup__icon\">\n\t\t\t\t\t\t\t\t\t\t\t\t\t\t\t\t<i class=\"icon fa-regular fa-bed\"><\/i>\n\t\t\t\t\t\t\t\t\t\t\t\t\t\t\t\t<span>\n\t\t\t\t\t\t\t\t\t\t\t\t\t\t\t\t\tCave Hotel\t\t\t\t\t\t\t\t\t\t\t\t\t\t\t\t<\/span>\n\t\t\t\t\t\t\t\t\t\t\t\t\t\t\t<\/div>\n\t\t\t\t\t\t\t\t\t\t\t\t\t\t\t\t\t\t\t\t\t\t\t\t\t\t\t<\/div>\n\t\t\t\t\t\t\t\t\t\t\t\t\n\t\t\t\t\t\t\t\t\t\t\t\t\t\t\t\t\t\t\t\t\t\t\t\t\t<div class=\"tb-dayschedule-popup__keywords\">\n\t\t\t\t\t\t\t\t\t\t\t\t\t\t\t\t<div class=\"translation-block\"><ul>\n<li>Distance : 11,2 km<\/li>\n<li>\u00c9l\u00e9vation : 110 m<\/li>\n<li>Descente : 320 m<\/li>\n<li>Temps de marche : 4 heures<\/li>\n<\/ul><\/div>\n\t\t\t\t\t\t\t\t\t\t\t\t\t\t<\/div>\n\t\t\t\t\t\t\t\t\t\t\t\t\n\t\t\t\t\t\t\t\t\t\t\t\t<div>\n\t\t\t\t\t\t\t\t\t\t\t\t\t<strong>Jour 6<\/strong>\n\t\t\t\t\t\t\t\t\t\t\t\t\t\t\t<div class=\"translation-block\"><p>Aujourd'hui, vous marcherez d'U\u00e7hisar \u00e0 G\u00f6reme, l'une des \u00e9tapes les plus embl\u00e9matiques du Cappadocia Trail. Vous commencerez par une <strong>descente depuis le ch\u00e2teau d'U\u00e7hisar,<\/strong> le point le plus \u00e9lev\u00e9 de la r\u00e9gion, o\u00f9 vous pourrez jeter un dernier coup d'\u0153il sur les vall\u00e9es et les formations rocheuses qui s'\u00e9tendent \u00e0 l'horizon.<\/p><p>Ensuite, vous p\u00e9n\u00e8trerez dans la <strong>vall\u00e9e de Zemi<\/strong>, un ravin pittoresque avec des sentiers entre les pierres volcaniques. Cette roche tendre, form\u00e9e par les anciennes \u00e9ruptions de volcans voisins comme le mont Erciyes, a donn\u00e9 \u00e0 la Cappadoce ses <strong>typiques chemin\u00e9es de f\u00e9es et maisons troglodytes<\/strong> : des maisons taill\u00e9es directement dans la roche.<\/p><p>Vous terminerez dans le <strong>vivant G\u00f6reme<\/strong>, le c\u0153ur battant de la Cappadoce. Terminez la journ\u00e9e par une visite du <strong>mus\u00e9e en plein air de G\u00f6reme<\/strong>, un site class\u00e9 au patrimoine mondial de l'UNESCO rempli d'\u00e9glises rupestres et de monast\u00e8res, d\u00e9cor\u00e9s de fresques color\u00e9es de la p\u00e9riode pr\u00e9-chr\u00e9tienne. Une finale m\u00e9morable o\u00f9 paysage et histoire se rencontrent \u00e0 la perfection.<\/p><\/div>\n\t\t\t\t\t\t\t\t\t\t\t\t\t<\/div>\n\n\n\t\t\t\t\t\t\t\t\t\t\t<\/div>\n\t\t\t\t\t\t\t\t\t\t<\/div>\n\t\t\t\t\t\t\t\t\t\t<div class=\"tb-column tb-column--image\">\n\n\t\t\t\t\t\t\t\t\t\t\t<div class=\"tb-image-part\">\n\t\t\t\t\t\t\t\t\t\t\t\t<img src='https:\/\/capt.travelblox.eu\/wp-content\/uploads\/sites\/117\/2024\/10\/ebc49681fb2545fe4ec17cb91dcd8382-1024x597.jpg' width='1024' height='597' alt='Vacances en Cappadoce Turquie - Randonn\u00e9e en Cappadoce Turquie' loading='lazy' image_size='large'>\t\t\t\t\t\t\t\t\t\t\t<\/div>\n\t\t\t\t\t\t\t\t\t\t<\/div>\n\t\t\t\t\t\t\t\t\t<\/div>\n\t\t\t\t\t\t\t\t\t\t\t<div class=\"tb-popup-nav\">\n\t\t\t<a href=\"#\" class=\"tb-buttonlink-with-icon tb-buttonlink-with-arrow icon-first tb-popup-previous\">\n\t\t\t\t<i class=\"icon fa fa-chevron-left\"><\/i>\n\t\t\t\t<span>Jour pr\u00e9c\u00e9dent<\/span>\n\t\t\t<\/a>\n\t\t\t<a href=\"#\" class=\"tb-buttonlink-with-icon tb-buttonlink-with-arrow tb-popup-next\">\n\t\t\t\t<span>Jour suivant<\/span>\n\t\t\t\t<i class=\"icon fa fa-chevron-right\"><\/i>\n\t\t\t<\/a>\n\t\t<\/div>\n\t\n\t\t\t\t\t\t\t\t<\/div>\n\t\t\t\t\t\t\t<\/dialog>\n\t\t\t\t\t\t<\/div>\n\t\t\t\t\t\t\t\t\t\t\t<div class=\"tb-card entry tb-popup-trigger tb-unfold-on-hover\">\n\t\t\t\t\t\t\t<div class=\"tb-image-part\">\n\t\t\t\t\t\t\t\t<div class=\"tag\">\n\t\t\t\t\t\t\t\t\t<div>Jour 7<\/div>\n\t\t\t\t\t\t\t\t<\/div>\n\n\t\t\t\t\t\t\t\t<img src='https:\/\/capt.travelblox.eu\/wp-content\/uploads\/sites\/117\/2024\/10\/6715cd114b4e151d33ca8a8d88de5477-xlarge-Large-768x1152.jpeg' width='768' height='1152' alt='Montgolfi\u00e8re en Cappadoce Vol en montgolfi\u00e8re en Cappadoce - Cappadoce Turquie vacances de randonn\u00e9e' style='object-position:50% 50%' loading='lazy' image_size='medium_large'>\t\t\t\t\t\t\t<\/div>\n\t\t\t\t\t\t\t<div class=\"tb-card-bottom-wrapper\">\n\t\t\t\t\t\t\t\t<div class=\"tb-card-bottom\">\n\n\t\t\t\t\t\t\t\t\t<span class=\"tb-card-bottom__title\">\n\t\t\t\t\t\t\t\t\t\t<span class=\"tb-card-bottom__place\">\n\t\t\t\t\t\t\t\t\t\t\tG\u00f6reme \t\t\t\t\t\t\t\t\t\t\t\t\t\t\t\t\t\t\t\t\t\t\t&#8211; Jour libre\t\t\t\t\t\t\t\t\t\t\t\t\t\t\t\t\t\t\t\t\t<\/span>\n\n\t\t\t\t\t\t\t\t\t<\/span>\n\t\t\t\t\t\t\t\t\t<div class=\"tb-card-bottom__content\">\n\t\t\t\t\t\t\t\t\t\t<div>\n\t\t\t\t\t\t\t\t\t\t\t\t\t\t\t\t\t\t\t\t\t\t\t<i class=\"icon fa-regular fa-bed\"><\/i> Cave Hotel\t\t\t\t\t\t\t\t\t\t\t\t\t\t\t\t\t\t\t\t\t<\/div>\n\t\t\t\t\t\t\t\t\t<\/div>\n\t\t\t\t\t\t\t\t\t<div class=\"tb-card-bottom__teaser tb-unfold-on-hover__content\" data-no-translation>\n\t\t\t\t\t\t\t\t\t\t\t\t\t\t\t\t\t\t\t\t\t\t\t\t\t\t\t\t\t\tAujourd&#8217;hui, vous restez \u00e0 G\u00f6reme, le lieu id\u00e9al pour une journ\u00e9e \u00e0 la fois relaxante et remplie d&#8217;a&#8230; <span class=\"link\">Lire la suite<\/span>\t\t\t\t\t\t\t\t\t<\/div>\n\t\t\t\t\t\t\t\t<\/div>\n\n\t\t\t\t\t\t\t<\/div>\n\t\t\t\t\t\t\t<dialog class=\"tb-popup tb-popup-with-padding tb-dayschedule-popup-wrapper\">\n\t\t\t\t\t\t\t\t<div class=\"tb-dayschedule-popup\">\n\t\t\t\t\t\t\t\t\t<h5>\n\t\t\t\t\t\t\t\t\t\t\t\t\t\t\t\t\t\t\t\t\t\t\t\t\t\t\t\t\t\t\t<div>\n\t\t\t\t\t\t\t\t\t\t\t\t\t\t\t\t\t\t\t\t\t\t\t\t\tG\u00f6reme \t\t\t\t\t\t\t\t\t\t\t\t\t\t\t\t\t\t\t\t\t\t\t\t\t\t\t\t\t\t\t\t\t\t\t\t\t\t\t\t\t\t\t\t\t\t\t\t\t\t\t<i class=\"icon fa-solid fa-arrow-right\"><\/i> Jour libre\t\t\t\t\t\t\t\t\t\t\t\t\t\t\t\t\t\t\t\t\t\t\t\t\t\t\t\t\t\t\t\t\t\t\t\t<\/div>\n\t\t\t\t\t\t\t\t\t\t\t\t\t\t\t\t\t\t\t<\/h5>\n\t\t\t\t\t\t\t\t\t<div class=\"tb-columns\">\n\t\t\t\t\t\t\t\t\t\t<div class=\"tb-column tb-column--text\">\n\t\t\t\t\t\t\t\t\t\t\t<div class=\"text-part\">\n\t\t\t\t\t\t\t\t\t\t\t\t\t\t\t\t\t\t\t\t\t\t\t\t\t<div class=\"tb-dayschedule-popup__icons\">\n\t\t\t\t\t\t\t\t\t\t\t\t\t\t\t\t\t\t\t\t\t\t\t\t\t\t\t\t\t\t\t\t\t\t\t\t\t\t\t\t\t\t\t<div class=\"tb-dayschedule-popup__icon\">\n\t\t\t\t\t\t\t\t\t\t\t\t\t\t\t\t<i class=\"icon fa-regular fa-bed\"><\/i>\n\t\t\t\t\t\t\t\t\t\t\t\t\t\t\t\t<span>\n\t\t\t\t\t\t\t\t\t\t\t\t\t\t\t\t\tCave Hotel\t\t\t\t\t\t\t\t\t\t\t\t\t\t\t\t<\/span>\n\t\t\t\t\t\t\t\t\t\t\t\t\t\t\t<\/div>\n\t\t\t\t\t\t\t\t\t\t\t\t\t\t\t\t\t\t\t\t\t\t\t\t\t\t\t<\/div>\n\t\t\t\t\t\t\t\t\t\t\t\t\n\t\t\t\t\t\t\t\t\t\t\t\t\n\t\t\t\t\t\t\t\t\t\t\t\t<div>\n\t\t\t\t\t\t\t\t\t\t\t\t\t<strong>Jour 7<\/strong>\n\t\t\t\t\t\t\t\t\t\t\t\t\t\t\t<div class=\"translation-block\"><p>Aujourd'hui, vous restez \u00e0 <strong>G\u00f6reme<\/strong>, le lieu id\u00e9al pour une journ\u00e9e \u00e0 la fois relaxante et remplie d'aventure. Ceux qui se l\u00e8vent t\u00f4t peuvent opter pour un <strong>vol en montgolfi\u00e8re au lever du soleil<\/strong> : en flottant au-dessus des vall\u00e9es, vous verrez la premi\u00e8re lumi\u00e8re faire briller les chemin\u00e9es de f\u00e9es et les formations rocheuses, tandis que des dizaines de ballons remplissent le ciel. Une exp\u00e9rience iconique que vous n'oublierez pas de sit\u00f4t.<\/p><p>Vous pr\u00e9f\u00e9rez garder les pieds sur terre ? Vous pouvez aussi admirer les ballons depuis l'un des <strong>nombreux points de vue<\/strong> autour de G\u00f6reme.<\/p><p>Envie d'une derni\u00e8re randonn\u00e9e ? Faites une excursion dans la <strong>vall\u00e9e d'Ihlara<\/strong> : un canyon \u00e9tonnamment verdoyant avec des sentiers le long de la rivi\u00e8re et des \u00e9glises rupestres cach\u00e9es datant des premiers temps chr\u00e9tiens. Une conclusion paisible et authentique pour vous plonger une derni\u00e8re fois dans la beaut\u00e9 de la Cappadoce.<\/p><\/div>\n\t\t\t\t\t\t\t\t\t\t\t\t\t<\/div>\n\n\n\t\t\t\t\t\t\t\t\t\t\t<\/div>\n\t\t\t\t\t\t\t\t\t\t<\/div>\n\t\t\t\t\t\t\t\t\t\t<div class=\"tb-column tb-column--image\">\n\n\t\t\t\t\t\t\t\t\t\t\t<div class=\"tb-image-part\">\n\t\t\t\t\t\t\t\t\t\t\t\t<img src='https:\/\/capt.travelblox.eu\/wp-content\/uploads\/sites\/117\/2024\/10\/6715cd114b4e151d33ca8a8d88de5477-xlarge-Large-682x1024.jpeg' width='682' height='1024' alt='Montgolfi\u00e8re en Cappadoce Vol en montgolfi\u00e8re en Cappadoce - Cappadoce Turquie vacances de randonn\u00e9e' style='object-position:50% 50%' loading='lazy' image_size='large'>\t\t\t\t\t\t\t\t\t\t\t<\/div>\n\t\t\t\t\t\t\t\t\t\t<\/div>\n\t\t\t\t\t\t\t\t\t<\/div>\n\t\t\t\t\t\t\t\t\t\t\t<div class=\"tb-popup-nav\">\n\t\t\t<a href=\"#\" class=\"tb-buttonlink-with-icon tb-buttonlink-with-arrow icon-first tb-popup-previous\">\n\t\t\t\t<i class=\"icon fa fa-chevron-left\"><\/i>\n\t\t\t\t<span>Jour pr\u00e9c\u00e9dent<\/span>\n\t\t\t<\/a>\n\t\t\t<a href=\"#\" class=\"tb-buttonlink-with-icon tb-buttonlink-with-arrow tb-popup-next\">\n\t\t\t\t<span>Jour suivant<\/span>\n\t\t\t\t<i class=\"icon fa fa-chevron-right\"><\/i>\n\t\t\t<\/a>\n\t\t<\/div>\n\t\n\t\t\t\t\t\t\t\t<\/div>\n\t\t\t\t\t\t\t<\/dialog>\n\t\t\t\t\t\t<\/div>\n\t\t\t\t\t\t\t\t\t\t\t<div class=\"tb-card entry tb-popup-trigger tb-unfold-on-hover\">\n\t\t\t\t\t\t\t<div class=\"tb-image-part\">\n\t\t\t\t\t\t\t\t<div class=\"tag\">\n\t\t\t\t\t\t\t\t\t<div>Jour 8<\/div>\n\t\t\t\t\t\t\t\t<\/div>\n\n\t\t\t\t\t\t\t\t<img src='https:\/\/capt.travelblox.eu\/wp-content\/uploads\/sites\/117\/2024\/10\/Cappadocia24_EvyvanNispen-2-Large-768x512.jpeg' width='768' height='512' alt='Vacances de randonn\u00e9e en Cappadoce, Turquie - Vol retour depuis la Cappadoce.' loading='lazy' image_size='medium_large'>\t\t\t\t\t\t\t<\/div>\n\t\t\t\t\t\t\t<div class=\"tb-card-bottom-wrapper\">\n\t\t\t\t\t\t\t\t<div class=\"tb-card-bottom\">\n\n\t\t\t\t\t\t\t\t\t<span class=\"tb-card-bottom__title\">\n\t\t\t\t\t\t\t\t\t\t<span class=\"tb-card-bottom__place\">\n\t\t\t\t\t\t\t\t\t\t\tG\u00f6reme - Maison\t\t\t\t\t\t\t\t\t\t\t\t\t\t\t\t\t\t\t\t\t<\/span>\n\n\t\t\t\t\t\t\t\t\t<\/span>\n\t\t\t\t\t\t\t\t\t<div class=\"tb-card-bottom__content\">\n\t\t\t\t\t\t\t\t\t\t<div>\n\t\t\t\t\t\t\t\t\t\t\t\t\t\t\t\t\t\t\t\t\t<\/div>\n\t\t\t\t\t\t\t\t\t<\/div>\n\t\t\t\t\t\t\t\t\t<div class=\"tb-card-bottom__teaser tb-unfold-on-hover__content\" data-no-translation>\n\t\t\t\t\t\t\t\t\t\t\t\t\t\t\t\t\t\t\t\t\t\t\t\t\t\t\t\t\t\tLe dernier jour, si vous avez r\u00e9serv\u00e9 la navette, vous serez r\u00e9cup\u00e9r\u00e9 le matin \u00e0 votre h\u00f4tel \u00e0 G\u00f6rem&#8230; <span class=\"link\">Lire la suite<\/span>\t\t\t\t\t\t\t\t\t<\/div>\n\t\t\t\t\t\t\t\t<\/div>\n\n\t\t\t\t\t\t\t<\/div>\n\t\t\t\t\t\t\t<dialog class=\"tb-popup tb-popup-with-padding tb-dayschedule-popup-wrapper\">\n\t\t\t\t\t\t\t\t<div class=\"tb-dayschedule-popup\">\n\t\t\t\t\t\t\t\t\t<h5>\n\t\t\t\t\t\t\t\t\t\t\t\t\t\t\t\t\t\t\t\t\t\t\t\t\t\t\t\t\t\t\t<div>\n\t\t\t\t\t\t\t\t\t\t\t\t\t\t\t\t\t\t\t\t\t\t\t\t\tG\u00f6reme\t\t\t\t\t\t\t\t\t\t\t\t\t\t\t\t\t\t\t\t\t\t\t\t\t\t\t\t\t\t\t\t\t\t\t\t\t\t\t\t\t\t\t\t\t\t\t\t\t\t\t<i class=\"icon fa-solid fa-arrow-right\"><\/i> Maison\t\t\t\t\t\t\t\t\t\t\t\t\t\t\t\t\t\t\t\t\t\t\t\t\t\t\t\t\t\t\t\t\t\t\t\t<\/div>\n\t\t\t\t\t\t\t\t\t\t\t\t\t\t\t\t\t\t\t<\/h5>\n\t\t\t\t\t\t\t\t\t<div class=\"tb-columns\">\n\t\t\t\t\t\t\t\t\t\t<div class=\"tb-column tb-column--text\">\n\t\t\t\t\t\t\t\t\t\t\t<div class=\"text-part\">\n\t\t\t\t\t\t\t\t\t\t\t\t\n\t\t\t\t\t\t\t\t\t\t\t\t\n\t\t\t\t\t\t\t\t\t\t\t\t<div>\n\t\t\t\t\t\t\t\t\t\t\t\t\t<strong>Jour 8<\/strong>\n\t\t\t\t\t\t\t\t\t\t\t\t\t\t\t<div class=\"translation-block\"><p>Le dernier jour, si vous avez r\u00e9serv\u00e9 la navette, <strong>vous serez r\u00e9cup\u00e9r\u00e9 le matin \u00e0 votre h\u00f4tel \u00e0 G\u00f6reme<\/strong> et emmen\u00e9 \u00e0 l'a\u00e9roport pour votre vol de retour. Avec un sac \u00e0 dos plein d'histoires et votre appareil photo rempli de souvenirs, vous rentrerez chez vous.<\/p><\/div>\n\t\t\t\t\t\t\t\t\t\t\t\t\t<\/div>\n\n\n\t\t\t\t\t\t\t\t\t\t\t<\/div>\n\t\t\t\t\t\t\t\t\t\t<\/div>\n\t\t\t\t\t\t\t\t\t\t<div class=\"tb-column tb-column--image\">\n\n\t\t\t\t\t\t\t\t\t\t\t<div class=\"tb-image-part\">\n\t\t\t\t\t\t\t\t\t\t\t\t<img src='https:\/\/capt.travelblox.eu\/wp-content\/uploads\/sites\/117\/2024\/10\/Cappadocia24_EvyvanNispen-2-Large-1024x683.jpeg' width='1024' height='683' alt='Vacances de randonn\u00e9e en Cappadoce, Turquie - Vol retour depuis la Cappadoce.' loading='lazy' image_size='large'>\t\t\t\t\t\t\t\t\t\t\t<\/div>\n\t\t\t\t\t\t\t\t\t\t<\/div>\n\t\t\t\t\t\t\t\t\t<\/div>\n\t\t\t\t\t\t\t\t\t\t\t<div class=\"tb-popup-nav\">\n\t\t\t<a href=\"#\" class=\"tb-buttonlink-with-icon tb-buttonlink-with-arrow icon-first tb-popup-previous\">\n\t\t\t\t<i class=\"icon fa fa-chevron-left\"><\/i>\n\t\t\t\t<span>Jour pr\u00e9c\u00e9dent<\/span>\n\t\t\t<\/a>\n\t\t\t<a href=\"#\" class=\"tb-buttonlink-with-icon tb-buttonlink-with-arrow tb-popup-next\">\n\t\t\t\t<span>Jour suivant<\/span>\n\t\t\t\t<i class=\"icon fa fa-chevron-right\"><\/i>\n\t\t\t<\/a>\n\t\t<\/div>\n\t\n\t\t\t\t\t\t\t\t<\/div>\n\t\t\t\t\t\t\t<\/dialog>\n\t\t\t\t\t\t<\/div>\n\t\t\t\t\t\t\t\t\t\t\t\t\t\t<\/div>\n\t\t\t\t\t\t<div class=\"tb-carousel-nav\">\n\t\t\t<div class=\"dots\">\n\t\t\t\t<div class=\"dot active\"><\/div>\n\t\t\t\t<div class=\"dot\"><\/div>\n\t\t\t\t<div class=\"dot\"><\/div>\n\t\t\t<\/div>\n\t\t\t<div class=\"arrows\">\n\t\t\t\t<div class=\"prev disabled\">\n\t\t\t\t\t<span><i class=\"fa fa-chevron-left\"><\/i><\/span>\n\t\t\t\t<\/div>\n\t\t\t\t<div class=\"next\">\n\t\t\t\t\t<span><i class=\"fa fa-chevron-right\"><\/i><\/span>\n\t\t\t\t<\/div>\n\t\t\t<\/div>\n\t\t<\/div>\n\t\t\t\t<\/div>\n\t\t<\/div>\n\t\t\t\t\t\t\t\t\t\t<\/div>\n\t\n<\/div>\n\n\n\n\n<div class=\"tb-hikingdays tb-block align-center background-light pattern-none variant-none tb-collapsible-margins\" id=\"map-fr\">\n\t<div class=\"inner-block tb-fade-in tb-fade-in--subtle\">\n\t\t<div class=\"text-part\">\n\t\t\t<h1>Les jours de randonn\u00e9e<\/h1>\n\t\t<\/div>\n\n\t\t<div class=\"tb-hikingdays__topcontainer\">\n\t\t\t\n\t\t\t\t\t\t\t<div class=\"tb-hikingdays__map\">\n\t\t\t\t\t<img src='https:\/\/capt.travelblox.eu\/wp-content\/uploads\/sites\/117\/2024\/11\/CAPT-map.svg' width='768' height='1' alt='Carte du Cappadocia Trail - Vacances de randonn\u00e9e en Cappadoce, Turquie' loading='lazy' image_size='medium_large'>\t\t\t\t<\/div>\n\t\t\t\n\t\t\t<div class=\"tb-hikingdays__list\">\n\t\t\t\t\t\t\t\t\t\t<div class=\"tb-hikingdays__list-item\">\n\t\t\t\t\t\t\t<div class=\"tb-hikingdays__day\">\n\t\t\t\t\t\t\t\tJour 2\t\t\t\t\t\t\t<\/div>\n\t\t\t\t\t\t\t<div class=\"tb-hikingdays__info\">\n\t\t\t\t\t\t\t\t\t\t\t\t\t\t\t\t\t<span>Taskinpasa<\/span>\n\t\t\t\t\t\t\t\t\t\t\t\t\t\t\t\t\t\t\t\t\t\t\t\t\t<i class=\"fa-regular fa-arrow-right\"><\/i>\n\t\t\t\t\t\t\t\t\t<span>Mustafapasa<\/span>\n\t\t\t\t\t\t\t\t\t\t\t\t\t\t\t<\/div>\n\t\t\t\t\t\t\t<div class=\"tb-hikingdays__ciphers\">\n\t\t\t\t\t\t\t\t\t\t\t\t\t\t\t\t\t<span><i class=\"fa-regular fa-arrows-left-right\"><\/i>17,2 km<\/span>\n\t\t\t\t\t\t\t\t\t\t\t\t\t\t\t\t\t\t\t\t\t\t\t\t\t\t\t\t\t\t\t\t\t<span><i class=\"fa-regular fa-arrow-up-right\"><\/i>420m<\/span>\n\t\t\t\t\t\t\t\t\t\t\t\t\t\t\t\t\t\t\t\t\t\t\t\t\t<span><i class=\"fa-regular fa-arrow-down-right fa-fw\"><\/i>450 ou 580m<\/span>\n\t\t\t\t\t\t\t\t\t\t\t\t\t\t\t\t\t\t\t\t\t\t\t\t\t<span><i class=\"fa-regular fa-clock\"><\/i>6h<\/span>\n\t\t\t\t\t\t\t\t\t\t\t\t\t\t\t<\/div>\n\t\t\t\t\t\t<\/div>\n\n\t\t\t\t\t\t\t\t\t\t<div class=\"tb-hikingdays__list-item\">\n\t\t\t\t\t\t\t<div class=\"tb-hikingdays__day\">\n\t\t\t\t\t\t\t\tJour 3\t\t\t\t\t\t\t<\/div>\n\t\t\t\t\t\t\t<div class=\"tb-hikingdays__info\">\n\t\t\t\t\t\t\t\t\t\t\t\t\t\t\t\t\t<span>Mustafapasa<\/span>\n\t\t\t\t\t\t\t\t\t\t\t\t\t\t\t\t\t\t\t\t\t\t\t\t\t<i class=\"fa-regular fa-arrow-right\"><\/i>\n\t\t\t\t\t\t\t\t\t<span>Ortahisar<\/span>\n\t\t\t\t\t\t\t\t\t\t\t\t\t\t\t<\/div>\n\t\t\t\t\t\t\t<div class=\"tb-hikingdays__ciphers\">\n\t\t\t\t\t\t\t\t\t\t\t\t\t\t\t\t\t<span><i class=\"fa-regular fa-arrows-left-right\"><\/i>14,8 km<\/span>\n\t\t\t\t\t\t\t\t\t\t\t\t\t\t\t\t\t\t\t\t\t\t\t\t\t\t\t\t\t\t\t\t\t<span><i class=\"fa-regular fa-arrow-up-right\"><\/i>310m<\/span>\n\t\t\t\t\t\t\t\t\t\t\t\t\t\t\t\t\t\t\t\t\t\t\t\t\t<span><i class=\"fa-regular fa-arrow-down-right fa-fw\"><\/i>280m<\/span>\n\t\t\t\t\t\t\t\t\t\t\t\t\t\t\t\t\t\t\t\t\t\t\t\t\t<span><i class=\"fa-regular fa-clock\"><\/i>5h<\/span>\n\t\t\t\t\t\t\t\t\t\t\t\t\t\t\t<\/div>\n\t\t\t\t\t\t<\/div>\n\n\t\t\t\t\t\t\t\t\t\t<div class=\"tb-hikingdays__list-item\">\n\t\t\t\t\t\t\t<div class=\"tb-hikingdays__day\">\n\t\t\t\t\t\t\t\tJour 4\t\t\t\t\t\t\t<\/div>\n\t\t\t\t\t\t\t<div class=\"tb-hikingdays__info\">\n\t\t\t\t\t\t\t\t\t\t\t\t\t\t\t\t\t<span>Ortahisar<\/span>\n\t\t\t\t\t\t\t\t\t\t\t\t\t\t\t\t\t\t\t\t\t\t\t\t\t<i class=\"fa-regular fa-arrow-right\"><\/i>\n\t\t\t\t\t\t\t\t\t<span>\u00c7avu\u015fin<\/span>\n\t\t\t\t\t\t\t\t\t\t\t\t\t\t\t<\/div>\n\t\t\t\t\t\t\t<div class=\"tb-hikingdays__ciphers\">\n\t\t\t\t\t\t\t\t\t\t\t\t\t\t\t\t\t<span><i class=\"fa-regular fa-arrows-left-right\"><\/i>16,5 km<\/span>\n\t\t\t\t\t\t\t\t\t\t\t\t\t\t\t\t\t\t\t\t\t\t\t\t\t\t\t\t\t\t\t\t\t<span><i class=\"fa-regular fa-arrow-up-right\"><\/i>465m<\/span>\n\t\t\t\t\t\t\t\t\t\t\t\t\t\t\t\t\t\t\t\t\t\t\t\t\t<span><i class=\"fa-regular fa-arrow-down-right fa-fw\"><\/i>560m<\/span>\n\t\t\t\t\t\t\t\t\t\t\t\t\t\t\t\t\t\t\t\t\t\t\t\t\t<span><i class=\"fa-regular fa-clock\"><\/i>6h<\/span>\n\t\t\t\t\t\t\t\t\t\t\t\t\t\t\t<\/div>\n\t\t\t\t\t\t<\/div>\n\n\t\t\t\t\t\t\t\t\t\t<div class=\"tb-hikingdays__list-item\">\n\t\t\t\t\t\t\t<div class=\"tb-hikingdays__day\">\n\t\t\t\t\t\t\t\tJour 5\t\t\t\t\t\t\t<\/div>\n\t\t\t\t\t\t\t<div class=\"tb-hikingdays__info\">\n\t\t\t\t\t\t\t\t\t\t\t\t\t\t\t\t\t<span>\u00c7avu\u015fin<\/span>\n\t\t\t\t\t\t\t\t\t\t\t\t\t\t\t\t\t\t\t\t\t\t\t\t\t<i class=\"fa-regular fa-arrow-right\"><\/i>\n\t\t\t\t\t\t\t\t\t<span>U\u00e7hisar<\/span>\n\t\t\t\t\t\t\t\t\t\t\t\t\t\t\t<\/div>\n\t\t\t\t\t\t\t<div class=\"tb-hikingdays__ciphers\">\n\t\t\t\t\t\t\t\t\t\t\t\t\t\t\t\t\t<span><i class=\"fa-regular fa-arrows-left-right\"><\/i>11 km<\/span>\n\t\t\t\t\t\t\t\t\t\t\t\t\t\t\t\t\t\t\t\t\t\t\t\t\t\t\t\t\t\t\t\t\t<span><i class=\"fa-regular fa-arrow-up-right\"><\/i>370m<\/span>\n\t\t\t\t\t\t\t\t\t\t\t\t\t\t\t\t\t\t\t\t\t\t\t\t\t<span><i class=\"fa-regular fa-arrow-down-right fa-fw\"><\/i>110m<\/span>\n\t\t\t\t\t\t\t\t\t\t\t\t\t\t\t\t\t\t\t\t\t\t\t\t\t<span><i class=\"fa-regular fa-clock\"><\/i>4h<\/span>\n\t\t\t\t\t\t\t\t\t\t\t\t\t\t\t<\/div>\n\t\t\t\t\t\t<\/div>\n\n\t\t\t\t\t\t\t\t\t\t<div class=\"tb-hikingdays__list-item\">\n\t\t\t\t\t\t\t<div class=\"tb-hikingdays__day\">\n\t\t\t\t\t\t\t\tJour 6\t\t\t\t\t\t\t<\/div>\n\t\t\t\t\t\t\t<div class=\"tb-hikingdays__info\">\n\t\t\t\t\t\t\t\t\t\t\t\t\t\t\t\t\t<span>U\u00e7hisar<\/span>\n\t\t\t\t\t\t\t\t\t\t\t\t\t\t\t\t\t\t\t\t\t\t\t\t\t<i class=\"fa-regular fa-arrow-right\"><\/i>\n\t\t\t\t\t\t\t\t\t<span>G\u00f6reme<\/span>\n\t\t\t\t\t\t\t\t\t\t\t\t\t\t\t<\/div>\n\t\t\t\t\t\t\t<div class=\"tb-hikingdays__ciphers\">\n\t\t\t\t\t\t\t\t\t\t\t\t\t\t\t\t\t<span><i class=\"fa-regular fa-arrows-left-right\"><\/i>11,2 km<\/span>\n\t\t\t\t\t\t\t\t\t\t\t\t\t\t\t\t\t\t\t\t\t\t\t\t\t\t\t\t\t\t\t\t\t<span><i class=\"fa-regular fa-arrow-up-right\"><\/i>110m<\/span>\n\t\t\t\t\t\t\t\t\t\t\t\t\t\t\t\t\t\t\t\t\t\t\t\t\t<span><i class=\"fa-regular fa-arrow-down-right fa-fw\"><\/i>320m<\/span>\n\t\t\t\t\t\t\t\t\t\t\t\t\t\t\t\t\t\t\t\t\t\t\t\t\t<span><i class=\"fa-regular fa-clock\"><\/i>4h<\/span>\n\t\t\t\t\t\t\t\t\t\t\t\t\t\t\t<\/div>\n\t\t\t\t\t\t<\/div>\n\n\t\t\t\t\n\t\t\t<\/div>\n\n\t\t<\/div>\n\n\t\t\t<\/div>\n<\/div>\n\n\n\n<div class=\"tb-practical tb-block align-none background-light pattern-none variant-none tb-collapsible-margins\" id=\"practical\">\n\t<div class=\"inner-block tb-fade-in\">\n\t\t<div class=\"text-part\">\n\t\t\t<h2>Informations pratiques<\/h2>\n\t\t\t\t\t<div class=\"translation-block\"><\/div>\n\t\t\t<\/div>\n\t<\/div>\n\t<div class=\"inner-block tb-fade-in\">\n\t\t\t\t\t<div class=\"practical-cols\">\n\t\t\t\t<div class=\"practical-nav-container\">\n\t\t\t\t\t<ul class=\"practical-nav tb-style-block\">\n\t\t\t\t\t\t\t\t\t\t\t\t\t<li><a href=\"#practical-block-0\">Disponibilit\u00e9s<\/a><\/li>\n\t\t\t\t\t\t\t\t\t\t\t\t\t<li><a href=\"#practical-block-1\">Prix de base<\/a><\/li>\n\t\t\t\t\t\t\t\t\t\t\t\t\t<li><a href=\"#practical-block-2\">Vols &amp; navette<\/a><\/li>\n\t\t\t\t\t\t\t\t\t\t\t\t\t<li><a href=\"#practical-block-3\">Auto-guid\u00e9<\/a><\/li>\n\t\t\t\t\t\t\t\t\t\t\t\t\t<li><a href=\"#practical-block-4\">Nourriture &amp; boissons<\/a><\/li>\n\t\t\t\t\t\t\t\t\t\t\t\t\t<li><a href=\"#practical-block-5\">Nuits<\/a><\/li>\n\t\t\t\t\t\t\t\t\t\t\t\t\t<li><a href=\"#practical-block-6\">Application Travelbase<\/a><\/li>\n\t\t\t\t\t\t\t\t\t\t\t\t\t<li><a href=\"#practical-block-7\">Questions fr\u00e9quentes<\/a><\/li>\n\t\t\t\t\t\t\t\t\t\t\t<\/ul>\n\t\t\t\t<\/div>\n\t\t\t\t<div class=\"tb-accordion tb-accordion--animation tb-accordion-mobile-only text-part\">\n\t\t\t\t\t\t\t\t\t\t\t<div class=\"details\" id=\"practical-block-0\">\n\t\t\t\t\t\t\t<div class=\"summary\">\n\t\t\t\t\t\t\t\t\t\t\t\t<i class=\"icon fa-solid fa-calendar-days tb-style-block\" aria-hidden=\"true\"><\/i>\n\t\t\t Disponibilit\u00e9s\t\t\t\t\t\t\t<\/div>\n\t\t\t\t\t\t\t<div class=\"content\">\n\t\t\t\t\t\t\t\t\t\t<div class=\"translation-block\"><p>Le Cappadocia Trail a lieu pendant le <strong>printemps et l'automne<\/strong>. Vous pouvez consulter toutes les disponibilit\u00e9s via le <a href=\"#join\"><strong>calendrier<\/strong><\/a> en bas du site.<\/p><p><strong>Printemps 2026<\/strong><br>L'\u00e9dition de printemps se d\u00e9roulera du <strong>1er mai au 31 mai<\/strong>. <a href=\"#join\">Inscrivez-vous maintenant<\/a> pour les derni\u00e8res places !<\/p><p><strong>Automne 2026<\/strong><br>L'\u00e9dition d'automne se d\u00e9roulera du <strong>11<\/strong> <strong>septembre au 11 octobre.<\/strong> <a href=\"#join\">Inscrivez-vous<\/a> pour \u00eatre parmi les premiers \u00e0 pouvoir r\u00e9server le 11 mars \u00e0 16h, 24 heures avant l'ouverture officielle, et profitez des prix les plus bas et des conditions de r\u00e9servation ultra-flexibles gratuites.<\/p><\/div>\n\t\t\t\t\t\t\t\t<\/div>\n\t\t\t\t\t\t<\/div>\n\t\t\t\t\t\t\t\t\t\t\t<div class=\"details\" id=\"practical-block-1\">\n\t\t\t\t\t\t\t<div class=\"summary\">\n\t\t\t\t\t\t\t\t\t\t\t\t<i class=\"icon fa-solid fa-money-bill-wave tb-style-block\" aria-hidden=\"true\"><\/i>\n\t\t\t Prix de base\t\t\t\t\t\t\t<\/div>\n\t\t\t\t\t\t\t<div class=\"content\">\n\t\t\t\t\t\t\t\t\t\t<div class=\"translation-block\"><p>Le <strong>prix de base Early Bird<\/strong> pour ce voyage est de <strong>795 \u20ac<\/strong> par personne. Ce prix comprend :<\/p><ul><li>Un itin\u00e9raire trac\u00e9 et une organisation de voyage compl\u00e8te<\/li><li>6 nuits dans des h\u00f4tels le long du parcours, petit-d\u00e9jeuner inclus<\/li><li>Un ranger francophone sur place<\/li><li>Application Travelbase avec toutes les infos sur le Cappadocia Trail<\/li><li>Navette vers le point de d\u00e9part du parcours<\/li><li>Taxe de s\u00e9jour locale<\/li><\/ul><p>Vous pouvez ajouter diff\u00e9rentes <a href=\"#options\">options suppl\u00e9mentaires<\/a> \u00e0 votre voyage.<\/p><\/div>\n\t\t\t\t\t\t\t\t<\/div>\n\t\t\t\t\t\t<\/div>\n\t\t\t\t\t\t\t\t\t\t\t<div class=\"details\" id=\"practical-block-2\">\n\t\t\t\t\t\t\t<div class=\"summary\">\n\t\t\t\t\t\t\t\t\t\t\t\t<i class=\"icon fa-solid fa-plane-departure tb-style-block\" aria-hidden=\"true\"><\/i>\n\t\t\t Vols &amp; navette\t\t\t\t\t\t\t<\/div>\n\t\t\t\t\t\t\t<div class=\"content\">\n\t\t\t\t\t\t\t\t\t\t<div class=\"translation-block\"><ul><li><strong>Vols individuels<\/strong><\/li><\/ul><p>Pour vous rendre en Cappadoce. Nous vous recommandons de voyager avec Turkish Airlines, AJet ou SunExpress.<\/p><p>L'a\u00e9roport de destination est celui de Kayseri (ASR).<\/p><ul><li><strong>Navette<\/strong><\/li><\/ul><p><strong>Jour 1<\/strong> : vous pouvez prendre un taxi devant l'a\u00e9roport vers le centre de Kayseri (8-10 \u20ac).<\/p><p><strong>Jour 2<\/strong> : le deuxi\u00e8me jour, la navette vous conduira au d\u00e9part du trek. Elle partira \u00e0 8h00 du matin de Kayseri (h\u00f4tel IBIS).<\/p><p><strong>Jour 8<\/strong> : pour le dernier jour, la navette d\u00e9marrera le matin \u00e0 <strong>7h00<\/strong> de G\u00f6reme pour arriver vers <strong>8h15 \u00e0 l'a\u00e9roport<\/strong>. Si cet horaire ne vous convient pas, vous pouvez \u00e9galement prendre un taxi de G\u00f6reme vers l'a\u00e9roport (+- 60 \u20ac).<\/p><\/div>\n\t\t\t\t\t\t\t\t<\/div>\n\t\t\t\t\t\t<\/div>\n\t\t\t\t\t\t\t\t\t\t\t<div class=\"details\" id=\"practical-block-3\">\n\t\t\t\t\t\t\t<div class=\"summary\">\n\t\t\t\t\t\t\t\t\t\t\t\t<i class=\"icon fa-solid fa-person-hiking tb-style-block\" aria-hidden=\"true\"><\/i>\n\t\t\t Auto-guid\u00e9\t\t\t\t\t\t\t<\/div>\n\t\t\t\t\t\t\t<div class=\"content\">\n\t\t\t\t\t\t\t\t\t\t<div class=\"translation-block\"><p>Autoguid\u00e9 signifie <strong>libert\u00e9 maximale<\/strong>. Le jour 1, vous recevrez sur place un briefing clair, des explications pratiques et le mat\u00e9riel n\u00e9cessaire de nos <strong>rangers<\/strong>. Dans l'<strong>application Travelbase<\/strong>, vous trouverez l'itin\u00e9raire complet, le GPX et des conseils pour le chemin. Ensuite, vous partirez seul\u00b7e, avec la tranquillit\u00e9 d'esprit que nos <strong>rangers sont joignables par t\u00e9l\u00e9phone<\/strong> en cas de questions. L'itin\u00e9raire et les h\u00e9bergements sont fix\u00e9s, afin que vous puissiez vous concentrer sur la randonn\u00e9e et la magie du Cappadocia Trail.<\/p><\/div>\n\t\t\t\t\t\t\t\t<\/div>\n\t\t\t\t\t\t<\/div>\n\t\t\t\t\t\t\t\t\t\t\t<div class=\"details\" id=\"practical-block-4\">\n\t\t\t\t\t\t\t<div class=\"summary\">\n\t\t\t\t\t\t\t\t\t\t\t\t<i class=\"icon fa-regular fa-plate-utensils tb-style-block\" aria-hidden=\"true\"><\/i>\n\t\t\t Nourriture &amp; boissons\t\t\t\t\t\t\t<\/div>\n\t\t\t\t\t\t\t<div class=\"content\">\n\t\t\t\t\t\t\t\t\t\t<div class=\"translation-block\"><p>Pendant le trek, vous pourrez d\u00e9guster les <strong>sp\u00e9cialit\u00e9s turques locales.<\/strong><\/p><p>Chaque matin, un <strong>petit-d\u00e9jeuner copieux<\/strong> <strong>(inclus)<\/strong> vous sera pr\u00e9par\u00e9. Pour la route, vous pouvez <strong>prendre un panier-repas<\/strong> en option.<\/p><p>En chemin, vous trouverez de temps en temps des petits bars pour prendre un verre ou une collation. Le soir, vous pouvez manger dans un <strong>petit restaurant local<\/strong> pr\u00e8s de votre h\u00e9bergement.<\/p><\/div>\n\t\t\t\t\t\t\t\t<\/div>\n\t\t\t\t\t\t<\/div>\n\t\t\t\t\t\t\t\t\t\t\t<div class=\"details\" id=\"practical-block-5\">\n\t\t\t\t\t\t\t<div class=\"summary\">\n\t\t\t\t\t\t\t\t\t\t\t\t<i class=\"icon fa-kit fa-tb-icon-hotel tb-style-block\" aria-hidden=\"true\"><\/i>\n\t\t\t Nuits\t\t\t\t\t\t\t<\/div>\n\t\t\t\t\t\t\t<div class=\"content\">\n\t\t\t\t\t\t\t\t\t\t<div class=\"translation-block\"><p>Vous dormirez une semaine dans un lit chaud dans l'une des <a href=\"#acco\"><strong>authentiques Stone Houses ou Cave Hotels<\/strong><\/a> soigneusement s\u00e9lectionn\u00e9s le long du sentier.<\/p><\/div>\n\t\t\t\t\t\t\t\t<\/div>\n\t\t\t\t\t\t<\/div>\n\t\t\t\t\t\t\t\t\t\t\t<div class=\"details\" id=\"practical-block-6\">\n\t\t\t\t\t\t\t<div class=\"summary\">\n\t\t\t\t\t\t\t\t\t\t\t\t<i class=\"icon fa-solid fa-circle-info tb-style-block\" aria-hidden=\"true\"><\/i>\n\t\t\t Application Travelbase\t\t\t\t\t\t\t<\/div>\n\t\t\t\t\t\t\t<div class=\"content\">\n\t\t\t\t\t\t\t\t\t\t<div class=\"translation-block\"><p>Apr\u00e8s votre r\u00e9servation, vous aurez acc\u00e8s \u00e0 l'application Travelbase. Vous y trouverez <strong>toutes les informations pratiques<\/strong> avant, pendant et apr\u00e8s votre voyage : des conseils et astuces et tout ce dont vous avez besoin en cours de route. Assurez-vous de l'installer \u00e0 l'avance, pour avoir toutes les infos \u00e0 port\u00e9e de main.<\/p><\/div>\n\t\t\t\t\t\t\t\t<\/div>\n\t\t\t\t\t\t<\/div>\n\t\t\t\t\t\t\t\t\t\t\t<div class=\"details\" id=\"practical-block-7\">\n\t\t\t\t\t\t\t<div class=\"summary\">\n\t\t\t\t\t\t\t\t\t\t\t\t<i class=\"icon fa-solid fa-question tb-style-block\" aria-hidden=\"true\"><\/i>\n\t\t\t Questions fr\u00e9quentes\t\t\t\t\t\t\t<\/div>\n\t\t\t\t\t\t\t<div class=\"content\">\n\t\t\t\t\t\t\t\t\t\t<div class=\"translation-block\"><p>Vous voulez en savoir plus sur ce trek ? Jetez un \u0153il \u00e0 nos <a href=\"#faq\">questions fr\u00e9quentes<\/a>.<\/p><\/div>\n\t\t\t\t\t\t\t\t<\/div>\n\t\t\t\t\t\t<\/div>\n\t\t\t\t\t\t\t\t\t<\/div>\n\t\t\t<\/div>\n\t\t\t<\/div>\n<\/div>\n\n\n\n<div class=\"tb-gallery tb-block align-center background-light pattern-none variant-grid\" id=\"gallery-1\">\n\t<div>\n\t\t<div class=\"desktop tb-has-popup-content\">\n\t\t\t\t\t\t\t<ul class=\"tb-gallery-grid\">\n\t\t\t\t\t\t\t\t\t\t\t\t\t\t\t\t\t\t<li class=\"slide\">\n\t\t\t\t\t\t\t\t<div class=\"tb-popup-trigger\">\n\t\t\t\t\t\t\t\t\t<img src='https:\/\/capt.travelblox.eu\/wp-content\/uploads\/sites\/117\/2025\/08\/CAPT25_TURKEY_WEB_RicoGluck_176.jpg' width='2048' height='1365' alt='cappadocia trail hike trek randonn\u00e9e wandelen turkey' style='object-position:50% 50%' loading='lazy'>\t\t\t\t\t\t\t\t<\/div>\n\t\t\t\t\t\t\t<\/li>\n\t\t\t\t\t\t\t\t\t\t\t\t\t<li class=\"slide\">\n\t\t\t\t\t\t\t\t<div class=\"tb-popup-trigger\">\n\t\t\t\t\t\t\t\t\t<img src='https:\/\/capt.travelblox.eu\/wp-content\/uploads\/sites\/117\/2025\/09\/CAPT25_TURKEY_WEB_RicoGluck_60_resultat_1.jpg' width='1920' height='1280' alt='cappadocia trail hike trek randonn\u00e9e wandelen turkey' loading='lazy'>\t\t\t\t\t\t\t\t<\/div>\n\t\t\t\t\t\t\t<\/li>\n\t\t\t\t\t\t\t\t\t\t\t\t\t<li class=\"slide\">\n\t\t\t\t\t\t\t\t<div class=\"tb-popup-trigger\">\n\t\t\t\t\t\t\t\t\t<img src='https:\/\/capt.travelblox.eu\/wp-content\/uploads\/sites\/117\/2025\/02\/77a23b8fa7cd5510e1f33b397250c5e3-xlarge.jpg' width='1024' height='683' alt='Kappadokie Turquie' loading='lazy'>\t\t\t\t\t\t\t\t<\/div>\n\t\t\t\t\t\t\t<\/li>\n\t\t\t\t\t\t\t\t\t\t\t\t\t\t\t<\/ul>\n\t\t\t\t\t\t<div class=\"tb-popup tb-popup--open-clicked-image\">\n\t\t\t\t<div class=\"tb-gallery-popup\">\n\t\t\t\t\t<div class=\"tb-image-part\">\n\t\t\t\t\t\t\t\t\t\t<div class=\"inner-block-full-width has-tb-carousel tb-carousel-slider\" >\n\t\t\t<div class=\"tb-carousel-container\">\n\t\t\t\t<div class=\"entries tb-cards\" data-slider-first=\"2\">\n\t\t\t\t\t\t\t\t\t<div class=\"entry\">\n\t\t\t\t<div class=\"tb-image-part\">\n\t\t\t\t\t<figure>\n\t\t\t\t\t\t<img src='https:\/\/capt.travelblox.eu\/wp-content\/uploads\/sites\/117\/2025\/08\/CAPT25_TURKEY_WEB_RicoGluck_176.jpg' width='2048' height='1365' alt='cappadocia trail hike trek randonn\u00e9e wandelen turkey' style='object-position:50% 50%' loading='lazy' image_size='full'>\t\t\t\t\t\t\t\t\t\t\t<\/figure>\n\t\t\t\t<\/div>\n\t\t\t<\/div>\n\t\t\t\t\t<div class=\"entry\">\n\t\t\t\t<div class=\"tb-image-part\">\n\t\t\t\t\t<figure>\n\t\t\t\t\t\t<img src='https:\/\/capt.travelblox.eu\/wp-content\/uploads\/sites\/117\/2025\/09\/CAPT25_TURKEY_WEB_RicoGluck_60_resultat_1.jpg' width='1920' height='1280' alt='cappadocia trail hike trek randonn\u00e9e wandelen turkey' loading='lazy' image_size='full'>\t\t\t\t\t\t\t\t\t\t\t<\/figure>\n\t\t\t\t<\/div>\n\t\t\t<\/div>\n\t\t\t\t\t<div class=\"entry\">\n\t\t\t\t<div class=\"tb-image-part\">\n\t\t\t\t\t<figure>\n\t\t\t\t\t\t<img src='https:\/\/capt.travelblox.eu\/wp-content\/uploads\/sites\/117\/2025\/02\/77a23b8fa7cd5510e1f33b397250c5e3-xlarge.jpg' width='1024' height='683' alt='Kappadokie Turquie' loading='lazy' image_size='full'>\t\t\t\t\t\t\t\t\t\t\t<\/figure>\n\t\t\t\t<\/div>\n\t\t\t<\/div>\n\t\t\t\t\t\t\t\t<\/div>\n\t\t\t\t\t\t<div class=\"tb-carousel-nav\">\n\t\t\t<div class=\"dots\">\n\t\t\t\t<div class=\"dot active\"><\/div>\n\t\t\t\t<div class=\"dot\"><\/div>\n\t\t\t\t<div class=\"dot\"><\/div>\n\t\t\t<\/div>\n\t\t\t<div class=\"arrows\">\n\t\t\t\t<div class=\"prev disabled\">\n\t\t\t\t\t<span><i class=\"fa fa-chevron-left\"><\/i><\/span>\n\t\t\t\t<\/div>\n\t\t\t\t<div class=\"next\">\n\t\t\t\t\t<span><i class=\"fa fa-chevron-right\"><\/i><\/span>\n\t\t\t\t<\/div>\n\t\t\t<\/div>\n\t\t<\/div>\n\t\t\t\t<\/div>\n\t\t<\/div>\n\t\t\t\t\t\t\t<\/div>\n\t\t\t\t<\/div>\n\t\t\t<\/div>\n\t\t<\/div>\n\t\t<div class=\"mobile\">\n\t\t\t<div class=\"tb-image-part\">\n\t\t\t\t\t\t\t\t<div class=\"inner-block-full-width has-tb-carousel tb-carousel-slider\" >\n\t\t\t<div class=\"tb-carousel-container\">\n\t\t\t\t<div class=\"entries tb-cards\" data-slider-first=\"0\">\n\t\t\t\t\t\t\t\t\t<div class=\"entry\">\n\t\t\t\t<div class=\"tb-image-part\">\n\t\t\t\t\t<figure>\n\t\t\t\t\t\t<img src='https:\/\/capt.travelblox.eu\/wp-content\/uploads\/sites\/117\/2025\/08\/CAPT25_TURKEY_WEB_RicoGluck_176-768x512.jpg' width='768' height='512' alt='cappadocia trail hike trek randonn\u00e9e wandelen turkey' style='object-position:50% 50%' loading='lazy' image_size='medium_large'>\t\t\t\t\t\t\t\t\t\t\t<\/figure>\n\t\t\t\t<\/div>\n\t\t\t<\/div>\n\t\t\t\t\t<div class=\"entry\">\n\t\t\t\t<div class=\"tb-image-part\">\n\t\t\t\t\t<figure>\n\t\t\t\t\t\t<img src='https:\/\/capt.travelblox.eu\/wp-content\/uploads\/sites\/117\/2025\/09\/CAPT25_TURKEY_WEB_RicoGluck_60_resultat_1-768x512.jpg' width='768' height='512' alt='cappadocia trail hike trek randonn\u00e9e wandelen turkey' loading='lazy' image_size='medium_large'>\t\t\t\t\t\t\t\t\t\t\t<\/figure>\n\t\t\t\t<\/div>\n\t\t\t<\/div>\n\t\t\t\t\t<div class=\"entry\">\n\t\t\t\t<div class=\"tb-image-part\">\n\t\t\t\t\t<figure>\n\t\t\t\t\t\t<img src='https:\/\/capt.travelblox.eu\/wp-content\/uploads\/sites\/117\/2025\/02\/77a23b8fa7cd5510e1f33b397250c5e3-xlarge-768x512.jpg' width='768' height='512' alt='Kappadokie Turquie' loading='lazy' image_size='medium_large'>\t\t\t\t\t\t\t\t\t\t\t<\/figure>\n\t\t\t\t<\/div>\n\t\t\t<\/div>\n\t\t\t\t\t\t\t\t<\/div>\n\t\t\t\t\t\t<div class=\"tb-carousel-nav\">\n\t\t\t<div class=\"dots\">\n\t\t\t\t<div class=\"dot active\"><\/div>\n\t\t\t\t<div class=\"dot\"><\/div>\n\t\t\t\t<div class=\"dot\"><\/div>\n\t\t\t<\/div>\n\t\t\t<div class=\"arrows\">\n\t\t\t\t<div class=\"prev disabled\">\n\t\t\t\t\t<span><i class=\"fa fa-chevron-left\"><\/i><\/span>\n\t\t\t\t<\/div>\n\t\t\t\t<div class=\"next\">\n\t\t\t\t\t<span><i class=\"fa fa-chevron-right\"><\/i><\/span>\n\t\t\t\t<\/div>\n\t\t\t<\/div>\n\t\t<\/div>\n\t\t\t\t<\/div>\n\t\t<\/div>\n\t\t\t\t\t<\/div>\n\t\t<\/div>\n\t<\/div>\n<\/div>\n\n\n\n<div class=\"tb-textimage2 tb-block align-left background-light pattern-none variant-text_first tb-collapsible-margins\" id=\"acco\">\n\t<div class=\"inner-block tb-fade-in\">\n\n\t\t\n\t\t<div class=\"tb-columns\">\n\t\t\t<div class=\"tb-column\">\n\t\t\t\t<div class=\"tb-text-part\">\n\t\t\t\t\t<h2>H\u00f4tels en Cappadoce<\/h2>\n\t\t\t\t\t\t\t<div class=\"translation-block\"><p>La Cappadoce est mondialement connue pour ses magnifiques <strong>h\u00f4tels troglodytes et maisons en pierre.<\/strong> Pendant le Cappadocia Trail, vous s\u00e9journerez dans des h\u00e9bergements soigneusement s\u00e9lectionn\u00e9s o\u00f9 <strong>confort et authenticit\u00e9<\/strong> se rencontrent parfaitement. Vous dormirez dans un lit confortable, profiterez de l'atmosph\u00e8re unique et disposerez de toutes les commodit\u00e9s modernes dont vous avez besoin.<\/p><p>Chaque matin, un <strong>petit-d\u00e9jeuner copieux<\/strong> vous attendra, afin que vous puissiez commencer votre prochaine \u00e9tape en ayant refait le plein d'\u00e9nergie.<\/p><p>&nbsp;<\/p><\/div>\n\t\t\t\t\t\t\t\t\t\t\t<div class=\"tb-buttons-part\">\n\t\t\t\t\t\t\t\t<a href=\"#join\"  target=\"\" class=\"tb-button\">\n\t\t\tS'inscrire | Automne 2026\t\t<\/a>\n\t\t\t\t\t\t\t\t\t\t<a href=\"#pratique\"  target=\"\" class=\"tb-buttonlink\">\n\t\t\tPlus d'infos\t\t<\/a>\n\t\t\t\t\t\t\t<\/div>\n\t\t\t\t<\/div>\n\t\t\t<\/div>\n\t\t\t<div class=\"tb-column\">\n\t\t\t\t\t\t\t\t\t\t\t\t\t\t\t<div class=\"tb-image-part\">\n\t\t\t\t\t\t\t\t\t\t\t<div class=\"inner-block-full-width has-tb-carousel tb-carousel-slider\" >\n\t\t\t<div class=\"tb-carousel-container\">\n\t\t\t\t<div class=\"entries tb-cards\" data-slider-first=\"0\">\n\t\t\t\t\t\t\t\t\t<div class=\"entry\">\n\t\t\t\t<div class=\"tb-image-part\">\n\t\t\t\t\t<figure>\n\t\t\t\t\t\t<img src='https:\/\/capt.travelblox.eu\/wp-content\/uploads\/sites\/117\/2024\/10\/Cappadocia24_EvyvanNispen-35-1-Large-768x512.jpeg' width='768' height='512' alt='H\u00f4tels Turquie Cappadoce - Vacances de randonn\u00e9e en Cappadoce Turquie' loading='lazy' image_size='medium_large'>\t\t\t\t\t\t\t\t\t\t\t\t\t\t\t\t\t\t\t\t\t\t\t\t\t\t\t\t\t\t\t<\/figure>\n\t\t\t\t<\/div>\n\t\t\t<\/div>\n\t\t\t\t\t<div class=\"entry\">\n\t\t\t\t<div class=\"tb-image-part\">\n\t\t\t\t\t<figure>\n\t\t\t\t\t\t<img src='https:\/\/capt.travelblox.eu\/wp-content\/uploads\/sites\/117\/2024\/10\/Cappadocia24_EvyvanNispen-43-Large-768x1151.jpeg' width='768' height='1151' alt='H\u00f4tels Turquie - Vacances de randonn\u00e9e en Cappadoce, Turquie' loading='lazy' image_size='medium_large'>\t\t\t\t\t\t\t\t\t\t\t\t\t\t\t\t\t\t\t\t\t\t\t\t\t\t\t\t\t\t\t<\/figure>\n\t\t\t\t<\/div>\n\t\t\t<\/div>\n\t\t\t\t\t<div class=\"entry\">\n\t\t\t\t<div class=\"tb-image-part\">\n\t\t\t\t\t<figure>\n\t\t\t\t\t\t<img src='https:\/\/capt.travelblox.eu\/wp-content\/uploads\/sites\/117\/2024\/10\/Cappadocia24_EvyvanNispen-25-Large-768x512.jpeg' width='768' height='512' alt='H\u00f4tels Turquie - Vacances de randonn\u00e9e en Cappadoce, Turquie' loading='lazy' image_size='medium_large'>\t\t\t\t\t\t\t\t\t\t\t\t\t\t\t\t\t\t\t\t\t\t\t\t\t\t\t\t\t\t\t<\/figure>\n\t\t\t\t<\/div>\n\t\t\t<\/div>\n\t\t\t\t\t<div class=\"entry\">\n\t\t\t\t<div class=\"tb-image-part\">\n\t\t\t\t\t<figure>\n\t\t\t\t\t\t<img src='https:\/\/capt.travelblox.eu\/wp-content\/uploads\/sites\/117\/2024\/10\/Cappadocia24_EvyvanNispen-38-Large-768x1151.jpeg' width='768' height='1151' alt='H\u00f4tels Turquie - Vacances de randonn\u00e9e en Cappadoce, Turquie' loading='lazy' image_size='medium_large'>\t\t\t\t\t\t\t\t\t\t\t\t\t\t\t\t\t\t\t\t\t\t\t\t\t\t\t\t\t\t\t<\/figure>\n\t\t\t\t<\/div>\n\t\t\t<\/div>\n\t\t\t\t\t<div class=\"entry\">\n\t\t\t\t<div class=\"tb-image-part\">\n\t\t\t\t\t<figure>\n\t\t\t\t\t\t<img src='https:\/\/capt.travelblox.eu\/wp-content\/uploads\/sites\/117\/2024\/10\/Cappadocia24_EvyvanNispen-292-Large-768x1151.jpeg' width='768' height='1151' alt='H\u00f4tels Turquie - Vacances de randonn\u00e9e en Cappadoce, Turquie' loading='lazy' image_size='medium_large'>\t\t\t\t\t\t\t\t\t\t\t\t\t\t\t\t\t\t\t\t\t\t\t\t\t\t\t\t\t\t\t<\/figure>\n\t\t\t\t<\/div>\n\t\t\t<\/div>\n\t\t\t\t\t<div class=\"entry\">\n\t\t\t\t<div class=\"tb-image-part\">\n\t\t\t\t\t<figure>\n\t\t\t\t\t\t<img src='https:\/\/capt.travelblox.eu\/wp-content\/uploads\/sites\/117\/2025\/09\/CAPT25_TURKEY_WEB_RicoGluck_41_resultat-768x1152.jpg' width='768' height='1152' alt='cappadocia trail hike trek randonn\u00e9e wandelen turkey' style='object-position:50% 50%' loading='lazy' image_size='medium_large'>\t\t\t\t\t\t\t\t\t\t\t\t\t\t\t\t\t\t\t\t\t\t\t\t\t\t\t\t\t\t\t<\/figure>\n\t\t\t\t<\/div>\n\t\t\t<\/div>\n\t\t\t\t\t<div class=\"entry\">\n\t\t\t\t<div class=\"tb-image-part\">\n\t\t\t\t\t<figure>\n\t\t\t\t\t\t<img src='https:\/\/capt.travelblox.eu\/wp-content\/uploads\/sites\/117\/2025\/09\/CAPT25_TURKEY_WEB_RicoGluck_103_resultat-768x1152.jpg' width='768' height='1152' alt='cappadocia trail hike trek randonn\u00e9e wandelen turkey' style='object-position:50% 50%' loading='lazy' image_size='medium_large'>\t\t\t\t\t\t\t\t\t\t\t\t\t\t\t\t\t\t\t\t\t\t\t\t\t\t\t\t\t\t\t<\/figure>\n\t\t\t\t<\/div>\n\t\t\t<\/div>\n\t\t\t\t\t\t\t\t<\/div>\n\t\t\t\t\t\t<div class=\"tb-carousel-nav\">\n\t\t\t<div class=\"dots\">\n\t\t\t\t<div class=\"dot active\"><\/div>\n\t\t\t\t<div class=\"dot\"><\/div>\n\t\t\t\t<div class=\"dot\"><\/div>\n\t\t\t<\/div>\n\t\t\t<div class=\"arrows\">\n\t\t\t\t<div class=\"prev disabled\">\n\t\t\t\t\t<span><i class=\"fa fa-chevron-left\"><\/i><\/span>\n\t\t\t\t<\/div>\n\t\t\t\t<div class=\"next\">\n\t\t\t\t\t<span><i class=\"fa fa-chevron-right\"><\/i><\/span>\n\t\t\t\t<\/div>\n\t\t\t<\/div>\n\t\t<\/div>\n\t\t\t\t<\/div>\n\t\t<\/div>\n\t\t\t\t\t\t\t\t<\/div>\n\t\t\t\t\t\t\t\t\t\t\t\t<\/div>\n\t\t<\/div>\n\t<\/div>\n<\/div>\n\n\n\n\n<div class=\"tb-highlights tb-block align-center background-dark pattern-none variant-none tb-collapsible-margins\" id=\"highlights-1\">\n\t<div class=\"inner-block tb-fade-in tb-fade-in--subtle\">\n\t\t<div class=\"text-part\">\n\t\t\t<h2>Options suppl\u00e9mentaires<\/h2>\n\t\t\t\t\t<div class=\"translation-block\"><p>Lors de la r\u00e9servation, vous pouvez choisir d'ajouter les options suivantes \u00e0 votre randonn\u00e9e en Cappadoce.<\/p><\/div>\n\t\t\t\t\t<div class=\"section-toggler\">\n\t\t<div class=\"section-toggler__inner\">\n\t\t\t<div class=\"section-toggler__toggles-wrapper\">\n\t\t\t\t<div class=\"section-toggler__toggles\">\n\t\t\t\t\t\t\t\t\t\t\t<input type=\"radio\" name=\"highlights-1-section\" value=\"highlights-1-section-0\" id=\"highlights-1-section-0-label\" checked class=\"\" \/>\n\t\t\t\t\t\t<label for=\"highlights-1-section-0-label\" data-target-id=\"highlights-1-section-0\" class=\"\">\n\t\t\t\t\t\t\tActivit\u00e9s\t\t\t\t\t\t\t\t\t\t\t\t\t<\/label>\n\t\t\t\t\t\t\t\t\t\t\t<input type=\"radio\" name=\"highlights-1-section\" value=\"highlights-1-section-1\" id=\"highlights-1-section-1-label\"  class=\"\" \/>\n\t\t\t\t\t\t<label for=\"highlights-1-section-1-label\" data-target-id=\"highlights-1-section-1\" class=\"\">\n\t\t\t\t\t\t\tTransports\t\t\t\t\t\t\t\t\t\t\t\t\t<\/label>\n\t\t\t\t\t\t\t\t\t\t\t<input type=\"radio\" name=\"highlights-1-section\" value=\"highlights-1-section-2\" id=\"highlights-1-section-2-label\"  class=\"\" \/>\n\t\t\t\t\t\t<label for=\"highlights-1-section-2-label\" data-target-id=\"highlights-1-section-2\" class=\"\">\n\t\t\t\t\t\t\tH\u00f4tel et repas\t\t\t\t\t\t\t\t\t\t\t\t\t<\/label>\n\t\t\t\t\t\t\t\t\t\t\t<input type=\"radio\" name=\"highlights-1-section\" value=\"highlights-1-section-3\" id=\"highlights-1-section-3-label\"  class=\"\" \/>\n\t\t\t\t\t\t<label for=\"highlights-1-section-3-label\" data-target-id=\"highlights-1-section-3\" class=\"\">\n\t\t\t\t\t\t\tMat\u00e9riel\t\t\t\t\t\t\t\t\t\t\t\t\t<\/label>\n\t\t\t\t\t\t\t\t\t\t\t<input type=\"radio\" name=\"highlights-1-section\" value=\"highlights-1-section-4\" id=\"highlights-1-section-4-label\"  class=\"\" \/>\n\t\t\t\t\t\t<label for=\"highlights-1-section-4-label\" data-target-id=\"highlights-1-section-4\" class=\"\">\n\t\t\t\t\t\t\tAssurances\t\t\t\t\t\t\t\t\t\t\t\t\t<\/label>\n\t\t\t\t\t\t\t\t\t<\/div>\n\t\t\t<\/div>\n\t\t<\/div>\n\t<\/div>\n\t\t\t<\/div>\n\t<\/div>\n\t\t\t<div class=\"tb-sections tb-fade-in tb-fade-in--subtle\">\n\t\t\t\t\t\t\t\t\t\t\t\t\t\t<div class=\"inner-block-full-width has-tb-carousel tb-section\" id=\"highlights-1-section-0\">\n\t\t\t<div class=\"tb-carousel-container\">\n\t\t\t\t<div class=\"entries tb-cards\" data-slider-first=\"1\">\n\t\t\t\t\t\t\t\t\t\t\t\t\t\t\t<div class=\"tb-card entry tb-popup-trigger desktop-only-popup\">\n\t\t\t\t\t\t\t<div class=\"tb-image-part desktop\">\n\t\t\t\t\t\t\t\t<img src='https:\/\/capt.travelblox.eu\/wp-content\/uploads\/sites\/117\/2025\/02\/Cappadocia24_EvyvanNispen-146-Large.jpeg' width='1280' height='854' alt='Cappadoce montgolfi\u00e8re Turquie Montgolfi\u00e8re Cappadoce Cappadoce Turquie' loading='lazy'>\t\t\t\t\t\t\t\t\t\t\t\t\t\t\t\t\t\t\t\t\t\t\t\t\t<div class=\"price tiny-body-font desktop translation-block\"><p>239 \u20ac par personne<\/p><\/div>\t\t\t\t\t\t\t<\/div>\n\t\t\t\t\t\t\t<div class=\"tb-image-part mobile\">\n\t\t\t\t\t\t\t\t<img src='https:\/\/capt.travelblox.eu\/wp-content\/uploads\/sites\/117\/2025\/02\/Cappadocia24_EvyvanNispen-146-Large-768x512.jpeg' width='768' height='512' alt='Cappadoce montgolfi\u00e8re Turquie Montgolfi\u00e8re Cappadoce Cappadoce Turquie' loading='lazy' image_size='medium_large'>\t\t\t\t\t\t\t\t\t\t\t\t\t\t\t<\/div>\n\t\t\t\t\t\t\t<div class=\"tb-card-content\">\n\t\t\t\t\t\t\t\t<h5>\n\t\t\t\t\t\t\t\t\t\t\t\t\t\t\t\t\t\t<span>Vol en montgolfi\u00e8re<\/span>\n\t\t\t\t\t\t\t\t<\/h5>\n\t\t\t\t\t\t\t\t\t\t\t\t\t\t\t\t\t<div class=\"price tiny-body-font mobile\"><p>239 \u20ac par personne<\/p><\/div>\t\t\t\t\t\t\t\t<div class=\"content readmore-content content--clamped\">\t\t<div class=\"translation-block\"><p>La cerise sur le g\u00e2teau : le l\u00e9gendaire <strong>vol en montgolfi\u00e8re en Cappadoce<\/strong>. Vous d\u00e9collerez au lever du soleil, entour\u00e9 de dizaines de montgolfi\u00e8res, et vous flotterez au-dessus des chemin\u00e9es de f\u00e9es et des vall\u00e9es pendant que le paysage s'illumine lentement. Une vue inoubliable.<\/p><\/div>\n\t<\/div>\n\t\t\t\t\t\t\t\t\t\t\t\t\t\t\t\t<div class=\"readmore link js-readmore\">\n\t\t\t\t\t\t\t\t\t<span><i class=\"fa-solid fa-circle-plus\"><\/i><u>Lire la suite<\/u><\/span>\n\t\t\t\t\t\t\t\t\t<span><i class=\"fa-solid fa-circle-minus\"><\/i><u>Lire moins<\/u><\/span>\n\t\t\t\t\t\t\t\t<\/div>\n\t\t\t\t\t\t\t\t\t\t\t\t\t\t\t\t<dialog class=\"tb-popup\">\n\t\t\t\t\t\t\t\t\t<div class=\"tb-highlights-popup\">\n\t\t\t\t\t\t\t\t\t\t<div class=\"tb-image-part\">\n\t\t\t\t\t\t\t\t\t\t\t<img src='https:\/\/capt.travelblox.eu\/wp-content\/uploads\/sites\/117\/2025\/02\/Cappadocia24_EvyvanNispen-146-Large-768x512.jpeg' width='768' height='512' alt='Cappadoce montgolfi\u00e8re Turquie Montgolfi\u00e8re Cappadoce Cappadoce Turquie' loading='lazy' image_size='medium_large'>\t\t\t\t\t\t\t\t\t\t<\/div>\n\t\t\t\t\t\t\t\t\t\t<div class=\"tb-popup-content\">\n\t\t\t\t\t\t\t\t\t\t\t<h5>Vol en montgolfi\u00e8re<\/h5>\n\t\t\t\t\t\t\t\t\t\t\t<div class=\"content\">\t\t<div class=\"translation-block\"><p>La cerise sur le g\u00e2teau : le l\u00e9gendaire <strong>vol en montgolfi\u00e8re en Cappadoce<\/strong>. Vous d\u00e9collerez au lever du soleil, entour\u00e9 de dizaines de montgolfi\u00e8res, et vous flotterez au-dessus des chemin\u00e9es de f\u00e9es et des vall\u00e9es pendant que le paysage s'illumine lentement. Une vue inoubliable.<\/p><\/div>\n\t<\/div>\n\t\t\t\t\t\t\t\t\t\t<\/div>\n\t\t\t\t\t\t\t\t\t<\/div>\n\t\t\t\t\t\t\t\t<\/dialog>\n\t\t\t\t\t\t\t<\/div>\n\t\t\t\t\t\t<\/div>\n\t\t\t\t\t\t\t\t\t\t\t<div class=\"tb-card entry tb-popup-trigger desktop-only-popup\">\n\t\t\t\t\t\t\t<div class=\"tb-image-part desktop\">\n\t\t\t\t\t\t\t\t<img src='https:\/\/capt.travelblox.eu\/wp-content\/uploads\/sites\/117\/2025\/09\/a8b3e44c-4afa-4522-92d5-5c9377a1ddc7-1.jpg' width='1024' height='1024' alt='cappadocia ihlara valley image picture' loading='lazy'>\t\t\t\t\t\t\t\t\t\t\t\t\t\t\t\t\t\t\t\t\t\t\t\t\t<div class=\"price tiny-body-font desktop translation-block\"><p>55 \u20ac par personne<\/p><\/div>\t\t\t\t\t\t\t<\/div>\n\t\t\t\t\t\t\t<div class=\"tb-image-part mobile\">\n\t\t\t\t\t\t\t\t<img src='https:\/\/capt.travelblox.eu\/wp-content\/uploads\/sites\/117\/2025\/09\/a8b3e44c-4afa-4522-92d5-5c9377a1ddc7-1-768x768.jpg' width='768' height='768' alt='cappadocia ihlara valley image picture' loading='lazy' image_size='medium_large'>\t\t\t\t\t\t\t\t\t\t\t\t\t\t\t<\/div>\n\t\t\t\t\t\t\t<div class=\"tb-card-content\">\n\t\t\t\t\t\t\t\t<h5>\n\t\t\t\t\t\t\t\t\t\t\t\t\t\t\t\t\t\t<span>Ihlara Valley<\/span>\n\t\t\t\t\t\t\t\t<\/h5>\n\t\t\t\t\t\t\t\t\t\t\t\t\t\t\t\t\t<div class=\"price tiny-body-font mobile\"><p>55 \u20ac par personne<\/p><\/div>\t\t\t\t\t\t\t\t<div class=\"content readmore-content content--clamped\">\t\t<div class=\"translation-block\"><p>Une v\u00e9ritable oasis \u00e0 seulement <strong>une heure en navette depuis G\u00f6reme<\/strong>. Cette vall\u00e9e offre un paysage unique et luxuriant, totalement diff\u00e9rent du reste de la Cappadoce. En plus de la vall\u00e9e, vous visiterez \u00e9galement la spectaculaire citadelle rocheuse de Selime, l'une des plus belles attractions de la r\u00e9gion.<\/p><p><i>*Acc\u00e8s sur place non inclus (15 \u20ac)<\/i><\/p><\/div>\n\t<\/div>\n\t\t\t\t\t\t\t\t\t\t\t\t\t\t\t\t<div class=\"readmore link js-readmore\">\n\t\t\t\t\t\t\t\t\t<span><i class=\"fa-solid fa-circle-plus\"><\/i><u>Lire la suite<\/u><\/span>\n\t\t\t\t\t\t\t\t\t<span><i class=\"fa-solid fa-circle-minus\"><\/i><u>Lire moins<\/u><\/span>\n\t\t\t\t\t\t\t\t<\/div>\n\t\t\t\t\t\t\t\t\t\t\t\t\t\t\t\t<dialog class=\"tb-popup\">\n\t\t\t\t\t\t\t\t\t<div class=\"tb-highlights-popup\">\n\t\t\t\t\t\t\t\t\t\t<div class=\"tb-image-part\">\n\t\t\t\t\t\t\t\t\t\t\t<img src='https:\/\/capt.travelblox.eu\/wp-content\/uploads\/sites\/117\/2025\/09\/a8b3e44c-4afa-4522-92d5-5c9377a1ddc7-1-768x768.jpg' width='768' height='768' alt='cappadocia ihlara valley image picture' loading='lazy' image_size='medium_large'>\t\t\t\t\t\t\t\t\t\t<\/div>\n\t\t\t\t\t\t\t\t\t\t<div class=\"tb-popup-content\">\n\t\t\t\t\t\t\t\t\t\t\t<h5>Ihlara Valley<\/h5>\n\t\t\t\t\t\t\t\t\t\t\t<div class=\"content\">\t\t<div class=\"translation-block\"><p>Une v\u00e9ritable oasis \u00e0 seulement <strong>une heure en navette depuis G\u00f6reme<\/strong>. Cette vall\u00e9e offre un paysage unique et luxuriant, totalement diff\u00e9rent du reste de la Cappadoce. En plus de la vall\u00e9e, vous visiterez \u00e9galement la spectaculaire citadelle rocheuse de Selime, l'une des plus belles attractions de la r\u00e9gion.<\/p><p><i>*Acc\u00e8s sur place non inclus (15 \u20ac)<\/i><\/p><\/div>\n\t<\/div>\n\t\t\t\t\t\t\t\t\t\t<\/div>\n\t\t\t\t\t\t\t\t\t<\/div>\n\t\t\t\t\t\t\t\t<\/dialog>\n\t\t\t\t\t\t\t<\/div>\n\t\t\t\t\t\t<\/div>\n\t\t\t\t\t\t\t\t\t\t\t\t\t\t<\/div>\n\t\t\t\t\t\t<div class=\"tb-carousel-nav\">\n\t\t\t<div class=\"dots\">\n\t\t\t\t<div class=\"dot active\"><\/div>\n\t\t\t\t<div class=\"dot\"><\/div>\n\t\t\t\t<div class=\"dot\"><\/div>\n\t\t\t<\/div>\n\t\t\t<div class=\"arrows\">\n\t\t\t\t<div class=\"prev disabled\">\n\t\t\t\t\t<span><i class=\"fa fa-chevron-left\"><\/i><\/span>\n\t\t\t\t<\/div>\n\t\t\t\t<div class=\"next\">\n\t\t\t\t\t<span><i class=\"fa fa-chevron-right\"><\/i><\/span>\n\t\t\t\t<\/div>\n\t\t\t<\/div>\n\t\t<\/div>\n\t\t\t\t<\/div>\n\t\t<\/div>\n\t\t\t\t\t\t\t\t\t\t\t\t\t\t\t\t\t\t\t<div class=\"inner-block-full-width has-tb-carousel tb-section\" id=\"highlights-1-section-1\"style=\"display:none;\">\n\t\t\t<div class=\"tb-carousel-container\">\n\t\t\t\t<div class=\"entries tb-cards\" data-slider-first=\"1\">\n\t\t\t\t\t\t\t\t\t\t\t\t\t\t\t<div class=\"tb-card entry tb-popup-trigger desktop-only-popup\">\n\t\t\t\t\t\t\t<div class=\"tb-image-part desktop\">\n\t\t\t\t\t\t\t\t<img src='https:\/\/capt.travelblox.eu\/wp-content\/uploads\/sites\/117\/2025\/02\/56707b1862e0f46ed9b6caecf4ec7b39-xlarge.jpg' width='1024' height='1536' loading='lazy'>\t\t\t\t\t\t\t\t\t\t\t\t\t\t\t\t\t\t\t\t\t\t\t\t\t<div class=\"price tiny-body-font desktop translation-block\"><p>95 \u20ac par personne<\/p><\/div>\t\t\t\t\t\t\t<\/div>\n\t\t\t\t\t\t\t<div class=\"tb-image-part mobile\">\n\t\t\t\t\t\t\t\t<img src='https:\/\/capt.travelblox.eu\/wp-content\/uploads\/sites\/117\/2025\/02\/56707b1862e0f46ed9b6caecf4ec7b39-xlarge-768x1152.jpg' width='768' height='1152' loading='lazy' image_size='medium_large'>\t\t\t\t\t\t\t\t\t\t\t\t\t\t\t<\/div>\n\t\t\t\t\t\t\t<div class=\"tb-card-content\">\n\t\t\t\t\t\t\t\t<h5>\n\t\t\t\t\t\t\t\t\t\t\t\t\t\t\t\t\t\t<span>Transport des bagages<\/span>\n\t\t\t\t\t\t\t\t<\/h5>\n\t\t\t\t\t\t\t\t\t\t\t\t\t\t\t\t\t<div class=\"price tiny-body-font mobile\"><p>95 \u20ac par personne<\/p><\/div>\t\t\t\t\t\t\t\t<div class=\"content readmore-content content--clamped\">\t\t<div class=\"translation-block\"><p>Vos <strong>bagages sont transport\u00e9s chaque jour<\/strong> en jeep vers le prochain lieu de nuit\u00e9e. Vous ne portez que votre petit sac \u00e0 dos (avec de l'eau, des collations, le d\u00e9jeuner, l'appareil photo\u2026). Ainsi, vous pouvez profiter pleinement des paysages !<\/p><\/div>\n\t<\/div>\n\t\t\t\t\t\t\t\t\t\t\t\t\t\t\t\t<div class=\"readmore link js-readmore\">\n\t\t\t\t\t\t\t\t\t<span><i class=\"fa-solid fa-circle-plus\"><\/i><u>Lire la suite<\/u><\/span>\n\t\t\t\t\t\t\t\t\t<span><i class=\"fa-solid fa-circle-minus\"><\/i><u>Lire moins<\/u><\/span>\n\t\t\t\t\t\t\t\t<\/div>\n\t\t\t\t\t\t\t\t\t\t\t\t\t\t\t\t<dialog class=\"tb-popup\">\n\t\t\t\t\t\t\t\t\t<div class=\"tb-highlights-popup\">\n\t\t\t\t\t\t\t\t\t\t<div class=\"tb-image-part\">\n\t\t\t\t\t\t\t\t\t\t\t<img src='https:\/\/capt.travelblox.eu\/wp-content\/uploads\/sites\/117\/2025\/02\/56707b1862e0f46ed9b6caecf4ec7b39-xlarge-768x1152.jpg' width='768' height='1152' loading='lazy' image_size='medium_large'>\t\t\t\t\t\t\t\t\t\t<\/div>\n\t\t\t\t\t\t\t\t\t\t<div class=\"tb-popup-content\">\n\t\t\t\t\t\t\t\t\t\t\t<h5>Transport des bagages<\/h5>\n\t\t\t\t\t\t\t\t\t\t\t<div class=\"content\">\t\t<div class=\"translation-block\"><p>Vos <strong>bagages sont transport\u00e9s chaque jour<\/strong> en jeep vers le prochain lieu de nuit\u00e9e. Vous ne portez que votre petit sac \u00e0 dos (avec de l'eau, des collations, le d\u00e9jeuner, l'appareil photo\u2026). Ainsi, vous pouvez profiter pleinement des paysages !<\/p><\/div>\n\t<\/div>\n\t\t\t\t\t\t\t\t\t\t<\/div>\n\t\t\t\t\t\t\t\t\t<\/div>\n\t\t\t\t\t\t\t\t<\/dialog>\n\t\t\t\t\t\t\t<\/div>\n\t\t\t\t\t\t<\/div>\n\t\t\t\t\t\t\t\t\t\t\t<div class=\"tb-card entry tb-popup-trigger desktop-only-popup\">\n\t\t\t\t\t\t\t<div class=\"tb-image-part desktop\">\n\t\t\t\t\t\t\t\t<img src='https:\/\/capt.travelblox.eu\/wp-content\/uploads\/sites\/117\/2025\/02\/5ce597985f1c9e9efe7e3c24e02657bc-xlarge.jpg' width='1024' height='1536' loading='lazy'>\t\t\t\t\t\t\t\t\t\t\t\t\t\t\t\t\t\t\t\t\t\t\t\t\t<div class=\"price tiny-body-font desktop translation-block\"><p>35 \u20ac par personne<\/p><\/div>\t\t\t\t\t\t\t<\/div>\n\t\t\t\t\t\t\t<div class=\"tb-image-part mobile\">\n\t\t\t\t\t\t\t\t<img src='https:\/\/capt.travelblox.eu\/wp-content\/uploads\/sites\/117\/2025\/02\/5ce597985f1c9e9efe7e3c24e02657bc-xlarge-768x1152.jpg' width='768' height='1152' loading='lazy' image_size='medium_large'>\t\t\t\t\t\t\t\t\t\t\t\t\t\t\t<\/div>\n\t\t\t\t\t\t\t<div class=\"tb-card-content\">\n\t\t\t\t\t\t\t\t<h5>\n\t\t\t\t\t\t\t\t\t\t\t\t\t\t\t\t\t\t<span>Transport a\u00e9roport le dernier jour<\/span>\n\t\t\t\t\t\t\t\t<\/h5>\n\t\t\t\t\t\t\t\t\t\t\t\t\t\t\t\t\t<div class=\"price tiny-body-font mobile\"><p>35 \u20ac par personne<\/p><\/div>\t\t\t\t\t\t\t\t<div class=\"content readmore-content content--clamped\">\t\t<div class=\"translation-block\"><p>Si vos <strong>vols<\/strong> correspondent \u00e0 l'horaire de la navette du jour 8, vous pouvez l'ajouter en option.<\/p><\/div>\n\t<\/div>\n\t\t\t\t\t\t\t\t\t\t\t\t\t\t\t\t<div class=\"readmore link js-readmore\">\n\t\t\t\t\t\t\t\t\t<span><i class=\"fa-solid fa-circle-plus\"><\/i><u>Lire la suite<\/u><\/span>\n\t\t\t\t\t\t\t\t\t<span><i class=\"fa-solid fa-circle-minus\"><\/i><u>Lire moins<\/u><\/span>\n\t\t\t\t\t\t\t\t<\/div>\n\t\t\t\t\t\t\t\t\t\t\t\t\t\t\t\t<dialog class=\"tb-popup\">\n\t\t\t\t\t\t\t\t\t<div class=\"tb-highlights-popup\">\n\t\t\t\t\t\t\t\t\t\t<div class=\"tb-image-part\">\n\t\t\t\t\t\t\t\t\t\t\t<img src='https:\/\/capt.travelblox.eu\/wp-content\/uploads\/sites\/117\/2025\/02\/5ce597985f1c9e9efe7e3c24e02657bc-xlarge-768x1152.jpg' width='768' height='1152' loading='lazy' image_size='medium_large'>\t\t\t\t\t\t\t\t\t\t<\/div>\n\t\t\t\t\t\t\t\t\t\t<div class=\"tb-popup-content\">\n\t\t\t\t\t\t\t\t\t\t\t<h5>Transport a\u00e9roport le dernier jour<\/h5>\n\t\t\t\t\t\t\t\t\t\t\t<div class=\"content\">\t\t<div class=\"translation-block\"><p>Si vos <strong>vols<\/strong> correspondent \u00e0 l'horaire de la navette du jour 8, vous pouvez l'ajouter en option.<\/p><\/div>\n\t<\/div>\n\t\t\t\t\t\t\t\t\t\t<\/div>\n\t\t\t\t\t\t\t\t\t<\/div>\n\t\t\t\t\t\t\t\t<\/dialog>\n\t\t\t\t\t\t\t<\/div>\n\t\t\t\t\t\t<\/div>\n\t\t\t\t\t\t\t\t\t\t\t\t\t\t<\/div>\n\t\t\t\t\t\t<div class=\"tb-carousel-nav\">\n\t\t\t<div class=\"dots\">\n\t\t\t\t<div class=\"dot active\"><\/div>\n\t\t\t\t<div class=\"dot\"><\/div>\n\t\t\t\t<div class=\"dot\"><\/div>\n\t\t\t<\/div>\n\t\t\t<div class=\"arrows\">\n\t\t\t\t<div class=\"prev disabled\">\n\t\t\t\t\t<span><i class=\"fa fa-chevron-left\"><\/i><\/span>\n\t\t\t\t<\/div>\n\t\t\t\t<div class=\"next\">\n\t\t\t\t\t<span><i class=\"fa fa-chevron-right\"><\/i><\/span>\n\t\t\t\t<\/div>\n\t\t\t<\/div>\n\t\t<\/div>\n\t\t\t\t<\/div>\n\t\t<\/div>\n\t\t\t\t\t\t\t\t\t\t\t\t\t\t\t\t\t\t\t<div class=\"inner-block-full-width has-tb-carousel tb-section\" id=\"highlights-1-section-2\"style=\"display:none;\">\n\t\t\t<div class=\"tb-carousel-container\">\n\t\t\t\t<div class=\"entries tb-cards\" data-slider-first=\"1\">\n\t\t\t\t\t\t\t\t\t\t\t\t\t\t\t<div class=\"tb-card entry tb-popup-trigger desktop-only-popup\">\n\t\t\t\t\t\t\t<div class=\"tb-image-part desktop\">\n\t\t\t\t\t\t\t\t<img src='https:\/\/capt.travelblox.eu\/wp-content\/uploads\/sites\/117\/2025\/09\/CAPT25_TURKEY_WEB_RicoGluck_76_resultat_1.jpg' width='1920' height='1280' alt='cappadocia trail hike trek randonn\u00e9e wandelen turkey' style='object-position:50% 50%' loading='lazy'>\t\t\t\t\t\t\t\t\t\t\t\t\t\t\t\t\t\t\t\t\t\t\t\t\t<div class=\"price tiny-body-font desktop translation-block\"><p>55 \u20ac par personne<\/p><\/div>\t\t\t\t\t\t\t<\/div>\n\t\t\t\t\t\t\t<div class=\"tb-image-part mobile\">\n\t\t\t\t\t\t\t\t<img src='https:\/\/capt.travelblox.eu\/wp-content\/uploads\/sites\/117\/2025\/09\/CAPT25_TURKEY_WEB_RicoGluck_76_resultat_1-768x512.jpg' width='768' height='512' alt='cappadocia trail hike trek randonn\u00e9e wandelen turkey' style='object-position:50% 50%' loading='lazy' image_size='medium_large'>\t\t\t\t\t\t\t\t\t\t\t\t\t\t\t<\/div>\n\t\t\t\t\t\t\t<div class=\"tb-card-content\">\n\t\t\t\t\t\t\t\t<h5>\n\t\t\t\t\t\t\t\t\t\t\t\t\t\t\t\t\t\t<span>H\u00f4tel premi\u00e8re nuit<\/span>\n\t\t\t\t\t\t\t\t<\/h5>\n\t\t\t\t\t\t\t\t\t\t\t\t\t\t\t\t\t<div class=\"price tiny-body-font mobile\"><p>55 \u20ac par personne<\/p><\/div>\t\t\t\t\t\t\t\t<div class=\"content readmore-content content--clamped\">\t\t<div class=\"translation-block\"><p>Vous pouvez choisir de r\u00e9server votre premi\u00e8re nuit \u00e0 Kayseri avec nous. Nous dormirons \u00e0 l\u2019<strong>Ibis Hotel Kayseri.<\/strong><\/p><p>Si vous voyagez seul\u00b7e, vous aurez une chambre double avec un autre participant, avec des lits s\u00e9par\u00e9s. Nous faisons de notre mieux pour placer les personnes du m\u00eame sexe ensemble.<\/p><\/div>\n\t<\/div>\n\t\t\t\t\t\t\t\t\t\t\t\t\t\t\t\t<div class=\"readmore link js-readmore\">\n\t\t\t\t\t\t\t\t\t<span><i class=\"fa-solid fa-circle-plus\"><\/i><u>Lire la suite<\/u><\/span>\n\t\t\t\t\t\t\t\t\t<span><i class=\"fa-solid fa-circle-minus\"><\/i><u>Lire moins<\/u><\/span>\n\t\t\t\t\t\t\t\t<\/div>\n\t\t\t\t\t\t\t\t\t\t\t\t\t\t\t\t<dialog class=\"tb-popup\">\n\t\t\t\t\t\t\t\t\t<div class=\"tb-highlights-popup\">\n\t\t\t\t\t\t\t\t\t\t<div class=\"tb-image-part\">\n\t\t\t\t\t\t\t\t\t\t\t<img src='https:\/\/capt.travelblox.eu\/wp-content\/uploads\/sites\/117\/2025\/09\/CAPT25_TURKEY_WEB_RicoGluck_76_resultat_1-768x512.jpg' width='768' height='512' alt='cappadocia trail hike trek randonn\u00e9e wandelen turkey' style='object-position:50% 50%' loading='lazy' image_size='medium_large'>\t\t\t\t\t\t\t\t\t\t<\/div>\n\t\t\t\t\t\t\t\t\t\t<div class=\"tb-popup-content\">\n\t\t\t\t\t\t\t\t\t\t\t<h5>H\u00f4tel premi\u00e8re nuit<\/h5>\n\t\t\t\t\t\t\t\t\t\t\t<div class=\"content\">\t\t<div class=\"translation-block\"><p>Vous pouvez choisir de r\u00e9server votre premi\u00e8re nuit \u00e0 Kayseri avec nous. Nous dormirons \u00e0 l\u2019<strong>Ibis Hotel Kayseri.<\/strong><\/p><p>Si vous voyagez seul\u00b7e, vous aurez une chambre double avec un autre participant, avec des lits s\u00e9par\u00e9s. Nous faisons de notre mieux pour placer les personnes du m\u00eame sexe ensemble.<\/p><\/div>\n\t<\/div>\n\t\t\t\t\t\t\t\t\t\t<\/div>\n\t\t\t\t\t\t\t\t\t<\/div>\n\t\t\t\t\t\t\t\t<\/dialog>\n\t\t\t\t\t\t\t<\/div>\n\t\t\t\t\t\t<\/div>\n\t\t\t\t\t\t\t\t\t\t\t<div class=\"tb-card entry tb-popup-trigger desktop-only-popup\">\n\t\t\t\t\t\t\t<div class=\"tb-image-part desktop\">\n\t\t\t\t\t\t\t\t<img src='https:\/\/capt.travelblox.eu\/wp-content\/uploads\/sites\/117\/2024\/10\/CAP_24_RachelWennink_LR-13-Large.jpeg' width='853' height='1280' loading='lazy'>\t\t\t\t\t\t\t\t\t\t\t\t\t\t\t\t\t\t\t\t\t\t\t\t\t<div class=\"price tiny-body-font desktop translation-block\"><p>60 \u20ac par personne<\/p><\/div>\t\t\t\t\t\t\t<\/div>\n\t\t\t\t\t\t\t<div class=\"tb-image-part mobile\">\n\t\t\t\t\t\t\t\t<img src='https:\/\/capt.travelblox.eu\/wp-content\/uploads\/sites\/117\/2024\/10\/CAP_24_RachelWennink_LR-13-Large-768x1152.jpeg' width='768' height='1152' loading='lazy' image_size='medium_large'>\t\t\t\t\t\t\t\t\t\t\t\t\t\t\t<\/div>\n\t\t\t\t\t\t\t<div class=\"tb-card-content\">\n\t\t\t\t\t\t\t\t<h5>\n\t\t\t\t\t\t\t\t\t\t\t\t\t\t\t\t\t\t<span>Lunch pack<\/span>\n\t\t\t\t\t\t\t\t<\/h5>\n\t\t\t\t\t\t\t\t\t\t\t\t\t\t\t\t\t<div class=\"price tiny-body-font mobile\"><p>60 \u20ac par personne<\/p><\/div>\t\t\t\t\t\t\t\t<div class=\"content readmore-content content--clamped\">\t\t<div class=\"translation-block\"><p>Pour les cinq jours de randonn\u00e9e, vous recevrez un <strong>panier-repas avec un sandwich, une boisson et une collation<\/strong>. Une option non-v\u00e9g\u00e9tarienne (62 \u20ac) et v\u00e9g\u00e9tarienne (60 \u20ac) sont disponibles.<\/p><\/div>\n\t<\/div>\n\t\t\t\t\t\t\t\t\t\t\t\t\t\t\t\t<div class=\"readmore link js-readmore\">\n\t\t\t\t\t\t\t\t\t<span><i class=\"fa-solid fa-circle-plus\"><\/i><u>Lire la suite<\/u><\/span>\n\t\t\t\t\t\t\t\t\t<span><i class=\"fa-solid fa-circle-minus\"><\/i><u>Lire moins<\/u><\/span>\n\t\t\t\t\t\t\t\t<\/div>\n\t\t\t\t\t\t\t\t\t\t\t\t\t\t\t\t<dialog class=\"tb-popup\">\n\t\t\t\t\t\t\t\t\t<div class=\"tb-highlights-popup\">\n\t\t\t\t\t\t\t\t\t\t<div class=\"tb-image-part\">\n\t\t\t\t\t\t\t\t\t\t\t<img src='https:\/\/capt.travelblox.eu\/wp-content\/uploads\/sites\/117\/2024\/10\/CAP_24_RachelWennink_LR-13-Large-768x1152.jpeg' width='768' height='1152' loading='lazy' image_size='medium_large'>\t\t\t\t\t\t\t\t\t\t<\/div>\n\t\t\t\t\t\t\t\t\t\t<div class=\"tb-popup-content\">\n\t\t\t\t\t\t\t\t\t\t\t<h5>Lunch pack<\/h5>\n\t\t\t\t\t\t\t\t\t\t\t<div class=\"content\">\t\t<div class=\"translation-block\"><p>Pour les cinq jours de randonn\u00e9e, vous recevrez un <strong>panier-repas avec un sandwich, une boisson et une collation<\/strong>. Une option non-v\u00e9g\u00e9tarienne (62 \u20ac) et v\u00e9g\u00e9tarienne (60 \u20ac) sont disponibles.<\/p><\/div>\n\t<\/div>\n\t\t\t\t\t\t\t\t\t\t<\/div>\n\t\t\t\t\t\t\t\t\t<\/div>\n\t\t\t\t\t\t\t\t<\/dialog>\n\t\t\t\t\t\t\t<\/div>\n\t\t\t\t\t\t<\/div>\n\t\t\t\t\t\t\t\t\t\t\t\t\t\t<\/div>\n\t\t\t\t\t\t<div class=\"tb-carousel-nav\">\n\t\t\t<div class=\"dots\">\n\t\t\t\t<div class=\"dot active\"><\/div>\n\t\t\t\t<div class=\"dot\"><\/div>\n\t\t\t\t<div class=\"dot\"><\/div>\n\t\t\t<\/div>\n\t\t\t<div class=\"arrows\">\n\t\t\t\t<div class=\"prev disabled\">\n\t\t\t\t\t<span><i class=\"fa fa-chevron-left\"><\/i><\/span>\n\t\t\t\t<\/div>\n\t\t\t\t<div class=\"next\">\n\t\t\t\t\t<span><i class=\"fa fa-chevron-right\"><\/i><\/span>\n\t\t\t\t<\/div>\n\t\t\t<\/div>\n\t\t<\/div>\n\t\t\t\t<\/div>\n\t\t<\/div>\n\t\t\t\t\t\t\t\t\t\t\t\t\t\t\t\t\t\t\t<div class=\"inner-block-full-width has-tb-carousel tb-section\" id=\"highlights-1-section-3\"style=\"display:none;\">\n\t\t\t<div class=\"tb-carousel-container\">\n\t\t\t\t<div class=\"entries tb-cards\" data-slider-first=\"1\">\n\t\t\t\t\t\t\t\t\t\t\t\t\t\t\t<div class=\"tb-card entry tb-popup-trigger desktop-only-popup\">\n\t\t\t\t\t\t\t<div class=\"tb-image-part desktop\">\n\t\t\t\t\t\t\t\t<img src='https:\/\/capt.travelblox.eu\/wp-content\/uploads\/sites\/117\/2024\/10\/Cappadocia24_EvyvanNispen-77-Large.jpeg' width='1280' height='854' alt='Vacances de randonn\u00e9e en Cappadoce, Turquie' loading='lazy'>\t\t\t\t\t\t\t\t\t\t\t\t\t\t\t\t\t\t\t\t\t\t\t\t\t<div class=\"price tiny-body-font desktop translation-block\"><p>12 \u20ac par personne<\/p><\/div>\t\t\t\t\t\t\t<\/div>\n\t\t\t\t\t\t\t<div class=\"tb-image-part mobile\">\n\t\t\t\t\t\t\t\t<img src='https:\/\/capt.travelblox.eu\/wp-content\/uploads\/sites\/117\/2024\/10\/Cappadocia24_EvyvanNispen-77-Large-768x512.jpeg' width='768' height='512' alt='Vacances de randonn\u00e9e en Cappadoce, Turquie' loading='lazy' image_size='medium_large'>\t\t\t\t\t\t\t\t\t\t\t\t\t\t\t<\/div>\n\t\t\t\t\t\t\t<div class=\"tb-card-content\">\n\t\t\t\t\t\t\t\t<h5>\n\t\t\t\t\t\t\t\t\t\t\t\t\t\t\t\t\t\t<span>Trekking poles<\/span>\n\t\t\t\t\t\t\t\t<\/h5>\n\t\t\t\t\t\t\t\t\t\t\t\t\t\t\t\t\t<div class=\"price tiny-body-font mobile\"><p>12 \u20ac par personne<\/p><\/div>\t\t\t\t\t\t\t\t<div class=\"content readmore-content content--clamped\">\t\t<div class=\"translation-block\"><p>Nous vous recommandons vivement de louer ou d'apporter des b\u00e2tons de marche. Ils <strong>soulageront vos genoux<\/strong>, vous aideront \u00e0 <strong>garder votre \u00e9quilibre<\/strong> sur les sections difficiles du chemin et vous fourniront beaucoup de soutien tout au long de la randonn\u00e9e.<\/p><\/div>\n\t<\/div>\n\t\t\t\t\t\t\t\t\t\t\t\t\t\t\t\t<div class=\"readmore link js-readmore\">\n\t\t\t\t\t\t\t\t\t<span><i class=\"fa-solid fa-circle-plus\"><\/i><u>Lire la suite<\/u><\/span>\n\t\t\t\t\t\t\t\t\t<span><i class=\"fa-solid fa-circle-minus\"><\/i><u>Lire moins<\/u><\/span>\n\t\t\t\t\t\t\t\t<\/div>\n\t\t\t\t\t\t\t\t\t\t\t\t\t\t\t\t<dialog class=\"tb-popup\">\n\t\t\t\t\t\t\t\t\t<div class=\"tb-highlights-popup\">\n\t\t\t\t\t\t\t\t\t\t<div class=\"tb-image-part\">\n\t\t\t\t\t\t\t\t\t\t\t<img src='https:\/\/capt.travelblox.eu\/wp-content\/uploads\/sites\/117\/2024\/10\/Cappadocia24_EvyvanNispen-77-Large-768x512.jpeg' width='768' height='512' alt='Vacances de randonn\u00e9e en Cappadoce, Turquie' loading='lazy' image_size='medium_large'>\t\t\t\t\t\t\t\t\t\t<\/div>\n\t\t\t\t\t\t\t\t\t\t<div class=\"tb-popup-content\">\n\t\t\t\t\t\t\t\t\t\t\t<h5>Trekking poles<\/h5>\n\t\t\t\t\t\t\t\t\t\t\t<div class=\"content\">\t\t<div class=\"translation-block\"><p>Nous vous recommandons vivement de louer ou d'apporter des b\u00e2tons de marche. Ils <strong>soulageront vos genoux<\/strong>, vous aideront \u00e0 <strong>garder votre \u00e9quilibre<\/strong> sur les sections difficiles du chemin et vous fourniront beaucoup de soutien tout au long de la randonn\u00e9e.<\/p><\/div>\n\t<\/div>\n\t\t\t\t\t\t\t\t\t\t<\/div>\n\t\t\t\t\t\t\t\t\t<\/div>\n\t\t\t\t\t\t\t\t<\/dialog>\n\t\t\t\t\t\t\t<\/div>\n\t\t\t\t\t\t<\/div>\n\t\t\t\t\t\t\t\t\t\t\t\t\t\t<\/div>\n\t\t\t\t\t\t<div class=\"tb-carousel-nav\">\n\t\t\t<div class=\"dots\">\n\t\t\t\t<div class=\"dot active\"><\/div>\n\t\t\t\t<div class=\"dot\"><\/div>\n\t\t\t\t<div class=\"dot\"><\/div>\n\t\t\t<\/div>\n\t\t\t<div class=\"arrows\">\n\t\t\t\t<div class=\"prev disabled\">\n\t\t\t\t\t<span><i class=\"fa fa-chevron-left\"><\/i><\/span>\n\t\t\t\t<\/div>\n\t\t\t\t<div class=\"next\">\n\t\t\t\t\t<span><i class=\"fa fa-chevron-right\"><\/i><\/span>\n\t\t\t\t<\/div>\n\t\t\t<\/div>\n\t\t<\/div>\n\t\t\t\t<\/div>\n\t\t<\/div>\n\t\t\t\t\t\t\t\t\t\t\t\t\t\t\t\t\t\t\t<div class=\"inner-block-full-width has-tb-carousel tb-section\" id=\"highlights-1-section-4\"style=\"display:none;\">\n\t\t\t<div class=\"tb-carousel-container\">\n\t\t\t\t<div class=\"entries tb-cards\" data-slider-first=\"1\">\n\t\t\t\t\t\t\t\t\t\t\t\t\t\t\t<div class=\"tb-card entry tb-popup-trigger desktop-only-popup\">\n\t\t\t\t\t\t\t<div class=\"tb-image-part desktop\">\n\t\t\t\t\t\t\t\t<img src='https:\/\/capt.travelblox.eu\/wp-content\/uploads\/sites\/117\/2025\/09\/CAPT25_TURKEY_WEB_RicoGluck_59_resultat.jpg' width='1280' height='1920' alt='cappadocia trail hike trek randonn\u00e9e wandelen turkey' loading='lazy'>\t\t\t\t\t\t\t\t\t\t\t\t\t\t\t\t\t\t\t\t\t\t\t\t\t<div class=\"price tiny-body-font desktop translation-block\"><p>69 \u20ac par personne<\/p><\/div>\t\t\t\t\t\t\t<\/div>\n\t\t\t\t\t\t\t<div class=\"tb-image-part mobile\">\n\t\t\t\t\t\t\t\t<img src='https:\/\/capt.travelblox.eu\/wp-content\/uploads\/sites\/117\/2025\/09\/CAPT25_TURKEY_WEB_RicoGluck_59_resultat-768x1152.jpg' width='768' height='1152' alt='cappadocia trail hike trek randonn\u00e9e wandelen turkey' loading='lazy' image_size='medium_large'>\t\t\t\t\t\t\t\t\t\t\t\t\t\t\t<\/div>\n\t\t\t\t\t\t\t<div class=\"tb-card-content\">\n\t\t\t\t\t\t\t\t<h5>\n\t\t\t\t\t\t\t\t\t\t\t\t\t\t\t\t\t\t<span>Assurance annulation<\/span>\n\t\t\t\t\t\t\t\t<\/h5>\n\t\t\t\t\t\t\t\t\t\t\t\t\t\t\t\t\t<div class=\"price tiny-body-font mobile\"><p>69 \u20ac par personne<\/p><\/div>\t\t\t\t\t\t\t\t<div class=\"content readmore-content content--clamped\">\t\t<div class=\"translation-block\"><p>Vous souhaitez r\u00e9server ce trek en Cappadoce en toute tranquillit\u00e9 ? Optez alors pour l'<a href=\"https:\/\/admin.travelbase.eu\/u\/source\/cancellation\/Trails\/FR_Cancellation_conditions.pdf\" target=\"_blank\">assurance annulation<\/a> qui vous prot\u00e8ge en cas d'impr\u00e9vus.<\/p><\/div>\n\t<\/div>\n\t\t\t\t\t\t\t\t\t\t\t\t\t\t\t\t<div class=\"readmore link js-readmore\">\n\t\t\t\t\t\t\t\t\t<span><i class=\"fa-solid fa-circle-plus\"><\/i><u>Lire la suite<\/u><\/span>\n\t\t\t\t\t\t\t\t\t<span><i class=\"fa-solid fa-circle-minus\"><\/i><u>Lire moins<\/u><\/span>\n\t\t\t\t\t\t\t\t<\/div>\n\t\t\t\t\t\t\t\t\t\t\t\t\t\t\t\t<dialog class=\"tb-popup\">\n\t\t\t\t\t\t\t\t\t<div class=\"tb-highlights-popup\">\n\t\t\t\t\t\t\t\t\t\t<div class=\"tb-image-part\">\n\t\t\t\t\t\t\t\t\t\t\t<img src='https:\/\/capt.travelblox.eu\/wp-content\/uploads\/sites\/117\/2025\/09\/CAPT25_TURKEY_WEB_RicoGluck_59_resultat-768x1152.jpg' width='768' height='1152' alt='cappadocia trail hike trek randonn\u00e9e wandelen turkey' loading='lazy' image_size='medium_large'>\t\t\t\t\t\t\t\t\t\t<\/div>\n\t\t\t\t\t\t\t\t\t\t<div class=\"tb-popup-content\">\n\t\t\t\t\t\t\t\t\t\t\t<h5>Assurance annulation<\/h5>\n\t\t\t\t\t\t\t\t\t\t\t<div class=\"content\">\t\t<div class=\"translation-block\"><p>Vous souhaitez r\u00e9server ce trek en Cappadoce en toute tranquillit\u00e9 ? Optez alors pour l'<a href=\"https:\/\/admin.travelbase.eu\/u\/source\/cancellation\/Trails\/FR_Cancellation_conditions.pdf\" target=\"_blank\">assurance annulation<\/a> qui vous prot\u00e8ge en cas d'impr\u00e9vus.<\/p><\/div>\n\t<\/div>\n\t\t\t\t\t\t\t\t\t\t<\/div>\n\t\t\t\t\t\t\t\t\t<\/div>\n\t\t\t\t\t\t\t\t<\/dialog>\n\t\t\t\t\t\t\t<\/div>\n\t\t\t\t\t\t<\/div>\n\t\t\t\t\t\t\t\t\t\t\t<div class=\"tb-card entry tb-popup-trigger desktop-only-popup\">\n\t\t\t\t\t\t\t<div class=\"tb-image-part desktop\">\n\t\t\t\t\t\t\t\t<img src='https:\/\/capt.travelblox.eu\/wp-content\/uploads\/sites\/117\/2025\/02\/bf7fd4160bc19f956381bc96f4b9b7de-xlarge.jpg' width='1024' height='683' alt='cappadoce randonn\u00e9e Turquie Kappadokien Turquie' loading='lazy'>\t\t\t\t\t\t\t\t\t\t\t\t\t\t\t\t\t\t\t\t\t\t\t\t\t<div class=\"price tiny-body-font desktop translation-block\"><p>59 \u20ac par personne<\/p><\/div>\t\t\t\t\t\t\t<\/div>\n\t\t\t\t\t\t\t<div class=\"tb-image-part mobile\">\n\t\t\t\t\t\t\t\t<img src='https:\/\/capt.travelblox.eu\/wp-content\/uploads\/sites\/117\/2025\/02\/bf7fd4160bc19f956381bc96f4b9b7de-xlarge-768x512.jpg' width='768' height='512' alt='cappadoce randonn\u00e9e Turquie Kappadokien Turquie' loading='lazy' image_size='medium_large'>\t\t\t\t\t\t\t\t\t\t\t\t\t\t\t<\/div>\n\t\t\t\t\t\t\t<div class=\"tb-card-content\">\n\t\t\t\t\t\t\t\t<h5>\n\t\t\t\t\t\t\t\t\t\t\t\t\t\t\t\t\t\t<span>Assurance voyage<\/span>\n\t\t\t\t\t\t\t\t<\/h5>\n\t\t\t\t\t\t\t\t\t\t\t\t\t\t\t\t\t<div class=\"price tiny-body-font mobile\"><p>59 \u20ac par personne<\/p><\/div>\t\t\t\t\t\t\t\t<div class=\"content readmore-content content--clamped\">\t\t<div class=\"translation-block\"><p>Vous souhaitez voyager l'esprit tranquille ? N'oubliez pas d'ajouter l'<a href=\"https:\/\/thecappadociatrail.com\/fr\/travelinsurance\/\" target=\"_blank\"><strong>assurance voyage<\/strong><\/a> \u00e0 votre r\u00e9servation. En cas de maladie, d'accident, de vol ou d'\u00e9vacuation, notre assurance voyage est l\u00e0 pour vous aider.<\/p><\/div>\n\t<\/div>\n\t\t\t\t\t\t\t\t\t\t\t\t\t\t\t\t<div class=\"readmore link js-readmore\">\n\t\t\t\t\t\t\t\t\t<span><i class=\"fa-solid fa-circle-plus\"><\/i><u>Lire la suite<\/u><\/span>\n\t\t\t\t\t\t\t\t\t<span><i class=\"fa-solid fa-circle-minus\"><\/i><u>Lire moins<\/u><\/span>\n\t\t\t\t\t\t\t\t<\/div>\n\t\t\t\t\t\t\t\t\t\t\t\t\t\t\t\t<dialog class=\"tb-popup\">\n\t\t\t\t\t\t\t\t\t<div class=\"tb-highlights-popup\">\n\t\t\t\t\t\t\t\t\t\t<div class=\"tb-image-part\">\n\t\t\t\t\t\t\t\t\t\t\t<img src='https:\/\/capt.travelblox.eu\/wp-content\/uploads\/sites\/117\/2025\/02\/bf7fd4160bc19f956381bc96f4b9b7de-xlarge-768x512.jpg' width='768' height='512' alt='cappadoce randonn\u00e9e Turquie Kappadokien Turquie' loading='lazy' image_size='medium_large'>\t\t\t\t\t\t\t\t\t\t<\/div>\n\t\t\t\t\t\t\t\t\t\t<div class=\"tb-popup-content\">\n\t\t\t\t\t\t\t\t\t\t\t<h5>Assurance voyage<\/h5>\n\t\t\t\t\t\t\t\t\t\t\t<div class=\"content\">\t\t<div class=\"translation-block\"><p>Vous souhaitez voyager l'esprit tranquille ? N'oubliez pas d'ajouter l'<a href=\"https:\/\/thecappadociatrail.com\/fr\/travelinsurance\/\" target=\"_blank\"><strong>assurance voyage<\/strong><\/a> \u00e0 votre r\u00e9servation. En cas de maladie, d'accident, de vol ou d'\u00e9vacuation, notre assurance voyage est l\u00e0 pour vous aider.<\/p><\/div>\n\t<\/div>\n\t\t\t\t\t\t\t\t\t\t<\/div>\n\t\t\t\t\t\t\t\t\t<\/div>\n\t\t\t\t\t\t\t\t<\/dialog>\n\t\t\t\t\t\t\t<\/div>\n\t\t\t\t\t\t<\/div>\n\t\t\t\t\t\t\t\t\t\t\t<div class=\"tb-card entry tb-popup-trigger desktop-only-popup\">\n\t\t\t\t\t\t\t<div class=\"tb-image-part desktop\">\n\t\t\t\t\t\t\t\t<img src='https:\/\/capt.travelblox.eu\/wp-content\/uploads\/sites\/117\/2024\/11\/Cappadocia24_EvyvanNispen-261.jpg' width='2500' height='1667' alt='Cappadoce Turquie - Vall\u00e9e de l&#039;Amour Cappadoce Turquie Vall\u00e9e de l&#039;Amour' loading='lazy'>\t\t\t\t\t\t\t\t\t\t\t\t\t\t\t\t\t\t\t\t\t\t\t\t\t<div class=\"price tiny-body-font desktop translation-block\"><p>Temporairement gratuites<\/p><\/div>\t\t\t\t\t\t\t<\/div>\n\t\t\t\t\t\t\t<div class=\"tb-image-part mobile\">\n\t\t\t\t\t\t\t\t<img src='https:\/\/capt.travelblox.eu\/wp-content\/uploads\/sites\/117\/2024\/11\/Cappadocia24_EvyvanNispen-261-768x512.jpg' width='768' height='512' alt='Cappadoce Turquie - Vall\u00e9e de l&#039;Amour Cappadoce Turquie Vall\u00e9e de l&#039;Amour' loading='lazy' image_size='medium_large'>\t\t\t\t\t\t\t\t\t\t\t\t\t\t\t<\/div>\n\t\t\t\t\t\t\t<div class=\"tb-card-content\">\n\t\t\t\t\t\t\t\t<h5>\n\t\t\t\t\t\t\t\t\t\t\t\t\t\t\t\t\t\t<span>Conditions de r\u00e9servation ultra-flexibles<\/span>\n\t\t\t\t\t\t\t\t<\/h5>\n\t\t\t\t\t\t\t\t\t\t\t\t\t\t\t\t\t<div class=\"price tiny-body-font mobile\"><p>Temporairement gratuites<\/p><\/div>\t\t\t\t\t\t\t\t<div class=\"content readmore-content content--clamped\">\t\t<div class=\"translation-block\"><p>Ces conditions sont <strong>gratuites<\/strong> pour tous ceux qui r\u00e9servent \u00e0 l'avance. Cela vous permet de d\u00e9placer votre voyage gratuitement vers une autre semaine (sous r\u00e9serve de disponibilit\u00e9) ou d'annuler avec un remboursement complet jusqu'au 1\u1d49\u02b3 juin 2026.<\/p><\/div>\n\t<\/div>\n\t\t\t\t\t\t\t\t\t\t\t\t\t\t\t\t<div class=\"readmore link js-readmore\">\n\t\t\t\t\t\t\t\t\t<span><i class=\"fa-solid fa-circle-plus\"><\/i><u>Lire la suite<\/u><\/span>\n\t\t\t\t\t\t\t\t\t<span><i class=\"fa-solid fa-circle-minus\"><\/i><u>Lire moins<\/u><\/span>\n\t\t\t\t\t\t\t\t<\/div>\n\t\t\t\t\t\t\t\t\t\t\t\t\t\t\t\t<dialog class=\"tb-popup\">\n\t\t\t\t\t\t\t\t\t<div class=\"tb-highlights-popup\">\n\t\t\t\t\t\t\t\t\t\t<div class=\"tb-image-part\">\n\t\t\t\t\t\t\t\t\t\t\t<img src='https:\/\/capt.travelblox.eu\/wp-content\/uploads\/sites\/117\/2024\/11\/Cappadocia24_EvyvanNispen-261-768x512.jpg' width='768' height='512' alt='Cappadoce Turquie - Vall\u00e9e de l&#039;Amour Cappadoce Turquie Vall\u00e9e de l&#039;Amour' loading='lazy' image_size='medium_large'>\t\t\t\t\t\t\t\t\t\t<\/div>\n\t\t\t\t\t\t\t\t\t\t<div class=\"tb-popup-content\">\n\t\t\t\t\t\t\t\t\t\t\t<h5>Conditions de r\u00e9servation ultra-flexibles<\/h5>\n\t\t\t\t\t\t\t\t\t\t\t<div class=\"content\">\t\t<div class=\"translation-block\"><p>Ces conditions sont <strong>gratuites<\/strong> pour tous ceux qui r\u00e9servent \u00e0 l'avance. Cela vous permet de d\u00e9placer votre voyage gratuitement vers une autre semaine (sous r\u00e9serve de disponibilit\u00e9) ou d'annuler avec un remboursement complet jusqu'au 1\u1d49\u02b3 juin 2026.<\/p><\/div>\n\t<\/div>\n\t\t\t\t\t\t\t\t\t\t<\/div>\n\t\t\t\t\t\t\t\t\t<\/div>\n\t\t\t\t\t\t\t\t<\/dialog>\n\t\t\t\t\t\t\t<\/div>\n\t\t\t\t\t\t<\/div>\n\t\t\t\t\t\t\t\t\t\t\t\t\t\t<\/div>\n\t\t\t\t\t\t<div class=\"tb-carousel-nav\">\n\t\t\t<div class=\"dots\">\n\t\t\t\t<div class=\"dot active\"><\/div>\n\t\t\t\t<div class=\"dot\"><\/div>\n\t\t\t\t<div class=\"dot\"><\/div>\n\t\t\t<\/div>\n\t\t\t<div class=\"arrows\">\n\t\t\t\t<div class=\"prev disabled\">\n\t\t\t\t\t<span><i class=\"fa fa-chevron-left\"><\/i><\/span>\n\t\t\t\t<\/div>\n\t\t\t\t<div class=\"next\">\n\t\t\t\t\t<span><i class=\"fa fa-chevron-right\"><\/i><\/span>\n\t\t\t\t<\/div>\n\t\t\t<\/div>\n\t\t<\/div>\n\t\t\t\t<\/div>\n\t\t<\/div>\n\t\t\t\t\t\t\t\t\t\t<\/div>\n\t\t<\/div>\n\n\n\n\n\n\n<div class=\"tb-gallery tb-block align-center background-light pattern-none variant-grid\" id=\"gallery-1-1\">\n\t<div>\n\t\t<div class=\"desktop tb-has-popup-content\">\n\t\t\t\t\t\t\t<ul class=\"tb-gallery-grid\">\n\t\t\t\t\t\t\t\t\t\t\t\t\t\t\t\t\t\t<li class=\"slide\">\n\t\t\t\t\t\t\t\t<div class=\"tb-popup-trigger\">\n\t\t\t\t\t\t\t\t\t<img src='https:\/\/capt.travelblox.eu\/wp-content\/uploads\/sites\/117\/2024\/11\/45d4f4dac84b05edce895602a200bdeb-xlarge.jpg' width='1024' height='683' alt='Vacances de randonn\u00e9e en Cappadoce, Turquie - Attractions en Turquie, Cappadoce' loading='lazy'>\t\t\t\t\t\t\t\t<\/div>\n\t\t\t\t\t\t\t<\/li>\n\t\t\t\t\t\t\t\t\t\t\t\t\t<li class=\"slide\">\n\t\t\t\t\t\t\t\t<div class=\"tb-popup-trigger\">\n\t\t\t\t\t\t\t\t\t<img src='https:\/\/capt.travelblox.eu\/wp-content\/uploads\/sites\/117\/2025\/02\/DSC00062-Grande.jpeg' width='1280' height='853' alt='cappadocia trail hike trek randonn\u00e9e wandelen turkey' loading='lazy'>\t\t\t\t\t\t\t\t<\/div>\n\t\t\t\t\t\t\t<\/li>\n\t\t\t\t\t\t\t\t\t\t\t\t\t<li class=\"slide\">\n\t\t\t\t\t\t\t\t<div class=\"tb-popup-trigger\">\n\t\t\t\t\t\t\t\t\t<img src='https:\/\/capt.travelblox.eu\/wp-content\/uploads\/sites\/117\/2024\/10\/7d2bed82f7951cb1edf45eb18c951b96-xlarge-Large.jpeg' width='853' height='1280' alt='Vacances de randonn\u00e9e en Cappadoce, Turquie - Attractions en Turquie, Cappadoce' loading='lazy'>\t\t\t\t\t\t\t\t<\/div>\n\t\t\t\t\t\t\t<\/li>\n\t\t\t\t\t\t\t\t\t\t\t\t\t\t\t<\/ul>\n\t\t\t\t\t\t<div class=\"tb-popup tb-popup--open-clicked-image\">\n\t\t\t\t<div class=\"tb-gallery-popup\">\n\t\t\t\t\t<div class=\"tb-image-part\">\n\t\t\t\t\t\t\t\t\t\t<div class=\"inner-block-full-width has-tb-carousel tb-carousel-slider\" >\n\t\t\t<div class=\"tb-carousel-container\">\n\t\t\t\t<div class=\"entries tb-cards\" data-slider-first=\"2\">\n\t\t\t\t\t\t\t\t\t<div class=\"entry\">\n\t\t\t\t<div class=\"tb-image-part\">\n\t\t\t\t\t<figure>\n\t\t\t\t\t\t<img src='https:\/\/capt.travelblox.eu\/wp-content\/uploads\/sites\/117\/2024\/11\/45d4f4dac84b05edce895602a200bdeb-xlarge.jpg' width='1024' height='683' alt='Vacances de randonn\u00e9e en Cappadoce, Turquie - Attractions en Turquie, Cappadoce' loading='lazy' image_size='full'>\t\t\t\t\t\t\t\t\t\t\t<\/figure>\n\t\t\t\t<\/div>\n\t\t\t<\/div>\n\t\t\t\t\t<div class=\"entry\">\n\t\t\t\t<div class=\"tb-image-part\">\n\t\t\t\t\t<figure>\n\t\t\t\t\t\t<img src='https:\/\/capt.travelblox.eu\/wp-content\/uploads\/sites\/117\/2025\/02\/DSC00062-Grande.jpeg' width='1280' height='853' alt='cappadocia trail hike trek randonn\u00e9e wandelen turkey' loading='lazy' image_size='full'>\t\t\t\t\t\t\t\t\t\t\t<\/figure>\n\t\t\t\t<\/div>\n\t\t\t<\/div>\n\t\t\t\t\t<div class=\"entry\">\n\t\t\t\t<div class=\"tb-image-part\">\n\t\t\t\t\t<figure>\n\t\t\t\t\t\t<img src='https:\/\/capt.travelblox.eu\/wp-content\/uploads\/sites\/117\/2024\/10\/7d2bed82f7951cb1edf45eb18c951b96-xlarge-Large.jpeg' width='853' height='1280' alt='Vacances de randonn\u00e9e en Cappadoce, Turquie - Attractions en Turquie, Cappadoce' loading='lazy' image_size='full'>\t\t\t\t\t\t\t\t\t\t\t<\/figure>\n\t\t\t\t<\/div>\n\t\t\t<\/div>\n\t\t\t\t\t\t\t\t<\/div>\n\t\t\t\t\t\t<div class=\"tb-carousel-nav\">\n\t\t\t<div class=\"dots\">\n\t\t\t\t<div class=\"dot active\"><\/div>\n\t\t\t\t<div class=\"dot\"><\/div>\n\t\t\t\t<div class=\"dot\"><\/div>\n\t\t\t<\/div>\n\t\t\t<div class=\"arrows\">\n\t\t\t\t<div class=\"prev disabled\">\n\t\t\t\t\t<span><i class=\"fa fa-chevron-left\"><\/i><\/span>\n\t\t\t\t<\/div>\n\t\t\t\t<div class=\"next\">\n\t\t\t\t\t<span><i class=\"fa fa-chevron-right\"><\/i><\/span>\n\t\t\t\t<\/div>\n\t\t\t<\/div>\n\t\t<\/div>\n\t\t\t\t<\/div>\n\t\t<\/div>\n\t\t\t\t\t\t\t<\/div>\n\t\t\t\t<\/div>\n\t\t\t<\/div>\n\t\t<\/div>\n\t\t<div class=\"mobile\">\n\t\t\t<div class=\"tb-image-part\">\n\t\t\t\t\t\t\t\t<div class=\"inner-block-full-width has-tb-carousel tb-carousel-slider\" >\n\t\t\t<div class=\"tb-carousel-container\">\n\t\t\t\t<div class=\"entries tb-cards\" data-slider-first=\"0\">\n\t\t\t\t\t\t\t\t\t<div class=\"entry\">\n\t\t\t\t<div class=\"tb-image-part\">\n\t\t\t\t\t<figure>\n\t\t\t\t\t\t<img src='https:\/\/capt.travelblox.eu\/wp-content\/uploads\/sites\/117\/2024\/11\/45d4f4dac84b05edce895602a200bdeb-xlarge-768x512.jpg' width='768' height='512' alt='Vacances de randonn\u00e9e en Cappadoce, Turquie - Attractions en Turquie, Cappadoce' loading='lazy' image_size='medium_large'>\t\t\t\t\t\t\t\t\t\t\t<\/figure>\n\t\t\t\t<\/div>\n\t\t\t<\/div>\n\t\t\t\t\t<div class=\"entry\">\n\t\t\t\t<div class=\"tb-image-part\">\n\t\t\t\t\t<figure>\n\t\t\t\t\t\t<img src='https:\/\/capt.travelblox.eu\/wp-content\/uploads\/sites\/117\/2025\/02\/DSC00062-Grande-768x512.jpeg' width='768' height='512' alt='cappadocia trail hike trek randonn\u00e9e wandelen turkey' loading='lazy' image_size='medium_large'>\t\t\t\t\t\t\t\t\t\t\t<\/figure>\n\t\t\t\t<\/div>\n\t\t\t<\/div>\n\t\t\t\t\t<div class=\"entry\">\n\t\t\t\t<div class=\"tb-image-part\">\n\t\t\t\t\t<figure>\n\t\t\t\t\t\t<img src='https:\/\/capt.travelblox.eu\/wp-content\/uploads\/sites\/117\/2024\/10\/7d2bed82f7951cb1edf45eb18c951b96-xlarge-Large-768x1152.jpeg' width='768' height='1152' alt='Vacances de randonn\u00e9e en Cappadoce, Turquie - Attractions en Turquie, Cappadoce' loading='lazy' image_size='medium_large'>\t\t\t\t\t\t\t\t\t\t\t<\/figure>\n\t\t\t\t<\/div>\n\t\t\t<\/div>\n\t\t\t\t\t\t\t\t<\/div>\n\t\t\t\t\t\t<div class=\"tb-carousel-nav\">\n\t\t\t<div class=\"dots\">\n\t\t\t\t<div class=\"dot active\"><\/div>\n\t\t\t\t<div class=\"dot\"><\/div>\n\t\t\t\t<div class=\"dot\"><\/div>\n\t\t\t<\/div>\n\t\t\t<div class=\"arrows\">\n\t\t\t\t<div class=\"prev disabled\">\n\t\t\t\t\t<span><i class=\"fa fa-chevron-left\"><\/i><\/span>\n\t\t\t\t<\/div>\n\t\t\t\t<div class=\"next\">\n\t\t\t\t\t<span><i class=\"fa fa-chevron-right\"><\/i><\/span>\n\t\t\t\t<\/div>\n\t\t\t<\/div>\n\t\t<\/div>\n\t\t\t\t<\/div>\n\t\t<\/div>\n\t\t\t\t\t<\/div>\n\t\t<\/div>\n\t<\/div>\n<\/div>\n\n\n\n<div class=\"tb-colcompare tb-block align-center background-light pattern-none variant-cards tb-collapsible-margins\" id=\"difficulty\">\n\t<div class=\"inner-block tb-fade-in tb-fade-in--subtle\">\n\t\t<div class=\"text-part\">\n\t\t\t<h2>Ce parcours est-il adapt\u00e9 pour moi ?<\/h2>\n\t\t\t\t\t<div class=\"translation-block\"><p>Le <strong>niveau de difficult\u00e9 d'un trek d\u00e9pend de plusieurs facteurs<\/strong>. En vous basant sur les facteurs ci-dessous, vous pouvez \u00e9valuer si ce voyage est adapt\u00e9 pour vous. Avec certaines options, comme le transport des bagages, vous pouvez \u00e9galement rendre l'exp\u00e9rience plus facile.<\/p><\/div>\n\t\t\t<\/div>\n\t<\/div>\n\t\t\t\t\t<div class=\"inner-block-full-width has-tb-carousel tb-justified\" >\n\t\t\t<div class=\"tb-carousel-container\">\n\t\t\t\t<div class=\"entries tb-cards\" data-slider-first=\"1\">\n\t\t\t\t\t\t\t\t\t<div class=\"tb-card entry tb-fade-in tb-fade-in--subtle\">\n\t\t\t\t<div class=\"tb-image-part\">\n\t\t\t\t\t<img src='https:\/\/capt.travelblox.eu\/wp-content\/uploads\/sites\/117\/2024\/11\/Cappadocia24_EvyvanNispen-86-e1732609401196-768x512.jpg' width='768' height='512' alt='Cappadoce Turquie vacances de randonn\u00e9e Urlaub Kappadokien T\u00fcrkei' loading='lazy' image_size='medium_large'>\t\t\t\t<\/div>\n\t\t\t\t<div class=\"tb-card-content text-part\">\n\t\t\t\t\t<h5>\t\t\t\t<i class=\"icon fa-solid fa-chart-line\" aria-hidden=\"true\"><\/i>\n\t\t\t Distance et d\u00e9nivel\u00e9<\/h5>\n\t\t\t\t\t\t\t<div class=\"translation-block\"><ul><li>Les distances quotidiennes sont <strong>facilement r\u00e9alisables<\/strong> avec une condition physique de base.<\/li><li>Attendez-vous cependant \u00e0 <strong>des mont\u00e9es et des descentes dans les vall\u00e9es<\/strong> chaque jour.<\/li><li>Certaines sections sont un peu plus \u00e9prouvantes en raison de courtes mont\u00e9es vers des <strong>points de vue<\/strong>, mais cet effort est toujours r\u00e9compens\u00e9 par des panoramas \u00e0 couper le souffle.<\/li><\/ul><p><strong>Quelques conseils<\/strong><\/p><ul><li>Vous choisissez votre propre rythme. Prenez <strong>suffisamment de pauses<\/strong> lorsque vous en ressentez le besoin.<\/li><li>R\u00e9servez un <strong>transport de bagages<\/strong> si vous souhaitez marcher plus l\u00e9ger.<\/li><li>Pr\u00e9parez-vous au mieux avec notre <strong>programme d'entra\u00eenement adapt\u00e9.<\/strong><\/li><\/ul><\/div>\n\t\t\t\t\t\t<div class=\"tb-buttons-part\">\n\t\t\t\t\t\t\t\t\t\t\t<\/div>\n\t\t\t\t<\/div>\n\t\t\t<\/div>\n\t\t\t\t\t<div class=\"tb-card entry tb-fade-in tb-fade-in--subtle\">\n\t\t\t\t<div class=\"tb-image-part\">\n\t\t\t\t\t<img src='https:\/\/capt.travelblox.eu\/wp-content\/uploads\/sites\/117\/2025\/02\/77a23b8fa7cd5510e1f33b397250c5e3-xlarge-768x512.jpg' width='768' height='512' alt='Kappadokie Turquie' loading='lazy' image_size='medium_large'>\t\t\t\t<\/div>\n\t\t\t\t<div class=\"tb-card-content text-part\">\n\t\t\t\t\t<h5>\t\t\t\t<i class=\"icon fa-solid fa-sun\" aria-hidden=\"true\"><\/i>\n\t\t\t Conditions m\u00e9t\u00e9orologiques<\/h5>\n\t\t\t\t\t\t\t<div class=\"translation-block\"><ul><li>Le printemps et l'automne sont g\u00e9n\u00e9ralement les plus agr\u00e9ables en Cappadoce, avec <strong>des temp\u00e9ratures douces durant la journ\u00e9e et des matins et soir\u00e9es plus frais<\/strong>.<\/li><li>Lors des journ\u00e9es chaudes, il y a souvent <strong>peu d'ombre<\/strong> dans les vall\u00e9es, ce qui rend le soleil encore plus intense.<\/li><\/ul><p><strong>Quelques conseils<\/strong><\/p><ul><li><strong>Partez t\u00f4t<\/strong> et essayez d'\u00e9viter les heures les plus chaudes.<\/li><li>Apportez <strong>de la protection solaire<\/strong> et portez une casquette ou un chapeau.<\/li><li>Emportez <strong>suffisamment d'eau<\/strong> et planifiez vos pauses intelligemment, surtout les jours ensoleill\u00e9s.<\/li><\/ul><p>&nbsp;<\/p><\/div>\n\t\t\t\t\t\t<div class=\"tb-buttons-part\">\n\t\t\t\t\t\t\t\t\t\t\t<\/div>\n\t\t\t\t<\/div>\n\t\t\t<\/div>\n\t\t\t\t\t<div class=\"tb-card entry tb-fade-in tb-fade-in--subtle\">\n\t\t\t\t<div class=\"tb-image-part\">\n\t\t\t\t\t<img src='https:\/\/capt.travelblox.eu\/wp-content\/uploads\/sites\/117\/2025\/02\/9b17631f039005061fc5073d69eea5bb-xlarge-768x512.jpg' width='768' height='512' alt='Cappadoce randonn\u00e9e Uchisar Cappadoce Turquie Uchisar' loading='lazy' image_size='medium_large'>\t\t\t\t<\/div>\n\t\t\t\t<div class=\"tb-card-content text-part\">\n\t\t\t\t\t<h5>\t\t\t\t<i class=\"icon fa-solid fa-shoe-prints\" aria-hidden=\"true\"><\/i>\n\t\t\t Terrain<\/h5>\n\t\t\t\t\t\t\t<div class=\"translation-block\"><ul><li>Vous marcherez principalement sur <strong>des chemins en terre, en sable, en tuf et rocheux<\/strong>, souvent in\u00e9gaux et parfois \u00e9troits dans les vall\u00e9es.<\/li><li>Les chemins serpentent souvent \u00e0 travers des passages \u00e9troits <strong>entre des formations rocheuses<\/strong>, avec de courts tron\u00e7ons raides \u00e0 monter et descendre.<\/li><li>Vous croiserez de temps en temps <strong>des escaliers naturels et des plateaux rocheux in\u00e9gaux<\/strong>, surtout en direction des points de vue et des villages.<\/li><\/ul><p><strong>Quelques conseils<\/strong><\/p><ul><li>Enfilez <strong>des chaussures de randonn\u00e9e A\/B avec une bonne adh\u00e9rence<\/strong>, surtout pour les descentes et les terrains instables.<\/li><li>Utilisez <strong>des b\u00e2tons de randonn\u00e9e<\/strong> lors de longues descentes et sur des sols glissants.<\/li><\/ul><\/div>\n\t\t\t\t\t\t<div class=\"tb-buttons-part\">\n\t\t\t\t\t\t\t\t\t\t\t<\/div>\n\t\t\t\t<\/div>\n\t\t\t<\/div>\n\t\t\t\t\t\t\t\t<\/div>\n\t\t\t\t\t\t<div class=\"tb-carousel-nav\">\n\t\t\t<div class=\"dots\">\n\t\t\t\t<div class=\"dot active\"><\/div>\n\t\t\t\t<div class=\"dot\"><\/div>\n\t\t\t\t<div class=\"dot\"><\/div>\n\t\t\t<\/div>\n\t\t\t<div class=\"arrows\">\n\t\t\t\t<div class=\"prev disabled\">\n\t\t\t\t\t<span><i class=\"fa fa-chevron-left\"><\/i><\/span>\n\t\t\t\t<\/div>\n\t\t\t\t<div class=\"next\">\n\t\t\t\t\t<span><i class=\"fa fa-chevron-right\"><\/i><\/span>\n\t\t\t\t<\/div>\n\t\t\t<\/div>\n\t\t<\/div>\n\t\t\t\t<\/div>\n\t\t<\/div>\n\t\t\t<\/div>\n\n\n\n    <div class=\"tb-calendarv2 tb-block align-center background-light pattern-none variant-none tb-collapsible-margins\" id=\"join\" data-field-packages='[{&quot;package_id&quot;:&quot;CAPT-CAPT&quot;,&quot;prereg_url&quot;:&quot;&quot;,&quot;package_summary_content&quot;:&quot;&quot;,&quot;package_summary_inclusive&quot;:[{&quot;sub_remark&quot;:&quot;Gedetailleerde route en volledige organisatie van de reis&quot;,&quot;rowid&quot;:&quot;67e6a2e884b00&quot;},{&quot;sub_remark&quot;:&quot;6 nachten in een comfortabel hotel op unieke locaties&quot;,&quot;rowid&quot;:&quot;67e6a2e884b1d&quot;},{&quot;sub_remark&quot;:&quot;Toeristenbelasting&quot;,&quot;rowid&quot;:&quot;67e6a2e884b38&quot;},{&quot;sub_remark&quot;:&quot;Ontbijt voor elke dag van de trail&quot;,&quot;rowid&quot;:&quot;67e6a2e884b53&quot;},{&quot;sub_remark&quot;:&quot;Ontvangst en briefing door een ervaren ranger&quot;,&quot;rowid&quot;:&quot;67e6a2e884b6d&quot;},{&quot;sub_remark&quot;:&quot;Complete paklijst zodat je niets vergeet&quot;,&quot;rowid&quot;:&quot;67e6a2e884b88&quot;},{&quot;sub_remark&quot;:&quot;Travelbase trailapp voor Cappadocia met alle benodigde informatie&quot;,&quot;rowid&quot;:&quot;67e6a2e884ba2&quot;}],&quot;rowid&quot;:&quot;67e6a2e884bb9&quot;},{&quot;package_id&quot;:&quot;CAPT-CAPTFALL&quot;,&quot;prereg_url&quot;:&quot;&quot;,&quot;package_summary_content&quot;:&quot;&quot;,&quot;package_summary_inclusive&quot;:[{&quot;sub_remark&quot;:&quot;Gedetailleerde route en volledige organisatie van de reis&quot;,&quot;rowid&quot;:&quot;67e6a2e884bf6&quot;},{&quot;sub_remark&quot;:&quot;6 nachten in een comfortabel hotel op unieke locaties&quot;,&quot;rowid&quot;:&quot;67e6a2e884c11&quot;},{&quot;sub_remark&quot;:&quot;Toeristenbelasting&quot;,&quot;rowid&quot;:&quot;67e6a2e884c2b&quot;},{&quot;sub_remark&quot;:&quot;Ontbijt voor elke dag van de trail&quot;,&quot;rowid&quot;:&quot;67e6a2e884c45&quot;},{&quot;sub_remark&quot;:&quot;Ontvangst en briefing door een ervaren ranger&quot;,&quot;rowid&quot;:&quot;67e6a2e884c5f&quot;},{&quot;sub_remark&quot;:&quot;Complete paklijst zodat je niets vergeet&quot;,&quot;rowid&quot;:&quot;67e6a2e884c79&quot;},{&quot;sub_remark&quot;:&quot;Travelbase trailapp voor Cappadocia met alle benodigde informatie&quot;,&quot;rowid&quot;:&quot;67e6a2e884c93&quot;}],&quot;rowid&quot;:&quot;67e6a2e884ca9&quot;}]' data-package-ids='[\"CAPT-CAPT\",\"CAPT-CAPTFALL\"]' data-brands='[{&quot;type&quot;:&quot;brands&quot;,&quot;id&quot;:&quot;125&quot;,&quot;attributes&quot;:{&quot;name&quot;:&quot;Cappadocia Trail&quot;,&quot;translatableName&quot;:{&quot;en&quot;:&quot;Cappadocia Trail&quot;,&quot;nl&quot;:&quot;Cappadocia Trail&quot;,&quot;fr&quot;:&quot;Cappadocia Trail&quot;,&quot;de&quot;:&quot;Cappadocia Trail &quot;}}}]' data-language='fr' data-allow-collapse-consecutive-sold-out-items='0' data-show-prereg-items='1' data-show-participants='0' data-show-departure-hours='0' data-no-participants-title=\"0 participants\" data-no-participants-text=\"Il n'y a pas encore de participants\" data-sold-out-cta=\"\" data-show-months-toggle=\"1\" data-show-waiting-list-buttons=\"1\" data-show-price-toggle=\"1\" data-show-quote-request=\"1\" data-sort-filter-options-by-az-order='0' data-launch-unfiltered='1' data-merge-duplicate-filters='0'>\n        <div class=\"inner-block tb-fade-in tb-fade-in--subtle\">\n            <div class=\"text-part tb-fade-in tb-fade-in--subtle\">\n                                    <h2>Planifiez votre voyage vers la Cappadoce<\/h2>\n                                                    \t\t<div class=\"translation-block\"><p><strong>Vous r\u00eavez de<\/strong> <strong>partir \u00e0 l'aventure avec nous cet automne<\/strong> ? Inscrivez-vous maintenant et profitez :<\/p><ul><li>Des tarifs Early Bird<\/li><li>Des conditions de r\u00e9servation ultra-flexibles gratuites<\/li><\/ul><p>Sinon, il nous reste quelques places pour l'\u00e9dition du printemps ! <a href=\"https:\/\/booking.travelbase.eu\/capt26s\/book\" target=\"_blank\">R\u00e9servez maintenant<\/a> l'une des <strong>derni\u00e8res<\/strong> <strong>places disponibles<\/strong>.<\/p><p>&nbsp;<\/p><\/div>\n\t                                                    <div class=\"tb-buttons-part\">\n                                                                            \t\t<a href=\"https:\/\/booking.travelbase.eu\/capt26a\/book?lang=fr\"  target=\"\" class=\"tb-button\">\n\t\t\tPr\u00e9inscrivez-vous pour l'automne 2026\t\t<\/a>\n\t\t                                                                                                                                        <a href=\"https:\/\/booking.travelbase.eu\/capt26a\/quote?lang=fr\" class=\"tb-buttonlink tb-quote-request\" target=\"_blank\"><span>Demander un devis<\/span><\/a>\n                                                                                                                                                        <\/div>\n                            <\/div>\n\n            \n            \n<div class=\"tb-skeleton tb-skeleton--calendar-v2 tb-skeleton--inactive\">\n    <!-- <div class=\"section-toggler section-toggler--small tb-skeleton__border tb-skeleton__disabled\">\n        <div class=\"section-toggler__inner\">\n            <div class=\"section-toggler__toggle-wrapper\">\n                <div class=\"section-toggler__toggles\">\n                    <input type=\"radio\" name=\"2025\" checked>\n                    <label class=\"tb-skeleton__background tb-skeleton__border\" for=\"\"><span class=\"tb-skeleton__bone\"><span class=\"tb-skeleton__invisible-text\">2025<\/span><\/span><\/label>\n                    <input type=\"radio\" name=\"2026\">\n                    <label class=\"tb-skeleton__border\" for=\"\"><span class=\"tb-skeleton__bone\"><span class=\"tb-skeleton__invisible-text\">2026<\/span><\/span><\/label>\n                <\/div>\n            <\/div>\n        <\/div>\n    <\/div> -->\n    <div class=\"tb-calendar-v2__year\" id=\"year-section-0\">\n        <div class=\"tb-block\">\n            <div class=\"section-toggler section-toggler--fake section-toggler--blocks tb-skeleton__border tb-skeleton__disabled\">\n                <div class=\"section-toggler__inner\">\n                    <div class=\"section-toggler__toggle-wrapper\">\n                        <div class=\"section-toggler__toggles\">\n                            <input type=\"radio\" name=\"Jan\" checked>\n                            <label class=\"tb-skeleton__background tb-skeleton__border\" for=\"\"><span class=\"tb-skeleton__bone\"><span class=\"tb-skeleton__invisible-text\">Jan<\/span><\/span><\/label>\n                            <input type=\"radio\" name=\"Feb\">\n                            <label class=\"tb-skeleton__border\" for=\"\"><span class=\"tb-skeleton__bone\"><span class=\"tb-skeleton__invisible-text\">Feb<\/span><\/span><\/label>\n                            <input type=\"radio\" name=\"Mar\">\n                            <label class=\"tb-skeleton__border\" for=\"\"><span class=\"tb-skeleton__bone\"><span class=\"tb-skeleton__invisible-text\">Mar<\/span><\/span><\/label>\n                            <input type=\"radio\" name=\"Apr\">\n                            <label class=\"tb-skeleton__border\" for=\"\"><span class=\"tb-skeleton__bone\"><span class=\"tb-skeleton__invisible-text\">Apr<\/span><\/span><\/label>\n                            <input type=\"radio\" name=\"May\">\n                            <label class=\"tb-skeleton__border\" for=\"\"><span class=\"tb-skeleton__bone\"><span class=\"tb-skeleton__invisible-text\">May<\/span><\/span><\/label>\n                        <\/div>\n                    <\/div>\n                <\/div>\n            <\/div>\n            <div class=\"tb-calendar-v2__month\" id=\"year-0-month-section-0\">\n                <ul class=\"tb-calendar-v2__departures\">\n                                            <li class=\"tb-calendar-v2__departure tb-calendar-v2-departure tb-skeleton__border\" data-availability=\"free\">\n                            <div class=\"tb-calendar-v2-departure__essential\">\n                                <div class=\"tb-calendar-v2-departure__first-part\">\n                                    <div class=\"tb-calendar-v2-departure__destination desktop-only\">\n                                        <span class=\"tb-skeleton__bone\"><span class=\"tb-skeleton__invisible-text\"><strong>Exemple de voyage<\/strong><\/span><\/span>\n                                    <\/div>\n                                    <div class=\"tb-calendar-v2-departure__dates\">\n                                        <div class=\"tb-calendar-v2-departure__startdate\">\n                                            <span class=\"tb-skeleton__bone\"><span class=\"tb-skeleton__invisible-text\">Lundi<\/span><\/span>\n                                            <span class=\"tb-skeleton__bone\"><span class=\"tb-skeleton__invisible-text\"><strong>20 janv. 2025<\/strong><\/span><\/span>\n                                        <\/div>\n                                        <span class=\"tb-skeleton__bone\"><span class=\"tb-skeleton__invisible-text\"><i class=\"fa-solid fa-arrow-right\"><\/i><\/span><\/span>\n                                        <div class=\"tb-calendar-v2-departure__enddate\">\n                                            <span class=\"tb-skeleton__bone\"><span class=\"tb-skeleton__invisible-text\">Dimanche<\/span><\/span>\n                                            <span class=\"tb-skeleton__bone\"><span class=\"tb-skeleton__invisible-text\"><strong>26 janv. 2025<\/strong><\/span><\/span>\n                                        <\/div>\n                                    <\/div>\n                                    <div class=\"tb-calendar-v2-departure__divider desktop-only tb-skeleton__bone\"><\/div>\n                                    <div class=\"tb-calendar-v2-departure__availability desktop-only\" data-availability=\"free\"><strong>\n                                            <span class=\"tb-skeleton__bone\"><span class=\"tb-skeleton__invisible-text\">Disponible<\/span><\/span>\n                                        <\/strong><\/div>\n                                    <div class=\"tb-calendar-v2-departure__spots desktop-only\">\n                                        <span class=\"tb-skeleton__bone\"><span class=\"tb-skeleton__invisible-text\">\n                                                                                             <\/span><\/span>\n                                    <\/div>\n                                <\/div>\n                                <div class=\"tb-calendar-v2-departure__last-part\">\n                                    <div class=\"tb-calendar-v2-departure__price\"><span class=\"tb-skeleton__bone\"><span class=\"tb-skeleton__invisible-text\"><strong>\u20ac 1450<\/strong><\/span><\/span><\/div>\n                                    <div class=\"tb-calendar-v2-departure__availability mobile-only\" data-availability=\"free\">\n                                        <strong>\n                                            <span class=\"tb-skeleton__bone\"><span class=\"tb-skeleton__invisible-text\">Disponible<\/span><\/span>\n                                        <\/strong>\n                                    <\/div>\n                                    <div class=\"tb-calendar-v2-departure__expand-button tb-skeleton__disabled desktop-only\" disabled>\n                                        <span class=\"tb-skeleton__bone\"><span class=\"tb-skeleton__invisible-text\"><i class=\"fa-solid fa-chevron-down\"><\/i><\/span><\/span>\n                                    <\/div>\n                                <\/div>\n                            <\/div>\n                            <div class=\"tb-calendar-v2-departure__divider mobile-only tb-skeleton__bone\"><\/div>\n                            <div class=\"tb-calendar-v2-departure__expand-button mobile-only tb-skeleton__disabled\" disabled>\n                                <span class=\"tb-skeleton__bone\"><span class=\"tb-skeleton__invisible-text\"><span class=\"more-info\">Plus d'infos<\/span> <span class=\"less-info\">Voir moins<\/span> <i class=\"fa-solid fa-chevron-down\"><\/i><\/span><\/span>\n                            <\/div>\n                        <\/li>\n                                            <li class=\"tb-calendar-v2__departure tb-calendar-v2-departure tb-skeleton__border\" data-availability=\"free\">\n                            <div class=\"tb-calendar-v2-departure__essential\">\n                                <div class=\"tb-calendar-v2-departure__first-part\">\n                                    <div class=\"tb-calendar-v2-departure__destination desktop-only\">\n                                        <span class=\"tb-skeleton__bone\"><span class=\"tb-skeleton__invisible-text\"><strong>Exemple de voyage<\/strong><\/span><\/span>\n                                    <\/div>\n                                    <div class=\"tb-calendar-v2-departure__dates\">\n                                        <div class=\"tb-calendar-v2-departure__startdate\">\n                                            <span class=\"tb-skeleton__bone\"><span class=\"tb-skeleton__invisible-text\">Lundi<\/span><\/span>\n                                            <span class=\"tb-skeleton__bone\"><span class=\"tb-skeleton__invisible-text\"><strong>20 janv. 2025<\/strong><\/span><\/span>\n                                        <\/div>\n                                        <span class=\"tb-skeleton__bone\"><span class=\"tb-skeleton__invisible-text\"><i class=\"fa-solid fa-arrow-right\"><\/i><\/span><\/span>\n                                        <div class=\"tb-calendar-v2-departure__enddate\">\n                                            <span class=\"tb-skeleton__bone\"><span class=\"tb-skeleton__invisible-text\">Dimanche<\/span><\/span>\n                                            <span class=\"tb-skeleton__bone\"><span class=\"tb-skeleton__invisible-text\"><strong>26 janv. 2025<\/strong><\/span><\/span>\n                                        <\/div>\n                                    <\/div>\n                                    <div class=\"tb-calendar-v2-departure__divider desktop-only tb-skeleton__bone\"><\/div>\n                                    <div class=\"tb-calendar-v2-departure__availability desktop-only\" data-availability=\"free\"><strong>\n                                            <span class=\"tb-skeleton__bone\"><span class=\"tb-skeleton__invisible-text\">Disponible<\/span><\/span>\n                                        <\/strong><\/div>\n                                    <div class=\"tb-calendar-v2-departure__spots desktop-only\">\n                                        <span class=\"tb-skeleton__bone\"><span class=\"tb-skeleton__invisible-text\">\n                                                                                             <\/span><\/span>\n                                    <\/div>\n                                <\/div>\n                                <div class=\"tb-calendar-v2-departure__last-part\">\n                                    <div class=\"tb-calendar-v2-departure__price\"><span class=\"tb-skeleton__bone\"><span class=\"tb-skeleton__invisible-text\"><strong>\u20ac 1450<\/strong><\/span><\/span><\/div>\n                                    <div class=\"tb-calendar-v2-departure__availability mobile-only\" data-availability=\"free\">\n                                        <strong>\n                                            <span class=\"tb-skeleton__bone\"><span class=\"tb-skeleton__invisible-text\">Disponible<\/span><\/span>\n                                        <\/strong>\n                                    <\/div>\n                                    <div class=\"tb-calendar-v2-departure__expand-button tb-skeleton__disabled desktop-only\" disabled>\n                                        <span class=\"tb-skeleton__bone\"><span class=\"tb-skeleton__invisible-text\"><i class=\"fa-solid fa-chevron-down\"><\/i><\/span><\/span>\n                                    <\/div>\n                                <\/div>\n                            <\/div>\n                            <div class=\"tb-calendar-v2-departure__divider mobile-only tb-skeleton__bone\"><\/div>\n                            <div class=\"tb-calendar-v2-departure__expand-button mobile-only tb-skeleton__disabled\" disabled>\n                                <span class=\"tb-skeleton__bone\"><span class=\"tb-skeleton__invisible-text\"><span class=\"more-info\">Plus d'infos<\/span> <span class=\"less-info\">Voir moins<\/span> <i class=\"fa-solid fa-chevron-down\"><\/i><\/span><\/span>\n                            <\/div>\n                        <\/li>\n                                            <li class=\"tb-calendar-v2__departure tb-calendar-v2-departure tb-skeleton__border\" data-availability=\"free\">\n                            <div class=\"tb-calendar-v2-departure__essential\">\n                                <div class=\"tb-calendar-v2-departure__first-part\">\n                                    <div class=\"tb-calendar-v2-departure__destination desktop-only\">\n                                        <span class=\"tb-skeleton__bone\"><span class=\"tb-skeleton__invisible-text\"><strong>Exemple de voyage<\/strong><\/span><\/span>\n                                    <\/div>\n                                    <div class=\"tb-calendar-v2-departure__dates\">\n                                        <div class=\"tb-calendar-v2-departure__startdate\">\n                                            <span class=\"tb-skeleton__bone\"><span class=\"tb-skeleton__invisible-text\">Lundi<\/span><\/span>\n                                            <span class=\"tb-skeleton__bone\"><span class=\"tb-skeleton__invisible-text\"><strong>20 janv. 2025<\/strong><\/span><\/span>\n                                        <\/div>\n                                        <span class=\"tb-skeleton__bone\"><span class=\"tb-skeleton__invisible-text\"><i class=\"fa-solid fa-arrow-right\"><\/i><\/span><\/span>\n                                        <div class=\"tb-calendar-v2-departure__enddate\">\n                                            <span class=\"tb-skeleton__bone\"><span class=\"tb-skeleton__invisible-text\">Dimanche<\/span><\/span>\n                                            <span class=\"tb-skeleton__bone\"><span class=\"tb-skeleton__invisible-text\"><strong>26 janv. 2025<\/strong><\/span><\/span>\n                                        <\/div>\n                                    <\/div>\n                                    <div class=\"tb-calendar-v2-departure__divider desktop-only tb-skeleton__bone\"><\/div>\n                                    <div class=\"tb-calendar-v2-departure__availability desktop-only\" data-availability=\"free\"><strong>\n                                            <span class=\"tb-skeleton__bone\"><span class=\"tb-skeleton__invisible-text\">Disponible<\/span><\/span>\n                                        <\/strong><\/div>\n                                    <div class=\"tb-calendar-v2-departure__spots desktop-only\">\n                                        <span class=\"tb-skeleton__bone\"><span class=\"tb-skeleton__invisible-text\">\n                                                                                             <\/span><\/span>\n                                    <\/div>\n                                <\/div>\n                                <div class=\"tb-calendar-v2-departure__last-part\">\n                                    <div class=\"tb-calendar-v2-departure__price\"><span class=\"tb-skeleton__bone\"><span class=\"tb-skeleton__invisible-text\"><strong>\u20ac 1450<\/strong><\/span><\/span><\/div>\n                                    <div class=\"tb-calendar-v2-departure__availability mobile-only\" data-availability=\"free\">\n                                        <strong>\n                                            <span class=\"tb-skeleton__bone\"><span class=\"tb-skeleton__invisible-text\">Disponible<\/span><\/span>\n                                        <\/strong>\n                                    <\/div>\n                                    <div class=\"tb-calendar-v2-departure__expand-button tb-skeleton__disabled desktop-only\" disabled>\n                                        <span class=\"tb-skeleton__bone\"><span class=\"tb-skeleton__invisible-text\"><i class=\"fa-solid fa-chevron-down\"><\/i><\/span><\/span>\n                                    <\/div>\n                                <\/div>\n                            <\/div>\n                            <div class=\"tb-calendar-v2-departure__divider mobile-only tb-skeleton__bone\"><\/div>\n                            <div class=\"tb-calendar-v2-departure__expand-button mobile-only tb-skeleton__disabled\" disabled>\n                                <span class=\"tb-skeleton__bone\"><span class=\"tb-skeleton__invisible-text\"><span class=\"more-info\">Plus d'infos<\/span> <span class=\"less-info\">Voir moins<\/span> <i class=\"fa-solid fa-chevron-down\"><\/i><\/span><\/span>\n                            <\/div>\n                        <\/li>\n                                            <li class=\"tb-calendar-v2__departure tb-calendar-v2-departure tb-skeleton__border\" data-availability=\"free\">\n                            <div class=\"tb-calendar-v2-departure__essential\">\n                                <div class=\"tb-calendar-v2-departure__first-part\">\n                                    <div class=\"tb-calendar-v2-departure__destination desktop-only\">\n                                        <span class=\"tb-skeleton__bone\"><span class=\"tb-skeleton__invisible-text\"><strong>Exemple de voyage<\/strong><\/span><\/span>\n                                    <\/div>\n                                    <div class=\"tb-calendar-v2-departure__dates\">\n                                        <div class=\"tb-calendar-v2-departure__startdate\">\n                                            <span class=\"tb-skeleton__bone\"><span class=\"tb-skeleton__invisible-text\">Lundi<\/span><\/span>\n                                            <span class=\"tb-skeleton__bone\"><span class=\"tb-skeleton__invisible-text\"><strong>20 janv. 2025<\/strong><\/span><\/span>\n                                        <\/div>\n                                        <span class=\"tb-skeleton__bone\"><span class=\"tb-skeleton__invisible-text\"><i class=\"fa-solid fa-arrow-right\"><\/i><\/span><\/span>\n                                        <div class=\"tb-calendar-v2-departure__enddate\">\n                                            <span class=\"tb-skeleton__bone\"><span class=\"tb-skeleton__invisible-text\">Dimanche<\/span><\/span>\n                                            <span class=\"tb-skeleton__bone\"><span class=\"tb-skeleton__invisible-text\"><strong>26 janv. 2025<\/strong><\/span><\/span>\n                                        <\/div>\n                                    <\/div>\n                                    <div class=\"tb-calendar-v2-departure__divider desktop-only tb-skeleton__bone\"><\/div>\n                                    <div class=\"tb-calendar-v2-departure__availability desktop-only\" data-availability=\"free\"><strong>\n                                            <span class=\"tb-skeleton__bone\"><span class=\"tb-skeleton__invisible-text\">Disponible<\/span><\/span>\n                                        <\/strong><\/div>\n                                    <div class=\"tb-calendar-v2-departure__spots desktop-only\">\n                                        <span class=\"tb-skeleton__bone\"><span class=\"tb-skeleton__invisible-text\">\n                                                                                             <\/span><\/span>\n                                    <\/div>\n                                <\/div>\n                                <div class=\"tb-calendar-v2-departure__last-part\">\n                                    <div class=\"tb-calendar-v2-departure__price\"><span class=\"tb-skeleton__bone\"><span class=\"tb-skeleton__invisible-text\"><strong>\u20ac 1450<\/strong><\/span><\/span><\/div>\n                                    <div class=\"tb-calendar-v2-departure__availability mobile-only\" data-availability=\"free\">\n                                        <strong>\n                                            <span class=\"tb-skeleton__bone\"><span class=\"tb-skeleton__invisible-text\">Disponible<\/span><\/span>\n                                        <\/strong>\n                                    <\/div>\n                                    <div class=\"tb-calendar-v2-departure__expand-button tb-skeleton__disabled desktop-only\" disabled>\n                                        <span class=\"tb-skeleton__bone\"><span class=\"tb-skeleton__invisible-text\"><i class=\"fa-solid fa-chevron-down\"><\/i><\/span><\/span>\n                                    <\/div>\n                                <\/div>\n                            <\/div>\n                            <div class=\"tb-calendar-v2-departure__divider mobile-only tb-skeleton__bone\"><\/div>\n                            <div class=\"tb-calendar-v2-departure__expand-button mobile-only tb-skeleton__disabled\" disabled>\n                                <span class=\"tb-skeleton__bone\"><span class=\"tb-skeleton__invisible-text\"><span class=\"more-info\">Plus d'infos<\/span> <span class=\"less-info\">Voir moins<\/span> <i class=\"fa-solid fa-chevron-down\"><\/i><\/span><\/span>\n                            <\/div>\n                        <\/li>\n                                            <li class=\"tb-calendar-v2__departure tb-calendar-v2-departure tb-skeleton__border\" data-availability=\"free\">\n                            <div class=\"tb-calendar-v2-departure__essential\">\n                                <div class=\"tb-calendar-v2-departure__first-part\">\n                                    <div class=\"tb-calendar-v2-departure__destination desktop-only\">\n                                        <span class=\"tb-skeleton__bone\"><span class=\"tb-skeleton__invisible-text\"><strong>Exemple de voyage<\/strong><\/span><\/span>\n                                    <\/div>\n                                    <div class=\"tb-calendar-v2-departure__dates\">\n                                        <div class=\"tb-calendar-v2-departure__startdate\">\n                                            <span class=\"tb-skeleton__bone\"><span class=\"tb-skeleton__invisible-text\">Lundi<\/span><\/span>\n                                            <span class=\"tb-skeleton__bone\"><span class=\"tb-skeleton__invisible-text\"><strong>20 janv. 2025<\/strong><\/span><\/span>\n                                        <\/div>\n                                        <span class=\"tb-skeleton__bone\"><span class=\"tb-skeleton__invisible-text\"><i class=\"fa-solid fa-arrow-right\"><\/i><\/span><\/span>\n                                        <div class=\"tb-calendar-v2-departure__enddate\">\n                                            <span class=\"tb-skeleton__bone\"><span class=\"tb-skeleton__invisible-text\">Dimanche<\/span><\/span>\n                                            <span class=\"tb-skeleton__bone\"><span class=\"tb-skeleton__invisible-text\"><strong>26 janv. 2025<\/strong><\/span><\/span>\n                                        <\/div>\n                                    <\/div>\n                                    <div class=\"tb-calendar-v2-departure__divider desktop-only tb-skeleton__bone\"><\/div>\n                                    <div class=\"tb-calendar-v2-departure__availability desktop-only\" data-availability=\"free\"><strong>\n                                            <span class=\"tb-skeleton__bone\"><span class=\"tb-skeleton__invisible-text\">Disponible<\/span><\/span>\n                                        <\/strong><\/div>\n                                    <div class=\"tb-calendar-v2-departure__spots desktop-only\">\n                                        <span class=\"tb-skeleton__bone\"><span class=\"tb-skeleton__invisible-text\">\n                                                                                             <\/span><\/span>\n                                    <\/div>\n                                <\/div>\n                                <div class=\"tb-calendar-v2-departure__last-part\">\n                                    <div class=\"tb-calendar-v2-departure__price\"><span class=\"tb-skeleton__bone\"><span class=\"tb-skeleton__invisible-text\"><strong>\u20ac 1450<\/strong><\/span><\/span><\/div>\n                                    <div class=\"tb-calendar-v2-departure__availability mobile-only\" data-availability=\"free\">\n                                        <strong>\n                                            <span class=\"tb-skeleton__bone\"><span class=\"tb-skeleton__invisible-text\">Disponible<\/span><\/span>\n                                        <\/strong>\n                                    <\/div>\n                                    <div class=\"tb-calendar-v2-departure__expand-button tb-skeleton__disabled desktop-only\" disabled>\n                                        <span class=\"tb-skeleton__bone\"><span class=\"tb-skeleton__invisible-text\"><i class=\"fa-solid fa-chevron-down\"><\/i><\/span><\/span>\n                                    <\/div>\n                                <\/div>\n                            <\/div>\n                            <div class=\"tb-calendar-v2-departure__divider mobile-only tb-skeleton__bone\"><\/div>\n                            <div class=\"tb-calendar-v2-departure__expand-button mobile-only tb-skeleton__disabled\" disabled>\n                                <span class=\"tb-skeleton__bone\"><span class=\"tb-skeleton__invisible-text\"><span class=\"more-info\">Plus d'infos<\/span> <span class=\"less-info\">Voir moins<\/span> <i class=\"fa-solid fa-chevron-down\"><\/i><\/span><\/span>\n                            <\/div>\n                        <\/li>\n                                            <li class=\"tb-calendar-v2__departure tb-calendar-v2-departure tb-skeleton__border\" data-availability=\"free\">\n                            <div class=\"tb-calendar-v2-departure__essential\">\n                                <div class=\"tb-calendar-v2-departure__first-part\">\n                                    <div class=\"tb-calendar-v2-departure__destination desktop-only\">\n                                        <span class=\"tb-skeleton__bone\"><span class=\"tb-skeleton__invisible-text\"><strong>Exemple de voyage<\/strong><\/span><\/span>\n                                    <\/div>\n                                    <div class=\"tb-calendar-v2-departure__dates\">\n                                        <div class=\"tb-calendar-v2-departure__startdate\">\n                                            <span class=\"tb-skeleton__bone\"><span class=\"tb-skeleton__invisible-text\">Lundi<\/span><\/span>\n                                            <span class=\"tb-skeleton__bone\"><span class=\"tb-skeleton__invisible-text\"><strong>20 janv. 2025<\/strong><\/span><\/span>\n                                        <\/div>\n                                        <span class=\"tb-skeleton__bone\"><span class=\"tb-skeleton__invisible-text\"><i class=\"fa-solid fa-arrow-right\"><\/i><\/span><\/span>\n                                        <div class=\"tb-calendar-v2-departure__enddate\">\n                                            <span class=\"tb-skeleton__bone\"><span class=\"tb-skeleton__invisible-text\">Dimanche<\/span><\/span>\n                                            <span class=\"tb-skeleton__bone\"><span class=\"tb-skeleton__invisible-text\"><strong>26 janv. 2025<\/strong><\/span><\/span>\n                                        <\/div>\n                                    <\/div>\n                                    <div class=\"tb-calendar-v2-departure__divider desktop-only tb-skeleton__bone\"><\/div>\n                                    <div class=\"tb-calendar-v2-departure__availability desktop-only\" data-availability=\"free\"><strong>\n                                            <span class=\"tb-skeleton__bone\"><span class=\"tb-skeleton__invisible-text\">Disponible<\/span><\/span>\n                                        <\/strong><\/div>\n                                    <div class=\"tb-calendar-v2-departure__spots desktop-only\">\n                                        <span class=\"tb-skeleton__bone\"><span class=\"tb-skeleton__invisible-text\">\n                                                                                             <\/span><\/span>\n                                    <\/div>\n                                <\/div>\n                                <div class=\"tb-calendar-v2-departure__last-part\">\n                                    <div class=\"tb-calendar-v2-departure__price\"><span class=\"tb-skeleton__bone\"><span class=\"tb-skeleton__invisible-text\"><strong>\u20ac 1450<\/strong><\/span><\/span><\/div>\n                                    <div class=\"tb-calendar-v2-departure__availability mobile-only\" data-availability=\"free\">\n                                        <strong>\n                                            <span class=\"tb-skeleton__bone\"><span class=\"tb-skeleton__invisible-text\">Disponible<\/span><\/span>\n                                        <\/strong>\n                                    <\/div>\n                                    <div class=\"tb-calendar-v2-departure__expand-button tb-skeleton__disabled desktop-only\" disabled>\n                                        <span class=\"tb-skeleton__bone\"><span class=\"tb-skeleton__invisible-text\"><i class=\"fa-solid fa-chevron-down\"><\/i><\/span><\/span>\n                                    <\/div>\n                                <\/div>\n                            <\/div>\n                            <div class=\"tb-calendar-v2-departure__divider mobile-only tb-skeleton__bone\"><\/div>\n                            <div class=\"tb-calendar-v2-departure__expand-button mobile-only tb-skeleton__disabled\" disabled>\n                                <span class=\"tb-skeleton__bone\"><span class=\"tb-skeleton__invisible-text\"><span class=\"more-info\">Plus d'infos<\/span> <span class=\"less-info\">Voir moins<\/span> <i class=\"fa-solid fa-chevron-down\"><\/i><\/span><\/span>\n                            <\/div>\n                        <\/li>\n                                    <\/ul>\n            <\/div>\n        <\/div>\n    <\/div>\n<\/div>            <div class=\"tb-calendar-v2 tb-sections\" data-calendar-data=\"{&quot;brands&quot;:[{&quot;type&quot;:&quot;brands&quot;,&quot;id&quot;:&quot;125&quot;,&quot;attributes&quot;:{&quot;name&quot;:&quot;Cappadocia Trail&quot;,&quot;translatableName&quot;:{&quot;en&quot;:&quot;Cappadocia Trail&quot;,&quot;nl&quot;:&quot;Cappadocia Trail&quot;,&quot;fr&quot;:&quot;Cappadocia Trail&quot;,&quot;de&quot;:&quot;Cappadocia Trail &quot;}}}],&quot;packages&quot;:[{&quot;type&quot;:&quot;packages&quot;,&quot;id&quot;:&quot;CAPT-CAPT&quot;,&quot;attributes&quot;:{&quot;name&quot;:&quot;Cappadocia Trail - Cappadocia Trail&quot;,&quot;destinationName&quot;:&quot;Cappadocia&quot;,&quot;destinationCountry&quot;:&quot;TR&quot;,&quot;destinationTitle&quot;:{&quot;nl&quot;:&quot;Cappadoci\\u00eb&quot;,&quot;en&quot;:&quot;Cappadocia&quot;,&quot;fr&quot;:&quot;Cappadoce&quot;,&quot;de&quot;:&quot;Kappadokien&quot;},&quot;status&quot;:&quot;active&quot;,&quot;updatedAt&quot;:&quot;2026-04-29T11:49:23.000000Z&quot;},&quot;relationships&quot;:{&quot;brand&quot;:{&quot;data&quot;:{&quot;type&quot;:&quot;brands&quot;,&quot;id&quot;:&quot;125&quot;}}}}],&quot;departures&quot;:[{&quot;type&quot;:&quot;departures&quot;,&quot;id&quot;:&quot;t9587&quot;,&quot;attributes&quot;:{&quot;name&quot;:&quot;W18-SATCAPT&quot;,&quot;start&quot;:&quot;2026-05-02T10:00:00.000000Z&quot;,&quot;end&quot;:&quot;2026-05-09T12:00:00.000000Z&quot;,&quot;cheapestPrice&quot;:809,&quot;languages&quot;:[&quot;fr&quot;,&quot;de&quot;,&quot;en&quot;,&quot;nl&quot;],&quot;availableSpots&quot;:1,&quot;bookedSpots&quot;:12,&quot;fakeLabel&quot;:&quot;last stock&quot;,&quot;availabilityLabel&quot;:&quot;last spots&quot;,&quot;promoLabel&quot;:&quot;&quot;,&quot;calendarToggles&quot;:[{&quot;value&quot;:&quot;Flights AMS&quot;,&quot;label&quot;:{&quot;en&quot;:&quot;Flights from Amsterdam&quot;,&quot;nl&quot;:&quot;Vluchten vanuit Amsterdam&quot;,&quot;fr&quot;:&quot;Vols depuis Amsterdam&quot;,&quot;de&quot;:&quot;Fl\\u00fcge ab Amsterdam&quot;},&quot;price&quot;:false,&quot;status&quot;:&quot;disabled&quot;,&quot;language_hidden&quot;:[],&quot;startIncrement&quot;:0,&quot;endIncrement&quot;:0,&quot;var_name&quot;:&quot;Flights_copy&quot;,&quot;category_label&quot;:{&quot;en&quot;:&quot;Flights&quot;,&quot;nl&quot;:&quot;Vluchten&quot;,&quot;fr&quot;:&quot;Vols&quot;,&quot;de&quot;:&quot;Fl\\u00fcge&quot;}},{&quot;value&quot;:&quot;Flights BRU&quot;,&quot;label&quot;:{&quot;en&quot;:&quot;Flights from Brussels&quot;,&quot;nl&quot;:&quot;Vluchten vanuit Brussel&quot;,&quot;fr&quot;:&quot;Vols depuis Bruxelles&quot;,&quot;de&quot;:&quot;Fl\\u00fcge ab Br\\u00fcssel&quot;},&quot;price&quot;:false,&quot;status&quot;:&quot;disabled&quot;,&quot;language_hidden&quot;:[],&quot;startIncrement&quot;:0,&quot;endIncrement&quot;:0,&quot;var_name&quot;:&quot;Flights_copy&quot;,&quot;category_label&quot;:{&quot;en&quot;:&quot;Flights&quot;,&quot;nl&quot;:&quot;Vluchten&quot;,&quot;fr&quot;:&quot;Vols&quot;,&quot;de&quot;:&quot;Fl\\u00fcge&quot;}},{&quot;value&quot;:&quot;No flight&quot;,&quot;label&quot;:{&quot;en&quot;:&quot;Own flights&quot;,&quot;nl&quot;:&quot;Eigen vluchten&quot;,&quot;fr&quot;:&quot;Propre vols&quot;,&quot;de&quot;:&quot;Individuelle Flugbuchung&quot;},&quot;price&quot;:0,&quot;status&quot;:&quot;available&quot;,&quot;language_hidden&quot;:[],&quot;startIncrement&quot;:0,&quot;endIncrement&quot;:0,&quot;var_name&quot;:&quot;Flights_copy&quot;,&quot;category_label&quot;:{&quot;en&quot;:&quot;Flights&quot;,&quot;nl&quot;:&quot;Vluchten&quot;,&quot;fr&quot;:&quot;Vols&quot;,&quot;de&quot;:&quot;Fl\\u00fcge&quot;}}],&quot;bookable&quot;:true,&quot;bookingUrl&quot;:&quot;https:\\\/\\\/booking.travelbase.eu\\\/capt26s\\\/book?trip=9587&quot;,&quot;packageId&quot;:&quot;CAPT-CAPT&quot;}},{&quot;type&quot;:&quot;departures&quot;,&quot;id&quot;:&quot;t9590&quot;,&quot;attributes&quot;:{&quot;name&quot;:&quot;W19-SATCAPT&quot;,&quot;start&quot;:&quot;2026-05-09T10:00:00.000000Z&quot;,&quot;end&quot;:&quot;2026-05-16T12:00:00.000000Z&quot;,&quot;cheapestPrice&quot;:809,&quot;languages&quot;:[&quot;fr&quot;,&quot;de&quot;,&quot;en&quot;,&quot;nl&quot;],&quot;availableSpots&quot;:0,&quot;bookedSpots&quot;:14,&quot;fakeLabel&quot;:&quot;sold out&quot;,&quot;availabilityLabel&quot;:&quot;sold out&quot;,&quot;promoLabel&quot;:&quot;&quot;,&quot;calendarToggles&quot;:[{&quot;value&quot;:&quot;Flights AMS&quot;,&quot;label&quot;:{&quot;en&quot;:&quot;Flights from Amsterdam&quot;,&quot;nl&quot;:&quot;Vluchten vanuit Amsterdam&quot;,&quot;fr&quot;:&quot;Vols depuis Amsterdam&quot;,&quot;de&quot;:&quot;Fl\\u00fcge ab Amsterdam&quot;},&quot;price&quot;:false,&quot;status&quot;:&quot;disabled&quot;,&quot;language_hidden&quot;:[],&quot;startIncrement&quot;:0,&quot;endIncrement&quot;:0,&quot;var_name&quot;:&quot;Flights_copy&quot;,&quot;category_label&quot;:{&quot;en&quot;:&quot;Flights&quot;,&quot;nl&quot;:&quot;Vluchten&quot;,&quot;fr&quot;:&quot;Vols&quot;,&quot;de&quot;:&quot;Fl\\u00fcge&quot;}},{&quot;value&quot;:&quot;Flights BRU&quot;,&quot;label&quot;:{&quot;en&quot;:&quot;Flights from Brussels&quot;,&quot;nl&quot;:&quot;Vluchten vanuit Brussel&quot;,&quot;fr&quot;:&quot;Vols depuis Bruxelles&quot;,&quot;de&quot;:&quot;Fl\\u00fcge ab Br\\u00fcssel&quot;},&quot;price&quot;:false,&quot;status&quot;:&quot;disabled&quot;,&quot;language_hidden&quot;:[],&quot;startIncrement&quot;:0,&quot;endIncrement&quot;:0,&quot;var_name&quot;:&quot;Flights_copy&quot;,&quot;category_label&quot;:{&quot;en&quot;:&quot;Flights&quot;,&quot;nl&quot;:&quot;Vluchten&quot;,&quot;fr&quot;:&quot;Vols&quot;,&quot;de&quot;:&quot;Fl\\u00fcge&quot;}},{&quot;value&quot;:&quot;No flight&quot;,&quot;label&quot;:{&quot;en&quot;:&quot;Own flights&quot;,&quot;nl&quot;:&quot;Eigen vluchten&quot;,&quot;fr&quot;:&quot;Propre vols&quot;,&quot;de&quot;:&quot;Individuelle Flugbuchung&quot;},&quot;price&quot;:0,&quot;status&quot;:&quot;available&quot;,&quot;language_hidden&quot;:[],&quot;startIncrement&quot;:0,&quot;endIncrement&quot;:0,&quot;var_name&quot;:&quot;Flights_copy&quot;,&quot;category_label&quot;:{&quot;en&quot;:&quot;Flights&quot;,&quot;nl&quot;:&quot;Vluchten&quot;,&quot;fr&quot;:&quot;Vols&quot;,&quot;de&quot;:&quot;Fl\\u00fcge&quot;}}],&quot;bookable&quot;:false,&quot;bookingUrl&quot;:&quot;https:\\\/\\\/booking.travelbase.eu\\\/capt26s\\\/book?trip=9590&quot;,&quot;packageId&quot;:&quot;CAPT-CAPT&quot;}},{&quot;type&quot;:&quot;departures&quot;,&quot;id&quot;:&quot;t9593&quot;,&quot;attributes&quot;:{&quot;name&quot;:&quot;W20-SATCAPT&quot;,&quot;start&quot;:&quot;2026-05-16T10:00:00.000000Z&quot;,&quot;end&quot;:&quot;2026-05-23T12:00:00.000000Z&quot;,&quot;cheapestPrice&quot;:809,&quot;languages&quot;:[&quot;fr&quot;,&quot;de&quot;,&quot;en&quot;],&quot;availableSpots&quot;:1,&quot;bookedSpots&quot;:12,&quot;fakeLabel&quot;:&quot;last stock&quot;,&quot;availabilityLabel&quot;:&quot;last spots&quot;,&quot;promoLabel&quot;:&quot;&quot;,&quot;calendarToggles&quot;:[{&quot;value&quot;:&quot;Flights AMS&quot;,&quot;label&quot;:{&quot;en&quot;:&quot;Flights from Amsterdam&quot;,&quot;nl&quot;:&quot;Vluchten vanuit Amsterdam&quot;,&quot;fr&quot;:&quot;Vols depuis Amsterdam&quot;,&quot;de&quot;:&quot;Fl\\u00fcge ab Amsterdam&quot;},&quot;price&quot;:false,&quot;status&quot;:&quot;disabled&quot;,&quot;language_hidden&quot;:[],&quot;startIncrement&quot;:0,&quot;endIncrement&quot;:0,&quot;var_name&quot;:&quot;Flights_copy&quot;,&quot;category_label&quot;:{&quot;en&quot;:&quot;Flights&quot;,&quot;nl&quot;:&quot;Vluchten&quot;,&quot;fr&quot;:&quot;Vols&quot;,&quot;de&quot;:&quot;Fl\\u00fcge&quot;}},{&quot;value&quot;:&quot;Flights BRU&quot;,&quot;label&quot;:{&quot;en&quot;:&quot;Flights from Brussels&quot;,&quot;nl&quot;:&quot;Vluchten vanuit Brussel&quot;,&quot;fr&quot;:&quot;Vols depuis Bruxelles&quot;,&quot;de&quot;:&quot;Fl\\u00fcge ab Br\\u00fcssel&quot;},&quot;price&quot;:false,&quot;status&quot;:&quot;disabled&quot;,&quot;language_hidden&quot;:[],&quot;startIncrement&quot;:0,&quot;endIncrement&quot;:0,&quot;var_name&quot;:&quot;Flights_copy&quot;,&quot;category_label&quot;:{&quot;en&quot;:&quot;Flights&quot;,&quot;nl&quot;:&quot;Vluchten&quot;,&quot;fr&quot;:&quot;Vols&quot;,&quot;de&quot;:&quot;Fl\\u00fcge&quot;}},{&quot;value&quot;:&quot;No flight&quot;,&quot;label&quot;:{&quot;en&quot;:&quot;Own flights&quot;,&quot;nl&quot;:&quot;Eigen vluchten&quot;,&quot;fr&quot;:&quot;Propre vols&quot;,&quot;de&quot;:&quot;Individuelle Flugbuchung&quot;},&quot;price&quot;:0,&quot;status&quot;:&quot;available&quot;,&quot;language_hidden&quot;:[],&quot;startIncrement&quot;:0,&quot;endIncrement&quot;:0,&quot;var_name&quot;:&quot;Flights_copy&quot;,&quot;category_label&quot;:{&quot;en&quot;:&quot;Flights&quot;,&quot;nl&quot;:&quot;Vluchten&quot;,&quot;fr&quot;:&quot;Vols&quot;,&quot;de&quot;:&quot;Fl\\u00fcge&quot;}}],&quot;bookable&quot;:true,&quot;bookingUrl&quot;:&quot;https:\\\/\\\/booking.travelbase.eu\\\/capt26s\\\/book?trip=9593&quot;,&quot;packageId&quot;:&quot;CAPT-CAPT&quot;}},{&quot;type&quot;:&quot;departures&quot;,&quot;id&quot;:&quot;t9596&quot;,&quot;attributes&quot;:{&quot;name&quot;:&quot;W21-SATCAPT&quot;,&quot;start&quot;:&quot;2026-05-23T10:00:00.000000Z&quot;,&quot;end&quot;:&quot;2026-05-30T12:00:00.000000Z&quot;,&quot;cheapestPrice&quot;:809,&quot;languages&quot;:[&quot;fr&quot;,&quot;de&quot;,&quot;en&quot;],&quot;availableSpots&quot;:0,&quot;bookedSpots&quot;:14,&quot;fakeLabel&quot;:&quot;sold out&quot;,&quot;availabilityLabel&quot;:&quot;sold out&quot;,&quot;promoLabel&quot;:&quot;&quot;,&quot;calendarToggles&quot;:[{&quot;value&quot;:&quot;Flights AMS&quot;,&quot;label&quot;:{&quot;en&quot;:&quot;Flights from Amsterdam&quot;,&quot;nl&quot;:&quot;Vluchten vanuit Amsterdam&quot;,&quot;fr&quot;:&quot;Vols depuis Amsterdam&quot;,&quot;de&quot;:&quot;Fl\\u00fcge ab Amsterdam&quot;},&quot;price&quot;:false,&quot;status&quot;:&quot;disabled&quot;,&quot;language_hidden&quot;:[],&quot;startIncrement&quot;:0,&quot;endIncrement&quot;:0,&quot;var_name&quot;:&quot;Flights_copy&quot;,&quot;category_label&quot;:{&quot;en&quot;:&quot;Flights&quot;,&quot;nl&quot;:&quot;Vluchten&quot;,&quot;fr&quot;:&quot;Vols&quot;,&quot;de&quot;:&quot;Fl\\u00fcge&quot;}},{&quot;value&quot;:&quot;Flights BRU&quot;,&quot;label&quot;:{&quot;en&quot;:&quot;Flights from Brussels&quot;,&quot;nl&quot;:&quot;Vluchten vanuit Brussel&quot;,&quot;fr&quot;:&quot;Vols depuis Bruxelles&quot;,&quot;de&quot;:&quot;Fl\\u00fcge ab Br\\u00fcssel&quot;},&quot;price&quot;:false,&quot;status&quot;:&quot;disabled&quot;,&quot;language_hidden&quot;:[],&quot;startIncrement&quot;:0,&quot;endIncrement&quot;:0,&quot;var_name&quot;:&quot;Flights_copy&quot;,&quot;category_label&quot;:{&quot;en&quot;:&quot;Flights&quot;,&quot;nl&quot;:&quot;Vluchten&quot;,&quot;fr&quot;:&quot;Vols&quot;,&quot;de&quot;:&quot;Fl\\u00fcge&quot;}},{&quot;value&quot;:&quot;No flight&quot;,&quot;label&quot;:{&quot;en&quot;:&quot;Own flights&quot;,&quot;nl&quot;:&quot;Eigen vluchten&quot;,&quot;fr&quot;:&quot;Propre vols&quot;,&quot;de&quot;:&quot;Individuelle Flugbuchung&quot;},&quot;price&quot;:0,&quot;status&quot;:&quot;available&quot;,&quot;language_hidden&quot;:[],&quot;startIncrement&quot;:0,&quot;endIncrement&quot;:0,&quot;var_name&quot;:&quot;Flights_copy&quot;,&quot;category_label&quot;:{&quot;en&quot;:&quot;Flights&quot;,&quot;nl&quot;:&quot;Vluchten&quot;,&quot;fr&quot;:&quot;Vols&quot;,&quot;de&quot;:&quot;Fl\\u00fcge&quot;}}],&quot;bookable&quot;:false,&quot;bookingUrl&quot;:&quot;https:\\\/\\\/booking.travelbase.eu\\\/capt26s\\\/book?trip=9596&quot;,&quot;packageId&quot;:&quot;CAPT-CAPT&quot;}},{&quot;type&quot;:&quot;departures&quot;,&quot;id&quot;:&quot;t11789&quot;,&quot;attributes&quot;:{&quot;name&quot;:&quot;CAPT26A-W37-SAT&quot;,&quot;start&quot;:&quot;2026-09-12T10:00:00.000000Z&quot;,&quot;end&quot;:&quot;2026-09-19T12:00:00.000000Z&quot;,&quot;cheapestPrice&quot;:795,&quot;languages&quot;:[&quot;nl&quot;,&quot;fr&quot;,&quot;en&quot;,&quot;de&quot;],&quot;availableSpots&quot;:3,&quot;bookedSpots&quot;:11,&quot;fakeLabel&quot;:&quot;last stock&quot;,&quot;availabilityLabel&quot;:&quot;last spots&quot;,&quot;promoLabel&quot;:&quot;early bird price&quot;,&quot;calendarToggles&quot;:null,&quot;bookable&quot;:true,&quot;bookingUrl&quot;:&quot;https:\\\/\\\/booking.travelbase.eu\\\/capt26a\\\/book?trip=11789&quot;,&quot;packageId&quot;:&quot;CAPT-CAPT&quot;}},{&quot;type&quot;:&quot;departures&quot;,&quot;id&quot;:&quot;t11790&quot;,&quot;attributes&quot;:{&quot;name&quot;:&quot;CAPT26A-W38-SAT&quot;,&quot;start&quot;:&quot;2026-09-19T10:00:00.000000Z&quot;,&quot;end&quot;:&quot;2026-09-26T12:00:00.000000Z&quot;,&quot;cheapestPrice&quot;:795,&quot;languages&quot;:[&quot;nl&quot;,&quot;fr&quot;,&quot;en&quot;,&quot;de&quot;],&quot;availableSpots&quot;:2,&quot;bookedSpots&quot;:12,&quot;fakeLabel&quot;:&quot;last stock&quot;,&quot;availabilityLabel&quot;:&quot;last spots&quot;,&quot;promoLabel&quot;:&quot;early bird price&quot;,&quot;calendarToggles&quot;:null,&quot;bookable&quot;:true,&quot;bookingUrl&quot;:&quot;https:\\\/\\\/booking.travelbase.eu\\\/capt26a\\\/book?trip=11790&quot;,&quot;packageId&quot;:&quot;CAPT-CAPT&quot;}},{&quot;type&quot;:&quot;departures&quot;,&quot;id&quot;:&quot;t11791&quot;,&quot;attributes&quot;:{&quot;name&quot;:&quot;CAPT26A-W39-SAT&quot;,&quot;start&quot;:&quot;2026-09-26T10:00:00.000000Z&quot;,&quot;end&quot;:&quot;2026-10-03T12:00:00.000000Z&quot;,&quot;cheapestPrice&quot;:795,&quot;languages&quot;:[&quot;nl&quot;,&quot;fr&quot;,&quot;en&quot;,&quot;de&quot;],&quot;availableSpots&quot;:4,&quot;bookedSpots&quot;:8,&quot;fakeLabel&quot;:&quot;&quot;,&quot;availabilityLabel&quot;:&quot;&quot;,&quot;promoLabel&quot;:&quot;early bird price&quot;,&quot;calendarToggles&quot;:null,&quot;bookable&quot;:true,&quot;bookingUrl&quot;:&quot;https:\\\/\\\/booking.travelbase.eu\\\/capt26a\\\/book?trip=11791&quot;,&quot;packageId&quot;:&quot;CAPT-CAPT&quot;}},{&quot;type&quot;:&quot;departures&quot;,&quot;id&quot;:&quot;t11792&quot;,&quot;attributes&quot;:{&quot;name&quot;:&quot;CAPT26A-W40-SAT&quot;,&quot;start&quot;:&quot;2026-10-03T10:00:00.000000Z&quot;,&quot;end&quot;:&quot;2026-10-10T12:00:00.000000Z&quot;,&quot;cheapestPrice&quot;:795,&quot;languages&quot;:[&quot;nl&quot;,&quot;fr&quot;,&quot;en&quot;,&quot;de&quot;],&quot;availableSpots&quot;:12,&quot;bookedSpots&quot;:2,&quot;fakeLabel&quot;:&quot;&quot;,&quot;availabilityLabel&quot;:&quot;&quot;,&quot;promoLabel&quot;:&quot;early bird price&quot;,&quot;calendarToggles&quot;:null,&quot;bookable&quot;:true,&quot;bookingUrl&quot;:&quot;https:\\\/\\\/booking.travelbase.eu\\\/capt26a\\\/book?trip=11792&quot;,&quot;packageId&quot;:&quot;CAPT-CAPT&quot;}}]}\" data-summary-content=\"Om je inschrijving te bevestigen, vragen we je binnen de 5 dagen een voorschot van 30% te betalen. De rest betaal je ten laatste 2 maanden voor vertrek.\" data-summary-inclusive='[]'><\/div>\n        <\/div>\n    <\/div>\n\n\n\n\n\n<div class=\"hide-some tb-faq tb-block align-center background-light pattern-default variant-none tb-collapsible-margins\" id=\"faq\">\n\t<div class=\"inner-block tb-fade-in tb-fade-in--subtle\">\n\t\t<div class=\"text-part\">\n\t\t\t<h2>Questions fr\u00e9quentes<\/h2>\n\t\t\t\t\t<div class=\"translation-block\"><\/div>\n\t\t\t<\/div>\n\t<\/div>\n\t<div class=\"inner-block\">\n\n\t\t\t\t\t<div class=\"faq-list tb-accordion tb-accordion--animation two-col\">\n\t\t\t\t\t\t\t\t\t<details class=\"details\">\n\t\t\t\t\t\t<summary class=\"summary\"><div>Pour qui est ce voyage ?<\/div><\/summary>\n\t\t\t\t\t\t<div class=\"content text-part\">\n\t\t\t\t\t\t\t\t\t<div class=\"translation-block\"><p>Comme la difficult\u00e9 d'un sentier d\u00e9pend de plusieurs facteurs, nous avons cr\u00e9\u00e9 pour vous un <a href=\"#difficulty\">aper\u00e7u clair<\/a> de ces facteurs.<\/p><p>Tout le monde entre <strong>16 et 65 ans avec une bonne condition physique et un go\u00fbt pour l'aventure<\/strong> peut faire ce sentier. Le voyage comporte une activit\u00e9 physique raisonnable, donc une bonne sant\u00e9 est indispensable. Attention, les personnes \u00e2g\u00e9es de moins de 18 ans doivent \u00eatre accompagn\u00e9es d\u2019un adulte.<\/p><p>Gr\u00e2ce aux nuit\u00e9es dans des h\u00f4tels et \u00e0 l'option de transport des bagages, ce sentier est <strong>accessible aux d\u00e9butants en randonn\u00e9es de plusieurs jours.<\/strong><\/p><p><strong>Vous voulez essayer une randonn\u00e9e de plusieurs jours pour la premi\u00e8re fois, mais vous doutez de votre condition physique ?<\/strong><\/p><p>Posez-vous ces questions :<\/p><ul><li>Quelles sortes d'activit\u00e9s physiques fais-je r\u00e9guli\u00e8rement et depuis combien de temps ?<\/li><li>Ai-je r\u00e9cemment eu des blessures qui affectent ma capacit\u00e9 \u00e0 marcher ?<\/li><li>Puis-je marcher facilement 15 kilom\u00e8tres sur un terrain vallonn\u00e9 ?<\/li><li>Puis-je m'entra\u00eener de mani\u00e8re cibl\u00e9e dans les mois \u00e0 venir pour bien me pr\u00e9parer ?<\/li><\/ul><p>Si vos r\u00e9ponses vous donnent pleine confiance pour partir \u00e0 l'aventure, alors ce sentier est certainement fait pour vous ! Vous recevrez une semaine apr\u00e8s la r\u00e9servation un programme d'entra\u00eenement qui vous pr\u00e9parera pour que vous puissiez parcourir le sentier confortablement.<\/p><p><strong>Vous h\u00e9sitez encore et souhaitez vous tester avant de partir en randonn\u00e9e ?<\/strong><\/p><p>Essayez l'une de nos microaventures comme <a href=\"https:\/\/thepackrafttrail.com\/\">The Packraft Trail<\/a><\/p><\/div>\n\t\t\t\t\t\t\t<\/div>\n\t\t\t\t\t<\/details>\n\t\t\t\t\t\t\t\t\t<details class=\"details\">\n\t\t\t\t\t\t<summary class=\"summary\"><div>Comment le trek est-il organis\u00e9 et \u00e0 quoi pouvez-vous vous attendre ?<\/div><\/summary>\n\t\t\t\t\t\t<div class=\"content text-part\">\n\t\t\t\t\t\t\t\t\t<div class=\"translation-block\"><p>Le Cappadocia Trail est un <strong>trek en autonomie<\/strong>. Cela signifie que vous randonnez <strong>sans guides<\/strong>, mais avec tout le n\u00e9cessaire \u00e0 votre disposition. Nous nous occupons de l'aspect pratique pour que vous puissiez <strong>marcher et profiter<\/strong>.<\/p><p>Avant le d\u00e9but de votre voyage, vous aurez acc\u00e8s \u00e0 notre <a href=\"https:\/\/thecappadociatrail.com\/fr\/app\/\" target=\"_blank\"><strong>Application Travelbase<\/strong><\/a>. Vous y trouveras <strong>tous les itin\u00e9raires, les points d'int\u00e9r\u00eat et des infos pratiques<\/strong>.<\/p><p><strong>Voici comment se d\u00e9roulera votre semaine :<\/strong><\/p><ul><li>Le premier jour, vous recevrez un briefing d\u00e9taill\u00e9 d'un ranger exp\u00e9riment\u00e9.<\/li><li>Au cours de la semaine, vous recevrez quotidiennement un court briefing par message.<\/li><li>Vous marcherez en toute autonomie sur l'itin\u00e9raire accessible et \u00e9quilibr\u00e9 que nous avons trac\u00e9 pour vous.<\/li><li>Tous les h\u00e9bergements dans les h\u00f4tels sont r\u00e9serv\u00e9s \u00e0 l'avance.<\/li><li>Les petits-d\u00e9jeuners sont inclus dans les nuit\u00e9es \u00e0 l'h\u00f4tel. Si vous choisissez l'option des lunchs, ils seront \u00e9galement pr\u00e9par\u00e9s. Pour le repas du soir, vous pourrez vous rendre dans les petits restaurants locaux \u00e0 proximit\u00e9, le ranger vous donnera toujours quelques recommandations.<\/li><li>Si vous avez des questions en cours de route ou si quelque chose ne va pas, vous pouvez toujours contacter le ranger pour obtenir de l'aide.<\/li><\/ul><\/div>\n\t\t\t\t\t\t\t<\/div>\n\t\t\t\t\t<\/details>\n\t\t\t\t\t\t\t\t\t<details class=\"details\">\n\t\t\t\t\t\t<summary class=\"summary\"><div>Quand dois-je arriver ?<\/div><\/summary>\n\t\t\t\t\t\t<div class=\"content text-part\">\n\t\t\t\t\t\t\t\t\t<div class=\"translation-block\"><p>Vous <strong>commencerez \u00e0 marcher le jour suivant votre arriv\u00e9e<\/strong>. Si vous r\u00e9servez par exemple la semaine du <strong>11 au 18 septembre<\/strong>, vous arriverez le 11 septembre et votre premi\u00e8re journ\u00e9e de randonn\u00e9e sera le 12 septembre.<\/p><p>Nos dates de d\u00e9part incluent donc d\u00e9j\u00e0 <strong>votre jour d'arriv\u00e9e et votre jour de d\u00e9part<\/strong>. Vous n'avez <strong>pas besoin de r\u00e9server des jours suppl\u00e9mentaires<\/strong>. Si vous souhaitez explorer la Cappadoce ou la Turquie plus longtemps, c'est bien s\u00fbr toujours possible.<\/p><p>Vous pouvez ajouter une <strong>nuit d'h\u00f4tel optionnelle \u00e0 Kayseri<\/strong> pour <strong>votre premi\u00e8re nuit<\/strong>. Dans l'exemple, cela concerne <strong>la nuit du 11 au 12 septembre<\/strong>.<\/p><p>Cette nuit suppl\u00e9mentaire peut \u00eatre ajout\u00e9e \u00e0 votre r\u00e9servation <strong>jusqu'\u00e0 2 mois avant le d\u00e9part<\/strong>, selon la disponibilit\u00e9.<\/p><p><strong>Exemple de la semaine du 11 au 18 septembre<\/strong><\/p><p>Dans l'<a href=\"https:\/\/thecappadociatrail.com\/fr\/app\/\" target=\"_blank\"><strong>Application Travelbase<\/strong><\/a>, vous verrez cette p\u00e9riode comme la p\u00e9riode de s\u00e9jour compl\u00e8te.<\/p><ul><li><strong>11 septembre :<\/strong> arriv\u00e9e \u00e0 Kayseri, enregistrement \u00e0 l'h\u00f4tel (nuit optionnelle)<\/li><li><strong>12 septembre : Taskinpasa \u2192 Mustafapasa<\/strong> (navette partant \u00e0 <strong>8:00<\/strong> de l'h\u00f4tel \u00e0 Kayseri)<\/li><li><strong>13 septembre :<\/strong> <strong>Mustafapasa \u2192 Ortahisar<\/strong><\/li><li><strong>14 septembre :<\/strong> <strong>Ortahisar \u2192 \u00c7avu\u015fin<\/strong><\/li><li><strong>15 septembre :<\/strong> <strong>\u00c7avu\u015fin \u2192 U\u00e7hisar<\/strong><\/li><li><strong>16 septembre :<\/strong> <strong>U\u00e7hisar \u2192 G\u00f6reme<\/strong><\/li><li><strong>17 septembre : G\u00f6reme<\/strong><\/li><li><strong>18 septembre :<\/strong> d\u00e9part de <strong>G\u00f6reme<\/strong> vers l'a\u00e9roport<\/li><\/ul><\/div>\n\t\t\t\t\t\t\t<\/div>\n\t\t\t\t\t<\/details>\n\t\t\t\t\t\t\t\t\t<details class=\"details\">\n\t\t\t\t\t\t<summary class=\"summary\"><div>Combien de kilom\u00e8tres vais-je parcourir ?<\/div><\/summary>\n\t\t\t\t\t\t<div class=\"content text-part\">\n\t\t\t\t\t\t\t\t\t<div class=\"translation-block\"><p>Tout au long de la semaine, vous parcourrez environ <strong>71 km<\/strong>, avec des \u00e9tapes variant entre 11 et 18 km par jour. Les journ\u00e9es sont bien r\u00e9parties et \u00e9quilibr\u00e9es, offrant un bon compromis entre le nombre de kilom\u00e8tres parcourus et le d\u00e9nivel\u00e9 \u00e0 surmonter.<\/p><\/div>\n\t\t\t\t\t\t\t<\/div>\n\t\t\t\t\t<\/details>\n\t\t\t\t\t\t\t\t\t<details class=\"details\">\n\t\t\t\t\t\t<summary class=\"summary\"><div>\u00c0 quoi ressemblent les h\u00e9bergements ?<\/div><\/summary>\n\t\t\t\t\t\t<div class=\"content text-part\">\n\t\t\t\t\t\t\t\t\t<div class=\"translation-block\"><p>Vous passerez vos nuits dans des maisons en pierre ou des h\u00f4tels troglodytes o\u00f9 vous pourrez vraiment vous reposer apr\u00e8s une journ\u00e9e de randonn\u00e9e bien remplie.<\/p><p>Nous proposons chaque soir des <strong>chambres doubles<\/strong> avec un lit double ou deux lits s\u00e9par\u00e9s.<\/p><p>Vous venez <strong>seul\u00b7e ou votre groupe est impair<\/strong> ? Dans ce cas, vous partagerez une chambre avec un\u00b7e autre participant\u00b7e dans des lits s\u00e9par\u00e9s. Nous essayons toujours de placer des participants du m\u00eame sexe dans la m\u00eame chambre.<\/p><\/div>\n\t\t\t\t\t\t\t<\/div>\n\t\t\t\t\t<\/details>\n\t\t\t\t\t\t\t\t\t<details class=\"details\">\n\t\t\t\t\t\t<summary class=\"summary\"><div>Qu'en est-il de la nourriture et des boissons ?<\/div><\/summary>\n\t\t\t\t\t\t<div class=\"content text-part\">\n\t\t\t\t\t\t\t\t\t<div class=\"translation-block\"><p>Lors de la randonn\u00e9e, vous pourrez d\u00e9guster les <strong>sp\u00e9cialit\u00e9s turques locales.<\/strong><\/p><p>Chaque jour, un <strong>d\u00e9licieux petit-d\u00e9jeuner &amp; un panier-repas (optionnel)<\/strong> vous seront offerts. Nous proposons \u00e9galement une <strong>option v\u00e9g\u00e9tarienne<\/strong>, mais malheureusement pas de choix v\u00e9gan.<\/p><p>En chemin, vous rencontrerez quelques bars o\u00f9 vous pourrez acheter une boisson fra\u00eeche ou une collation. Apr\u00e8s une bonne journ\u00e9e de marche, vous pourrez profiter de la <strong>d\u00e9licieuse cuisine turque dans l'un des petits restaurants locaux<\/strong> que vous trouverez pr\u00e8s de nos h\u00e9bergements.<\/p><p>Vous pouvez toujours remplir votre bouteille d'eau \u00e0 l'h\u00e9bergement.<\/p><\/div>\n\t\t\t\t\t\t\t<\/div>\n\t\t\t\t\t<\/details>\n\t\t\t\t\t\t\t\t\t<details class=\"details\">\n\t\t\t\t\t\t<summary class=\"summary\"><div>Y a-t-il du r\u00e9seau pendant le trek ?<\/div><\/summary>\n\t\t\t\t\t\t<div class=\"content text-part\">\n\t\t\t\t\t\t\t\t\t<div class=\"translation-block\"><p>Vous aurez <strong>normalement peu de<\/strong> <strong>r\u00e9seau<\/strong>. Sur les sentiers, il y a beaucoup d'endroits avec du signal, mais comptez qu'il y aura <strong>quelques zones mortes<\/strong>. Surtout dans les vall\u00e9es profondes et dans les zones montagneuses plus \u00e9loign\u00e9es, le signal peut dispara\u00eetre subitement ou passer entre 4G et rien.<\/p><p><strong>Pratique<\/strong><\/p><ul><li>T\u00e9l\u00e9chargez l'<a href=\"https:\/\/thecappadociatrail.com\/fr\/app\/\" target=\"_blank\">application Travelbase<\/a> ou les fichiers GPX \u00e0 l'avance pour une utilisation hors ligne de la carte<\/li><li>Convenez avec votre entourage de r\u00e9pondre aux messages le soir \u00e0 l'h\u00e9bergement<\/li><li>Pensez \u00e0 emporter une batterie externe (le GPS et les photos consomment beaucoup de batterie)<\/li><\/ul><p>Le soir \u00e0 l'h\u00f4tel, vous aurez une bonne connexion <strong>Wi-Fi<\/strong>. Vous recevrez les identifiants \u00e0 la r\u00e9ception.<\/p><\/div>\n\t\t\t\t\t\t\t<\/div>\n\t\t\t\t\t<\/details>\n\t\t\t\t\t\t\t\t\t<details class=\"details\">\n\t\t\t\t\t\t<summary class=\"summary\"><div>Qu'est-ce qui est inclus dans le prix de base ?<\/div><\/summary>\n\t\t\t\t\t\t<div class=\"content text-part\">\n\t\t\t\t\t\t\t\t\t<div class=\"translation-block\"><ul><li>Itin\u00e9raire d\u00e9taill\u00e9 et organisation compl\u00e8te du s\u00e9jour<\/li><li>6 nuits dans un h\u00f4tel confortable dans des lieux uniques<\/li><li>Taxe de s\u00e9jour<\/li><li>Petit-d\u00e9jeuner chaque jour du trek<\/li><li>Navette vers le d\u00e9but du trek<\/li><li>Accueil et briefing par un ranger exp\u00e9riment\u00e9<\/li><li>Liste de mat\u00e9riel compl\u00e8te pour ne rien oublier<\/li><li>Application avec toutes les informations n\u00e9cessaires<\/li><\/ul><\/div>\n\t\t\t\t\t\t\t<\/div>\n\t\t\t\t\t<\/details>\n\t\t\t\t\t\t\t\t\t<details class=\"details\">\n\t\t\t\t\t\t<summary class=\"summary\"><div>Puis-je ajouter ou supprimer des options de ma r\u00e9servation plus tard ?<\/div><\/summary>\n\t\t\t\t\t\t<div class=\"content text-part\">\n\t\t\t\t\t\t\t\t\t<div class=\"translation-block\"><p>Dans la plupart des cas, vous pouvez <strong>ajouter des options suppl\u00e9mentaires jusqu'\u00e0 1 mois avant le d\u00e9part<\/strong>, <strong>tant qu'elles sont disponibles<\/strong>. Essayez de d\u00e9cider le plus rapidement possible concernant la nuit suppl\u00e9mentaire \u00e0 l'h\u00f4tel et le vol en montgolfi\u00e8re.<\/p><p>Veuillez noter que <strong>l'assurance annulation ne peut plus \u00eatre modifi\u00e9e ou supprim\u00e9e apr\u00e8s la r\u00e9servation<\/strong>.<\/p><\/div>\n\t\t\t\t\t\t\t<\/div>\n\t\t\t\t\t<\/details>\n\t\t\t\t\t\t\t\t\t<details class=\"details\">\n\t\t\t\t\t\t<summary class=\"summary\"><div>Comment fonctionne le paiement et quand dois-je r\u00e9gler le montant restant ?<\/div><\/summary>\n\t\t\t\t\t\t<div class=\"content text-part\">\n\t\t\t\t\t\t\t\t\t<div class=\"translation-block\"><p>Le paiement se fait en deux fois :<\/p><p>Tout d'abord, vous avez <strong>5 jours apr\u00e8s votre inscription<\/strong> pour confirmer votre r\u00e9servation en effectuant un <strong>acompte de 30%<\/strong>. Si l'acompte n'est pas vers\u00e9 dans ces 5 jours, votre r\u00e9servation sera <strong>automatiquement annul\u00e9e<\/strong>.<\/p><p>Le <strong>solde restant<\/strong> doit \u00eatre r\u00e9gl\u00e9 au plus tard <strong>60 jours avant le d\u00e9part<\/strong>.<\/p><p>Toutes les informations de paiement se trouvent dans votre profil en ligne. Chaque \u00e9ch\u00e9ance a ses propres instructions de paiement, alors assurez-vous d'utiliser la <strong>bonne r\u00e9f\u00e9rence et les bonnes coordonn\u00e9es bancaires<\/strong> pour \u00e9viter que votre virement ne soit refus\u00e9 ou rembours\u00e9.<\/p><\/div>\n\t\t\t\t\t\t\t<\/div>\n\t\t\t\t\t<\/details>\n\t\t\t\t\t\t\t\t\t<details class=\"details\">\n\t\t\t\t\t\t<summary class=\"summary\"><div>Que dois-je emporter ?<\/div><\/summary>\n\t\t\t\t\t\t<div class=\"content text-part\">\n\t\t\t\t\t\t\t\t\t<div class=\"translation-block\"><p><strong>Identification<\/strong><\/p><p>La Cappadoce fait partie de la Turquie, donc vous n'avez pas besoin de passeport. Une <strong>carte d'identit\u00e9 valide<\/strong> suffit. Assurez-vous cependant que cette carte d'identit\u00e9 est encore valable pendant 3 mois.<\/p><p><strong>Mat\u00e9riel de randonn\u00e9e<\/strong><\/p><p>De bonnes chaussures de randonn\u00e9e sont essentielles en Cappadoce. Choisissez une paire dans laquelle vous vous sentez \u00e0 l'aise pendant plusieurs longues journ\u00e9es de randonn\u00e9e. Nous recommandons des <strong>chaussures de randonn\u00e9e de cat\u00e9gorie A\/B \u00e0 B\/C avec un bon maintien de la cheville,<\/strong> car certains tron\u00e7ons sont raides, rocheux et in\u00e9gaux.<\/p><p>Avant votre d\u00e9part, nous vous fournirons \u00e9galement une <strong>liste de mat\u00e9riel d\u00e9taill\u00e9e<\/strong>, afin que vous sachiez exactement quoi emporter.<\/p><\/div>\n\t\t\t\t\t\t\t<\/div>\n\t\t\t\t\t<\/details>\n\t\t\t\t\t\t\t\t\t<details class=\"details\">\n\t\t\t\t\t\t<summary class=\"summary\"><div>Dois-je porter mon propre sac \u00e0 dos ?<\/div><\/summary>\n\t\t\t\t\t\t<div class=\"content text-part\">\n\t\t\t\t\t\t\t\t\t<div class=\"translation-block\"><p><strong>Un transport des bagages<\/strong> est disponible en option. Vous n'avez alors besoin de prendre qu'un petit sac pour la journ\u00e9e, et votre grand sac sera transport\u00e9 d'h\u00f4tel en h\u00f4tel.<\/p><p>Si vous avez des affaires dont vous n'avez pas besoin pendant la randonn\u00e9e, vous pouvez laisser un petit sac aupr\u00e8s de notre ranger sur place le matin du jour 2. Il\/elle vous le remettra \u00e0 la fin de votre trek en Cappadoce.<\/p><p>Si vous ne choisissez pas le transport des bagages, vous devrez porter votre grand sac \u00e0 dos chaque jour. Assurez-vous donc de ne pas trop emporter pour rester <strong>le plus l\u00e9ger possible<\/strong>.<\/p><\/div>\n\t\t\t\t\t\t\t<\/div>\n\t\t\t\t\t<\/details>\n\t\t\t\t\t\t\t\t\t<details class=\"details\">\n\t\t\t\t\t\t<summary class=\"summary\"><div>Quelles sont les conditions de r\u00e9servation ultra-flexibles et quelles sont mes options en cas d'annulation ?<\/div><\/summary>\n\t\t\t\t\t\t<div class=\"content text-part\">\n\t\t\t\t\t\t\t\t\t<div class=\"translation-block\"><p>Ces conditions sont disponibles pour tous ceux qui r\u00e9servent \u00e0 l'avance. Vous pouvez ainsi <strong>d\u00e9placer votre voyage gratuitement vers une autre semaine (si disponible)<\/strong> ou <strong>annuler avec un remboursement de 100%<\/strong> jusqu'au <strong>1er juin 2026<\/strong>.<\/p><p>Si vous annulez <strong>apr\u00e8s le 1er juin 2026<\/strong>, les <a href=\"https:\/\/admin.travelbase.eu\/u\/source\/cancellation\/Trails\/FR_Cancellation_conditions.pdf\" target=\"_blank\">conditions d'annulation habituelles<\/a> s'appliquent.<\/p><\/div>\n\t\t\t\t\t\t\t<\/div>\n\t\t\t\t\t<\/details>\n\t\t\t\t\t\t\t\t\t<details class=\"details\">\n\t\t\t\t\t\t<summary class=\"summary\"><div>Quelles assurances puis-je ajouter ?<\/div><\/summary>\n\t\t\t\t\t\t<div class=\"content text-part\">\n\t\t\t\t\t\t\t\t\t<div class=\"translation-block\"><p>Lors de la r\u00e9servation, vous pouvez ajouter 2 types d'assurance \u00e0 votre r\u00e9servation.<\/p><p><strong>Assurance annulation<\/strong><\/p><p>Vous avez r\u00e9serv\u00e9 t\u00f4t ? Dans ce cas, vous pourriez b\u00e9n\u00e9ficier de nos <strong>conditions de r\u00e9servation ultra-flexibles<\/strong>. Cela vous permet de modifier ou d'annuler votre r\u00e9servation gratuitement jusqu'au 1er juin 2026, sans raison, et avec un remboursement int\u00e9gral.<\/p><p>Cependant, des annulations de derni\u00e8re minute peuvent toujours se produire. Si vous souhaitez \u00eatre enti\u00e8rement couvert jusqu'au d\u00e9part, vous pouvez ajouter notre <a href=\"https:\/\/admin.travelbase.eu\/u\/source\/cancellation\/Trails\/FR_Cancellation_conditions.pdf\" target=\"_blank\"><strong>assurance annulation<\/strong><\/a> lors de la r\u00e9servation, pour 69 \u20ac.<\/p><p><strong>Assurance assistance voyage<\/strong><\/p><p>Envie d'un peu plus de tranquillit\u00e9 d'esprit ? Ajoutez notre <a href=\"https:\/\/thecappadociatrail.com\/fr\/travelinsurance\/\" target=\"_blank\">assurance voyage<\/a> lors de la r\u00e9servation. Si quelque chose tourne mal sur place ou si vous avez un accident, cette assurance peut vous aider, pour 49 \u20ac.<\/p><\/div>\n\t\t\t\t\t\t\t<\/div>\n\t\t\t\t\t<\/details>\n\t\t\t\t\t\t\t\t\t<details class=\"details\">\n\t\t\t\t\t\t<summary class=\"summary\"><div>Puis-je faire connaissance avec les autres participants \u00e0 l'avance ?<\/div><\/summary>\n\t\t\t\t\t\t<div class=\"content text-part\">\n\t\t\t\t\t\t\t\t\t<div class=\"translation-block\"><p>Environ deux semaines avant le d\u00e9part, vous aurez acc\u00e8s au <strong>groupe de discussion<\/strong> de votre semaine dans l'<strong>application Travelbase<\/strong>, sous \"Messages\". Le ranger y partagera toutes les informations pratiques importantes, et vous pourrez d\u00e9j\u00e0 faire connaissance avec les autres participants et m\u00eame commencer \u00e0 planifier la randonn\u00e9e.<\/p><\/div>\n\t\t\t\t\t\t\t<\/div>\n\t\t\t\t\t<\/details>\n\t\t\t\t\t\t\t\t\t<details class=\"details\">\n\t\t\t\t\t\t<summary class=\"summary\"><div>Quelle est la taille du groupe ?<\/div><\/summary>\n\t\t\t\t\t\t<div class=\"content text-part\">\n\t\t\t\t\t\t\t\t\t<div class=\"translation-block\"><p>Ce <strong>trek \u00e9tant auto-guid\u00e9<\/strong>, vous ne marcherez pas dans un groupe fixe avec un guide. Vous partirez \u00e0 votre propre rythme, avec toutes les informations sur le parcours \u00e0 port\u00e9e de main.<\/p><p>Si vous souhaitez marcher avec d'autres participants, c'est g\u00e9n\u00e9ralement possible. Le degr\u00e9 de connexion avec les autres et la marche en groupe d\u00e9pendent surtout de vous et du groupe avec lequel vous voyagez.<\/p><p>Pour chaque date de d\u00e9part, il y a <strong>environ 14 participants.<\/strong><\/p><\/div>\n\t\t\t\t\t\t\t<\/div>\n\t\t\t\t\t<\/details>\n\t\t\t\t\t\t\t\t\t<details class=\"details\">\n\t\t\t\t\t\t<summary class=\"summary\"><div>Puis-je \u00e9galement r\u00e9server ce voyage en solo ? <\/div><\/summary>\n\t\t\t\t\t\t<div class=\"content text-part\">\n\t\t\t\t\t\t\t\t\t<div class=\"translation-block\"><p>Oui, il est tout \u00e0 fait possible de r\u00e9server ce voyage en solo. Selon la date de d\u00e9part, il y a plusieurs voyageurs solo qui se joignent \u00e0 la randonn\u00e9e.<\/p><\/div>\n\t\t\t\t\t\t\t<\/div>\n\t\t\t\t\t<\/details>\n\t\t\t\t\t\t\t\t\t<details class=\"details\">\n\t\t\t\t\t\t<summary class=\"summary\"><div>Ce trek est-il adapt\u00e9 aux personnes ayant le vertige ?<\/div><\/summary>\n\t\t\t\t\t\t<div class=\"content text-part\">\n\t\t\t\t\t\t\t\t\t<div class=\"translation-block\"><p>Oui, dans la plupart des cas, c'est possible. <strong>Le Cappadocia Trail<\/strong> ne comporte <strong>pas de sections o\u00f9 vous marchez juste \u00e0 c\u00f4t\u00e9 de falaises<\/strong>, et les sentiers sont g\u00e9n\u00e9ralement <strong>assez larges<\/strong>.<\/p><p>Bien s\u00fbr, vous pouvez parfois ressentir <strong>des d\u00e9nivel\u00e9s<\/strong> ou avoir des vues sur des vall\u00e9es en Cappadoce, mais il ne s'agit pas de passages \u00e9troits et expos\u00e9s. Si vous avez une l\u00e9g\u00e8re \u00e0 mod\u00e9r\u00e9e peur des hauteurs, ce sentier est g\u00e9n\u00e9ralement faisable. Si vous avez des doutes sur vos capacit\u00e9s, venez accompagn\u00e9 d'un compagnon de randonn\u00e9e qui pourra vous soutenir.<\/p><\/div>\n\t\t\t\t\t\t\t<\/div>\n\t\t\t\t\t<\/details>\n\t\t\t\t\t\t\t\t\t<details class=\"details\">\n\t\t\t\t\t\t<summary class=\"summary\"><div>Quelle est la monnaie en Turquie ?<\/div><\/summary>\n\t\t\t\t\t\t<div class=\"content text-part\">\n\t\t\t\t\t\t\t\t\t<div class=\"translation-block\"><p>En Turquie, on paie avec la <strong>Lira Turque<\/strong>. Les distributeurs automatiques de billets sont r\u00e9pandus et les cartes de cr\u00e9dit sont accept\u00e9es presque partout. Il n'est donc pas n\u00e9cessaire d'\u00e9changer de l'argent \u00e0 l'avance.<\/p><p>Une id\u00e9e re\u00e7ue courante est qu'il serait avantageux de payer (en esp\u00e8ces) en euros. Ce n'est cependant pas le cas. En g\u00e9n\u00e9ral, un taux de change d\u00e9favorable est appliqu\u00e9 lorsque vous payez en euros. Nous vous recommandons donc de <strong>payer avec votre carte ou avec des Liras Turques<\/strong>.<\/p><\/div>\n\t\t\t\t\t\t\t<\/div>\n\t\t\t\t\t<\/details>\n\t\t\t\t\t\t\t\t\t<details class=\"details\">\n\t\t\t\t\t\t<summary class=\"summary\"><div>Comment compenser les \u00e9missions de CO2 de mon voyage ?<\/div><\/summary>\n\t\t\t\t\t\t<div class=\"content text-part\">\n\t\t\t\t\t\t\t\t\t<div class=\"translation-block\"><p>Lors de votre r\u00e9servation, vous pouvez contribuer \u00e0 un projet climatique certifi\u00e9 de <a href=\"https:\/\/butterfly-foundation.org\/de\/partners\/greentripper\"><strong>Greentripper<\/strong><\/a>. Votre contribution soutient une initiative compos\u00e9e de <strong>11 projets locaux en Ouganda<\/strong> qui distribuent des foyers de cuisson plus efficaces. Cela r\u00e9duit la consommation de combustible, aide \u00e0 prot\u00e9ger les for\u00eats contre la d\u00e9forestation et am\u00e9liore la qualit\u00e9 de l\u2019air pour les familles locales. Le projet est <strong>certifi\u00e9 Gold Standard<\/strong>, gage des standards internationaux les plus \u00e9lev\u00e9s pour les projets climatiques.<\/p><p>Si vous choisissez de verser une contribution, Travelbase compensera en plus les \u00e9missions sur place. Apr\u00e8s votre voyage, vous recevrez un <strong>certificat officiel de cr\u00e9dits carbone<\/strong>.<\/p><p>Envie d\u2019en savoir plus sur nos initiatives pour un tourisme plus durable ? D\u00e9couvrez-en davantage sur <a href=\"https:\/\/travelbase.fr\/durabilite\">Travelbase<\/a>.<\/p><\/div>\n\t\t\t\t\t\t\t<\/div>\n\t\t\t\t\t<\/details>\n\t\t\t\t\t\t\t<\/div>\n\t\t\t\t<div class=\"load-more-faqs-container\">\n\t\t\t<div class=\"load-more-faqs-link\">\n\t\t\t\t<a href=\"#\" class=\"tb-buttonlink-with-icon load-more\">\n\t\t\t\t\t<span>Afficher plus de FAQ<\/span>\n\t\t\t\t\t<i class=\"icon fa fa-plus\"><\/i>\n\t\t\t\t<\/a>\n\t\t\t\t<a href=\"#\" class=\"tb-buttonlink-with-icon load-less\">\n\t\t\t\t\t<span>Montrer moins de FAQ<\/span>\n\t\t\t\t\t<i class=\"icon fa fa-minus\"><\/i>\n\t\t\t\t<\/a>\n\t\t\t<\/div>\n\t\t<\/div>\n\t<\/div>\n\t\t\t<div class=\"inner-block tb-fade-in tb-fade-in--subtle\">\n\t\t\t<div class=\"faq-footer text-part\">\n\t\t\t\t<h3>D\u2019autres questions ?<\/h3>\t\t\t\t\n\t\t\t\t\t<div class=\"contact-team\">\n\t\t\t\t\t\t\t\t\t\t\t\t\t<span style=\"background-image:url('https:\/\/capt.travelblox.eu\/wp-content\/uploads\/sites\/117\/2024\/11\/Team-150x150.jpg');\"><\/span>\n\t\t\t\t\t\t\t\t\t\t\t<\/div>\n\t\t\t\t\t\t\t\t<p><a href=\"https:\/\/thecappadociatrail.com\/fr\/contact\/\"><strong>Contactez-nous \u2192<\/strong><\/a><\/p>\n<p>&nbsp;<\/p>\n\t\t\t\t\t\t\t<\/div>\n\t\t<\/div>\n\t<\/div>\n\n\n\n\n<div class=\"tb-quoteparallax tb-block align-center background-dark pattern-none variant-text_on_image\" id=\"quoteparallax-1\" style=\"background-image: url('https:\/\/travelbase.eu\/frontend_src\/tb20\/dist\/assets\/img\/header-home-2022.jpg');\">\n\t\t<div class=\"inner-block tb-fade-in tb-fade-in--subtle\">\n\t\t\t\t\t<div class=\"text-part\">\n\t\t\t\t<h2>Restez inform\u00e9 sur nos treks !<\/h2>\n\t\t\t\t\t\t<div class=\"translation-block\"><p>Vous voulez \u00eatre inform\u00e9 des nouveaut\u00e9s concernant nos treks ? Remplissez ce formulaire pour ne rien manquer !<\/p><\/div>\n\t\t\t\t\t\t\t\t\t\t<div class=\"tb-buttons-part\">\n\t\t\t\t\t\t\t\t<a href=\"https:\/\/travelbase.typeform.com\/CAPT25FRInt\"  target=\"_blank\" data-mode=\"popup\" data-url=\"https:\/\/travelbase.typeform.com\/CAPT25FRInt\" class=\"tb-button typeform-share\">\n\t\t\tTenez-moi au courant\t\t<\/a>\n\t\t\t\t\t<script>\n\t\t\t\t(function() {\n\t\t\t\t\tvar qs, js, q, s, d = document,\n\t\t\t\t\t\tgi = d.getElementById,\n\t\t\t\t\t\tce = d.createElement,\n\t\t\t\t\t\tgt = d.getElementsByTagName,\n\t\t\t\t\t\tid = \"typef_orm_share\",\n\t\t\t\t\t\tb = \"https:\/\/embed.typeform.com\/\";\n\t\t\t\t\tif (!gi.call(d, id)) {\n\t\t\t\t\t\tjs = ce.call(d, \"script\");\n\t\t\t\t\t\tjs.id = id;\n\t\t\t\t\t\tjs.src = b + \"embed.js\";\n\t\t\t\t\t\tq = gt.call(d, \"script\")[0];\n\t\t\t\t\t\tq.parentNode.insertBefore(js, q);\n\t\t\t\t\t}\n\t\t\t\t})();\n\t\t\t<\/script>\n\t\t\t\t\t\t\t\t\t\t<a href=\"https:\/\/travelbase.fr\/theme-de-voyage\/randonnees\/\"  target=\"_blank\" class=\"tb-buttonlink\">\n\t\t\tD\u00e9couvrez Travelbase Treks \u2192\t\t<\/a>\n\t\t\t\t\t\t\t<\/div>\n\t\t\t\t\t\t\t<\/div>\n\t\t\t\t\t<\/div>\n<\/div>\n\n\n\n\n<div class=\"tb-similartrips tb-block align-center background-light pattern-none variant-none tb-collapsible-margins\" id=\"similartrips\">\n\t\t\t<div class=\"inner-block tb-fade-in tb-fade-in--subtle\">\n\t\t\t<div class=\"text-part\">\n\t\t\t\t\t\t\t\t\t<h2>D\u00e9couvrez nos autres voyages ! <\/h2>\n\t\t\t\t\t\t\t\t\t\t\t<\/div>\n\t\t<\/div>\n\t\t\t\t\t\t<div class=\"inner-block-full-width has-tb-carousel\" data-no-translation>\n\t\t\t<div class=\"tb-carousel-container\">\n\t\t\t\t<div class=\"entries tb-cards\" data-slider-first=\"1\">\n\t\t\t\t\t\t\t\t\t<a href=\"https:\/\/travelbase.fr\/trip\/trek-atlas-maroc\/\"  target=\"_blank\" class=\"tb-card entry\">\n\t\t\t\t<div class=\"tb-image-part\">\n\t\t\t\t\t\t\t\t\t\t\t<img decoding=\"async\" src=\"https:\/\/travelbase.fr\/app\/uploads\/2023\/12\/ATL23_EvyVanNispen_LR-475-1024x683.jpeg\" alt=\"Atlas Trail\" loading=\"lazy\" width=\"1024\" class=\"smush-dimensions\" style=\"--smush-image-width: 1024px; --smush-image-aspect-ratio: 1024\/683;\" \/>\n\t\t\t\t\t\t\t\t\t\t\t\t\t\t\t\t\t\t\t\t\t\t\t\t<\/div>\n\t\t\t\t<div class=\"tb-card-content\">\n\t\t\t\t\t<h4>\n\t\t\t\t\t\t<span>Atlas Trail<\/span>\n\t\t\t\t\t\t\t\t\t\t\t\t\t\t\t<\/h4>\n\t\t\t\t\t\t\t\t\t\t\t<div class=\"line\">\n\t\t\t\t\t\t\t\t\t\t\t\t\t\t\t<span class=\"location tb-text-with-icon icon-first\">\n\t\t\t\t\t\t\t\t\t<i class=\"icon fa fa-map-marker\"><\/i>\n\t\t\t\t\t\t\t\t\t<span>Maroc<\/span>\n\t\t\t\t\t\t\t\t<\/span>\n\t\t\t\t\t\t\t\t\t\t\t\t\t\t\t\t\t\t\t\t\t\t<span class=\"duration tb-text-with-icon icon-first\">\n\t\t\t\t\t\t\t\t\t<i class=\"icon fa fa-clock\"><\/i>\n\t\t\t\t\t\t\t\t\t<span>7 jours<\/span>\n\t\t\t\t\t\t\t\t<\/span>\n\t\t\t\t\t\t\t\t\t\t\t\t\t<\/div>\n\t\t\t\t\t\t\t\t\t\t\t\t\t\t\t\t<div class=\"line\">\n\t\t\t\t\t\t\t<span class=\"months tb-text-with-icon icon-first\">\n\t\t\t\t\t\t\t\t<i class=\"icon fa fa-calendar\"><\/i>\n\t\t\t\t\t\t\t\t<span>Juin &#8211; Octobre<\/span>\n\t\t\t\t\t\t\t<\/span>\n\t\t\t\t\t\t<\/div>\n\t\t\t\t\t\t\t\t\t<\/div>\n\t\t\t<\/a>\n\t\t\t\t\t<a href=\"https:\/\/madeiratrail.eu\/\"  target=\"_blank\" class=\"tb-card entry\">\n\t\t\t\t<div class=\"tb-image-part\">\n\t\t\t\t\t\t\t\t\t\t\t<img decoding=\"async\" src=\"https:\/\/travelbase.fr\/app\/uploads\/2023\/12\/julia-solonina-G8WoP53E67E-unsplash-683x1024.jpeg\" alt=\"Madeira Trail\" loading=\"lazy\" width=\"683\" class=\"smush-dimensions\" style=\"--smush-image-width: 683px; --smush-image-aspect-ratio: 683\/1024;\" \/>\n\t\t\t\t\t\t\t\t\t\t\t\t\t\t\t\t\t\t\t\t\t\t\t\t<\/div>\n\t\t\t\t<div class=\"tb-card-content\">\n\t\t\t\t\t<h4>\n\t\t\t\t\t\t<span>Madeira Trail<\/span>\n\t\t\t\t\t\t\t\t\t\t\t\t\t\t\t<\/h4>\n\t\t\t\t\t\t\t\t\t\t\t<div class=\"line\">\n\t\t\t\t\t\t\t\t\t\t\t\t\t\t\t<span class=\"location tb-text-with-icon icon-first\">\n\t\t\t\t\t\t\t\t\t<i class=\"icon fa fa-map-marker\"><\/i>\n\t\t\t\t\t\t\t\t\t<span>Mad\u00e8re<\/span>\n\t\t\t\t\t\t\t\t<\/span>\n\t\t\t\t\t\t\t\t\t\t\t\t\t\t\t\t\t\t\t\t\t\t<span class=\"duration tb-text-with-icon icon-first\">\n\t\t\t\t\t\t\t\t\t<i class=\"icon fa fa-clock\"><\/i>\n\t\t\t\t\t\t\t\t\t<span>6 jours<\/span>\n\t\t\t\t\t\t\t\t<\/span>\n\t\t\t\t\t\t\t\t\t\t\t\t\t<\/div>\n\t\t\t\t\t\t\t\t\t\t\t\t\t\t\t\t<div class=\"line\">\n\t\t\t\t\t\t\t<span class=\"months tb-text-with-icon icon-first\">\n\t\t\t\t\t\t\t\t<i class=\"icon fa fa-calendar\"><\/i>\n\t\t\t\t\t\t\t\t<span>Mars &#8211; Octobre<\/span>\n\t\t\t\t\t\t\t<\/span>\n\t\t\t\t\t\t<\/div>\n\t\t\t\t\t\t\t\t\t<\/div>\n\t\t\t<\/a>\n\t\t\t\t\t<a href=\"https:\/\/travelbase.fr\/trip\/jordanie-trek-petra\/\"  target=\"_blank\" class=\"tb-card entry\">\n\t\t\t\t<div class=\"tb-image-part\">\n\t\t\t\t\t\t\t\t\t\t\t<img decoding=\"async\" src=\"https:\/\/travelbase.fr\/app\/uploads\/2023\/12\/TJT23_EvyVanNispen_LR-94-682x1024.jpg\" alt=\"Jordan Trail\" loading=\"lazy\" width=\"682\" class=\"smush-dimensions\" style=\"--smush-image-width: 682px; --smush-image-aspect-ratio: 682\/1024;\" \/>\n\t\t\t\t\t\t\t\t\t\t\t\t\t\t\t\t\t\t\t\t\t\t\t\t<\/div>\n\t\t\t\t<div class=\"tb-card-content\">\n\t\t\t\t\t<h4>\n\t\t\t\t\t\t<span>Jordan Trail<\/span>\n\t\t\t\t\t\t\t\t\t\t\t\t\t\t\t<\/h4>\n\t\t\t\t\t\t\t\t\t\t\t<div class=\"line\">\n\t\t\t\t\t\t\t\t\t\t\t\t\t\t\t<span class=\"location tb-text-with-icon icon-first\">\n\t\t\t\t\t\t\t\t\t<i class=\"icon fa fa-map-marker\"><\/i>\n\t\t\t\t\t\t\t\t\t<span>Jordanie<\/span>\n\t\t\t\t\t\t\t\t<\/span>\n\t\t\t\t\t\t\t\t\t\t\t\t\t\t\t\t\t\t\t\t\t\t<span class=\"duration tb-text-with-icon icon-first\">\n\t\t\t\t\t\t\t\t\t<i class=\"icon fa fa-clock\"><\/i>\n\t\t\t\t\t\t\t\t\t<span>7 jours<\/span>\n\t\t\t\t\t\t\t\t<\/span>\n\t\t\t\t\t\t\t\t\t\t\t\t\t<\/div>\n\t\t\t\t\t\t\t\t\t\t\t\t\t\t\t\t<div class=\"line\">\n\t\t\t\t\t\t\t<span class=\"months tb-text-with-icon icon-first\">\n\t\t\t\t\t\t\t\t<i class=\"icon fa fa-calendar\"><\/i>\n\t\t\t\t\t\t\t\t<span>Avril &#8211; Novembre<\/span>\n\t\t\t\t\t\t\t<\/span>\n\t\t\t\t\t\t<\/div>\n\t\t\t\t\t\t\t\t\t<\/div>\n\t\t\t<\/a>\n\t\t\t\t\t\t\t\t<\/div>\n\t\t\t\t\t\t<div class=\"tb-carousel-nav\">\n\t\t\t<div class=\"dots\">\n\t\t\t\t<div class=\"dot active\"><\/div>\n\t\t\t\t<div class=\"dot\"><\/div>\n\t\t\t\t<div class=\"dot\"><\/div>\n\t\t\t<\/div>\n\t\t\t<div class=\"arrows\">\n\t\t\t\t<div class=\"prev disabled\">\n\t\t\t\t\t<span><i class=\"fa fa-chevron-left\"><\/i><\/span>\n\t\t\t\t<\/div>\n\t\t\t\t<div class=\"next\">\n\t\t\t\t\t<span><i class=\"fa fa-chevron-right\"><\/i><\/span>\n\t\t\t\t<\/div>\n\t\t\t<\/div>\n\t\t<\/div>\n\t\t\t\t<\/div>\n\t\t<\/div>\n\t\t\t<\/div>","protected":false},"excerpt":{"rendered":"","protected":false},"author":87,"featured_media":869,"parent":0,"menu_order":0,"comment_status":"closed","ping_status":"closed","template":"","meta":{"_acf_changed":false,"inline_featured_image":false,"footnotes":""},"class_list":["post-1146","page","type-page","status-publish","has-post-thumbnail","hentry"],"acf":{"page_package_ids":"CAPT-CAPTFALL","is_main_package_page":true,"additional_linked_packages":[],"feed_page_to_atlas":false},"_links":{"self":[{"href":"https:\/\/capt.travelblox.eu\/fr\/wp-json\/wp\/v2\/pages\/1146","targetHints":{"allow":["GET"]}}],"collection":[{"href":"https:\/\/capt.travelblox.eu\/fr\/wp-json\/wp\/v2\/pages"}],"about":[{"href":"https:\/\/capt.travelblox.eu\/fr\/wp-json\/wp\/v2\/types\/page"}],"author":[{"embeddable":true,"href":"https:\/\/capt.travelblox.eu\/fr\/wp-json\/wp\/v2\/users\/87"}],"replies":[{"embeddable":true,"href":"https:\/\/capt.travelblox.eu\/fr\/wp-json\/wp\/v2\/comments?post=1146"}],"version-history":[{"count":49,"href":"https:\/\/capt.travelblox.eu\/fr\/wp-json\/wp\/v2\/pages\/1146\/revisions"}],"predecessor-version":[{"id":1300,"href":"https:\/\/capt.travelblox.eu\/fr\/wp-json\/wp\/v2\/pages\/1146\/revisions\/1300"}],"wp:featuredmedia":[{"embeddable":true,"href":"https:\/\/capt.travelblox.eu\/fr\/wp-json\/wp\/v2\/media\/869"}],"wp:attachment":[{"href":"https:\/\/capt.travelblox.eu\/fr\/wp-json\/wp\/v2\/media?parent=1146"}],"curies":[{"name":"wp","href":"https:\/\/api.w.org\/{rel}","templated":true}]}}